{"id":1113,"date":"2015-03-12T11:00:55","date_gmt":"2015-03-12T11:00:55","guid":{"rendered":"http:\/\/blogsaverroes.juntadeandalucia.es\/pre\/ceip\/?page_id=2"},"modified":"2019-11-09T22:30:59","modified_gmt":"2019-11-09T21:30:59","slug":"inicio","status":"publish","type":"page","link":"https:\/\/blogsaverroes.juntadeandalucia.es\/sepmcastejon\/","title":{"rendered":"Inicio"},"content":{"rendered":"<p><a href=\"https:\/\/blogsaverroes.juntadeandalucia.es\/sepmcastejon\/files\/2015\/10\/entrada.jpg\"><img loading=\"lazy\" decoding=\"async\" class=\" wp-image-2151 alignleft\" src=\"https:\/\/blogsaverroes.juntadeandalucia.es\/sepmcastejon\/files\/2015\/10\/entrada.jpg\" alt=\"SEP Maestro Castej\u00f3n\" width=\"452\" height=\"342\"><\/a><\/p>\n<p>&nbsp;<\/p>\n<h3>&nbsp;<\/h3>\n<p>&nbsp;<\/p>\n<h3><strong>Bienvenido a la web de nuestro centro<\/strong><\/h3>\n<h3>&nbsp;<\/h3>\n<p>Somos el centro p\u00fablico de Educaci\u00f3n Permanente de Paradas (Sevilla). Llevamos m\u00e1s de 30 a\u00f1os trabajando en la educaci\u00f3n y formaci\u00f3n de personas adultas. Conscientes del auge de las nuevas tecnolog\u00edas, creamos esta p\u00e1gina web para estar en contacto con nuestro alumnado.<\/p>\n<p>&nbsp;<\/p>\n<p>Nuestra oferta formativa es muy amplia:<br \/>\n\u25cf Preparamos para la obtenci\u00f3n del T\u00edtulo de Graduado en ESO, de forma semipresencial a trav\u00e9s de las Tutor\u00edas de Apoyo al Estudio (TAE) en colaboraci\u00f3n con el IES Isidro De Arcenegui, de Marchena, con excelentes resultados<br \/>\n\u25cf Preparamos tambi\u00e9n para la prueba de acceso a Ciclos formativos de Grado Superior y acceso a la Universidad para mayores de 25 a\u00f1os<br \/>\n\u25cf Trabajamos con los grupos de Formaci\u00f3n B\u00e1sica para aquellas personas que lo demandan<br \/>\n\u25cf Tenemos cursos de ingl\u00e9s y de inform\u00e1tica<\/p>\n<p><strong>\u00a1AN\u00cdMATE!<\/strong><br \/>\n<strong> NUNCA ES TARDE PARA APRENDER<\/strong><\/p>\n<p style=\"text-align: left\">Estamos en la calle San Albino s\/n (IES San Albino)<\/p>\n<p style=\"text-align: center\">Este sitio est\u00e1 en construcci\u00f3n. Disculpe las molestias.<\/p>\n<p>&nbsp;<\/p>\n","protected":false},"excerpt":{"rendered":"<p>&nbsp; &nbsp; &nbsp; Bienvenido a la web de nuestro centro &nbsp; Somos el centro p\u00fablico de Educaci\u00f3n Permanente de Paradas (Sevilla). Llevamos m\u00e1s de 30 a\u00f1os trabajando en la educaci\u00f3n y formaci\u00f3n de personas&#46;&#46;&#46;<\/p>\n","protected":false},"author":1,"featured_media":0,"parent":0,"menu_order":0,"comment_status":"closed","ping_status":"open","template":"","meta":{"ngg_post_thumbnail":0,"footnotes":"","_mc_calendar":[]},"aioseo_notices":[],"_links":{"self":[{"href":"https:\/\/blogsaverroes.juntadeandalucia.es\/sepmcastejon\/wp-json\/wp\/v2\/pages\/1113"}],"collection":[{"href":"https:\/\/blogsaverroes.juntadeandalucia.es\/sepmcastejon\/wp-json\/wp\/v2\/pages"}],"about":[{"href":"https:\/\/blogsaverroes.juntadeandalucia.es\/sepmcastejon\/wp-json\/wp\/v2\/types\/page"}],"author":[{"embeddable":true,"href":"https:\/\/blogsaverroes.juntadeandalucia.es\/sepmcastejon\/wp-json\/wp\/v2\/users\/1"}],"replies":[{"embeddable":true,"href":"https:\/\/blogsaverroes.juntadeandalucia.es\/sepmcastejon\/wp-json\/wp\/v2\/comments?post=1113"}],"version-history":[{"count":41,"href":"https:\/\/blogsaverroes.juntadeandalucia.es\/sepmcastejon\/wp-json\/wp\/v2\/pages\/1113\/revisions"}],"predecessor-version":[{"id":2458,"href":"https:\/\/blogsaverroes.juntadeandalucia.es\/sepmcastejon\/wp-json\/wp\/v2\/pages\/1113\/revisions\/2458"}],"wp:attachment":[{"href":"https:\/\/blogsaverroes.juntadeandalucia.es\/sepmcastejon\/wp-json\/wp\/v2\/media?parent=1113"}],"curies":[{"name":"wp","href":"https:\/\/api.w.org\/{rel}","templated":true}]}}