{"id":82,"date":"2015-03-16T06:59:55","date_gmt":"2015-03-16T06:59:55","guid":{"rendered":"http:\/\/blogsaverroes.juntadeandalucia.es\/pre\/ceip\/?page_id=82"},"modified":"2016-06-20T16:27:42","modified_gmt":"2016-06-20T14:27:42","slug":"horarios","status":"publish","type":"page","link":"https:\/\/blogsaverroes.juntadeandalucia.es\/sepmcastejon\/horarios\/","title":{"rendered":"Horarios"},"content":{"rendered":"<h2 style=\"text-align: center\"><strong>CURSO 2015\/2016<\/strong><\/h2>\n<h4><strong>ACCESO CICLO FORMATIVO GRADO SUPERIOR\u00a0<\/strong><\/h4>\n<table style=\"height: 222px;border-color: #f0f5f4;background-color: #d3ede6\" width=\"817\">\n<tbody>\n<tr>\n<td><\/td>\n<td>LUNES<\/td>\n<td>MARTES<\/td>\n<td>MI\u00c9RCOLES<\/td>\n<td>JUEVES<\/td>\n<td>VIERNES<\/td>\n<\/tr>\n<tr>\n<td>16&#8217;00-17&#8217;00<\/td>\n<td><\/td>\n<td><\/td>\n<td><\/td>\n<td>Ingl\u00e9s<\/td>\n<td><\/td>\n<\/tr>\n<tr>\n<td>17&#8217;00-18 &#8217;00<\/td>\n<td><\/td>\n<td><\/td>\n<td><\/td>\n<td>Ingl\u00e9s<\/td>\n<td><\/td>\n<\/tr>\n<tr>\n<td>18&#8217;00-19&#8217;00<\/td>\n<td>Econom\u00eda<\/td>\n<td><\/td>\n<td>Geograf\u00eda<\/td>\n<td>Geograf\u00eda<\/td>\n<td>Econom\u00eda<\/td>\n<\/tr>\n<tr>\n<td>19&#8217;00-20&#8217;00<\/td>\n<td>Matem\u00e1ticas<\/td>\n<td>Lengua<\/td>\n<td>Matem\u00e1ticas<\/td>\n<td><\/td>\n<td>Lengua<\/td>\n<\/tr>\n<tr>\n<td>20&#8217;00-21 &#8217;00<\/td>\n<td>Matem\u00e1ticas<\/td>\n<td>Lengua<\/td>\n<td>Matem\u00e1ticas<\/td>\n<td><\/td>\n<td>Lengua<\/td>\n<\/tr>\n<\/tbody>\n<\/table>\n<h4><strong>TUTOR\u00cdA DE APOYO AL ESTUDIO (GRADUADO)<\/strong><\/h4>\n<table style=\"border-color: #e4f0e5;background-color: #aae6bf\">\n<tbody>\n<tr>\n<td><\/td>\n<td>LUNES<\/td>\n<td>MARTES<\/td>\n<td>MIERCOLES<\/td>\n<td>JUEVES<\/td>\n<td>VIERNES<\/td>\n<\/tr>\n<tr>\n<td>17&#8217;00-18 &#8217;00<\/td>\n<td><em>Tutor\u00eda<\/em><\/td>\n<td><\/td>\n<td><\/td>\n<td><\/td>\n<td><\/td>\n<\/tr>\n<tr>\n<td>18&#8217;00-19&#8217;00<\/td>\n<td><em>Sociales<\/em><\/td>\n<td><em>Lengua<\/em><\/td>\n<td><\/td>\n<td><em>Ciencias<\/em><\/td>\n<td><em>Sociales<\/em><\/td>\n<\/tr>\n<tr>\n<td>19&#8217;00-20&#8217;00<\/td>\n<td>Lengua<\/td>\n<td>Ciencias<\/td>\n<td>Sociales<\/td>\n<td><em>Tutor\u00eda<\/em><\/td>\n<td>Ciencias<\/td>\n<\/tr>\n<tr>\n<td>20&#8217;00-21 &#8217;00<\/td>\n<td>Lengua<\/td>\n<td>Ciencias<\/td>\n<td>Sociales<\/td>\n<td>Ingl\u00e9s<\/td>\n<td>Ciencias<\/td>\n<\/tr>\n<tr>\n<td>21 &#8217;00-22 &#8217;00<\/td>\n<td><\/td>\n<td><\/td>\n<td><\/td>\n<td>Ingl\u00e9s<\/td>\n<td><\/td>\n<\/tr>\n<\/tbody>\n<\/table>\n<h6>NOTA: LAS HORAS EN CURSIVA SON DE REFUERZO<\/h6>\n<h4><strong>INGL\u00c9S BASICO<\/strong><\/h4>\n<table style=\"border-color: #f0e4ec;background-color: #edc0e5\">\n<tbody>\n<tr>\n<td><\/td>\n<td>LUNES<\/td>\n<td>MARTES<\/td>\n<td>MI\u00c9RCOLES<\/td>\n<td>JUEVES<\/td>\n<td>VIERNES<\/td>\n<\/tr>\n<tr>\n<td>18&#8217;00-19&#8217;00<\/td>\n<td><\/td>\n<td>Ingl\u00e9s<\/td>\n<td><\/td>\n<td>Ingl\u00e9s<\/td>\n<td><\/td>\n<\/tr>\n<tr>\n<td>19&#8217;00-20&#8217;00<\/td>\n<td><\/td>\n<td><\/td>\n<td><\/td>\n<td>Ingl\u00e9s<\/td>\n<td><\/td>\n<\/tr>\n<\/tbody>\n<\/table>\n<h4><strong>TALLER INFORM\u00c1TICA<\/strong><\/h4>\n<p>NIVEL I: MI\u00c9RCOLES DE 6 A 8<\/p>\n<p>NIVEL II: LUNES DE 6 A 8<\/p>\n<h4><strong>FORMACI\u00d3N B\u00c1SICA<\/strong><\/h4>\n<p>LUNES A VIERNES DE 4 A 6<\/p>\n","protected":false},"excerpt":{"rendered":"<p>CURSO 2015\/2016 ACCESO CICLO FORMATIVO GRADO SUPERIOR\u00a0 LUNES MARTES MI\u00c9RCOLES JUEVES VIERNES 16&#8217;00-17&#8217;00 Ingl\u00e9s 17&#8217;00-18 &#8217;00 Ingl\u00e9s 18&#8217;00-19&#8217;00 Econom\u00eda Geograf\u00eda Geograf\u00eda Econom\u00eda 19&#8217;00-20&#8217;00 Matem\u00e1ticas Lengua Matem\u00e1ticas Lengua 20&#8217;00-21 &#8217;00 Matem\u00e1ticas Lengua Matem\u00e1ticas Lengua TUTOR\u00cdA&#46;&#46;&#46;<\/p>\n","protected":false},"author":1,"featured_media":0,"parent":0,"menu_order":0,"comment_status":"closed","ping_status":"open","template":"","meta":{"ngg_post_thumbnail":0,"footnotes":"","_mc_calendar":[]},"aioseo_notices":[],"_links":{"self":[{"href":"https:\/\/blogsaverroes.juntadeandalucia.es\/sepmcastejon\/wp-json\/wp\/v2\/pages\/82"}],"collection":[{"href":"https:\/\/blogsaverroes.juntadeandalucia.es\/sepmcastejon\/wp-json\/wp\/v2\/pages"}],"about":[{"href":"https:\/\/blogsaverroes.juntadeandalucia.es\/sepmcastejon\/wp-json\/wp\/v2\/types\/page"}],"author":[{"embeddable":true,"href":"https:\/\/blogsaverroes.juntadeandalucia.es\/sepmcastejon\/wp-json\/wp\/v2\/users\/1"}],"replies":[{"embeddable":true,"href":"https:\/\/blogsaverroes.juntadeandalucia.es\/sepmcastejon\/wp-json\/wp\/v2\/comments?post=82"}],"version-history":[{"count":13,"href":"https:\/\/blogsaverroes.juntadeandalucia.es\/sepmcastejon\/wp-json\/wp\/v2\/pages\/82\/revisions"}],"predecessor-version":[{"id":2369,"href":"https:\/\/blogsaverroes.juntadeandalucia.es\/sepmcastejon\/wp-json\/wp\/v2\/pages\/82\/revisions\/2369"}],"wp:attachment":[{"href":"https:\/\/blogsaverroes.juntadeandalucia.es\/sepmcastejon\/wp-json\/wp\/v2\/media?parent=82"}],"curies":[{"name":"wp","href":"https:\/\/api.w.org\/{rel}","templated":true}]}}