{"id":871,"date":"2015-12-09T07:25:46","date_gmt":"2015-12-09T06:25:46","guid":{"rendered":"http:\/\/blogsaverroes.juntadeandalucia.es\/pre\/ceip\/?page_id=106"},"modified":"2015-12-10T00:15:52","modified_gmt":"2015-12-09T23:15:52","slug":"actividades-extraescolares","status":"publish","type":"page","link":"https:\/\/blogsaverroes.juntadeandalucia.es\/sierramagina\/actividades-extraescolares\/","title":{"rendered":"Actividades extraescolares"},"content":{"rendered":"<h2 style=\"text-align: left\"><a href=\"http:\/\/blogsaverroes.juntadeandalucia.es\/sierramagina\/files\/2015\/03\/talleres.jpg\"><img fetchpriority=\"high\" decoding=\"async\" class=\" wp-image-228 size-medium aligncenter\" src=\"http:\/\/blogsaverroes.juntadeandalucia.es\/sierramagina\/files\/2015\/03\/talleres-300x199.jpg\" alt=\"\" width=\"300\" height=\"199\" srcset=\"https:\/\/blogsaverroes.juntadeandalucia.es\/sierramagina\/files\/2015\/03\/talleres-300x199.jpg 300w, https:\/\/blogsaverroes.juntadeandalucia.es\/sierramagina\/files\/2015\/03\/talleres-1024x682.jpg 1024w, https:\/\/blogsaverroes.juntadeandalucia.es\/sierramagina\/files\/2015\/03\/talleres.jpg 1280w\" sizes=\"(max-width: 300px) 100vw, 300px\" \/><\/a><\/h2>\n<h2 style=\"text-align: left\"><\/h2>\n<h2 style=\"text-align: left\">Curso 2015\/2016<\/h2>\n<h3>Las actividades extraescolares desarrolladas hasta la fecha son:<\/h3>\n<p>&nbsp;<\/p>\n<p><strong>PLAN DE IGUALDAD (2\u00ba ESO).<\/strong> 26.10.2015.<\/p>\n<p style=\"text-align: justify\">\u00a0\u00a0 Desde la Diputaci\u00f3n provincial de Ja\u00e9n, se promueven actividades en de la igualdad y para prevenci\u00f3n de la violencia de g\u00e9nero. En este caso se trata de un especialista que imparte un taller a los alumnos de 2\u00ba de ESO con la finalidad descrita.<\/p>\n<p><strong><br \/>\n<\/strong><strong>FESTIVIDAD DE HALLOWEEN (SECUNDARIA OBLIGATORIA).<\/strong> 30.10.2015.<\/p>\n<p style=\"text-align: justify\">\u00a0\u00a0\u00a0 Se festeja Halloween con la intenci\u00f3n de estudiar el aspecto cultural que acompa\u00f1a a las \u201cJack o\u2019 lantern\u201d (calabazas decoradas usadas como farolillos) y el aspecto creativo en la confecci\u00f3n de postres, derivado del reparto de caramelos en la festividad original. Esta actividad la organiza el Dpto de Ingl\u00e9s con ayuda de otros como es el de Dibujo y el de Actividades Extraescolares.<\/p>\n<p>&nbsp;<\/p>\n<p><strong>PLAN DIRECTOR. PELIGRO DE LAS REDES SOCIALES (1\u00ba ESO).<\/strong> 4.11.2015.<\/p>\n<p style=\"text-align: justify\">\u00a0\u00a0\u00a0\u00a0\u00a0 Incluida dentro del \u201cPlan Director\u201d, se imparte una conferencia-coloquio por parte del agente especializado de la Guardia Civil a los alumnos de 1\u00ba de ESO con el fin de evitar los posibles riesgos que corren cuando acceden a Internet.<\/p>\n<p><strong>VISITA A LA ALMAZARA \u201cOLIVO REAL\u201d (3\u00ba Y 4\u00ba ESO).<\/strong> Noviembre y diciembre de 2015.<\/p>\n<p style=\"text-align: justify\">\u00a0\u00a0\u00a0 Es esta una actividad que en nuestra provincia tendr\u00eda que ser casi obligatoria. Con ella, dirigida a los alumnos de 3\u00ba y 4\u00ba de ESO, se pretende que los alumnos conozcan el proceso que sufre el aceite de oliva desde la recogida de la aceituna hasta la venta del mismo. A dicha actividad nos invita graciosamente la almazara Olivo Real, sita en nuestra localidad.<\/p>\n<p><strong>VISITA A DISTINTOS CENTROS DE OTRAS CONFESIONES.<\/strong> 24.11.2015.<\/p>\n<p style=\"text-align: justify\">\u00a0\u00a0\u00a0\u00a0\u00a0 Actividad que abunda en el pol\u00e9mico y actual problema de las otras confesiones en Espa\u00f1a. Alumnos de 2\u00ba y 3\u00ba de ESO, acompa\u00f1ados por profesores de religi\u00f3n y de historia, visitar\u00e1n una sinagoga, una mezquita, un centro budista y una catedral en distintas localidades de la provincia de M\u00e1laga.<\/p>\n<p>&nbsp;<\/p>\n<p><strong>REALIZACI\u00d3N DE FOTOGRAF\u00cdAS DE LA ORLA DE 2\u00ba DE BACHILLERATO<u>.<\/u><\/strong> 26.11.2015.<\/p>\n<p style=\"text-align: justify\">\u00a0\u00a0\u00a0\u00a0 Como cada curso, los alumnos de 2\u00ba de Bachillerato, durante las dos primeras horas de clase y con autorizaci\u00f3n de los padres se har\u00e1n la foto que formar\u00e1 parte de la orla de de esta promoci\u00f3n<\/p>\n<p>&nbsp;<\/p>\n<p><strong>CELEBRACI\u00d3N DEL XXXVII ANIVERSARIO DE LA CONSTITUCI\u00d3N.<\/strong> 4.12.2015.<\/p>\n<p style=\"text-align: justify\">\u00a0\u00a0\u00a0\u00a0\u00a0 El trigesimos\u00e9ptimo aniversario de la Constituci\u00f3n se celebrar\u00e1 leyendo en el patio durante el recreo, varios art\u00edculos de la misma relacionados con la problem\u00e1tica actual: ecuaci\u00f3n, trabajo, refugiados\u2026<\/p>\n<p>&nbsp;<\/p>\n<h3>Las actividades extraescolares pendientes de realizar son:<\/h3>\n<ul>\n<li>Plan director. Sin fecha exacta, pero en torno a febrero:<\/li>\n<li>2\u00ba de ESO<\/li>\n<li>3\u00ba de ESO<\/li>\n<li>4\u00ba ESO<\/li>\n<li>Violencia de g\u00e9nero. 1\u00ba BACHILLERATO<\/li>\n<li>Fundaci\u00f3n alcohol y sociedad. Talleres sobre la incidencia del consumo de alcohol en los j\u00f3venes. Semana del 8 al 14 de febrero, para los alumnos de 1\u00ba y de 3\u00ba de ESO.<\/li>\n<li>Charla-coloquio sobre la prevenci\u00f3n de los accidentes de m\u00e9dula espinal. 1 de febrero, para alumnos de 4\u00ba de ESO<\/li>\n<li>Jornadas sobre ecuaci\u00f3n vial. Sin fecha fija.<\/li>\n<li>Ayuda en la organizaci\u00f3n del festival Santo Tom\u00e1s con los alumnos de 2\u00ba de Bachillerato.<\/li>\n<li>Ayuda en la organizaci\u00f3n del viaje de Bachillerato con los alumnos de 1\u00ba.<\/li>\n<\/ul>\n<p>&nbsp;<\/p>\n<p style=\"text-align: justify\"><em>\u00a0\u00a0\u00a0\u00a0 EN ALGUNAS DE LAS ACTIVIDADES QUE ORGANIZADAS POR EL DEPARTAMENTO DE ACTIVIDADES EXTRAESCOLARES Y OTROS DEPARTAMENTOS, LOS ALUMNOS Y PROFESORES PARTICIPANTES <strong>COLABORAN VOLUNTARIAMENTE<\/strong> CON UN DONATIVO DESTINADO A LA AYUDA DE LOS REFUGIADOS.<\/em><\/p>\n","protected":false},"excerpt":{"rendered":"<p>Curso 2015\/2016 Las actividades extraescolares desarrolladas hasta la fecha son: &nbsp; PLAN DE IGUALDAD (2\u00ba ESO). 26.10.2015. \u00a0\u00a0 Desde la Diputaci\u00f3n provincial de Ja\u00e9n, se promueven actividades en de la igualdad y para prevenci\u00f3n&#46;&#46;&#46;<\/p>\n","protected":false},"author":2068,"featured_media":2807,"parent":0,"menu_order":0,"comment_status":"closed","ping_status":"closed","template":"","meta":{"ngg_post_thumbnail":0,"footnotes":"","_mc_calendar":[]},"aioseo_notices":[],"_links":{"self":[{"href":"https:\/\/blogsaverroes.juntadeandalucia.es\/sierramagina\/wp-json\/wp\/v2\/pages\/871"}],"collection":[{"href":"https:\/\/blogsaverroes.juntadeandalucia.es\/sierramagina\/wp-json\/wp\/v2\/pages"}],"about":[{"href":"https:\/\/blogsaverroes.juntadeandalucia.es\/sierramagina\/wp-json\/wp\/v2\/types\/page"}],"author":[{"embeddable":true,"href":"https:\/\/blogsaverroes.juntadeandalucia.es\/sierramagina\/wp-json\/wp\/v2\/users\/2068"}],"replies":[{"embeddable":true,"href":"https:\/\/blogsaverroes.juntadeandalucia.es\/sierramagina\/wp-json\/wp\/v2\/comments?post=871"}],"version-history":[{"count":13,"href":"https:\/\/blogsaverroes.juntadeandalucia.es\/sierramagina\/wp-json\/wp\/v2\/pages\/871\/revisions"}],"predecessor-version":[{"id":3012,"href":"https:\/\/blogsaverroes.juntadeandalucia.es\/sierramagina\/wp-json\/wp\/v2\/pages\/871\/revisions\/3012"}],"wp:featuredmedia":[{"embeddable":true,"href":"https:\/\/blogsaverroes.juntadeandalucia.es\/sierramagina\/wp-json\/wp\/v2\/media\/2807"}],"wp:attachment":[{"href":"https:\/\/blogsaverroes.juntadeandalucia.es\/sierramagina\/wp-json\/wp\/v2\/media?parent=871"}],"curies":[{"name":"wp","href":"https:\/\/api.w.org\/{rel}","templated":true}]}}