{"id":2281,"date":"2019-11-24T18:02:15","date_gmt":"2019-11-24T18:02:15","guid":{"rendered":"https:\/\/blogsaverroes.juntadeandalucia.es\/soledadalonsodrysdale\/?page_id=2281"},"modified":"2025-06-30T08:42:02","modified_gmt":"2025-06-30T08:42:02","slug":"igualdad2324","status":"publish","type":"page","link":"https:\/\/blogsaverroes.juntadeandalucia.es\/soledadalonsodrysdale\/igualdad2324\/","title":{"rendered":"Plan de Igualdad 2023-2024"},"content":{"rendered":"<h2 style=\"text-align: center\"><span style=\"color: #800080\"><strong>\u00a1UN CURSO 2023\/2024 REPLETO DE ACTIVIDADES POR LA IGUALDAD!<\/strong><\/span><\/h2>\n<p>En este curso 2023\/2024, a trav\u00e9s del Plan de Igualdad del CEIP Soledad Alonso de Drysdale hemos llevado a cabo un mont\u00f3n de actividades por la igualdad, la inclusi\u00f3n y la no discriminaci\u00f3n por g\u00e9nero. Aqu\u00ed os dejamos un breve resumen de algunas de ellas \ud83d\ude00&nbsp;<\/p>\n<p><span style=\"text-decoration: underline\"><strong>PRIMER TRIMESTRE<\/strong><\/span><\/p>\n<ul style=\"list-style-type: circle\">\n<li>En septiembre, comenzamos el curso llevando a cabo una <strong>encuesta inicial<\/strong> a los diferentes componentes de nuestra comunidad educativa (familias, docentes y alumnado), a trav\u00e9s de Google Forms. Los resultados nos sirvieron para orientar nuestras acciones durante este curso escolar.<\/li>\n<\/ul>\n<p><img loading=\"lazy\" decoding=\"async\" class=\" wp-image-2754 aligncenter\" src=\"https:\/\/blogsaverroes.juntadeandalucia.es\/soledadalonsodrysdale\/files\/2024\/06\/F1-Encuestas.png\" alt=\"\" width=\"822\" height=\"415\" srcset=\"https:\/\/blogsaverroes.juntadeandalucia.es\/soledadalonsodrysdale\/files\/2024\/06\/F1-Encuestas.png 1077w, https:\/\/blogsaverroes.juntadeandalucia.es\/soledadalonsodrysdale\/files\/2024\/06\/F1-Encuestas-300x152.png 300w, https:\/\/blogsaverroes.juntadeandalucia.es\/soledadalonsodrysdale\/files\/2024\/06\/F1-Encuestas-1024x517.png 1024w, https:\/\/blogsaverroes.juntadeandalucia.es\/soledadalonsodrysdale\/files\/2024\/06\/F1-Encuestas-768x388.png 768w\" sizes=\"(max-width: 822px) 100vw, 822px\" \/><\/p>\n<ul style=\"list-style-type: circle\">\n<li>El 17 de octubre celebramos la efem\u00e9ride del <strong>D\u00eda de las Mujeres Escritoras<\/strong>, ofreciendo al alumnado de Primaria textos seleccionados y adaptados, con actividades de comprensi\u00f3n asociadas. As\u00ed, nuestras alumnas y alumnos tuvieron oportunidad de familiarizarse con textos de Gloria Fuertes, Elisabetta Dami, Gloria Fuertes o Astrid Lindgren. \u00a1La actividad result\u00f3 todo un \u00e9xito!<\/li>\n<\/ul>\n<p><img loading=\"lazy\" decoding=\"async\" class=\"wp-image-2755 aligncenter\" src=\"https:\/\/blogsaverroes.juntadeandalucia.es\/soledadalonsodrysdale\/files\/2024\/06\/F2-Dia-Mujeres-Escritoras.png\" alt=\"\" width=\"671\" height=\"539\" srcset=\"https:\/\/blogsaverroes.juntadeandalucia.es\/soledadalonsodrysdale\/files\/2024\/06\/F2-Dia-Mujeres-Escritoras.png 1113w, https:\/\/blogsaverroes.juntadeandalucia.es\/soledadalonsodrysdale\/files\/2024\/06\/F2-Dia-Mujeres-Escritoras-300x241.png 300w, https:\/\/blogsaverroes.juntadeandalucia.es\/soledadalonsodrysdale\/files\/2024\/06\/F2-Dia-Mujeres-Escritoras-1024x823.png 1024w, https:\/\/blogsaverroes.juntadeandalucia.es\/soledadalonsodrysdale\/files\/2024\/06\/F2-Dia-Mujeres-Escritoras-768x617.png 768w\" sizes=\"(max-width: 671px) 100vw, 671px\" \/><\/p>\n<ul style=\"list-style-type: circle\">\n<li>Uno de los platos fuertes en materia de Igualdad este a\u00f1o tuvo lugar en torno al viernes 24 de noviembre, v\u00edspera del <strong>25-N D\u00eda Internacional Contra La Violencia de G\u00e9nero<\/strong>. La comunidad educativa se volc\u00f3 en todas las actividades dise\u00f1adas en torno a esta fecha, que incluyeron&#8230;<\/li>\n<\/ul>\n<ul>\n<li style=\"list-style-type: none\">\n<ul>\n<li style=\"list-style-type: none\">\n<ul style=\"list-style-type: square\">\n<li>La elaboraci\u00f3n de un videoclip grupal, a nivel de todo el centro, bas\u00e1ndonos en la letra de la conocida canci\u00f3n de Rozal\u00e9n \u00abLa Puerta Violeta\u00bb. \u00a1Todas las aulas dise\u00f1aron un cartel con uno de los versos de la canci\u00f3n, y representaron un fragmento de la misma!<\/li>\n<\/ul>\n<\/li>\n<\/ul>\n<\/li>\n<li style=\"list-style-type: none\"><img loading=\"lazy\" decoding=\"async\" class=\"wp-image-2756 aligncenter\" src=\"https:\/\/blogsaverroes.juntadeandalucia.es\/soledadalonsodrysdale\/files\/2024\/06\/F3-Videoclip-25-N.png\" alt=\"\" width=\"1083\" height=\"533\" srcset=\"https:\/\/blogsaverroes.juntadeandalucia.es\/soledadalonsodrysdale\/files\/2024\/06\/F3-Videoclip-25-N.png 1424w, https:\/\/blogsaverroes.juntadeandalucia.es\/soledadalonsodrysdale\/files\/2024\/06\/F3-Videoclip-25-N-300x148.png 300w, https:\/\/blogsaverroes.juntadeandalucia.es\/soledadalonsodrysdale\/files\/2024\/06\/F3-Videoclip-25-N-1024x504.png 1024w, https:\/\/blogsaverroes.juntadeandalucia.es\/soledadalonsodrysdale\/files\/2024\/06\/F3-Videoclip-25-N-768x378.png 768w\" sizes=\"(max-width: 1083px) 100vw, 1083px\" \/> &nbsp; &nbsp; &nbsp; &nbsp; &nbsp;\n<ul>\n<li style=\"list-style-type: none\">&nbsp;\n<ul style=\"list-style-type: square\">\n<li>La creaci\u00f3n de un mural grupal (Infantil y Primaria) con lazos contra la violencia de g\u00e9nero, mariposas como s\u00edmbolo de libertad, y puertas violeta con mensajes por la Igualdad, la No Violencia y la Coeducaci\u00f3n. \u00a1Qued\u00f3 chul\u00edsimo!<\/li>\n<\/ul>\n<\/li>\n<\/ul>\n<\/li>\n<li style=\"list-style-type: none\"><img loading=\"lazy\" decoding=\"async\" class=\"size-full wp-image-2757 aligncenter\" src=\"https:\/\/blogsaverroes.juntadeandalucia.es\/soledadalonsodrysdale\/files\/2024\/06\/F4-Mural-25-N.jpg\" alt=\"\" width=\"749\" height=\"588\" srcset=\"https:\/\/blogsaverroes.juntadeandalucia.es\/soledadalonsodrysdale\/files\/2024\/06\/F4-Mural-25-N.jpg 749w, https:\/\/blogsaverroes.juntadeandalucia.es\/soledadalonsodrysdale\/files\/2024\/06\/F4-Mural-25-N-300x236.jpg 300w\" sizes=\"(max-width: 749px) 100vw, 749px\" \/><\/li>\n<li style=\"list-style-type: none\">&nbsp;\n<ul>\n<li style=\"list-style-type: none\">&nbsp;\n<ul style=\"list-style-type: square\">\n<li>Adem\u00e1s, el alumnado de 6\u00ba particip\u00f3 en un Taller interesant\u00edsimo guiado por la cineasta almeriense <strong>Roc\u00edo Ju\u00e1rez&nbsp;<\/strong>sobre cine y estereotipos de g\u00e9nero. \u00a1Estamos deseando repetirlo el curso pr\u00f3ximo!<\/li>\n<\/ul>\n<\/li>\n<\/ul>\n<\/li>\n<\/ul>\n<p>&nbsp;<\/p>\n<ul>\n<li style=\"list-style-type: none\"><img loading=\"lazy\" decoding=\"async\" class=\"size-full wp-image-2758 aligncenter\" src=\"https:\/\/blogsaverroes.juntadeandalucia.es\/soledadalonsodrysdale\/files\/2024\/06\/F5-Taller-Cine-VioGen.jpg\" alt=\"\" width=\"775\" height=\"505\" srcset=\"https:\/\/blogsaverroes.juntadeandalucia.es\/soledadalonsodrysdale\/files\/2024\/06\/F5-Taller-Cine-VioGen.jpg 775w, https:\/\/blogsaverroes.juntadeandalucia.es\/soledadalonsodrysdale\/files\/2024\/06\/F5-Taller-Cine-VioGen-300x195.jpg 300w, https:\/\/blogsaverroes.juntadeandalucia.es\/soledadalonsodrysdale\/files\/2024\/06\/F5-Taller-Cine-VioGen-768x500.jpg 768w\" sizes=\"(max-width: 775px) 100vw, 775px\" \/><\/li>\n<\/ul>\n<p>&nbsp;<\/p>\n<ul>\n<li style=\"list-style-type: none\">\n<ul>\n<li style=\"list-style-type: none\">\n<ul>\n<li style=\"list-style-type: none\">\n<ul>\n<li style=\"list-style-type: none\">\n<ul style=\"list-style-type: square\">\n<li>Finalmente, con el alumnado de Tercer Ciclo llevamos a cabo la elaboraci\u00f3n y lectura de un manifiesto, que fue le\u00eddo en la Plaza de la Constituci\u00f3n de G\u00e1dor, junto a alumnado del Instituto de Educaci\u00f3n Secundaria G\u00e1dor y autoridades de la zona. \u00a1Fue muy emotivo!<\/li>\n<\/ul>\n<\/li>\n<\/ul>\n<\/li>\n<\/ul>\n<\/li>\n<\/ul>\n<\/li>\n<\/ul>\n<ul>\n<li style=\"list-style-type: none\"><img loading=\"lazy\" decoding=\"async\" class=\"size-full wp-image-2759 aligncenter\" src=\"https:\/\/blogsaverroes.juntadeandalucia.es\/soledadalonsodrysdale\/files\/2024\/06\/F6-Manifiesto-25-N.png\" alt=\"\" width=\"954\" height=\"664\" srcset=\"https:\/\/blogsaverroes.juntadeandalucia.es\/soledadalonsodrysdale\/files\/2024\/06\/F6-Manifiesto-25-N.png 954w, https:\/\/blogsaverroes.juntadeandalucia.es\/soledadalonsodrysdale\/files\/2024\/06\/F6-Manifiesto-25-N-300x209.png 300w, https:\/\/blogsaverroes.juntadeandalucia.es\/soledadalonsodrysdale\/files\/2024\/06\/F6-Manifiesto-25-N-768x535.png 768w\" sizes=\"(max-width: 954px) 100vw, 954px\" \/><\/li>\n<\/ul>\n<p>&nbsp;<\/p>\n<p><span style=\"text-decoration: underline\"><strong>SEGUNDO TRIMESTRE<\/strong><\/span><\/p>\n<ul style=\"list-style-type: circle\">\n<li>Ya en el Segundo Trimestre, 2024 comenz\u00f3 con una preciosa actividad de centro, \u00abLos Buzones de las Palabras Bonitas\u00bb, en coordinaci\u00f3n con el Plan de Convivencia Escolar \u00abEspacio de Paz\u00bb del centro, aprovechando la cercan\u00eda de la fecha del <strong>D\u00eda Escolar de la No Violencia y la Paz (30 de enero).&nbsp;<\/strong>El resultado fue inmejorable, \u00a1y estamos deseando repetirla el a\u00f1o que viene!<\/li>\n<\/ul>\n<ul>\n<li style=\"list-style-type: none\"><img loading=\"lazy\" decoding=\"async\" class=\" wp-image-2760 aligncenter\" src=\"https:\/\/blogsaverroes.juntadeandalucia.es\/soledadalonsodrysdale\/files\/2024\/06\/F7-Buzones.png\" alt=\"\" width=\"1113\" height=\"716\" srcset=\"https:\/\/blogsaverroes.juntadeandalucia.es\/soledadalonsodrysdale\/files\/2024\/06\/F7-Buzones.png 1248w, https:\/\/blogsaverroes.juntadeandalucia.es\/soledadalonsodrysdale\/files\/2024\/06\/F7-Buzones-300x193.png 300w, https:\/\/blogsaverroes.juntadeandalucia.es\/soledadalonsodrysdale\/files\/2024\/06\/F7-Buzones-1024x659.png 1024w, https:\/\/blogsaverroes.juntadeandalucia.es\/soledadalonsodrysdale\/files\/2024\/06\/F7-Buzones-768x494.png 768w\" sizes=\"(max-width: 1113px) 100vw, 1113px\" \/><\/li>\n<\/ul>\n<ul style=\"list-style-type: circle\">\n<li>Adem\u00e1s, con motivo del 11 de febrero <strong>D\u00eda de la Mujer y la Ni\u00f1a en la Ciencia&nbsp;<\/strong>recibimos la visita de <strong>Marta Leal<\/strong>, cient\u00edfica e investigadora especializada en rob\u00f3tica, que nos cont\u00f3 un mont\u00f3n de cosas interesantes en su campo&#8230; \u00a1y nos present\u00f3 a un simp\u00e1tico robot capaz de un mont\u00f3n de cosas! Aprendimos y nos divertimos mucho. \u00a1Ojal\u00e1 repetir el pr\u00f3ximo curso!<\/li>\n<\/ul>\n<ul>\n<li style=\"list-style-type: none\"><img loading=\"lazy\" decoding=\"async\" class=\"size-full wp-image-2761 aligncenter\" src=\"https:\/\/blogsaverroes.juntadeandalucia.es\/soledadalonsodrysdale\/files\/2024\/06\/F8-Robot.jpg\" alt=\"\" width=\"668\" height=\"391\" srcset=\"https:\/\/blogsaverroes.juntadeandalucia.es\/soledadalonsodrysdale\/files\/2024\/06\/F8-Robot.jpg 668w, https:\/\/blogsaverroes.juntadeandalucia.es\/soledadalonsodrysdale\/files\/2024\/06\/F8-Robot-300x176.jpg 300w\" sizes=\"(max-width: 668px) 100vw, 668px\" \/><\/li>\n<\/ul>\n<ul style=\"list-style-type: circle\">\n<li>Tambi\u00e9n dentro de esta efem\u00e9ride, el alumnado de Infantil y Primaria trabaj\u00f3 con <strong>v\u00eddeos y textos<\/strong> relacionados con cient\u00edficas, que dieron pie a interesant\u00edsimos debates.<\/li>\n<\/ul>\n<ul style=\"list-style-type: circle\">\n<li>Otro de los platos fuertes en materia de Igualdad en este curso se llev\u00f3 a cabo en torno al viernes, <strong>8 de marzo de 2024, D\u00eda Internacional de la Mujer<\/strong>. Como en otras ocasiones, la comunidad educativa se volc\u00f3 en las actividades planteadas, que fueron todo un \u00e9xito.<\/li>\n<\/ul>\n<ul>\n<li style=\"list-style-type: none\"><img loading=\"lazy\" decoding=\"async\" class=\"wp-image-2762 aligncenter\" src=\"https:\/\/blogsaverroes.juntadeandalucia.es\/soledadalonsodrysdale\/files\/2024\/06\/F9-Gala-8-M.jpg\" alt=\"\" width=\"750\" height=\"479\" srcset=\"https:\/\/blogsaverroes.juntadeandalucia.es\/soledadalonsodrysdale\/files\/2024\/06\/F9-Gala-8-M.jpg 855w, https:\/\/blogsaverroes.juntadeandalucia.es\/soledadalonsodrysdale\/files\/2024\/06\/F9-Gala-8-M-300x192.jpg 300w, https:\/\/blogsaverroes.juntadeandalucia.es\/soledadalonsodrysdale\/files\/2024\/06\/F9-Gala-8-M-768x490.jpg 768w\" sizes=\"(max-width: 750px) 100vw, 750px\" \/><\/li>\n<\/ul>\n<p style=\"padding-left: 40px\">Entre otras actividades, el alumnado de Infantil y Primer Ciclo realiz\u00f3 la actividad <strong>\u00abLa Mujer de Mi Vida\u00bb<\/strong>, en la que a trav\u00e9s de banderines en papel pudieron dibujar y describir a mujeres importantes en su vida. \u00a1Algunos de estos banderines fueron presentados a todo el centro en una peque\u00f1a gala que llevamos a cabo el 8-M!<\/p>\n<p style=\"padding-left: 40px\">Por otro lado, el alumnado de Segundo y Tercer Ciclo elabor\u00f3 un precioso e interesante <strong>mural colaborativo<\/strong> en torno a ocho biograf\u00edas de ocho mujeres andaluzas pioneras en su campo, una por cada provincia. Este mural fue presentado por todas las clases en una gala especial llevada a cabo el viernes, 08\/03\/2024 \u00a1Aqu\u00ed pod\u00e9is ver parte del resultado! \ud83d\ude00&nbsp;<\/p>\n<ul>\n<li style=\"list-style-type: none\"><img loading=\"lazy\" decoding=\"async\" class=\" wp-image-2763 aligncenter\" src=\"https:\/\/blogsaverroes.juntadeandalucia.es\/soledadalonsodrysdale\/files\/2024\/06\/F10-Mural-8-M.jpg\" alt=\"\" width=\"922\" height=\"485\" srcset=\"https:\/\/blogsaverroes.juntadeandalucia.es\/soledadalonsodrysdale\/files\/2024\/06\/F10-Mural-8-M.jpg 1084w, https:\/\/blogsaverroes.juntadeandalucia.es\/soledadalonsodrysdale\/files\/2024\/06\/F10-Mural-8-M-300x158.jpg 300w, https:\/\/blogsaverroes.juntadeandalucia.es\/soledadalonsodrysdale\/files\/2024\/06\/F10-Mural-8-M-1024x538.jpg 1024w, https:\/\/blogsaverroes.juntadeandalucia.es\/soledadalonsodrysdale\/files\/2024\/06\/F10-Mural-8-M-768x404.jpg 768w\" sizes=\"(max-width: 922px) 100vw, 922px\" \/><\/li>\n<\/ul>\n<p>&nbsp;<\/p>\n<p><span style=\"text-decoration: underline\"><strong>TERCER TRIMESTRE<\/strong><\/span><\/p>\n<ul style=\"list-style-type: circle\">\n<li>Aunque a estas alturas del curso ya llevamos un gran camino recorrido en materia de Igualdad&#8230; \u00a1a\u00fan hay m\u00e1s! Con motivo del <strong>23 de abril, D\u00eda del Libro<\/strong>, adquirimos un mont\u00f3n de ejemplares de libros coeducativos, igualitarios, inspiradores&#8230; \u00a1que ya forman parte de nuestra biblioteca! Aqu\u00ed pod\u00e9is ver algunos de los t\u00edtulos. \u00bfA que ya os apetece leerlos? \ud83d\ude1b&nbsp;<\/li>\n<\/ul>\n<ul>\n<li style=\"list-style-type: none\"><img loading=\"lazy\" decoding=\"async\" class=\" wp-image-2764 aligncenter\" src=\"https:\/\/blogsaverroes.juntadeandalucia.es\/soledadalonsodrysdale\/files\/2024\/06\/F11-Libros-23-Abril.jpg\" alt=\"\" width=\"775\" height=\"554\" srcset=\"https:\/\/blogsaverroes.juntadeandalucia.es\/soledadalonsodrysdale\/files\/2024\/06\/F11-Libros-23-Abril.jpg 850w, https:\/\/blogsaverroes.juntadeandalucia.es\/soledadalonsodrysdale\/files\/2024\/06\/F11-Libros-23-Abril-300x215.jpg 300w, https:\/\/blogsaverroes.juntadeandalucia.es\/soledadalonsodrysdale\/files\/2024\/06\/F11-Libros-23-Abril-768x549.jpg 768w\" sizes=\"(max-width: 775px) 100vw, 775px\" \/><\/li>\n<\/ul>\n<p>&nbsp;<\/p>\n<ul style=\"list-style-type: circle\">\n<li>&#8230;Y si bien el curso 2023\/2024 ya est\u00e1 pr\u00f3ximo a su fin, nosotros y nosotras seguimos trabajando en actividades chul\u00edsimas dentro de nuestro Plan de Igualdad de cara al pr\u00f3ximo curso. Aunque el list\u00f3n est\u00e1 bastante alto, \u00a1estamos deseando superarnos! De momento, solo podemos damos una pista: \u00a1manteneos muy atentos a la p\u00e1gina web del centro y a nuestra <span style=\"color: #ff9900\"><strong>Radio Naranja<\/strong><span style=\"color: #000000\">! \ud83d\ude09 \ud83d\ude09&nbsp;<\/span><\/span><\/li>\n<\/ul>\n<ul>\n<li style=\"list-style-type: none\"><img loading=\"lazy\" decoding=\"async\" class=\" wp-image-2765 aligncenter\" src=\"https:\/\/blogsaverroes.juntadeandalucia.es\/soledadalonsodrysdale\/files\/2024\/06\/F12-Radio-Naranja.png\" alt=\"\" width=\"829\" height=\"733\" srcset=\"https:\/\/blogsaverroes.juntadeandalucia.es\/soledadalonsodrysdale\/files\/2024\/06\/F12-Radio-Naranja.png 1009w, https:\/\/blogsaverroes.juntadeandalucia.es\/soledadalonsodrysdale\/files\/2024\/06\/F12-Radio-Naranja-300x265.png 300w, https:\/\/blogsaverroes.juntadeandalucia.es\/soledadalonsodrysdale\/files\/2024\/06\/F12-Radio-Naranja-768x679.png 768w\" sizes=\"(max-width: 829px) 100vw, 829px\" \/><\/li>\n<\/ul>\n<p>&nbsp;<\/p>\n","protected":false},"excerpt":{"rendered":"<p>\u00a1UN CURSO 2023\/2024 REPLETO DE ACTIVIDADES POR LA IGUALDAD! En este curso 2023\/2024, a trav\u00e9s del Plan de Igualdad del CEIP Soledad Alonso de Drysdale hemos llevado a cabo un mont\u00f3n de actividades por&#46;&#46;&#46;<\/p>\n","protected":false},"author":7833,"featured_media":0,"parent":0,"menu_order":0,"comment_status":"closed","ping_status":"closed","template":"","meta":{"ngg_post_thumbnail":0,"footnotes":"","_mc_calendar":[]},"aioseo_notices":[],"_links":{"self":[{"href":"https:\/\/blogsaverroes.juntadeandalucia.es\/soledadalonsodrysdale\/wp-json\/wp\/v2\/pages\/2281"}],"collection":[{"href":"https:\/\/blogsaverroes.juntadeandalucia.es\/soledadalonsodrysdale\/wp-json\/wp\/v2\/pages"}],"about":[{"href":"https:\/\/blogsaverroes.juntadeandalucia.es\/soledadalonsodrysdale\/wp-json\/wp\/v2\/types\/page"}],"author":[{"embeddable":true,"href":"https:\/\/blogsaverroes.juntadeandalucia.es\/soledadalonsodrysdale\/wp-json\/wp\/v2\/users\/7833"}],"replies":[{"embeddable":true,"href":"https:\/\/blogsaverroes.juntadeandalucia.es\/soledadalonsodrysdale\/wp-json\/wp\/v2\/comments?post=2281"}],"version-history":[{"count":10,"href":"https:\/\/blogsaverroes.juntadeandalucia.es\/soledadalonsodrysdale\/wp-json\/wp\/v2\/pages\/2281\/revisions"}],"predecessor-version":[{"id":2766,"href":"https:\/\/blogsaverroes.juntadeandalucia.es\/soledadalonsodrysdale\/wp-json\/wp\/v2\/pages\/2281\/revisions\/2766"}],"wp:attachment":[{"href":"https:\/\/blogsaverroes.juntadeandalucia.es\/soledadalonsodrysdale\/wp-json\/wp\/v2\/media?parent=2281"}],"curies":[{"name":"wp","href":"https:\/\/api.w.org\/{rel}","templated":true}]}}