{"id":2768,"date":"2025-06-04T12:08:49","date_gmt":"2025-06-04T12:08:49","guid":{"rendered":"https:\/\/blogsaverroes.juntadeandalucia.es\/soledadalonsodrysdale\/?page_id=2768"},"modified":"2025-06-04T12:08:09","modified_gmt":"2025-06-04T12:08:09","slug":"igualdad2425","status":"publish","type":"page","link":"https:\/\/blogsaverroes.juntadeandalucia.es\/soledadalonsodrysdale\/igualdad2324\/igualdad2425\/","title":{"rendered":"\u00a1UN NUEVO CURSO 2024\/2025 LUCHANDO POR LA IGUALDAD DESDE NUESTRO COLE!"},"content":{"rendered":"<h2 style=\"text-align: center\"><span style=\"color: #3366ff\"><b>\u00a1UN NUEVO CURSO 2024\/2025 <\/b><\/span><\/h2>\n<h2 style=\"text-align: center\"><span style=\"color: #3366ff\"><b>LUCHANDO POR LA IGUALDAD DESDE NUESTRO COLE!<\/b><\/span><\/h2>\n<p><span style=\"font-weight: 400\">En este curso 2024\/2025, desde el Plan de Igualdad de G\u00e9nero en Educaci\u00f3n del CEIP Soledad Alonso de Drysdale hemos llevado a cabo diversas actividades buscando la igualdad, la inclusi\u00f3n y la no discriminaci\u00f3n por g\u00e9nero.&nbsp;<\/span><\/p>\n<p><span style=\"font-weight: 400\">Aqu\u00ed os dejamos una rese\u00f1a de ellas <\/span><span style=\"font-weight: 400\">\ud83d\ude00<\/span><span style=\"font-weight: 400\">&nbsp;<\/span><\/p>\n<p>&nbsp;<\/p>\n<p><b>PRIMER TRIMESTRE<\/b><\/p>\n<ul>\n<li style=\"font-weight: 400\"><span style=\"font-weight: 400\">Como cada mes de septiembre, comenzamos el curso llevando a cabo una&nbsp;<\/span><b>encuesta inicial<\/b><span style=\"font-weight: 400\">&nbsp;a los diferentes miembros de nuestra comunidad educativa (familias, docentes y alumnado), a trav\u00e9s de Google Forms. Los resultados nos ayudaron a orientar nuestras acciones durante este curso escolar.<\/span><\/li>\n<\/ul>\n<p style=\"text-align: center\">&nbsp;<img loading=\"lazy\" decoding=\"async\" class=\"alignnone wp-image-2770\" src=\"https:\/\/blogsaverroes.juntadeandalucia.es\/soledadalonsodrysdale\/files\/2025\/06\/Encuesta.png\" alt=\"\" width=\"661\" height=\"271\" srcset=\"https:\/\/blogsaverroes.juntadeandalucia.es\/soledadalonsodrysdale\/files\/2025\/06\/Encuesta.png 815w, https:\/\/blogsaverroes.juntadeandalucia.es\/soledadalonsodrysdale\/files\/2025\/06\/Encuesta-300x123.png 300w, https:\/\/blogsaverroes.juntadeandalucia.es\/soledadalonsodrysdale\/files\/2025\/06\/Encuesta-768x315.png 768w\" sizes=\"(max-width: 661px) 100vw, 661px\" \/><\/p>\n<p style=\"text-align: center\"><i><span style=\"font-weight: 400\">Captura del formulario de Google utilizado para encuestar a las familias.<\/span><\/i><\/p>\n<ul>\n<li style=\"font-weight: 400\"><span style=\"font-weight: 400\">El 18 de octubre el&nbsp;<\/span><b>D\u00eda de las Mujeres Escritoras<\/b><span style=\"font-weight: 400\">, en coordinaci\u00f3n con los equipos docentes, ofreciendo al alumnado de Primaria diferentes textos adaptados, originalmente de mujeres escritoras, con actividades de comprensi\u00f3n lectora.&nbsp;<\/span><\/li>\n<\/ul>\n<p><span style=\"font-weight: 400\">As\u00ed, en este curso 2024\/2025, nuestras alumnas y alumnos han podido profundizar en las biograf\u00edas de Adela Tur\u00edn (autora de \u201cRosa Caramelo\u201d), Andrea Ferrari (y su obra \u201cUna Amistad Imposible\u201d), Agatha Christie (a trav\u00e9s de la adaptaci\u00f3n \u201cMiss Christie\u201d, de las autoras Christine Palluy y Sophie Leullier), o de Mary Shelley (autora del c\u00e9lebre \u201cFrankenstein\u201d).<\/span><\/p>\n<p style=\"text-align: center\"><img loading=\"lazy\" decoding=\"async\" class=\"alignnone wp-image-2771\" src=\"https:\/\/blogsaverroes.juntadeandalucia.es\/soledadalonsodrysdale\/files\/2025\/06\/Mujeres-Escritoras.png\" alt=\"\" width=\"509\" height=\"407\" srcset=\"https:\/\/blogsaverroes.juntadeandalucia.es\/soledadalonsodrysdale\/files\/2025\/06\/Mujeres-Escritoras.png 976w, https:\/\/blogsaverroes.juntadeandalucia.es\/soledadalonsodrysdale\/files\/2025\/06\/Mujeres-Escritoras-300x240.png 300w, https:\/\/blogsaverroes.juntadeandalucia.es\/soledadalonsodrysdale\/files\/2025\/06\/Mujeres-Escritoras-768x615.png 768w\" sizes=\"(max-width: 509px) 100vw, 509px\" \/><\/p>\n<p style=\"text-align: center\"><i><span style=\"font-weight: 400\">Una de las actividades de comprensi\u00f3n lectora,&nbsp;<\/span><\/i><i><span style=\"font-weight: 400\">llevada a cabo por el alumnado de Segundo Ciclo.<\/span><\/i><\/p>\n<ul>\n<li style=\"font-weight: 400\"><span style=\"font-weight: 400\">Por supuesto, como cada a\u00f1o el 25 de Noviembre conmemoramos el <\/span><b>D\u00eda Internacional Contra La Violencia de G\u00e9nero<\/b><span style=\"font-weight: 400\">. La comunidad educativa se volc\u00f3 en todas las actividades dise\u00f1adas en torno a esta fecha, que incluy\u00f3 la elaboraci\u00f3n de un grupal colaborativo, gracias al trabajo de cada Ciclo y de nuestras maestras y maestros.<\/span><\/li>\n<\/ul>\n<p><span style=\"font-weight: 400\">De este modo, tras trabajar con materiales coeducativos como los disponibles en nuestra Biblioteca Escolar, el ciclo de infantil elabor\u00f3 y decor\u00f3 corazones con palabras de igualdad que inundaron nuestro mural de color.&nbsp;<\/span><\/p>\n<p><span style=\"font-weight: 400\">En Primer Ciclo fueron los encargados de elaborar p\u00e1jaros, s\u00edmbolo de libertad, llenos de que mensajes por la igualdad y contra la violencia de g\u00e9nero, que no dejaron de volar a trav\u00e9s de nuestro mural colaborativo.<\/span><\/p>\n<p><span style=\"font-weight: 400\">Las alumnas y alumnos de Segundo Ciclo, tras empaparse de v\u00eddeos y materiales coeducativos, llenaron de flores con mensajes coeducativos nuestro mural del 25-N. Y los m\u00e1s grandes, nuestras chicas y chicos de Tercer Ciclo, llenaron nuestro mural de puertas y ventanas violeta, llenos de mensajes de madurez por la igualdad y por la prevenci\u00f3n de la violencia de g\u00e9nero en el futuro.<\/span><\/p>\n<p style=\"text-align: center\"><img loading=\"lazy\" decoding=\"async\" class=\"alignnone wp-image-2772\" src=\"https:\/\/blogsaverroes.juntadeandalucia.es\/soledadalonsodrysdale\/files\/2025\/06\/Mural-25-N.jpg\" alt=\"\" width=\"1016\" height=\"278\" srcset=\"https:\/\/blogsaverroes.juntadeandalucia.es\/soledadalonsodrysdale\/files\/2025\/06\/Mural-25-N.jpg 541w, https:\/\/blogsaverroes.juntadeandalucia.es\/soledadalonsodrysdale\/files\/2025\/06\/Mural-25-N-300x82.jpg 300w\" sizes=\"(max-width: 1016px) 100vw, 1016px\" \/><\/p>\n<p style=\"text-align: center\"><i><span style=\"font-weight: 400\">Fotograf\u00eda del mural colaborativo, tras su presentaci\u00f3n en el patio del centro.<\/span><\/i><\/p>\n<p>&nbsp;<\/p>\n<ul>\n<li style=\"font-weight: 400\"><span style=\"font-weight: 400\">Por otra parte, tambi\u00e9n con motivo de esta efem\u00e9ride, y aprovechando la proximidad con el 20-N, D\u00eda de los Derechos del Ni\u00f1o, de forma conjunta con nuestro Plan de Escuela Espacio de Paz el alumnado particip\u00f3 en un Cuentahistorias-Taller coeducativo guiado por la escritora almeriense&nbsp;<\/span><b>Pilar L\u00f3pez,&nbsp;basado en obras su autor\u00eda como \u201cLocas\u201d. <\/b><span style=\"font-weight: 400\">Los alumnos y alumnas participaron, aprendieron y se involucraron \u00a1Muchas gracias a Pilar, y ser\u00e1 un placer repetirlo en el futuro!<\/span><\/li>\n<\/ul>\n<p style=\"text-align: center\"><img loading=\"lazy\" decoding=\"async\" class=\"alignnone wp-image-2773\" src=\"https:\/\/blogsaverroes.juntadeandalucia.es\/soledadalonsodrysdale\/files\/2025\/06\/25N-Escritora-Pilar.png\" alt=\"\" width=\"792\" height=\"476\" srcset=\"https:\/\/blogsaverroes.juntadeandalucia.es\/soledadalonsodrysdale\/files\/2025\/06\/25N-Escritora-Pilar.png 1475w, https:\/\/blogsaverroes.juntadeandalucia.es\/soledadalonsodrysdale\/files\/2025\/06\/25N-Escritora-Pilar-300x180.png 300w, https:\/\/blogsaverroes.juntadeandalucia.es\/soledadalonsodrysdale\/files\/2025\/06\/25N-Escritora-Pilar-1024x615.png 1024w, https:\/\/blogsaverroes.juntadeandalucia.es\/soledadalonsodrysdale\/files\/2025\/06\/25N-Escritora-Pilar-768x461.png 768w\" sizes=\"(max-width: 792px) 100vw, 792px\" \/><\/p>\n<p style=\"text-align: center\"><i><span style=\"font-weight: 400\">Captura del Taller + Cuentacuentos llevado a cabo&nbsp;<\/span><\/i><i><span style=\"font-weight: 400\">en el escenario del Centro Cultural de G\u00e1dor.<\/span><\/i><\/p>\n<p>&nbsp;<\/p>\n<p><span style=\"font-weight: 400\">Finalmente, con el alumnado de Tercer Ciclo llevamos a cabo la elaboraci\u00f3n y lectura de un poema por la Igualdad, que fue le\u00eddo en la Plaza de la Constituci\u00f3n de G\u00e1dor, junto a alumnado del Instituto de Educaci\u00f3n Secundaria y autoridades de la zona. \u00a1Fue muy emotivo!<\/span><\/p>\n<p><img loading=\"lazy\" decoding=\"async\" class=\" wp-image-2785 aligncenter\" src=\"https:\/\/blogsaverroes.juntadeandalucia.es\/soledadalonsodrysdale\/files\/2025\/06\/Foto-Ayuntamiento.png\" alt=\"\" width=\"640\" height=\"486\" srcset=\"https:\/\/blogsaverroes.juntadeandalucia.es\/soledadalonsodrysdale\/files\/2025\/06\/Foto-Ayuntamiento.png 498w, https:\/\/blogsaverroes.juntadeandalucia.es\/soledadalonsodrysdale\/files\/2025\/06\/Foto-Ayuntamiento-300x228.png 300w\" sizes=\"(max-width: 640px) 100vw, 640px\" \/><\/p>\n<p><span style=\"font-weight: 400\">Y esto no es todo\u2026 el alumnado de 6\u00ba, dentro del programa de Radio Escolar de nuestro centro, recit\u00f3 nuevamente este poema co-educativo dentro de un podcast escolar, quedando una huella sonora imborrable y por la igualdad para el futuro.&nbsp;<\/span><\/p>\n<p><img loading=\"lazy\" decoding=\"async\" class=\" wp-image-2774 aligncenter\" src=\"https:\/\/blogsaverroes.juntadeandalucia.es\/soledadalonsodrysdale\/files\/2025\/06\/Foto-Radio.png\" alt=\"\" width=\"571\" height=\"505\" srcset=\"https:\/\/blogsaverroes.juntadeandalucia.es\/soledadalonsodrysdale\/files\/2025\/06\/Foto-Radio.png 1009w, https:\/\/blogsaverroes.juntadeandalucia.es\/soledadalonsodrysdale\/files\/2025\/06\/Foto-Radio-300x265.png 300w, https:\/\/blogsaverroes.juntadeandalucia.es\/soledadalonsodrysdale\/files\/2025\/06\/Foto-Radio-768x679.png 768w\" sizes=\"(max-width: 571px) 100vw, 571px\" \/><\/p>\n<p style=\"text-align: center\"><i><span style=\"font-weight: 400\">Instalaciones de nuestra Radio Escolar, \u201cLa Radio Naranja\u201d.<\/span><\/i><\/p>\n<p>&nbsp;<\/p>\n<p style=\"text-align: center\"><b>SEGUNDO TRIMESTRE<\/b><\/p>\n<ul>\n<li style=\"font-weight: 400\"><span style=\"font-weight: 400\">Ya en el Segundo Trimestre, 2025 comenz\u00f3, al igual que en el a\u00f1o anterior, con una emotiva actividad de centro, \u00abLos Buzones de las Palabras Bonitas\u00bb, motivados por la cercan\u00eda del&nbsp;<\/span><b>D\u00eda Escolar de la No Violencia y la Paz (30 de enero) y del D\u00eda del Amor y la Amistad (14 de febrero).<\/b><\/li>\n<\/ul>\n<p><span style=\"font-weight: 400\">De este modo, instalamos diferentes buzones \u201cde las palabras bonitas\u201d en varios puntos del centro, y con la colaboraci\u00f3n de tutoras y tutores instamos a cada alumno\/a a escribir unas palabras de amistad, de compa\u00f1erismo, de igualdad\u2026 a una compa\u00f1era o compa\u00f1ero seleccionado previamente al azar. El objetivo es claro: ning\u00fan ni\u00f1o\/a sin su mensaje de concordia y amistad. La motivaci\u00f3n mostrada por todo el centro fue muy alta, y el resultado\u2026 \u00a1inmejorable!<\/span><\/p>\n<p><img loading=\"lazy\" decoding=\"async\" class=\"wp-image-2775 aligncenter\" src=\"https:\/\/blogsaverroes.juntadeandalucia.es\/soledadalonsodrysdale\/files\/2025\/06\/Buzones-Infantil.jpg\" alt=\"\" width=\"634\" height=\"386\" srcset=\"https:\/\/blogsaverroes.juntadeandalucia.es\/soledadalonsodrysdale\/files\/2025\/06\/Buzones-Infantil.jpg 1182w, https:\/\/blogsaverroes.juntadeandalucia.es\/soledadalonsodrysdale\/files\/2025\/06\/Buzones-Infantil-300x183.jpg 300w, https:\/\/blogsaverroes.juntadeandalucia.es\/soledadalonsodrysdale\/files\/2025\/06\/Buzones-Infantil-1024x624.jpg 1024w, https:\/\/blogsaverroes.juntadeandalucia.es\/soledadalonsodrysdale\/files\/2025\/06\/Buzones-Infantil-768x468.jpg 768w\" sizes=\"(max-width: 634px) 100vw, 634px\" \/><\/p>\n<p style=\"text-align: center\"><i><span style=\"font-weight: 400\">El alumnado de Infantil, y sus se\u00f1os, se involucraron en esta actividad con toda dedicaci\u00f3n y cari\u00f1o. \u00a1Muchas gracias!<\/span><\/i><\/p>\n<p>&nbsp;<\/p>\n<ul>\n<li style=\"font-weight: 400\"><span style=\"font-weight: 400\">Por otro lado, con motivo del 11 de febrero&nbsp;<\/span><b>D\u00eda de la Mujer y la Ni\u00f1a en la Ciencia&nbsp;<\/b><span style=\"font-weight: 400\">recibimos la visita de&nbsp;<\/span><b>diferentes investigadoras de la Universidad de Almer\u00eda<\/b><span style=\"font-weight: 400\">, en colaboraci\u00f3n con el proyecto Sensociencia, de la Universidad de Almer\u00eda.<\/span><\/li>\n<\/ul>\n<p><span style=\"font-weight: 400\">As\u00ed, diferentes expertas en disciplinas t\u00e9cnicas y experimentales ayudaron a despertar la vocaci\u00f3n y curiosidad de nuestras alumnas y alumnos, mediante talleres muy participativos en los que los peque\u00f1os y peque\u00f1as pudieron, por ejemplo, profundizar sobre biolog\u00eda, meteorolog\u00eda o rob\u00f3tica, de manera cercana y significativa.<\/span><\/p>\n<p><img loading=\"lazy\" decoding=\"async\" class=\"wp-image-2776 aligncenter\" src=\"https:\/\/blogsaverroes.juntadeandalucia.es\/soledadalonsodrysdale\/files\/2025\/06\/Taller-Robotica.png\" alt=\"\" width=\"828\" height=\"426\" srcset=\"https:\/\/blogsaverroes.juntadeandalucia.es\/soledadalonsodrysdale\/files\/2025\/06\/Taller-Robotica.png 1397w, https:\/\/blogsaverroes.juntadeandalucia.es\/soledadalonsodrysdale\/files\/2025\/06\/Taller-Robotica-300x154.png 300w, https:\/\/blogsaverroes.juntadeandalucia.es\/soledadalonsodrysdale\/files\/2025\/06\/Taller-Robotica-1024x527.png 1024w, https:\/\/blogsaverroes.juntadeandalucia.es\/soledadalonsodrysdale\/files\/2025\/06\/Taller-Robotica-768x395.png 768w\" sizes=\"(max-width: 828px) 100vw, 828px\" \/><\/p>\n<p style=\"text-align: center\"><i><span style=\"font-weight: 400\">Un fragmento del Taller de Rob\u00f3tica celebrado en nuestro Centro. <\/span><\/i><i><span style=\"font-weight: 400\">\u00a1El alumnado se lo pas\u00f3 en grande!<\/span><\/i><\/p>\n<p>&nbsp;<\/p>\n<ul>\n<li style=\"font-weight: 400\"><span style=\"font-weight: 400\">Igualmente, en este Segundo Trimestre y, como cada a\u00f1o, conmemoramos el&nbsp;<\/span><b>8 de marzo, D\u00eda Internacional de la Mujer<\/b><span style=\"font-weight: 400\">. Al igual que en el curso anterior, este 8 de marzo el alumnado de Infantil y Primer Ciclo realiz\u00f3 la actividad&nbsp;<\/span><b>\u00abLa Mujer de Mi Vida\u00bb<\/b><span style=\"font-weight: 400\">, en la que a trav\u00e9s de banderines de papel pudieron dibujar y describir a mujeres importantes en su vida. Varios de estos banderines fueron presentados a todo el centro en una peque\u00f1a gala que llevamos a cabo el 8-M.<\/span><\/li>\n<\/ul>\n<p>&nbsp;<\/p>\n<p style=\"text-align: center\"><img loading=\"lazy\" decoding=\"async\" class=\"alignnone wp-image-2780\" src=\"https:\/\/blogsaverroes.juntadeandalucia.es\/soledadalonsodrysdale\/files\/2025\/06\/Mujeres-de-mi-vida-1-2.jpg\" alt=\"\" width=\"616\" height=\"452\" srcset=\"https:\/\/blogsaverroes.juntadeandalucia.es\/soledadalonsodrysdale\/files\/2025\/06\/Mujeres-de-mi-vida-1-2.jpg 1043w, https:\/\/blogsaverroes.juntadeandalucia.es\/soledadalonsodrysdale\/files\/2025\/06\/Mujeres-de-mi-vida-1-2-300x220.jpg 300w, https:\/\/blogsaverroes.juntadeandalucia.es\/soledadalonsodrysdale\/files\/2025\/06\/Mujeres-de-mi-vida-1-2-1024x751.jpg 1024w, https:\/\/blogsaverroes.juntadeandalucia.es\/soledadalonsodrysdale\/files\/2025\/06\/Mujeres-de-mi-vida-1-2-768x563.jpg 768w\" sizes=\"(max-width: 616px) 100vw, 616px\" \/><\/p>\n<p style=\"text-align: center\"><i><span style=\"font-weight: 400\">Uno de los murales elaborados en Infantil y Primer Ciclo <\/span><\/i><i><span style=\"font-weight: 400\">para \u201cLas Mujeres de Nuestra Vida\u201d.<\/span><\/i><\/p>\n<p><span style=\"font-weight: 400\">Por otro lado, el alumnado de Segundo y Tercer Ciclo complet\u00f3 una comprensi\u00f3n lectora y elaboraron un bonito e interesante&nbsp;<\/span><b>mural colaborativo<\/b><span style=\"font-weight: 400\">&nbsp;en torno a ocho biograf\u00edas de ocho mujeres almerienses pioneras en su campo. Se trata de la pintora Carmen Pinte\u00f1o, la nadadora Tasy Dmytriv, la actriz Lita Baron, la empresaria Lola G\u00f3mez, la cineasta Roc\u00edo Ju\u00e1rez, la m\u00e9dico Elena G\u00f3mez-Spencer, la pianista y cantante Laura Diepstraten\u2026 y por supuesto la mujer pionera que da nombre a nuestro centro, do\u00f1a Soledad Alonso Drysdale.<\/span><\/p>\n<p>&nbsp;<\/p>\n<p style=\"text-align: center\"><img loading=\"lazy\" decoding=\"async\" class=\"wp-image-2787 aligncenter\" src=\"https:\/\/blogsaverroes.juntadeandalucia.es\/soledadalonsodrysdale\/files\/2025\/06\/Foto-Mural-8-M-2-1.png\" alt=\"\" width=\"407\" height=\"271\"><\/p>\n<p style=\"text-align: center\"><em><span style=\"font-weight: 400\">Este mural, y algunos de los trabajos de Infantil y Primer ciclo, fueron presentados por todas las clases en una gala especial llevada a cabo con motivo de esta efem\u00e9ride.<\/span><\/em><\/p>\n<p>&nbsp;<\/p>\n<p><span style=\"font-weight: 400\">Adem\u00e1s, en coordinaci\u00f3n con el profesorado de 6\u00ba, el alumnado de este curso pudo llevar a cabo una entrevista-videoconferencia con una de las ocho mujeres protagonistas del mural\u2026 \u00a1la pianista y cantante Laura Dieptrastren! Ejemplo de superaci\u00f3n, esta joven originaria de Pulp\u00ed es todo un ejemplo de superaci\u00f3n y talento, pues su discapacidad visual no ha sido un obst\u00e1culo para participar en programas coom La Voz Kids, \u00a1o ganar el concurso Euro-Low Vision, gracias a su canci\u00f3n \u201cOtra Visi\u00f3n\u201d, en 2021!.<\/span><\/p>\n<p><img loading=\"lazy\" decoding=\"async\" class=\"wp-image-2781 aligncenter\" src=\"https:\/\/blogsaverroes.juntadeandalucia.es\/soledadalonsodrysdale\/files\/2025\/06\/Laura-Diepstraten.png\" alt=\"\" width=\"695\" height=\"357\" srcset=\"https:\/\/blogsaverroes.juntadeandalucia.es\/soledadalonsodrysdale\/files\/2025\/06\/Laura-Diepstraten.png 1538w, https:\/\/blogsaverroes.juntadeandalucia.es\/soledadalonsodrysdale\/files\/2025\/06\/Laura-Diepstraten-300x154.png 300w, https:\/\/blogsaverroes.juntadeandalucia.es\/soledadalonsodrysdale\/files\/2025\/06\/Laura-Diepstraten-1024x526.png 1024w, https:\/\/blogsaverroes.juntadeandalucia.es\/soledadalonsodrysdale\/files\/2025\/06\/Laura-Diepstraten-768x394.png 768w, https:\/\/blogsaverroes.juntadeandalucia.es\/soledadalonsodrysdale\/files\/2025\/06\/Laura-Diepstraten-1536x789.png 1536w\" sizes=\"(max-width: 695px) 100vw, 695px\" \/><\/p>\n<p style=\"text-align: center\"><i><span style=\"font-weight: 400\">Fragmento de la videoconferencia con la artista Laura Diepstraten (6\u00ba de Primaria)<\/span><\/i><\/p>\n<p><span style=\"font-weight: 400\">&nbsp;<\/span><\/p>\n<p style=\"text-align: center\"><b>TERCER TRIMESTRE<\/b><\/p>\n<p><span style=\"font-weight: 400\">Y aunque a estas alturas del curso hemos recorrido un largo camino recorrido en materia de Igualdad\u2026 \u00a1a\u00fan hay m\u00e1s!&nbsp;<\/span><\/p>\n<ul>\n<li style=\"font-weight: 400\"><span style=\"font-weight: 400\">A ra\u00edz del&nbsp;<\/span><b>23 de abril, D\u00eda Internacional del Libro<\/b><span style=\"font-weight: 400\">, y en coordinaci\u00f3n con el Plan de Biblioteca y el profesorado del centro, analizamos con detalle los fondos bibliogr\u00e1ficos co-educativos disponibles en el centro, para reforzar nuestra colecci\u00f3n de t\u00edtulos en este sentido y llevar a cabo una <\/span><b>adquisici\u00f3n de fondos coeducativos.<\/b><\/li>\n<\/ul>\n<p><span style=\"font-weight: 400\">De este modo, en las semanas posteriores, pudimos adquirir una colecci\u00f3n de libros coeducativos, igualitarios, inspiradores\u2026 \u00a1que ya forman parte de nuestra biblioteca! As\u00ed, escogimos la obra \u201cEl Club de Los Valientes: Nadie Es Invisible\u201d, de la autora Mar\u00eda Men\u00e9ndez Ponte. Su historia transmite valores de igualdad, inclusi\u00f3n y no discriminaci\u00f3n,&nbsp; reforzando el compromiso de nuestro centro con una educaci\u00f3n en igualdad desde las primeras etapas.<\/span><\/p>\n<p style=\"text-align: center\"><img loading=\"lazy\" decoding=\"async\" class=\"alignnone wp-image-2782\" src=\"https:\/\/blogsaverroes.juntadeandalucia.es\/soledadalonsodrysdale\/files\/2025\/06\/Libros-Comprar.jpg\" alt=\"\" width=\"687\" height=\"515\" srcset=\"https:\/\/blogsaverroes.juntadeandalucia.es\/soledadalonsodrysdale\/files\/2025\/06\/Libros-Comprar.jpg 869w, https:\/\/blogsaverroes.juntadeandalucia.es\/soledadalonsodrysdale\/files\/2025\/06\/Libros-Comprar-300x225.jpg 300w, https:\/\/blogsaverroes.juntadeandalucia.es\/soledadalonsodrysdale\/files\/2025\/06\/Libros-Comprar-768x575.jpg 768w\" sizes=\"(max-width: 687px) 100vw, 687px\" \/><\/p>\n<p style=\"text-align: center\"><i><span style=\"font-weight: 400\">\u00a1El pedido de libros llega a nuestro centro!<\/span><\/i><\/p>\n<p><span style=\"font-weight: 400\">&nbsp;\u2026Y si bien el curso 2024\/2025 ya toca a su fin, seguimos trabajando cada d\u00eda por la Igualdad efectiva en cada una de nuestras aulas, con nuestra labor diaria. \u00a1Ha sido un placer compartir estas actividades con vosotr@s!<\/span><\/p>\n<p><span style=\"font-weight: 400\">&nbsp;<\/span><\/p>\n<p>&nbsp;<\/p>\n","protected":false},"excerpt":{"rendered":"<p>\u00a1UN NUEVO CURSO 2024\/2025 LUCHANDO POR LA IGUALDAD DESDE NUESTRO COLE! En este curso 2024\/2025, desde el Plan de Igualdad de G\u00e9nero en Educaci\u00f3n del CEIP Soledad Alonso de Drysdale hemos llevado a cabo&#46;&#46;&#46;<\/p>\n","protected":false},"author":7833,"featured_media":0,"parent":2281,"menu_order":0,"comment_status":"closed","ping_status":"closed","template":"page-templates\/child-menu.php","meta":{"ngg_post_thumbnail":0,"footnotes":"","_mc_calendar":[]},"aioseo_notices":[],"_links":{"self":[{"href":"https:\/\/blogsaverroes.juntadeandalucia.es\/soledadalonsodrysdale\/wp-json\/wp\/v2\/pages\/2768"}],"collection":[{"href":"https:\/\/blogsaverroes.juntadeandalucia.es\/soledadalonsodrysdale\/wp-json\/wp\/v2\/pages"}],"about":[{"href":"https:\/\/blogsaverroes.juntadeandalucia.es\/soledadalonsodrysdale\/wp-json\/wp\/v2\/types\/page"}],"author":[{"embeddable":true,"href":"https:\/\/blogsaverroes.juntadeandalucia.es\/soledadalonsodrysdale\/wp-json\/wp\/v2\/users\/7833"}],"replies":[{"embeddable":true,"href":"https:\/\/blogsaverroes.juntadeandalucia.es\/soledadalonsodrysdale\/wp-json\/wp\/v2\/comments?post=2768"}],"version-history":[{"count":3,"href":"https:\/\/blogsaverroes.juntadeandalucia.es\/soledadalonsodrysdale\/wp-json\/wp\/v2\/pages\/2768\/revisions"}],"predecessor-version":[{"id":2788,"href":"https:\/\/blogsaverroes.juntadeandalucia.es\/soledadalonsodrysdale\/wp-json\/wp\/v2\/pages\/2768\/revisions\/2788"}],"up":[{"embeddable":true,"href":"https:\/\/blogsaverroes.juntadeandalucia.es\/soledadalonsodrysdale\/wp-json\/wp\/v2\/pages\/2281"}],"wp:attachment":[{"href":"https:\/\/blogsaverroes.juntadeandalucia.es\/soledadalonsodrysdale\/wp-json\/wp\/v2\/media?parent=2768"}],"curies":[{"name":"wp","href":"https:\/\/api.w.org\/{rel}","templated":true}]}}