{"id":422,"date":"2023-06-12T07:06:12","date_gmt":"2023-06-12T07:06:12","guid":{"rendered":"https:\/\/blogsaverroes.juntadeandalucia.es\/stem\/?page_id=422"},"modified":"2023-06-14T15:22:53","modified_gmt":"2023-06-14T15:22:53","slug":"feria-de-la-ciencia-2022-23","status":"publish","type":"page","link":"https:\/\/blogsaverroes.juntadeandalucia.es\/stem\/proyectos\/feria-de-la-ciencia-2022-23\/","title":{"rendered":"XI Feria de la Ciencia"},"content":{"rendered":"<!--themify_builder_content-->\n<div id=\"themify_builder_content-422\" data-postid=\"422\" class=\"themify_builder_content themify_builder_content-422 themify_builder tf_clear\">\n                    <div  data-lazy=\"1\" class=\"module_row themify_builder_row tb_2j3o598 tb_first tf_w\">\n                        <div class=\"row_inner col_align_top tb_col_count_1 tf_box tf_rel\">\n                        <div  data-lazy=\"1\" class=\"module_column tb-column col-full tb_71he598 first\">\n                    <!-- module fancy heading -->\n<div  class=\"module module-fancy-heading tb_o58v599 \" data-lazy=\"1\">\n        <h1 class=\"fancy-heading\">\n    <span class=\"main-head tf_block\">\n                    Matemagia            <\/span>\n\n    \n    <span class=\"sub-head tf_block tf_rel\">\n                    XI Feria de la Ciencia en la calle de Jerez            <\/span>\n    <\/h1>\n<\/div>\n<!-- \/module fancy heading -->\n        <\/div>\n                        <\/div>\n        <\/div>\n                        <div  data-lazy=\"1\" class=\"module_row themify_builder_row tb_pms0598 tf_w\">\n                        <div class=\"row_inner col_align_top tb_col_count_2 tf_box tf_rel\">\n                        <div  data-lazy=\"1\" class=\"module_column tb-column col3-1 tb_f8el599 first\">\n                            <div  data-sticky-active=\"{&quot;d&quot;:{&quot;stick&quot;:{&quot;v&quot;:&quot;100&quot;},&quot;unstick&quot;:{&quot;type&quot;:&quot;builder&quot;}}}\" data-lazy=\"1\" class=\"module_subrow themify_builder_sub_row tf_w col_align_top tb_col_count_1 tb_r9zb599\">\n                <div  data-lazy=\"1\" class=\"module_column sub_column col-full tb_p5mu599 first\">\n                    <!-- module text -->\n<div  class=\"module module-text tb_nqlh600   \" data-lazy=\"1\">\n        <div  class=\"tb_text_wrap\">\n        <h3>Experiencias<span style=\"font-size: 16px;\">\u00a0<\/span><\/h3>    <\/div>\n<\/div>\n<!-- \/module text --><!-- module icon -->\n<div  class=\"module module-icon tb_w5jz600  normal circle icon_vertical \" data-lazy=\"1\">\n            <div class=\"module-icon-item\">\n                            <a href=\"#exp1\">\n                                                                    <em class=\"tf_boxtransparent\"><svg  class=\"tf_fa tf-ti-angle-right\" aria-hidden=\"true\"><use href=\"#tf-ti-angle-right\"><\/use><\/svg><\/em>\n                                                                            <span>Trucos con cuerdas y nudos<\/span>\n                                                                    <\/a>\n                    <\/div>\n            <div class=\"module-icon-item\">\n                            <a href=\"#exp2\">\n                                                                    <em class=\"tf_boxtransparent\"><svg  class=\"tf_fa tf-ti-angle-right\" aria-hidden=\"true\"><use href=\"#tf-ti-angle-right\"><\/use><\/svg><\/em>\n                                                                            <span>Trucos de mentalismo<\/span>\n                                                                    <\/a>\n                    <\/div>\n            <div class=\"module-icon-item\">\n                            <a href=\"#exp3\">\n                                                                    <em class=\"tf_boxtransparent\"><svg  class=\"tf_fa tf-ti-angle-right\" aria-hidden=\"true\"><use href=\"#tf-ti-angle-right\"><\/use><\/svg><\/em>\n                                                                            <span>Trucos con cartas<\/span>\n                                                                    <\/a>\n                    <\/div>\n            <div class=\"module-icon-item\">\n                            <a href=\"#exp4\">\n                                                                    <em class=\"tf_boxtransparent\"><svg  class=\"tf_fa tf-ti-angle-right\" aria-hidden=\"true\"><use href=\"#tf-ti-angle-right\"><\/use><\/svg><\/em>\n                                                                            <span>Paradojas: la magia del infinito<\/span>\n                                                                    <\/a>\n                    <\/div>\n    <\/div>\n<!-- \/module icon -->\n<!-- module buttons -->\n<div  class=\"module module-buttons tb_u36j600 buttons-horizontal solid  squared buttons-fullwidth\" data-lazy=\"1\">\n        <div class=\"module-buttons-item tf_in_flx\">\n                        <a href=\"https:\/\/blogsaverroes.juntadeandalucia.es\/stem\/files\/2023\/06\/MATEMAGIA.pdf\" class=\"ui builder_button tf_in_flx orange\" >\n                                    <em><svg  class=\"tf_fa tf-far-file-pdf\" aria-hidden=\"true\"><use href=\"#tf-far-file-pdf\"><\/use><\/svg><\/em>                                        Proyecto PDF                                        <\/a>\n                <\/div>\n            <\/div>\n<!-- \/module buttons -->\n        <\/div>\n                    <\/div>\n                <\/div>\n                    <div  data-lazy=\"1\" class=\"module_column tb-column col3-2 tb_66ro600 last\">\n                    <!-- module text -->\n<div  class=\"module module-text tb_6uq6600   \" data-lazy=\"1\">\n        <div  class=\"tb_text_wrap\">\n        <h3 style=\"text-align: justify;\">Tem\u00e1tica del proyecto:<\/h3>\n<p style=\"text-align: justify;\">Los magos del IES Santa Isabel de Hungr\u00eda desvelan sus trucos de la forma m\u00e1s cient\u00edfica posible: a trav\u00e9s de las matem\u00e1ticas. Todo gran mago juega con los n\u00fameros y el \u00e1lgebra para poder dise\u00f1ar las ilusiones m\u00e1s sorprendentes. En la XI Feria de la Ciencia en la Calle de Jerez nuestros matemagos han realizado trucos de mentalismo, trucos con cuerdas y nudos, trucos con cartas y se han adentrado en la magia y las paradojas de uno de los conceptos m\u00e1s filos\u00f3ficos de las Matem\u00e1ticas: el infinito.\u00a0<\/p>    <\/div>\n<\/div>\n<!-- \/module text --><!-- module image -->\n<div  class=\"module module-image tb_73mq600 image-top   tf_mw\" data-lazy=\"1\">\n        <div class=\"image-wrap tf_rel tf_mw\">\n            <img loading=\"lazy\" decoding=\"async\" width=\"1024\" height=\"573\" src=\"https:\/\/blogsaverroes.juntadeandalucia.es\/stem\/files\/2023\/06\/XI-Feria-Ciencia-Jerez.jpg\" class=\"wp-post-image wp-image-407\" title=\"XI-Feria-Ciencia-Jerez\" alt=\"XI-Feria-Ciencia-Jerez\" srcset=\"https:\/\/blogsaverroes.juntadeandalucia.es\/stem\/files\/2023\/06\/XI-Feria-Ciencia-Jerez.jpg 1024w, https:\/\/blogsaverroes.juntadeandalucia.es\/stem\/files\/2023\/06\/XI-Feria-Ciencia-Jerez-300x168.jpg 300w, https:\/\/blogsaverroes.juntadeandalucia.es\/stem\/files\/2023\/06\/XI-Feria-Ciencia-Jerez-768x430.jpg 768w, https:\/\/blogsaverroes.juntadeandalucia.es\/stem\/files\/2023\/06\/XI-Feria-Ciencia-Jerez-360x200.jpg 360w, https:\/\/blogsaverroes.juntadeandalucia.es\/stem\/files\/2023\/06\/XI-Feria-Ciencia-Jerez-893x500.jpg 893w, https:\/\/blogsaverroes.juntadeandalucia.es\/stem\/files\/2023\/06\/XI-Feria-Ciencia-Jerez-536x300.jpg 536w, https:\/\/blogsaverroes.juntadeandalucia.es\/stem\/files\/2023\/06\/XI-Feria-Ciencia-Jerez-714x400.jpg 714w, https:\/\/blogsaverroes.juntadeandalucia.es\/stem\/files\/2023\/06\/XI-Feria-Ciencia-Jerez-804x450.jpg 804w\" sizes=\"(max-width: 1024px) 100vw, 1024px\" \/>    \n        <\/div>\n    <!-- \/image-wrap -->\n    \n        <\/div>\n<!-- \/module image -->        <\/div>\n                        <\/div>\n        <\/div>\n                        <div  data-anchor=\"exp1\" data-lazy=\"1\" class=\"module_row themify_builder_row tb_has_section tb_section-exp1 tb_d696598 tf_w\">\n                        <div class=\"row_inner col_align_top tb_col_count_2 tf_box tf_rel\">\n                        <div  data-lazy=\"1\" class=\"module_column tb-column col3-1 tb_6f5x600 first\">\n                            <\/div>\n                    <div  data-lazy=\"1\" class=\"module_column tb-column col3-2 tb_7269600 last\">\n                    <!-- module divider -->\n<div  class=\"module tf_mw module-divider tb_diuj600 solid   \" style=\"border-width: 1px;border-color: #d1d1d1;margin-top: 20px;margin-bottom: 20px;\" data-lazy=\"1\">\n    <\/div>\n<!-- \/module divider -->\n<!-- module text -->\n<div  class=\"module module-text tb_6afc601   \" data-lazy=\"1\">\n        <div  class=\"tb_text_wrap\">\n        <h3>Trucos con cuerdas y nudos<\/h3>\n<p style=\"text-align: justify;\">Nuestras escapistas se han adentrado en los espacios topol\u00f3gicos para entender por qu\u00e9 funcionan sus trucos con nudos. Los nudos son objetos matem\u00e1ticos muy particulares y su nombre se debe a que nos recuerdan a las sogas de marinero. Sin embargo, presentan una diferencia: sus extremos est\u00e1n unidos. Hay nudos que se pueden transformar en otros y algunos que no, es la raz\u00f3n por la que algunos trucos funcionan con enga\u00f1os y otros sin necesidad de \u00abliar\u00bb a los espectadores.\u00a0<\/p>    <\/div>\n<\/div>\n<!-- \/module text --><!-- module image -->\n<div  class=\"module module-image tb_eber932 image-center   tf_mw\" data-lazy=\"1\">\n        <div class=\"image-wrap tf_rel tf_mw\">\n            <a href=\"https:\/\/blogsaverroes.juntadeandalucia.es\/stem\/files\/2023\/06\/MAGIA-CON-NUDOS_page-0001-scaled.jpg\" class=\"lightbox-builder themify_lightbox\">\n                                   <span class=\"zoom\">\n                <svg  aria-label=\"Open\" class=\"tf_fa tf-ti-search\" role=\"img\"><use href=\"#tf-ti-search\"><\/use><\/svg>            <\/span>\n                    <img loading=\"lazy\" decoding=\"async\" width=\"1829\" height=\"2560\" src=\"https:\/\/blogsaverroes.juntadeandalucia.es\/stem\/files\/2023\/06\/MAGIA-CON-NUDOS_page-0001-scaled.jpg\" class=\"wp-post-image wp-image-430\" title=\"MAGIA CON NUDOS_page-0001\" alt=\"C\u00f3digo para la lectura de datos\" srcset=\"https:\/\/blogsaverroes.juntadeandalucia.es\/stem\/files\/2023\/06\/MAGIA-CON-NUDOS_page-0001-scaled.jpg 1829w, https:\/\/blogsaverroes.juntadeandalucia.es\/stem\/files\/2023\/06\/MAGIA-CON-NUDOS_page-0001-214x300.jpg 214w, https:\/\/blogsaverroes.juntadeandalucia.es\/stem\/files\/2023\/06\/MAGIA-CON-NUDOS_page-0001-732x1024.jpg 732w, https:\/\/blogsaverroes.juntadeandalucia.es\/stem\/files\/2023\/06\/MAGIA-CON-NUDOS_page-0001-768x1075.jpg 768w, https:\/\/blogsaverroes.juntadeandalucia.es\/stem\/files\/2023\/06\/MAGIA-CON-NUDOS_page-0001-1097x1536.jpg 1097w, https:\/\/blogsaverroes.juntadeandalucia.es\/stem\/files\/2023\/06\/MAGIA-CON-NUDOS_page-0001-1463x2048.jpg 1463w\" sizes=\"(max-width: 1829px) 100vw, 1829px\" \/>        <\/a>\n    \n        <\/div>\n    <!-- \/image-wrap -->\n    \n        <\/div>\n<!-- \/module image -->        <\/div>\n                        <\/div>\n        <\/div>\n                        <div  data-anchor=\"exp2\" data-lazy=\"1\" class=\"module_row themify_builder_row tb_has_section tb_section-exp2 tb_een9598 tf_w\">\n                        <div class=\"row_inner col_align_top tb_col_count_2 tf_box tf_rel\">\n                        <div  data-lazy=\"1\" class=\"module_column tb-column col3-1 tb_zsny601 first\">\n                            <\/div>\n                    <div  data-lazy=\"1\" class=\"module_column tb-column col3-2 tb_isf5601 last\">\n                    <!-- module divider -->\n<div  class=\"module tf_mw module-divider tb_xrsg601 solid   \" style=\"border-width: 1px;border-color: #d1d1d1;margin-top: 20px;margin-bottom: 20px;\" data-lazy=\"1\">\n    <\/div>\n<!-- \/module divider -->\n<!-- module text -->\n<div  class=\"module module-text tb_of0j601   \" data-lazy=\"1\">\n        <div  class=\"tb_text_wrap\">\n        <h3>Trucos de mentalismo<\/h3>\n<p style=\"text-align: justify;\">Nuestros mentalistas son capaces de adivinar lo que ves en tu mente. Bueno, no estamos siendo del todo sinceros: s\u00f3lo adivinan n\u00fameros. \u00bfC\u00f3mo? Con las preguntas que hacen, resuelven ecuaciones para saber qu\u00e9 tienes en tu cabeza. \u00a1Siempre las matem\u00e1ticas andan detr\u00e1s! \u00a1Qu\u00e9 buen c\u00e1lculo mental!<\/p>    <\/div>\n<\/div>\n<!-- \/module text -->        <div  data-lazy=\"1\" class=\"module_subrow themify_builder_sub_row tf_w col_align_top tb_col_count_2 tb_vlgl972\">\n                <div  data-lazy=\"1\" class=\"module_column sub_column col2-1 tb_5h8w972 first\">\n                    <!-- module image -->\n<div  class=\"module module-image tb_z8l0643 image-center   tf_mw\" data-lazy=\"1\">\n        <div class=\"image-wrap tf_rel tf_mw\">\n            <a href=\"https:\/\/blogsaverroes.juntadeandalucia.es\/stem\/files\/2023\/06\/Truco_3_Alba_Munoz_Paullada1_page-0001-scaled.jpg\" class=\"lightbox-builder themify_lightbox\">\n                                   <span class=\"zoom\">\n                <svg  aria-label=\"Open\" class=\"tf_fa tf-ti-search\" role=\"img\"><use href=\"#tf-ti-search\"><\/use><\/svg>            <\/span>\n                    <img loading=\"lazy\" decoding=\"async\" width=\"1810\" height=\"2560\" src=\"https:\/\/blogsaverroes.juntadeandalucia.es\/stem\/files\/2023\/06\/Truco_3_Alba_Munoz_Paullada1_page-0001-scaled.jpg\" class=\"wp-post-image wp-image-431\" title=\"Truco_3_Alba_Munoz_Paullada(1)_page-0001\" alt=\"Truco_3_Alba_Munoz_Paullada(1)_page-0001\" srcset=\"https:\/\/blogsaverroes.juntadeandalucia.es\/stem\/files\/2023\/06\/Truco_3_Alba_Munoz_Paullada1_page-0001-scaled.jpg 1810w, https:\/\/blogsaverroes.juntadeandalucia.es\/stem\/files\/2023\/06\/Truco_3_Alba_Munoz_Paullada1_page-0001-212x300.jpg 212w, https:\/\/blogsaverroes.juntadeandalucia.es\/stem\/files\/2023\/06\/Truco_3_Alba_Munoz_Paullada1_page-0001-724x1024.jpg 724w, https:\/\/blogsaverroes.juntadeandalucia.es\/stem\/files\/2023\/06\/Truco_3_Alba_Munoz_Paullada1_page-0001-768x1086.jpg 768w, https:\/\/blogsaverroes.juntadeandalucia.es\/stem\/files\/2023\/06\/Truco_3_Alba_Munoz_Paullada1_page-0001-1086x1536.jpg 1086w, https:\/\/blogsaverroes.juntadeandalucia.es\/stem\/files\/2023\/06\/Truco_3_Alba_Munoz_Paullada1_page-0001-1448x2048.jpg 1448w\" sizes=\"(max-width: 1810px) 100vw, 1810px\" \/>        <\/a>\n    \n        <\/div>\n    <!-- \/image-wrap -->\n    \n        <\/div>\n<!-- \/module image -->        <\/div>\n                    <div  data-lazy=\"1\" class=\"module_column sub_column col2-1 tb_wj13972 last\">\n                    <!-- module image -->\n<div  class=\"module module-image tb_kd55851 image-center   tf_mw\" data-lazy=\"1\">\n        <div class=\"image-wrap tf_rel tf_mw\">\n            <a href=\"https:\/\/blogsaverroes.juntadeandalucia.es\/stem\/files\/2023\/06\/Truco_1_Victor_Fernandez_page-0001.jpg\" class=\"lightbox-builder themify_lightbox\">\n                                   <span class=\"zoom\">\n                <svg  aria-label=\"Open\" class=\"tf_fa tf-ti-search\" role=\"img\"><use href=\"#tf-ti-search\"><\/use><\/svg>            <\/span>\n                    <img loading=\"lazy\" decoding=\"async\" width=\"1241\" height=\"1755\" src=\"https:\/\/blogsaverroes.juntadeandalucia.es\/stem\/files\/2023\/06\/Truco_1_Victor_Fernandez_page-0001.jpg\" class=\"wp-post-image wp-image-433\" title=\"Truco_1_Victor_Fernandez_page-0001\" alt=\"Truco_1_Victor_Fernandez_page-0001\" srcset=\"https:\/\/blogsaverroes.juntadeandalucia.es\/stem\/files\/2023\/06\/Truco_1_Victor_Fernandez_page-0001.jpg 1241w, https:\/\/blogsaverroes.juntadeandalucia.es\/stem\/files\/2023\/06\/Truco_1_Victor_Fernandez_page-0001-212x300.jpg 212w, https:\/\/blogsaverroes.juntadeandalucia.es\/stem\/files\/2023\/06\/Truco_1_Victor_Fernandez_page-0001-724x1024.jpg 724w, https:\/\/blogsaverroes.juntadeandalucia.es\/stem\/files\/2023\/06\/Truco_1_Victor_Fernandez_page-0001-768x1086.jpg 768w, https:\/\/blogsaverroes.juntadeandalucia.es\/stem\/files\/2023\/06\/Truco_1_Victor_Fernandez_page-0001-1086x1536.jpg 1086w\" sizes=\"(max-width: 1241px) 100vw, 1241px\" \/>        <\/a>\n    \n        <\/div>\n    <!-- \/image-wrap -->\n    \n        <\/div>\n<!-- \/module image -->        <\/div>\n                    <\/div>\n                <\/div>\n                        <\/div>\n        <\/div>\n                        <div  data-anchor=\"exp3\" data-lazy=\"1\" class=\"module_row themify_builder_row tb_has_section tb_section-exp3 tb_q3gu598 tf_w\">\n                        <div class=\"row_inner col_align_top tb_col_count_2 tf_box tf_rel\">\n                        <div  data-lazy=\"1\" class=\"module_column tb-column col3-1 tb_esc5601 first\">\n                            <\/div>\n                    <div  data-lazy=\"1\" class=\"module_column tb-column col3-2 tb_d6b0601 last\">\n                    <!-- module divider -->\n<div  class=\"module tf_mw module-divider tb_cyan601 solid   \" style=\"border-width: 1px;border-color: #d1d1d1;margin-top: 20px;margin-bottom: 20px;\" data-lazy=\"1\">\n    <\/div>\n<!-- \/module divider -->\n<!-- module text -->\n<div  class=\"module module-text tb_qbfo601   \" data-lazy=\"1\">\n        <div  class=\"tb_text_wrap\">\n        <h3>Trucos con cartas<\/h3>\n<p style=\"text-align: justify;\">Nuestros cartomagos se han adentrado en el \u00e1lgebra con sus permutaciones, las propiedades de la paridad y los sistemas de numeraci\u00f3n para poder explicar c\u00f3mo funcionan sus trucos. Pero no s\u00f3lo las matem\u00e1ticas avalan que el truco salga con \u00e9xito: hay que tener gran habilidad en las manos y en distraer al p\u00fablico. \u00a1Estad atentos para intentar pillarlos!<\/p>    <\/div>\n<\/div>\n<!-- \/module text -->        <div  data-lazy=\"1\" class=\"module_subrow themify_builder_sub_row tf_w col_align_top tb_col_count_4 tb_tq32973\">\n                <div  data-lazy=\"1\" class=\"module_column sub_column col4-1 tb_48zr973 first\">\n                    <!-- module image -->\n<div  class=\"module module-image tb_7iyh211 image-center   tf_mw\" data-lazy=\"1\">\n        <div class=\"image-wrap tf_rel tf_mw\">\n            <a href=\"https:\/\/blogsaverroes.juntadeandalucia.es\/stem\/files\/2023\/06\/La-casa-encantada_page-0001.jpg\" class=\"lightbox-builder themify_lightbox\">\n                                   <span class=\"zoom\">\n                <svg  aria-label=\"Open\" class=\"tf_fa tf-ti-search\" role=\"img\"><use href=\"#tf-ti-search\"><\/use><\/svg>            <\/span>\n                    <img loading=\"lazy\" decoding=\"async\" width=\"1240\" height=\"1755\" src=\"https:\/\/blogsaverroes.juntadeandalucia.es\/stem\/files\/2023\/06\/La-casa-encantada_page-0001.jpg\" class=\"wp-post-image wp-image-436\" title=\"La casa encantada_page-0001\" alt=\"La casa encantada_page-0001\" srcset=\"https:\/\/blogsaverroes.juntadeandalucia.es\/stem\/files\/2023\/06\/La-casa-encantada_page-0001.jpg 1240w, https:\/\/blogsaverroes.juntadeandalucia.es\/stem\/files\/2023\/06\/La-casa-encantada_page-0001-212x300.jpg 212w, https:\/\/blogsaverroes.juntadeandalucia.es\/stem\/files\/2023\/06\/La-casa-encantada_page-0001-724x1024.jpg 724w, https:\/\/blogsaverroes.juntadeandalucia.es\/stem\/files\/2023\/06\/La-casa-encantada_page-0001-768x1087.jpg 768w, https:\/\/blogsaverroes.juntadeandalucia.es\/stem\/files\/2023\/06\/La-casa-encantada_page-0001-1085x1536.jpg 1085w\" sizes=\"(max-width: 1240px) 100vw, 1240px\" \/>        <\/a>\n    \n        <\/div>\n    <!-- \/image-wrap -->\n    \n        <\/div>\n<!-- \/module image -->        <\/div>\n                    <div  data-lazy=\"1\" class=\"module_column sub_column col4-1 tb_ixgp973\">\n                    <!-- module image -->\n<div  class=\"module module-image tb_hst0604 image-center   tf_mw\" data-lazy=\"1\">\n        <div class=\"image-wrap tf_rel tf_mw\">\n            <a href=\"https:\/\/blogsaverroes.juntadeandalucia.es\/stem\/files\/2023\/06\/Las-21-cartas_page-0001.jpg\" class=\"lightbox-builder themify_lightbox\">\n                                   <span class=\"zoom\">\n                <svg  aria-label=\"Open\" class=\"tf_fa tf-ti-search\" role=\"img\"><use href=\"#tf-ti-search\"><\/use><\/svg>            <\/span>\n                    <img loading=\"lazy\" decoding=\"async\" width=\"1240\" height=\"1755\" src=\"https:\/\/blogsaverroes.juntadeandalucia.es\/stem\/files\/2023\/06\/Las-21-cartas_page-0001.jpg\" class=\"wp-post-image wp-image-435\" title=\"Las 21 cartas_page-0001\" alt=\"Las 21 cartas_page-0001\" srcset=\"https:\/\/blogsaverroes.juntadeandalucia.es\/stem\/files\/2023\/06\/Las-21-cartas_page-0001.jpg 1240w, https:\/\/blogsaverroes.juntadeandalucia.es\/stem\/files\/2023\/06\/Las-21-cartas_page-0001-212x300.jpg 212w, https:\/\/blogsaverroes.juntadeandalucia.es\/stem\/files\/2023\/06\/Las-21-cartas_page-0001-724x1024.jpg 724w, https:\/\/blogsaverroes.juntadeandalucia.es\/stem\/files\/2023\/06\/Las-21-cartas_page-0001-768x1087.jpg 768w, https:\/\/blogsaverroes.juntadeandalucia.es\/stem\/files\/2023\/06\/Las-21-cartas_page-0001-1085x1536.jpg 1085w\" sizes=\"(max-width: 1240px) 100vw, 1240px\" \/>        <\/a>\n    \n        <\/div>\n    <!-- \/image-wrap -->\n    \n        <\/div>\n<!-- \/module image -->        <\/div>\n                    <div  data-lazy=\"1\" class=\"module_column sub_column col4-1 tb_iqym974\">\n                    <!-- module image -->\n<div  class=\"module module-image tb_txe9460 image-center   tf_mw\" data-lazy=\"1\">\n        <div class=\"image-wrap tf_rel tf_mw\">\n            <a href=\"https:\/\/blogsaverroes.juntadeandalucia.es\/stem\/files\/2023\/06\/c\u00f3digo-binario_page-0001-scaled.jpg\" class=\"lightbox-builder themify_lightbox\">\n                                   <span class=\"zoom\">\n                <svg  aria-label=\"Open\" class=\"tf_fa tf-ti-search\" role=\"img\"><use href=\"#tf-ti-search\"><\/use><\/svg>            <\/span>\n                    <img loading=\"lazy\" decoding=\"async\" width=\"1920\" height=\"2560\" src=\"https:\/\/blogsaverroes.juntadeandalucia.es\/stem\/files\/2023\/06\/c\u00f3digo-binario_page-0001-scaled.jpg\" class=\"wp-post-image wp-image-439\" title=\"c\u00f3digo binario_page-0001\" alt=\"c\u00f3digo binario_page-0001\" srcset=\"https:\/\/blogsaverroes.juntadeandalucia.es\/stem\/files\/2023\/06\/c\u00f3digo-binario_page-0001-scaled.jpg 1920w, https:\/\/blogsaverroes.juntadeandalucia.es\/stem\/files\/2023\/06\/c\u00f3digo-binario_page-0001-225x300.jpg 225w, https:\/\/blogsaverroes.juntadeandalucia.es\/stem\/files\/2023\/06\/c\u00f3digo-binario_page-0001-768x1024.jpg 768w, https:\/\/blogsaverroes.juntadeandalucia.es\/stem\/files\/2023\/06\/c\u00f3digo-binario_page-0001-1152x1536.jpg 1152w, https:\/\/blogsaverroes.juntadeandalucia.es\/stem\/files\/2023\/06\/c\u00f3digo-binario_page-0001-1536x2048.jpg 1536w\" sizes=\"(max-width: 1920px) 100vw, 1920px\" \/>        <\/a>\n    \n        <\/div>\n    <!-- \/image-wrap -->\n    \n        <\/div>\n<!-- \/module image -->        <\/div>\n                    <div  data-lazy=\"1\" class=\"module_column sub_column col4-1 tb_mu4a974 last\">\n                    <!-- module image -->\n<div  class=\"module module-image tb_7rky980 image-center   tf_mw\" data-lazy=\"1\">\n        <div class=\"image-wrap tf_rel tf_mw\">\n            <a href=\"https:\/\/blogsaverroes.juntadeandalucia.es\/stem\/files\/2023\/06\/Vuelvo-dos-y-corto_page-0001-scaled.jpg\" class=\"lightbox-builder themify_lightbox\">\n                                   <span class=\"zoom\">\n                <svg  aria-label=\"Open\" class=\"tf_fa tf-ti-search\" role=\"img\"><use href=\"#tf-ti-search\"><\/use><\/svg>            <\/span>\n                    <img loading=\"lazy\" decoding=\"async\" width=\"1810\" height=\"2560\" src=\"https:\/\/blogsaverroes.juntadeandalucia.es\/stem\/files\/2023\/06\/Vuelvo-dos-y-corto_page-0001-scaled.jpg\" class=\"wp-post-image wp-image-440\" title=\"Vuelvo dos y corto_page-0001\" alt=\"Vuelvo dos y corto_page-0001\" srcset=\"https:\/\/blogsaverroes.juntadeandalucia.es\/stem\/files\/2023\/06\/Vuelvo-dos-y-corto_page-0001-scaled.jpg 1810w, https:\/\/blogsaverroes.juntadeandalucia.es\/stem\/files\/2023\/06\/Vuelvo-dos-y-corto_page-0001-212x300.jpg 212w, https:\/\/blogsaverroes.juntadeandalucia.es\/stem\/files\/2023\/06\/Vuelvo-dos-y-corto_page-0001-724x1024.jpg 724w, https:\/\/blogsaverroes.juntadeandalucia.es\/stem\/files\/2023\/06\/Vuelvo-dos-y-corto_page-0001-768x1086.jpg 768w, https:\/\/blogsaverroes.juntadeandalucia.es\/stem\/files\/2023\/06\/Vuelvo-dos-y-corto_page-0001-1086x1536.jpg 1086w, https:\/\/blogsaverroes.juntadeandalucia.es\/stem\/files\/2023\/06\/Vuelvo-dos-y-corto_page-0001-1448x2048.jpg 1448w\" sizes=\"(max-width: 1810px) 100vw, 1810px\" \/>        <\/a>\n    \n        <\/div>\n    <!-- \/image-wrap -->\n    \n        <\/div>\n<!-- \/module image -->        <\/div>\n                    <\/div>\n                <div  data-lazy=\"1\" class=\"module_subrow themify_builder_sub_row tf_w col_align_top tb_col_count_2 tb_5jg3717\">\n                <div  data-lazy=\"1\" class=\"module_column sub_column col2-1 tb_1dvo718 first\">\n                    <!-- module image -->\n<div  class=\"module module-image tb_j55c460 image-center   tf_mw\" data-lazy=\"1\">\n        <div class=\"image-wrap tf_rel tf_mw\">\n            <a href=\"https:\/\/blogsaverroes.juntadeandalucia.es\/stem\/files\/2023\/06\/La_carta_del_dia_page-0001.jpg\" class=\"lightbox-builder themify_lightbox\">\n                                   <span class=\"zoom\">\n                <svg  aria-label=\"Open\" class=\"tf_fa tf-ti-search\" role=\"img\"><use href=\"#tf-ti-search\"><\/use><\/svg>            <\/span>\n                    <img loading=\"lazy\" decoding=\"async\" width=\"2480\" height=\"1755\" src=\"https:\/\/blogsaverroes.juntadeandalucia.es\/stem\/files\/2023\/06\/La_carta_del_dia_page-0001.jpg\" class=\"wp-post-image wp-image-437\" title=\"La_carta_del_dia_page-0001\" alt=\"La_carta_del_dia_page-0001\" srcset=\"https:\/\/blogsaverroes.juntadeandalucia.es\/stem\/files\/2023\/06\/La_carta_del_dia_page-0001.jpg 2480w, https:\/\/blogsaverroes.juntadeandalucia.es\/stem\/files\/2023\/06\/La_carta_del_dia_page-0001-300x212.jpg 300w, https:\/\/blogsaverroes.juntadeandalucia.es\/stem\/files\/2023\/06\/La_carta_del_dia_page-0001-1024x725.jpg 1024w, https:\/\/blogsaverroes.juntadeandalucia.es\/stem\/files\/2023\/06\/La_carta_del_dia_page-0001-768x543.jpg 768w, https:\/\/blogsaverroes.juntadeandalucia.es\/stem\/files\/2023\/06\/La_carta_del_dia_page-0001-1536x1087.jpg 1536w, https:\/\/blogsaverroes.juntadeandalucia.es\/stem\/files\/2023\/06\/La_carta_del_dia_page-0001-2048x1449.jpg 2048w\" sizes=\"(max-width: 2480px) 100vw, 2480px\" \/>        <\/a>\n    \n        <\/div>\n    <!-- \/image-wrap -->\n    \n        <\/div>\n<!-- \/module image -->        <\/div>\n                    <div  data-lazy=\"1\" class=\"module_column sub_column col2-1 tb_1h5e718 last\">\n                    <!-- module image -->\n<div  class=\"module module-image tb_5qwj572 image-center   tf_mw\" data-lazy=\"1\">\n        <div class=\"image-wrap tf_rel tf_mw\">\n            <a href=\"https:\/\/blogsaverroes.juntadeandalucia.es\/stem\/files\/2023\/06\/c\u00f3digo-binario_page-0001-scaled.jpg\" class=\"lightbox-builder themify_lightbox\">\n                                   <span class=\"zoom\">\n                <svg  aria-label=\"Open\" class=\"tf_fa tf-ti-search\" role=\"img\"><use href=\"#tf-ti-search\"><\/use><\/svg>            <\/span>\n                    <img loading=\"lazy\" decoding=\"async\" width=\"1755\" height=\"1241\" src=\"https:\/\/blogsaverroes.juntadeandalucia.es\/stem\/files\/2023\/06\/Cuatro_Mazos_page-0001.jpg\" class=\"wp-post-image wp-image-438\" title=\"Cuatro_Mazos_page-0001\" alt=\"Cuatro_Mazos_page-0001\" srcset=\"https:\/\/blogsaverroes.juntadeandalucia.es\/stem\/files\/2023\/06\/Cuatro_Mazos_page-0001.jpg 1755w, https:\/\/blogsaverroes.juntadeandalucia.es\/stem\/files\/2023\/06\/Cuatro_Mazos_page-0001-300x212.jpg 300w, https:\/\/blogsaverroes.juntadeandalucia.es\/stem\/files\/2023\/06\/Cuatro_Mazos_page-0001-1024x724.jpg 1024w, https:\/\/blogsaverroes.juntadeandalucia.es\/stem\/files\/2023\/06\/Cuatro_Mazos_page-0001-768x543.jpg 768w, https:\/\/blogsaverroes.juntadeandalucia.es\/stem\/files\/2023\/06\/Cuatro_Mazos_page-0001-1536x1086.jpg 1536w\" sizes=\"(max-width: 1755px) 100vw, 1755px\" \/>        <\/a>\n    \n        <\/div>\n    <!-- \/image-wrap -->\n    \n        <\/div>\n<!-- \/module image -->        <\/div>\n                    <\/div>\n                <\/div>\n                        <\/div>\n        <\/div>\n                        <div  data-anchor=\"exp4\" data-lazy=\"1\" class=\"module_row themify_builder_row tb_has_section tb_section-exp4 tb_hb9s598 tf_w\">\n                        <div class=\"row_inner col_align_top tb_col_count_2 tf_box tf_rel\">\n                        <div  data-lazy=\"1\" class=\"module_column tb-column col3-1 tb_3ja6602 first\">\n                            <\/div>\n                    <div  data-lazy=\"1\" class=\"module_column tb-column col3-2 tb_2r0i602 last\">\n                    <!-- module divider -->\n<div  class=\"module tf_mw module-divider tb_u58d602 solid   \" style=\"border-width: 1px;border-color: #d1d1d1;margin-top: 20px;margin-bottom: 20px;\" data-lazy=\"1\">\n    <\/div>\n<!-- \/module divider -->\n<!-- module text -->\n<div  class=\"module module-text tb_1w1w602   \" data-lazy=\"1\">\n        <div  class=\"tb_text_wrap\">\n        <h3>Paradojas: La magia del Infinito<\/h3>\n<p style=\"text-align: justify;\">Nuestros alumnos se han adentrado en la complejidad del infinito. Todo empez\u00f3 con un chocolate que parec\u00eda infinito: se elimina una onza y parece que queda igual. \u00bfQu\u00e9 es un chocolate infinito? Es un chocolate que no se acaba. O sea, el infinito no es un n\u00famero, es un concepto. \u00bfHay infinitos m\u00e1s grandes que otros? El Hotel de Hilbert nos ayuda a pensarlo. Es un hotel con infinitas habitaciones. Nuestros alumnos m\u00e1s parad\u00f3jicos nos explican el funcionamiento de este hotel y adem\u00e1s, una \u00faltima paradoja: la esfera de Banach-Tarski. Es una esfera que se convierte en dos esferas iguales a la primera, \u00bfc\u00f3mo es posible?\u00a0<\/p>    <\/div>\n<\/div>\n<!-- \/module text -->        <div  data-lazy=\"1\" class=\"module_subrow themify_builder_sub_row tf_w col_align_top tb_col_count_1 tb_iyfh284\">\n                <div  data-lazy=\"1\" class=\"module_column sub_column col-full tb_dbbm285 first\">\n                    <!-- module image -->\n<div  class=\"module module-image tb_78zx389 image-center   tf_mw\" data-lazy=\"1\">\n        <div class=\"image-wrap tf_rel tf_mw\">\n            <a href=\"https:\/\/blogsaverroes.juntadeandalucia.es\/stem\/files\/2023\/06\/La-magia-del-infinito_page-0001-scaled.jpg\" class=\"lightbox-builder themify_lightbox\">\n                                   <span class=\"zoom\">\n                <svg  aria-label=\"Open\" class=\"tf_fa tf-ti-search\" role=\"img\"><use href=\"#tf-ti-search\"><\/use><\/svg>            <\/span>\n                    <img loading=\"lazy\" decoding=\"async\" width=\"1920\" height=\"2560\" src=\"https:\/\/blogsaverroes.juntadeandalucia.es\/stem\/files\/2023\/06\/La-magia-del-infinito_page-0001-scaled.jpg\" class=\"wp-post-image wp-image-441\" title=\"La magia del infinito_page-0001\" alt=\"La magia del infinito_page-0001\" srcset=\"https:\/\/blogsaverroes.juntadeandalucia.es\/stem\/files\/2023\/06\/La-magia-del-infinito_page-0001-scaled.jpg 1920w, https:\/\/blogsaverroes.juntadeandalucia.es\/stem\/files\/2023\/06\/La-magia-del-infinito_page-0001-225x300.jpg 225w, https:\/\/blogsaverroes.juntadeandalucia.es\/stem\/files\/2023\/06\/La-magia-del-infinito_page-0001-768x1024.jpg 768w, https:\/\/blogsaverroes.juntadeandalucia.es\/stem\/files\/2023\/06\/La-magia-del-infinito_page-0001-1152x1536.jpg 1152w, https:\/\/blogsaverroes.juntadeandalucia.es\/stem\/files\/2023\/06\/La-magia-del-infinito_page-0001-1536x2048.jpg 1536w\" sizes=\"(max-width: 1920px) 100vw, 1920px\" \/>        <\/a>\n    \n        <\/div>\n    <!-- \/image-wrap -->\n    \n        <\/div>\n<!-- \/module image -->        <\/div>\n                    <\/div>\n                <\/div>\n                        <\/div>\n        <\/div>\n        <\/div>\n<!--\/themify_builder_content-->","protected":false},"excerpt":{"rendered":"<p>MatemagiaXI Feria de la Ciencia en la calle de Jerez Experiencias\u00a0 Trucos con cuerdas y nudos Trucos de mentalismo Trucos con cartas Paradojas: la magia del infinito Proyecto PDF Tem\u00e1tica del proyecto: Los magos del IES Santa Isabel de Hungr\u00eda desvelan sus trucos de la forma m\u00e1s cient\u00edfica posible: a trav\u00e9s de las matem\u00e1ticas. Todo [&hellip;]<\/p>\n","protected":false},"author":12290,"featured_media":0,"parent":336,"menu_order":0,"comment_status":"closed","ping_status":"closed","template":"","meta":{"ngg_post_thumbnail":0,"footnotes":""},"aioseo_notices":[],"_links":{"self":[{"href":"https:\/\/blogsaverroes.juntadeandalucia.es\/stem\/wp-json\/wp\/v2\/pages\/422"}],"collection":[{"href":"https:\/\/blogsaverroes.juntadeandalucia.es\/stem\/wp-json\/wp\/v2\/pages"}],"about":[{"href":"https:\/\/blogsaverroes.juntadeandalucia.es\/stem\/wp-json\/wp\/v2\/types\/page"}],"author":[{"embeddable":true,"href":"https:\/\/blogsaverroes.juntadeandalucia.es\/stem\/wp-json\/wp\/v2\/users\/12290"}],"replies":[{"embeddable":true,"href":"https:\/\/blogsaverroes.juntadeandalucia.es\/stem\/wp-json\/wp\/v2\/comments?post=422"}],"version-history":[{"count":11,"href":"https:\/\/blogsaverroes.juntadeandalucia.es\/stem\/wp-json\/wp\/v2\/pages\/422\/revisions"}],"predecessor-version":[{"id":552,"href":"https:\/\/blogsaverroes.juntadeandalucia.es\/stem\/wp-json\/wp\/v2\/pages\/422\/revisions\/552"}],"up":[{"embeddable":true,"href":"https:\/\/blogsaverroes.juntadeandalucia.es\/stem\/wp-json\/wp\/v2\/pages\/336"}],"wp:attachment":[{"href":"https:\/\/blogsaverroes.juntadeandalucia.es\/stem\/wp-json\/wp\/v2\/media?parent=422"}],"curies":[{"name":"wp","href":"https:\/\/api.w.org\/{rel}","templated":true}]}}