{"id":67,"date":"2024-10-19T20:55:59","date_gmt":"2024-10-19T18:55:59","guid":{"rendered":"https:\/\/blogsaverroes.juntadeandalucia.es\/superpoderesenprimaria\/?page_id=67"},"modified":"2024-10-19T21:55:27","modified_gmt":"2024-10-19T19:55:27","slug":"acerca-de","status":"publish","type":"page","link":"https:\/\/blogsaverroes.juntadeandalucia.es\/superpoderesenprimaria\/","title":{"rendered":"Acerca de"},"content":{"rendered":"<p>Soy <strong>Eduardo Catalina<\/strong>, un apasionado por la <strong>educaci\u00f3n<\/strong> y firme creyente en el poder transformador del conocimiento. Desde que comenc\u00e9 mi camino como educador, he trabajado incansablemente para crear experiencias de aprendizaje que vayan m\u00e1s all\u00e1 del aula tradicional. Mi objetivo es inspirar a estudiantes, maestros y familias a descubrir su m\u00e1ximo potencial a trav\u00e9s de la ense\u00f1anza creativa y adaptativa.<\/p>\n<p>En mi proyecto <strong>\u00abSuperpoderes en Primaria\u00bb<\/strong>, combino mi amor por la ense\u00f1anza con las nuevas tecnolog\u00edas, utilizando recursos digitales y pedag\u00f3gicos que ayudan a los m\u00e1s peque\u00f1os a entender que cada vez que aprenden algo nuevo, est\u00e1n <strong>desbloqueando un superpoder<\/strong>. Me especializo en la educaci\u00f3n para <strong>primaria<\/strong>, desarrollando contenido educativo que evoluciona junto a los estudiantes, desde 1\u00ba hasta 6\u00ba de primaria, para que el aprendizaje sea continuo y progresivo.<\/p>\n<p>Adem\u00e1s de generar recursos y v\u00eddeos educativos, reflexiono sobre los cambios y tendencias en la educaci\u00f3n actual. A trav\u00e9s de este blog y nuestro canal de YouTube, busco construir una <strong>comunidad educativa<\/strong> donde reflexionemos sobre los grandes desaf\u00edos y oportunidades del aprendizaje en el siglo XXI.<\/p>\n<p>\u00a1Acomp\u00e1\u00f1ame en este emocionante viaje de <strong>superpoderes y educaci\u00f3n<\/strong>!<\/p>\n<p><img loading=\"lazy\" decoding=\"async\" class=\"alignnone size-medium wp-image-50\" src=\"https:\/\/blogsaverroes.juntadeandalucia.es\/superpoderesenprimaria\/files\/2024\/10\/Foto-Perfil-223x300.jpg\" alt=\"\" width=\"223\" height=\"300\" srcset=\"https:\/\/blogsaverroes.juntadeandalucia.es\/superpoderesenprimaria\/files\/2024\/10\/Foto-Perfil-223x300.jpg 223w, https:\/\/blogsaverroes.juntadeandalucia.es\/superpoderesenprimaria\/files\/2024\/10\/Foto-Perfil.jpg 704w\" sizes=\"(max-width: 223px) 100vw, 223px\" \/><\/p>\n","protected":false},"excerpt":{"rendered":"<p>Soy Eduardo Catalina, un apasionado por la educaci\u00f3n y firme creyente en el poder transformador del conocimiento. Desde que comenc\u00e9 mi camino como educador, he trabajado incansablemente para crear experiencias de aprendizaje que vayan m\u00e1s all\u00e1 del aula tradicional. Mi objetivo es inspirar a estudiantes, maestros y familias a descubrir su m\u00e1ximo potencial a trav\u00e9s [&hellip;]<\/p>\n","protected":false},"author":18931,"featured_media":0,"parent":0,"menu_order":0,"comment_status":"closed","ping_status":"closed","template":"","meta":{"footnotes":""},"aioseo_notices":[],"_links":{"self":[{"href":"https:\/\/blogsaverroes.juntadeandalucia.es\/superpoderesenprimaria\/wp-json\/wp\/v2\/pages\/67"}],"collection":[{"href":"https:\/\/blogsaverroes.juntadeandalucia.es\/superpoderesenprimaria\/wp-json\/wp\/v2\/pages"}],"about":[{"href":"https:\/\/blogsaverroes.juntadeandalucia.es\/superpoderesenprimaria\/wp-json\/wp\/v2\/types\/page"}],"author":[{"embeddable":true,"href":"https:\/\/blogsaverroes.juntadeandalucia.es\/superpoderesenprimaria\/wp-json\/wp\/v2\/users\/18931"}],"replies":[{"embeddable":true,"href":"https:\/\/blogsaverroes.juntadeandalucia.es\/superpoderesenprimaria\/wp-json\/wp\/v2\/comments?post=67"}],"version-history":[{"count":1,"href":"https:\/\/blogsaverroes.juntadeandalucia.es\/superpoderesenprimaria\/wp-json\/wp\/v2\/pages\/67\/revisions"}],"predecessor-version":[{"id":69,"href":"https:\/\/blogsaverroes.juntadeandalucia.es\/superpoderesenprimaria\/wp-json\/wp\/v2\/pages\/67\/revisions\/69"}],"wp:attachment":[{"href":"https:\/\/blogsaverroes.juntadeandalucia.es\/superpoderesenprimaria\/wp-json\/wp\/v2\/media?parent=67"}],"curies":[{"name":"wp","href":"https:\/\/api.w.org\/{rel}","templated":true}]}}