{"id":96,"date":"2016-06-30T10:56:49","date_gmt":"2016-06-30T10:56:49","guid":{"rendered":"http:\/\/blogsaverroes.juntadeandalucia.es\/tdahytgcjaen\/?page_id=96"},"modified":"2025-10-27T12:56:04","modified_gmt":"2025-10-27T12:56:04","slug":"inicio","status":"publish","type":"page","link":"https:\/\/blogsaverroes.juntadeandalucia.es\/tdahytgcjaen\/","title":{"rendered":"INICIO"},"content":{"rendered":"<table style=\"width: 100%;border-collapse: collapse;border-color: #65c3e6;border-style: solid\">\n<tbody>\n<tr>\n<td style=\"width: 100%;border-color: #eb8e42\">\n<h2 style=\"text-align: center\"><span style=\"color: #ff6600\"><b>27O: D\u00cdA NACIONAL DEL TDAH 2025<\/b><\/span><span style=\"color: #ff6600\"><b>&nbsp;<\/b><\/span><\/h2>\n<h2 style=\"text-align: center\"><span style=\"color: #ff6600\"><b>-UN TRASTORNO CR\u00d3NICO SIN ATENCI\u00d3N SANITARIA-<\/b><\/span><\/h2>\n<h3 style=\"text-align: right\"><span style=\"color: #ff6600\">&nbsp; &nbsp; &nbsp; &nbsp; &nbsp; &nbsp; &nbsp; &nbsp; &nbsp; &nbsp; &nbsp; &nbsp; &nbsp; &nbsp; &nbsp; &nbsp; &nbsp; &nbsp; &nbsp; Campa\u00f1a #TDAHsinatenci\u00f3nsanitaria<\/span><\/h3>\n<p style=\"text-align: justify\"><img loading=\"lazy\" decoding=\"async\" class=\"size-medium wp-image-1685 alignleft\" src=\"https:\/\/blogsaverroes.juntadeandalucia.es\/tdahytgcjaen\/files\/2025\/10\/TDAH-2025_Cartel-300x129.jpg\" alt=\"\" width=\"300\" height=\"129\" srcset=\"https:\/\/blogsaverroes.juntadeandalucia.es\/tdahytgcjaen\/files\/2025\/10\/TDAH-2025_Cartel-300x129.jpg 300w, https:\/\/blogsaverroes.juntadeandalucia.es\/tdahytgcjaen\/files\/2025\/10\/TDAH-2025_Cartel-768x329.jpg 768w, https:\/\/blogsaverroes.juntadeandalucia.es\/tdahytgcjaen\/files\/2025\/10\/TDAH-2025_Cartel.jpg 980w\" sizes=\"(max-width: 300px) 100vw, 300px\" \/>El <a href=\"https:\/\/www.diainternacionalde.com\/ficha\/dia-internacional-trastorno-deficit-atencion-hiperactividad\" target=\"_blank\" rel=\"noopener noreferrer\"><span style=\"color: #ff6600\"><strong>D<\/strong><b>\u00eda Internacional del Trastorno por D\u00e9ficit de Atenci\u00f3n e Hiperactividad<\/b>&nbsp;(<em>World ADHD Awareness Day<\/em>)<\/span><\/a> <span style=\"color: #333399\">se conmemora el 13 de julio, fecha reconocida desde el 2016.&nbsp;<\/span><\/p>\n<p style=\"text-align: justify\"><span style=\"color: #008000\">&nbsp; <span style=\"color: #333399\">&nbsp; &nbsp;Desde el EOE Especializado de Ja\u00e9n, se recogieron firmas de apoyo dirigidas a la OMS, de los profesionales de la orientaci\u00f3n de la red y de los profesionales sanitarios (pediatras y especialistas USMIJ) para la declaraci\u00f3n de un<\/span> <span style=\"color: #ff6600\"><strong>D\u00eda Mundial de Sensibilizaci\u00f3n sobre el TDAH<\/strong><\/span>,<span style=\"color: #333399\"> para su consecuci\u00f3n y sensibilizaci\u00f3n en la necesidad de defender los derechos de nuestros escolares\/pacientes, respectivamente, y de dar a conocer las dram\u00e1ticas consecuencias de un trastorno que, si no se diagnostica y no se trata adecuadamente, puede tener efectos devastadores en las vidas de las personas afectadas. Finalmente, desde el 2018, el d\u00ed<\/span>a <strong><span style=\"color: #ff6600\">27 de octubre <\/span><\/strong><span style=\"color: #333399\">ya podemos celebrar, en el marco del mes europeo del TDAH (ADHD Europe), el <strong><span style=\"color: #ff6600\">D\u00eda Nacional del TDAH.<\/span><\/strong><\/span><\/span><\/p>\n<p style=\"text-align: justify\"><span style=\"color: #333399\">&nbsp; &nbsp;<\/span><\/p>\n<p style=\"text-align: justify\"><span style=\"color: #333399\"><span style=\"color: #ff6600\"><strong>\u00abUN TRASTORNO CR\u00d3NICO SIN ATENCI\u00d3N SANITARIA\u00bb<\/strong><\/span>&nbsp;<strong>es el <span style=\"color: #ff6600\">LEMA<\/span> escogido para la campa\u00f1a de este a\u00f1o<\/strong>, en la que el objetivo es sensibilizar para que el TDAH no sea tratado como un trastorno menor, que nada tiene que ver con la falta de l\u00edmites de las familias ni con el car\u00e1cter; es un<strong> trastorno del neurodesarrollo que necesita de atenci\u00f3n sanitaria desde su diagn\u00f3stico cl\u00ednico, seguimiento y apoyo a lo largo de toda su vida.<\/strong> Se alerta de que los TDAH son tratados como pacientes de segunda en la sanidad p\u00fablica, con falta de diagn\u00f3sticos y tratamientos por cl\u00ednicos especialistas en la infancia, hecho que agrava los s\u00edntomas y multiplica los riesgos en la edad adulta.&nbsp;<\/span><\/p>\n<h3 style=\"text-align: center\"><span style=\"color: #000080\"><strong>\u00a1Cada ni\u00f1o o ni\u00f1a no atendido a tiempo es una vida que se complica innecesariamente!<\/strong><\/span><\/h3>\n<p><span style=\"color: #000080\"><span style=\"color: #ff6600\">Afortunadamente,<strong> en Andaluc\u00eda, contamos con protocolos de detecci\u00f3n, identificaci\u00f3n y coordinaci\u00f3n entre los profesionales educativos y sanitarios<\/strong> <\/span>(v\u00e9ase la pesta\u00f1a \u00ab<em>Normativa TDAH y TGC\u00bb<\/em> de este blog), pero FEAADAH reclama que la salud mental p\u00fablica no pueda depender del c\u00f3digo postal. Para mayor informaci\u00f3n, acceder al <a href=\"https:\/\/www.feaadah.org\/wp-content\/uploads\/2025\/10\/TDAH27O-2025_Manifiesto_ESPANOL.pdf\">Manifiesto de este a\u00f1o<\/a>.<\/span><\/p>\n<p>&nbsp;<\/p>\n<h3 style=\"text-align: justify\"><img loading=\"lazy\" decoding=\"async\" class=\"wp-image-1534 alignleft\" src=\"https:\/\/blogsaverroes.juntadeandalucia.es\/tdahytgcjaen\/files\/2023\/10\/FEAADAH.png\" alt=\"\" width=\"179\" height=\"106\"><strong style=\"font-family: inherit;font-size: inherit\"><span style=\"color: #000080\">TE INVITA A HACER VISIBLE el<\/span><\/strong><span style=\"color: #000080\"> TDAH, CON UN CONCURSO FOTOGR\u00c1FICO:<\/span><\/h3>\n<p style=\"text-align: justify\"><span style=\"color: #000080\">&nbsp; <\/span><span style=\"color: #000080\">SACA TU FOTO E INCLUYE UNA DE ESTAS TRES COSAS:&nbsp; &nbsp; &nbsp; &nbsp;&nbsp;<\/span><\/p>\n<p style=\"text-align: justify\"><span style=\"color: #000080\">&nbsp; &#8211; El p\u00f3ster de la Campa\u00f1a 2005 (imagen superior de este post).&nbsp; &nbsp;<\/span><\/p>\n<p style=\"text-align: justify\"><span style=\"color: #000080\">&nbsp; &nbsp; &nbsp; &nbsp; &nbsp; &nbsp; &nbsp; &nbsp; &nbsp; &nbsp; &nbsp; &nbsp; &nbsp; &nbsp; &nbsp; &nbsp; &nbsp; &nbsp; &nbsp; &nbsp; &nbsp; &nbsp; &nbsp; &nbsp; &nbsp; &nbsp; &nbsp;&#8211; Un edificio iluminado en naranja.<\/span><\/p>\n<p><span style=\"color: #000080\">&nbsp; &nbsp; &nbsp; &nbsp; &nbsp; &nbsp; &nbsp; &nbsp; &nbsp; &nbsp; &nbsp; &nbsp; &nbsp; &nbsp; &nbsp; &nbsp; &nbsp; &nbsp; &nbsp; &nbsp; &nbsp; &nbsp; &nbsp; &nbsp; &nbsp; &nbsp; &nbsp;&#8211; Decoraci\u00f3n o apoyos naranjas en colegios, escaparates o colectivos.<\/span><\/p>\n<p><span style=\"color: #000080\">&nbsp; &nbsp;<\/span><\/p>\n<p style=\"text-align: center\"><span style=\"color: #000080\">&nbsp; &nbsp; Cu\u00e9lgalo en tus redes (Instagram, Facebook o X) con el hashta<\/span>g <span style=\"color: #ff6600\"><strong>#TDAHsinatencionsanitariafoto&nbsp;<\/strong><span style=\"color: #000080\">y etiqueta @feaadah.<\/span><\/span><\/p>\n<p style=\"text-align: center\"><strong><span style=\"color: #000080\">Las fotos m\u00e1s originales y creativas ganar\u00e1n una cena para dos personas y una noche de hotel.<\/span><\/strong><\/p>\n<p>&nbsp;<\/p>\n<p style=\"text-align: center\"><strong><span style=\"color: #000080\">\u00a1PARTICIPA!&nbsp;<\/span><\/strong><\/p>\n<p style=\"text-align: center\"><strong><span style=\"color: #000080\">EL EOEE, LOS PROFESIONALES DE LA ORIENTACI\u00d3N DEL PROGRAMA DE INCLUSI\u00d3N EDUCATIVA DE JA\u00c9N y EBE YA LO HEMOS HECHO<\/span><\/strong><\/p>\n<p style=\"text-align: center\"><a href=\"https:\/\/blogsaverroes.juntadeandalucia.es\/tdahytgcjaen\/files\/2025\/10\/IMG_6366.jpg\"><img loading=\"lazy\" decoding=\"async\" class=\"alignnone size-medium wp-image-1689\" src=\"https:\/\/blogsaverroes.juntadeandalucia.es\/tdahytgcjaen\/files\/2025\/10\/IMG_6366-300x225.jpg\" alt=\"\" width=\"300\" height=\"225\" srcset=\"https:\/\/blogsaverroes.juntadeandalucia.es\/tdahytgcjaen\/files\/2025\/10\/IMG_6366-300x225.jpg 300w, https:\/\/blogsaverroes.juntadeandalucia.es\/tdahytgcjaen\/files\/2025\/10\/IMG_6366-1024x768.jpg 1024w, https:\/\/blogsaverroes.juntadeandalucia.es\/tdahytgcjaen\/files\/2025\/10\/IMG_6366-768x576.jpg 768w, https:\/\/blogsaverroes.juntadeandalucia.es\/tdahytgcjaen\/files\/2025\/10\/IMG_6366-1536x1152.jpg 1536w, https:\/\/blogsaverroes.juntadeandalucia.es\/tdahytgcjaen\/files\/2025\/10\/IMG_6366-2048x1536.jpg 2048w, https:\/\/blogsaverroes.juntadeandalucia.es\/tdahytgcjaen\/files\/2025\/10\/IMG_6366.jpg 1600w\" sizes=\"(max-width: 300px) 100vw, 300px\" \/><\/a>&nbsp; &nbsp; &nbsp; &nbsp; &nbsp; &nbsp; &nbsp; &nbsp; &nbsp; &nbsp; <a href=\"https:\/\/blogsaverroes.juntadeandalucia.es\/tdahytgcjaen\/files\/2025\/10\/IMG_6365.jpg\"><img loading=\"lazy\" decoding=\"async\" class=\"alignnone size-medium wp-image-1690\" src=\"https:\/\/blogsaverroes.juntadeandalucia.es\/tdahytgcjaen\/files\/2025\/10\/IMG_6365-300x225.jpg\" alt=\"\" width=\"300\" height=\"225\" srcset=\"https:\/\/blogsaverroes.juntadeandalucia.es\/tdahytgcjaen\/files\/2025\/10\/IMG_6365-300x225.jpg 300w, https:\/\/blogsaverroes.juntadeandalucia.es\/tdahytgcjaen\/files\/2025\/10\/IMG_6365-1024x768.jpg 1024w, https:\/\/blogsaverroes.juntadeandalucia.es\/tdahytgcjaen\/files\/2025\/10\/IMG_6365-768x576.jpg 768w, https:\/\/blogsaverroes.juntadeandalucia.es\/tdahytgcjaen\/files\/2025\/10\/IMG_6365-1536x1152.jpg 1536w, https:\/\/blogsaverroes.juntadeandalucia.es\/tdahytgcjaen\/files\/2025\/10\/IMG_6365-2048x1536.jpg 2048w\" sizes=\"(max-width: 300px) 100vw, 300px\" \/><\/a><\/p>\n<h2 style=\"text-align: center\"><span style=\"color: #ff6600\">________________________________________________________________________________________&nbsp;<\/span><\/h2>\n<\/td>\n<\/tr>\n<tr>\n<td style=\"width: 100%\">\n<h2 style=\"text-align: center\"><span style=\"color: #ff6600\"><img loading=\"lazy\" decoding=\"async\" class=\"wp-image-1678 alignright\" src=\"https:\/\/blogsaverroes.juntadeandalucia.es\/tdahytgcjaen\/files\/2025\/09\/NOVEDAD.png\" alt=\"\" width=\"127\" height=\"127\" srcset=\"https:\/\/blogsaverroes.juntadeandalucia.es\/tdahytgcjaen\/files\/2025\/09\/NOVEDAD.png 225w, https:\/\/blogsaverroes.juntadeandalucia.es\/tdahytgcjaen\/files\/2025\/09\/NOVEDAD-150x150.png 150w\" sizes=\"(max-width: 127px) 100vw, 127px\" \/><\/span><\/h2>\n<h2>&nbsp;<a href=\"https:\/\/blogsaverroes.juntadeandalucia.es\/tdahytgcjaen\/files\/2025\/09\/25-26.png\"><img loading=\"lazy\" decoding=\"async\" class=\"wp-image-1679 alignleft\" src=\"https:\/\/blogsaverroes.juntadeandalucia.es\/tdahytgcjaen\/files\/2025\/09\/25-26.png\" alt=\"\" width=\"121\" height=\"121\" srcset=\"https:\/\/blogsaverroes.juntadeandalucia.es\/tdahytgcjaen\/files\/2025\/09\/25-26.png 225w, https:\/\/blogsaverroes.juntadeandalucia.es\/tdahytgcjaen\/files\/2025\/09\/25-26-150x150.png 150w\" sizes=\"(max-width: 121px) 100vw, 121px\" \/><\/a><\/h2>\n<h2 style=\"text-align: left\"><span style=\"color: #ff6600\">MI ALUMNO DOBLEMENTE EXCEPCIONAL<\/span><\/h2>\n<p align=\"JUSTIFY\"><img loading=\"lazy\" decoding=\"async\" class=\"size-medium wp-image-1663 aligncenter\" src=\"https:\/\/blogsaverroes.juntadeandalucia.es\/tdahytgcjaen\/files\/2025\/09\/Captura-de-pantalla_11-9-2025_1124_-300x62.jpeg\" alt=\"\" width=\"300\" height=\"62\" srcset=\"https:\/\/blogsaverroes.juntadeandalucia.es\/tdahytgcjaen\/files\/2025\/09\/Captura-de-pantalla_11-9-2025_1124_-300x62.jpeg 300w, https:\/\/blogsaverroes.juntadeandalucia.es\/tdahytgcjaen\/files\/2025\/09\/Captura-de-pantalla_11-9-2025_1124_-768x159.jpeg 768w, https:\/\/blogsaverroes.juntadeandalucia.es\/tdahytgcjaen\/files\/2025\/09\/Captura-de-pantalla_11-9-2025_1124_.jpeg 991w\" sizes=\"(max-width: 300px) 100vw, 300px\" \/><\/p>\n<h2 style=\"text-align: center\"><span style=\"color: #ff6600\">-2e poco abordada-<\/span><\/h2>\n<p style=\"text-align: justify\"><span style=\"color: #333399\">Pinchando sobre la <a href=\"https:\/\/view.genially.com\/67f4d9a8a45ef8e92ac538e2\/interactive-content-copia-tdah-aaccii\" target=\"_blank\" rel=\"noopener\">infograf\u00eda inferior<\/a>, pod\u00e9is acceder en este post a los documentos elaborados por las orientadoras especialistas en AACCII y TGC del EOEE de Ja\u00e9n. En ella pod\u00e9is acceder a informaci\u00f3n de aval cient\u00edfico referida a la Doble Excepcionalidad AACC- TDAH, informaci\u00f3n que se pretende ir actualizando curso tras curso. Adem\u00e1s, os damos acceso en este <a style=\"color: #333399\" href=\"https:\/\/www.symbaloo.com\/home\/mix\/13eP7B0SYG\">link<\/a> a la bibliograf\u00eda cient\u00edfica recogida con respecto a esta, y&nbsp; a otras Dobles Excepcionalidades, en las que estamos profundizando como G.T., y de las que pronto iremos elaborando materiales resumen.<\/span><\/p>\n<p><span style=\"color: #333399\">&nbsp; &nbsp; Se trata de un trabajo introductorio, pero de inter\u00e9s para nuestra pr\u00e1ctica profesional.&nbsp;<\/span><\/p>\n<p><a href=\"https:\/\/view.genially.com\/67f4d9a8a45ef8e92ac538e2\/interactive-content-copia-tdah-aaccii\" target=\"_blank\" rel=\"noopener\"><img loading=\"lazy\" decoding=\"async\" class=\"size-medium wp-image-1662 aligncenter\" src=\"https:\/\/blogsaverroes.juntadeandalucia.es\/tdahytgcjaen\/files\/2025\/09\/canvas-2e-152x300.png\" alt=\"\" width=\"152\" height=\"300\" srcset=\"https:\/\/blogsaverroes.juntadeandalucia.es\/tdahytgcjaen\/files\/2025\/09\/canvas-2e-152x300.png 152w, https:\/\/blogsaverroes.juntadeandalucia.es\/tdahytgcjaen\/files\/2025\/09\/canvas-2e.png 439w\" sizes=\"(max-width: 152px) 100vw, 152px\" \/><\/a><\/p>\n<p>&nbsp;<\/p>\n<p style=\"text-align: center\"><span style=\"color: #008000\">____________________________________________________________________________________________<\/span><\/p>\n<p><img loading=\"lazy\" decoding=\"async\" class=\"wp-image-15 aligncenter\" src=\"http:\/\/blogsaverroes.juntadeandalucia.es\/tdahytgcjaen\/files\/2016\/01\/open-300x158.jpg\" alt=\"open\" width=\"201\" height=\"105\" srcset=\"https:\/\/blogsaverroes.juntadeandalucia.es\/tdahytgcjaen\/files\/2016\/01\/open-300x158.jpg 300w, https:\/\/blogsaverroes.juntadeandalucia.es\/tdahytgcjaen\/files\/2016\/01\/open.jpg 309w\" sizes=\"(max-width: 201px) 100vw, 201px\" \/><\/p>\n<p style=\"text-align: center\">&nbsp;<span style=\"color: #355e00\"><span style=\"font-family: Arimo, sans-serif\"><span style=\"font-size: large\">\u00a1COMENZAMOS UN NUEVO CURSO!<\/span><\/span><\/span><\/p>\n<\/td>\n<\/tr>\n<\/tbody>\n<\/table>\n<table style=\"border-collapse: collapse;width: 100%\">\n<tbody>\n<tr>\n<td style=\"width: 100%\"><img loading=\"lazy\" decoding=\"async\" class=\"wp-image-1649 alignright\" src=\"https:\/\/blogsaverroes.juntadeandalucia.es\/tdahytgcjaen\/files\/2025\/05\/OPERARIO.jpg\" alt=\"\" width=\"194\" height=\"176\"><\/p>\n<h3 class=\"western\" style=\"text-align: left\"><strong><span style=\"color: #000080\">Dados los cambios producidos en BlogsAverroes, este espacio se encuentra en obras.<\/span><\/strong><\/h3>\n<h3 style=\"text-align: center\"><span style=\"color: #000080\">-Disculpen las molestias-<\/span><\/h3>\n<\/td>\n<\/tr>\n<tr>\n<td style=\"width: 100%\">\n<h1 class=\"western\" style=\"text-align: center\"><strong><span style=\"color: #000080\"><img loading=\"lazy\" decoding=\"async\" class=\"size-medium wp-image-1620 alignleft\" src=\"https:\/\/blogsaverroes.juntadeandalucia.es\/tdahytgcjaen\/files\/2024\/11\/Aviso-Importante-300x148.jpg\" alt=\"\" width=\"300\" height=\"148\" srcset=\"https:\/\/blogsaverroes.juntadeandalucia.es\/tdahytgcjaen\/files\/2024\/11\/Aviso-Importante-300x148.jpg 300w, https:\/\/blogsaverroes.juntadeandalucia.es\/tdahytgcjaen\/files\/2024\/11\/Aviso-Importante.jpg 320w\" sizes=\"(max-width: 300px) 100vw, 300px\" \/><span style=\"color: #ff0000\">PROBLEMAS DE SUMINISTRO DE METILFENIDATO<\/span><\/span><\/strong><\/h1>\n<p align=\"justify\">&nbsp;<\/p>\n<p class=\"western\" align=\"justify\"><span style=\"color: #000080\">Quiero compartir un tema que, tras mi experiencia profesional con menores que padecen TDAH, me lleva preocupando tiempo, preocupaci\u00f3n que comparte la USMIJ y que hemos transmitido en las formaciones realizadas: el abuso de la prescripci\u00f3n de psicoestimulantes a menores, \u00abla pastilla de portarse bien\u00bb, demandada por familias, docentes y sanitarios, cuando la evidencia cient\u00edfica recoge que el tratamiento farmacol\u00f3gico es <em>una parte m\u00e1s de la intervenci\u00f3n multidisciplinar<\/em> de estos enfermos.<\/span><\/p>\n<p class=\"western\" align=\"justify\"><span style=\"color: #000080\">El TDAH tiene tratamiento farmacol\u00f3gico, como parte de un programa de tratamiento integral de esta enfermedad, y del que el metilfenidato es el medicamento autorizado de primera elecci\u00f3n m\u00e1s com\u00fanmente utilizado. En no pocas ocasiones, es <strong>prescrito a menores que no presentan TDAH<\/strong>; al tratarse de un psicoestimulante, ayuda a tener el SNC m\u00e1s activo y favorece la concentraci\u00f3n, pero hay que recordar que la administraci\u00f3n de este tipo de medicamentos a quienes no padecen TDAH puede tener consecuencias negativas; igualmente, el uso indebido de psicoestimulantes puede llevar a efectos secundarios graves, adicci\u00f3n y otros problemas de salud que afectan tanto al individuo como al su entorno familiar y educativo.<\/span><\/p>\n<p class=\"western\" align=\"justify\"><span style=\"color: #000080\">Aprovecho este espacio web para <\/span><em><span style=\"color: #000080\">sensibilizar sobre la importancia de abordar con responsabilidad la detecci\u00f3n e identificaci\u00f3n del TDAH en nuestro alumnado<\/span><\/em><span style=\"color: #000080\">. Es fundamental reconocer y brindar la respuesta educativa oportuna a aquellos\/as que realmente lo necesitan, y que se haga de manera cuidadosa y fundamentada para remitir a los servicios sanitarios (ANEXO I Protocolo TDAH\/TGC) en base a la edad, al desarrollo evolutivo, al ambiente sociocultural del menor, a su desarrollo cognitivo (CI normal o superior), a la existencia de otras enfermedades como la epilepsia, problemas endocrinos, etc.<\/span><\/p>\n<p class=\"western\" align=\"justify\"><span style=\"color: #000080\"><strong>Y lleg\u00f3 el d\u00eda en que se evidencia el abuso.<\/strong> El reciente 30 de octubre de 2024, la Agencia Espa\u00f1ola de Medicamentos y Productos sanitarios (AEMPS) publica una nota informativa: algunas presentaciones de medicamentos que contienen como principio activo metilfenidato presentan <\/span><strong><span style=\"color: #000080\">problemas de suministro que puede afectar a la continuidad de los tratamientos de los pacientes que realmente padecen TDAH; concretamente,<\/span><\/strong><span style=\"color: #000080\"> los medicamentos afectados por estos problemas de disponibilidad son los <strong>comprimidos de liberaci\u00f3n prolongada<\/strong>. En estos momentos, los distintos laboratorios (titulares de autorizaci\u00f3n) est\u00e1n liberando unidades, pero <strong>no son suficientes para cubrir la demanda<\/strong>, por lo que se est\u00e1n distribuyendo de manera controlada para garantizar un reparto equitativo.<\/span><\/p>\n<p align=\"justify\"><span style=\"color: #000080\">Hago una humilde llamada en este espacio para la reflexi\u00f3n de todos y todas los que estamos implicados en el diagn\u00f3stico del TDAH (exclusivamente cl\u00ednico, en colaboraci\u00f3n con el sistema educativo).<\/span><\/p>\n<p style=\"padding-left: 40px\" align=\"justify\"><span style=\"color: #000080\">Para acceder a la <a style=\"color: #000080\" href=\"https:\/\/www.aemps.gob.es\/informa\/la-aemps-informa-de-problema-de-suministro-de-medicamentos-con-metilfenidato-como-principio-activo\/#\">NOTA INFORMATIVA<\/a> de la AEMPS, hacer click.&nbsp;<\/span><\/p>\n<h2 style=\"text-align: justify\">&nbsp;<\/h2>\n<\/td>\n<\/tr>\n<tr>\n<td style=\"width: 100%\">\n<h2 style=\"text-align: center\"><span style=\"color: #ff6600\"><b><a href=\"https:\/\/blogsaverroes.juntadeandalucia.es\/tdahytgcjaen\/files\/2024\/10\/TDAH-27OCT-2024_castellano-1.jpg\"><img loading=\"lazy\" decoding=\"async\" class=\"size-medium wp-image-1605 alignleft\" src=\"https:\/\/blogsaverroes.juntadeandalucia.es\/tdahytgcjaen\/files\/2024\/10\/TDAH-27OCT-2024_castellano-1-212x300.jpg\" alt=\"\" width=\"212\" height=\"300\" srcset=\"https:\/\/blogsaverroes.juntadeandalucia.es\/tdahytgcjaen\/files\/2024\/10\/TDAH-27OCT-2024_castellano-1-212x300.jpg 212w, https:\/\/blogsaverroes.juntadeandalucia.es\/tdahytgcjaen\/files\/2024\/10\/TDAH-27OCT-2024_castellano-1-724x1024.jpg 724w, https:\/\/blogsaverroes.juntadeandalucia.es\/tdahytgcjaen\/files\/2024\/10\/TDAH-27OCT-2024_castellano-1-768x1086.jpg 768w, https:\/\/blogsaverroes.juntadeandalucia.es\/tdahytgcjaen\/files\/2024\/10\/TDAH-27OCT-2024_castellano-1-1087x1536.jpg 1087w, https:\/\/blogsaverroes.juntadeandalucia.es\/tdahytgcjaen\/files\/2024\/10\/TDAH-27OCT-2024_castellano-1-1449x2048.jpg 1449w, https:\/\/blogsaverroes.juntadeandalucia.es\/tdahytgcjaen\/files\/2024\/10\/TDAH-27OCT-2024_castellano-1.jpg 1132w\" sizes=\"(max-width: 212px) 100vw, 212px\" \/><\/a>27O: D\u00cdA NACIONAL DEL TDAH 2024 <\/b><\/span><span style=\"color: #ff6600\"><b>&nbsp;<\/b><\/span><\/h2>\n<h2 style=\"text-align: center\"><span style=\"color: #ff6600\"><b>\u00a1UNA REALIDAD EN NUESTRA SOCIEDAD!<\/b><\/span><\/h2>\n<h3 style=\"text-align: right\"><span style=\"color: #ff6600\">&nbsp; &nbsp; &nbsp; &nbsp; &nbsp; &nbsp; &nbsp; &nbsp; &nbsp; &nbsp; &nbsp; &nbsp; &nbsp; &nbsp; &nbsp; &nbsp; &nbsp; &nbsp; &nbsp; Campa\u00f1a #tdahesrealidad<\/span><\/h3>\n<p style=\"text-align: justify\">El <a href=\"https:\/\/www.diainternacionalde.com\/ficha\/dia-internacional-trastorno-deficit-atencion-hiperactividad\" target=\"_blank\" rel=\"noopener noreferrer\"><span style=\"color: #ff6600\"><strong>D<\/strong><b>\u00eda Internacional del Trastorno por D\u00e9ficit de Atenci\u00f3n e Hiperactividad<\/b>&nbsp;(<em>World ADHD Awareness Day<\/em>)<\/span><\/a> <span style=\"color: #333399\">se conmemora el 13 de julio, fecha reconocida desde el 2016.&nbsp;<\/span><\/p>\n<p style=\"text-align: justify\"><span style=\"color: #008000\">&nbsp; <span style=\"color: #333399\">&nbsp; &nbsp;Desde el EOE Especializado de Ja\u00e9n, se recogieron firmas de apoyo dirigidas a la OMS, de los profesionales de la orientaci\u00f3n y profesionales sanitarios para la declaraci\u00f3n de un<\/span> <span style=\"color: #ff6600\"><strong>D\u00eda Mundial de Sensibilizaci\u00f3n sobre el TDAH<\/strong><\/span>,<span style=\"color: #333399\"> para su consecuci\u00f3n y sensibilizaci\u00f3n en la necesidad de defender los derechos de nuestros escolares\/pacientes, respectivamente, y de dar a conocer las dram\u00e1ticas consecuencias de un trastorno que, si no se diagnostica y no se trata adecuadamente, puede tener efectos devastadores en las vidas de las personas afectadas. Finalmente, desde el 2018, el d\u00ed<\/span>a <strong><span style=\"color: #ff6600\">27 de octubre <\/span><\/strong><span style=\"color: #333399\">ya podemos celebrar, en el marco del mes europeo del TDAH (ADHD Europe), el <strong><span style=\"color: #ff6600\">D\u00eda Nacional del TDAH.<\/span><\/strong><\/span><\/span><\/p>\n<p style=\"text-align: justify\"><span style=\"color: #333399\">&nbsp; &nbsp;<\/span><\/p>\n<p style=\"text-align: justify\"><span style=\"color: #333399\"> <span style=\"color: #ff6600\"><strong>\u00a1UNA REALIDAD EN NUESTRA SOCIEDAD!<\/strong><\/span> <strong>es el <span style=\"color: #ff6600\">LEMA<\/span> escogido para la campa\u00f1a de este a\u00f1o<\/strong>, en la que el objetivo es <strong>sensibilizar<\/strong>&nbsp;a la sociedad y&nbsp;<strong>concienciar<\/strong> sobre la importancia de <span style=\"text-decoration: underline\"><strong>nombrar correctamente el trastorno: Trastorno por D\u00e9ficit de Atenci\u00f3n e Hiperactividad (TDAH),<\/strong><\/span> una condici\u00f3n que muchas veces pasa desapercibida o es malinterpretada, pero que tiene un impacto significativo en la vida diaria de quienes lo padecen (un 8,8 % de la poblaci\u00f3n mundial, seg\u00fan la OMS). En Espa\u00f1a, son <strong>4.276.175<\/strong> personas con TDAH y necesitan que se les reconozca por lo que realmente es su enfermedad.<\/span><\/p>\n<p style=\"text-align: justify\">&nbsp;<\/p>\n<h3 style=\"text-align: justify\"><img loading=\"lazy\" decoding=\"async\" class=\"wp-image-1534 alignleft\" src=\"https:\/\/blogsaverroes.juntadeandalucia.es\/tdahytgcjaen\/files\/2023\/10\/FEAADAH.png\" alt=\"\" width=\"179\" height=\"106\"><strong style=\"font-family: inherit;font-size: inherit\"><span style=\"color: #000080\">TE INVITA A HACER VISIBLE el TDAH:<\/span><\/strong><\/h3>\n<p style=\"text-align: justify\"><span style=\"color: #000080\">&nbsp; &nbsp;&#8211; Si tienes TDAH, cuenta tu experiencia en un v\u00eddeo de 20 segundos y publ\u00edcalo en tus redes con el hastag <span style=\"color: #ff6600\"><strong>#tdahesrealidad<\/strong><\/span><\/span><\/p>\n<p><span style=\"color: #000080\">&nbsp; &nbsp; &#8211; Difunde el p\u00f3ster en tu centro<\/span><\/p>\n<p><span style=\"color: #000080\">&nbsp; &nbsp; &nbsp; &nbsp; &nbsp; &nbsp; &nbsp; &nbsp; &nbsp; &nbsp; &nbsp; &nbsp; &nbsp; &nbsp; &nbsp; &nbsp; &nbsp; &nbsp; &nbsp; &nbsp; &nbsp; &nbsp; &nbsp; &nbsp; &nbsp; &nbsp; &nbsp; &#8211; Hazte una foto con el p\u00f3ster y cu\u00e9lgalo en tus redes con el hashta<\/span>g <span style=\"color: #ff6600\"><strong>#tdahesrealidad<\/strong><\/span><\/p>\n<p style=\"text-align: center\"><strong><span style=\"color: #000080\">\u00a1PARTICIPA!<\/span><\/strong><\/p>\n<p style=\"text-align: center\"><strong><span style=\"color: #000080\">LA JEFA DEL SERVICIO DE ORDENACI\u00d3N EDUCATIVA, EL ETPOEP, EL EOEE, EL EQUIPO DE MENORES INFRACTORES Y LOS PROFESIONALES DE LA ORIENTACI\u00d3N DEL PROGRAMA DE INCLUSI\u00d3N EDUCATIVA DE JA\u00c9N YA LO HEMOS HECHO<\/span><\/strong><\/p>\n<p style=\"text-align: center\"><a href=\"https:\/\/blogsaverroes.juntadeandalucia.es\/tdahytgcjaen\/files\/2024\/10\/WhatsApp-Image-2024-10-25-at-12.30.08.jpeg\"><img loading=\"lazy\" decoding=\"async\" class=\"alignnone wp-image-1607\" src=\"https:\/\/blogsaverroes.juntadeandalucia.es\/tdahytgcjaen\/files\/2024\/10\/WhatsApp-Image-2024-10-25-at-12.30.08-300x169.jpeg\" alt=\"\" width=\"343\" height=\"193\" srcset=\"https:\/\/blogsaverroes.juntadeandalucia.es\/tdahytgcjaen\/files\/2024\/10\/WhatsApp-Image-2024-10-25-at-12.30.08-300x169.jpeg 300w, https:\/\/blogsaverroes.juntadeandalucia.es\/tdahytgcjaen\/files\/2024\/10\/WhatsApp-Image-2024-10-25-at-12.30.08-1024x576.jpeg 1024w, https:\/\/blogsaverroes.juntadeandalucia.es\/tdahytgcjaen\/files\/2024\/10\/WhatsApp-Image-2024-10-25-at-12.30.08-768x432.jpeg 768w, https:\/\/blogsaverroes.juntadeandalucia.es\/tdahytgcjaen\/files\/2024\/10\/WhatsApp-Image-2024-10-25-at-12.30.08-1536x864.jpeg 1536w, https:\/\/blogsaverroes.juntadeandalucia.es\/tdahytgcjaen\/files\/2024\/10\/WhatsApp-Image-2024-10-25-at-12.30.08.jpeg 1600w\" sizes=\"(max-width: 343px) 100vw, 343px\" \/><\/a><\/p>\n<h2 style=\"text-align: center\"><span style=\"color: #008000\"><strong>&nbsp;<\/strong><\/span><\/h2>\n<\/td>\n<\/tr>\n<tr>\n<td style=\"width: 100%\">\n<h2 style=\"text-align: center\"><span style=\"color: #008000\"><strong>-10 de octubre: D\u00cdA MUNDIAL DE LA SALUD MENTAL 2024-<\/strong><\/span><\/h2>\n<p style=\"text-align: right\"><a href=\"https:\/\/blogsaverroes.juntadeandalucia.es\/tdahytgcjaen\/files\/2024\/09\/votos-LEMA.png\"><img loading=\"lazy\" decoding=\"async\" class=\"alignnone size-medium wp-image-1582\" src=\"https:\/\/blogsaverroes.juntadeandalucia.es\/tdahytgcjaen\/files\/2024\/09\/votos-LEMA-300x114.png\" alt=\"\" width=\"300\" height=\"114\" srcset=\"https:\/\/blogsaverroes.juntadeandalucia.es\/tdahytgcjaen\/files\/2024\/09\/votos-LEMA-300x114.png 300w, https:\/\/blogsaverroes.juntadeandalucia.es\/tdahytgcjaen\/files\/2024\/09\/votos-LEMA-768x293.png 768w, https:\/\/blogsaverroes.juntadeandalucia.es\/tdahytgcjaen\/files\/2024\/09\/votos-LEMA.png 813w\" sizes=\"(max-width: 300px) 100vw, 300px\" \/><\/a><\/p>\n<p><img loading=\"lazy\" decoding=\"async\" class=\"size-medium wp-image-1581 alignleft\" src=\"https:\/\/blogsaverroes.juntadeandalucia.es\/tdahytgcjaen\/files\/2024\/09\/Dia-Salud-Mental-223x300.jpg\" alt=\"\" width=\"223\" height=\"300\" srcset=\"https:\/\/blogsaverroes.juntadeandalucia.es\/tdahytgcjaen\/files\/2024\/09\/Dia-Salud-Mental-223x300.jpg 223w, https:\/\/blogsaverroes.juntadeandalucia.es\/tdahytgcjaen\/files\/2024\/09\/Dia-Salud-Mental.jpg 700w\" sizes=\"(max-width: 223px) 100vw, 223px\" \/><\/p>\n<p><span style=\"color: #008000\">El LEMA elegido para este a\u00f1o, con el 33,2% de los votos entre cinco propuestas que priorizaban la salud mental en el lugar de trabajo, es <strong>\u00abTRABAJO Y SALUD MENTAL, UN V\u00cdNCULO FUNDAMENTAL\u00bb<\/strong><\/span><\/p>\n<p>&nbsp;<\/p>\n<p style=\"text-align: justify\">La <span style=\"color: #008000\">IMAGEN<\/span> de este a\u00f1o, que vuelve a ser del dise\u00f1ador Antonio Lorente, <strong>protagonizada por una mujer y un hombre<\/strong>, que se unen por su espalda y cabeza, como forma de representar la conciencia e imaginario com\u00fan de las trabajadoras y los trabajadores.&nbsp;En el centro,&nbsp;<strong>un<\/strong>&nbsp;<strong>reloj de arena<\/strong>&nbsp;expresa los horarios, el ritmo de trabajo, el reparto de tareas y el tiempo que se dedica a trabajar; y<strong>&nbsp;un hogar<\/strong>, en el que aguarda la familia; hogar, como pincelada de lo que espera cuando se termina la jornada: tiempo libre para realizar actividades, estar con tus seres queridos o, sencillamente, descansar y vivir al margen del trabajo. Con ello, se apela al equilibrio y la <strong>necesidad de conciliar la vida laboral con la personal y familiar&nbsp;<\/strong>para evitar que la actividad laboral sea el germen de estr\u00e9s y ansiedad, y pueda desencadenar problemas de salud mental o agravar los que se tienen. Estas piezas, unidas a&nbsp;<strong>los billetes<\/strong>, ponen el foco sobre las&nbsp;<strong>preocupaciones econ\u00f3micas y aspectos laborales&nbsp;<\/strong>-como el salario-, que tambi\u00e9n condicionan la salud mental.&nbsp;<strong>Los p\u00e1jaros<\/strong>, en la zona superior de la imagen, se relacionan con el&nbsp;<strong>impulso de libertad y el derecho a la autonom\u00eda<\/strong> de las personas; cuando el entorno de trabajo es seguro y promociona la salud mental, es un contexto que posibilita tener un <strong>proyecto vital<\/strong>, algo esencial para todas las personas y que promueve la recuperaci\u00f3n de un problema de salud mental; cuando el ambiente de trabajo es t\u00f3xico y las condiciones son precarias, la mente \u201cvuela\u201d lejos de ese \u00e1mbito, buscando bienestar emocional.<\/p>\n<p style=\"text-align: justify\">&nbsp; &nbsp; Finalmente, <span style=\"color: #008000\">en el fondo, tras las nubes, se intuye un rayo de luz que aporta esperanza a la escena, en tanto que, como agentes sociales, <strong>empresas, instituciones y personas tienen la llave para promover la salud mental&nbsp;<em>en&nbsp;<\/em>y&nbsp;<em>desde<\/em>&nbsp;el trabajo<\/strong>. Partiendo de esta idea fuerza, la Confederaci\u00f3n apela a la responsabilidad primordial de las organizaciones y del sector empresarial en esta labor.<\/span><\/p>\n<p style=\"text-align: center\">&nbsp;<\/p>\n<p>El presente a\u00f1o, la Confederaci\u00f3n SALUD MENTAL ESPA\u00d1A organizar\u00e1, su tradicional ACTO CONMEMORATIVO, en Madrid, el <span style=\"color: #339966\"><strong>lunes, 9 de octubre. <\/strong><span style=\"color: #000000\">Lugar:<\/span><\/span><\/p>\n<p style=\"text-align: center\">c\/ Fray Luis de Le\u00f3n, 11,<\/p>\n<p style=\"text-align: center\">Arganzuela, 28012 Madrid<\/p>\n<p><img loading=\"lazy\" decoding=\"async\" class=\"size-full wp-image-1586 alignright\" src=\"https:\/\/blogsaverroes.juntadeandalucia.es\/tdahytgcjaen\/files\/2024\/09\/logo-conferedacion-e1570639117114.png\" alt=\"\" width=\"150\" height=\"51\">&nbsp;<\/p>\n<p style=\"text-align: center\">&nbsp;<span style=\"color: #008000\"><strong>Si alguien desea asistir presencialmente al Acto Conmemorativo del 2024, os facilito el link al <a href=\"https:\/\/consaludmental.org\/formulario-acto-conmemorativo-dmsm\/\" target=\"_blank\" rel=\"noopener\">Formulario de Inscripci\u00f3n<\/a>. Si se desea seguir en directo, ser\u00e1 retransmitido a las 10:45 horas:<\/strong><\/span><\/p>\n<p style=\"text-align: center\"><img loading=\"lazy\" decoding=\"async\" class=\"alignnone wp-image-1596\" src=\"https:\/\/blogsaverroes.juntadeandalucia.es\/tdahytgcjaen\/files\/2024\/10\/Captura-de-pantalla_4-10-2024_13232_www.youtube.com_-300x174.jpeg\" alt=\"\" width=\"202\" height=\"117\" srcset=\"https:\/\/blogsaverroes.juntadeandalucia.es\/tdahytgcjaen\/files\/2024\/10\/Captura-de-pantalla_4-10-2024_13232_www.youtube.com_-300x174.jpeg 300w, https:\/\/blogsaverroes.juntadeandalucia.es\/tdahytgcjaen\/files\/2024\/10\/Captura-de-pantalla_4-10-2024_13232_www.youtube.com_-1024x593.jpeg 1024w, https:\/\/blogsaverroes.juntadeandalucia.es\/tdahytgcjaen\/files\/2024\/10\/Captura-de-pantalla_4-10-2024_13232_www.youtube.com_-768x445.jpeg 768w, https:\/\/blogsaverroes.juntadeandalucia.es\/tdahytgcjaen\/files\/2024\/10\/Captura-de-pantalla_4-10-2024_13232_www.youtube.com_.jpeg 1124w\" sizes=\"(max-width: 202px) 100vw, 202px\" \/>&nbsp; &nbsp; &nbsp; <a href=\"https:\/\/youtu.be\/OWXft6udKTU\" target=\"_blank\" rel=\"noopener\"><img loading=\"lazy\" decoding=\"async\" class=\"alignnone wp-image-1597\" src=\"https:\/\/blogsaverroes.juntadeandalucia.es\/tdahytgcjaen\/files\/2024\/10\/youtube.png\" alt=\"\" width=\"213\" height=\"142\"><\/a><\/p>\n<p style=\"text-align: center\"><a href=\"https:\/\/youtu.be\/OWXft6udKTU\" target=\"_blank\" rel=\"noopener\"><span style=\"color: #ff6600\"><strong>Emisi\u00f3n en directo<\/strong><\/span><\/a><\/p>\n<p><strong><span style=\"color: #008000\">&nbsp;Pr\u00f3ximamente, en cuanto sea publicado, difundir\u00e9 el MANIFIESTO 2024<\/span><\/strong> (en fase de elaboraci\u00f3n por la Red Estatal de Mujeres y el Comit\u00e9 Pro-Salud Mental en Primera Persona de la Confederaci\u00f3n).<\/p>\n<p>&nbsp;<\/p>\n<h1 style=\"text-align: center\">&nbsp;<\/h1>\n<\/td>\n<\/tr>\n<tr>\n<td style=\"width: 100%\">\n<h1 style=\"text-align: center\">&nbsp; &nbsp; <a href=\"https:\/\/www.educacionfpydeportes.gob.es\/servicios-al-ciudadano\/catalogo\/general\/05\/050140\/ficha\/050140-2024.html#dc\" target=\"_blank\" rel=\"noopener\"><img loading=\"lazy\" decoding=\"async\" class=\"alignnone wp-image-1569\" src=\"https:\/\/blogsaverroes.juntadeandalucia.es\/tdahytgcjaen\/files\/2024\/04\/MEC-2024-300x62.png\" alt=\"\" width=\"319\" height=\"66\" srcset=\"https:\/\/blogsaverroes.juntadeandalucia.es\/tdahytgcjaen\/files\/2024\/04\/MEC-2024-300x62.png 300w, https:\/\/blogsaverroes.juntadeandalucia.es\/tdahytgcjaen\/files\/2024\/04\/MEC-2024.png 494w\" sizes=\"(max-width: 319px) 100vw, 319px\" \/><\/a>&nbsp; &nbsp; &nbsp; &nbsp; <a href=\"https:\/\/www.educacionfpydeportes.gob.es\/servicios-al-ciudadano\/catalogo\/general\/05\/050140\/ficha\/050140-2024.html#dc\" target=\"_blank\" rel=\"noopener\"><strong><span style=\"color: #333399\">\u2013<span lang=\"IT\">BECAS NEAE 2024-2025\u2013<\/span><\/span><\/strong><\/a><\/h1>\n<p>Ya ha salido publicada la convocatoria para solicitar las Becas para el alumnado NEAE para el pr\u00f3ximo curso.<\/p>\n<h6><span style=\"color: #333399\"><strong>&nbsp; &nbsp;El plazo de presentaci\u00f3n de solicitudes est\u00e1&nbsp;ABIERTO desde el <\/strong><\/span><strong><span style=\"color: #ff0000\">30 de abril de 2024<\/span><\/strong> al <strong><span style=\"color: #ff0000\">13 de septiembre de 2024<\/span><\/strong>.<\/h6>\n<h6>&nbsp;<\/h6>\n<p>Para rellenar la solicitud y\/o para m\u00e1s informaci\u00f3n dirigirse a la p\u00e1gina, pinchar sobre el logo del Ministerio de Educaci\u00f3n.<\/td>\n<\/tr>\n<tr>\n<td style=\"width: 100%\">\n<h1><strong>&nbsp;<span style=\"color: #008000\">LIBRO BLANCO SALUD Y G\u00c9NER<a style=\"color: #008000\" href=\"https:\/\/saludygenero.com\/wp-content\/uploads\/2024\/03\/LIBRO-BLANCO-SALUD-Y-GENERO.pdf\" target=\"_blank\" rel=\"noopener\"><img loading=\"lazy\" decoding=\"async\" class=\"size-medium wp-image-1559 alignleft\" src=\"https:\/\/blogsaverroes.juntadeandalucia.es\/tdahytgcjaen\/files\/2024\/04\/Portada-Libro-Blanco-Salud-y-Genero-213x300.jpg\" alt=\"\" width=\"213\" height=\"300\" srcset=\"https:\/\/blogsaverroes.juntadeandalucia.es\/tdahytgcjaen\/files\/2024\/04\/Portada-Libro-Blanco-Salud-y-Genero-213x300.jpg 213w, https:\/\/blogsaverroes.juntadeandalucia.es\/tdahytgcjaen\/files\/2024\/04\/Portada-Libro-Blanco-Salud-y-Genero.jpg 465w\" sizes=\"(max-width: 213px) 100vw, 213px\" \/><\/a>O<\/span><\/strong><\/h1>\n<div class=\"wpb_text_column wpb_content_element \">\n<div class=\"wpb_wrapper\">\n<p><strong>&nbsp; &nbsp; &nbsp;Entidad editora: <\/strong>Observatorio de Salud; Estudio de Comunicaci\u00f3n<br \/>\n<strong>&nbsp; &nbsp; &nbsp;A\u00f1o de publicaci\u00f3n:<\/strong>&nbsp;2024<\/p>\n<\/div>\n<\/div>\n<p style=\"text-align: justify\">Aqu\u00ed os dejo esta publicaci\u00f3n que pretende despertar una reflexi\u00f3n en toda la sociedad en torno a la necesidad de incorporar pol\u00edticas y acciones sanitarias con perspectiva de g\u00e9nero, para garantizar la prevenci\u00f3n, la mayor precisi\u00f3n en el diagn\u00f3stico y la equidad de las mujeres en la atenci\u00f3n y tratamiento de sus patolog\u00edas. Cuenta con la visi\u00f3n cient\u00edfica de profesionales de la medicina y personas expertas del sector sociosanitario.<\/p>\n<h3>&nbsp; &nbsp; &nbsp;El&nbsp;<strong><span style=\"color: #008000\">cap\u00edtulo 9<\/span><\/strong>&nbsp;est\u00e1 destinado al <span style=\"color: #008000\">TDAH con Perspectiva de G\u00e9nero<\/span>, y&nbsp;se encuentra entre las p\u00e1ginas <span style=\"color: #008000\">193-216<\/span>.<\/h3>\n<p>&nbsp;<\/p>\n<p><a href=\"https:\/\/saludygenero.com\/wp-content\/uploads\/2024\/03\/LIBRO-BLANCO-SALUD-Y-GENERO.pdf\" target=\"_blank\" rel=\"noopener\">Pinchar<\/a> sobre la imagen si dese\u00e1is acceder a la reciente publicaci\u00f3n.<\/td>\n<\/tr>\n<tr>\n<td style=\"width: 100%\"><img loading=\"lazy\" decoding=\"async\" class=\"wp-image-618 alignleft\" src=\"https:\/\/blogsaverroes.juntadeandalucia.es\/tdahytgcjaen\/files\/2017\/09\/ETPEOP1-300x300.jpg\" alt=\"\" width=\"149\" height=\"149\" srcset=\"https:\/\/blogsaverroes.juntadeandalucia.es\/tdahytgcjaen\/files\/2017\/09\/ETPEOP1-300x300.jpg 300w, https:\/\/blogsaverroes.juntadeandalucia.es\/tdahytgcjaen\/files\/2017\/09\/ETPEOP1-150x150.jpg 150w, https:\/\/blogsaverroes.juntadeandalucia.es\/tdahytgcjaen\/files\/2017\/09\/ETPEOP1-100x100.jpg 100w, https:\/\/blogsaverroes.juntadeandalucia.es\/tdahytgcjaen\/files\/2017\/09\/ETPEOP1-24x24.jpg 24w, https:\/\/blogsaverroes.juntadeandalucia.es\/tdahytgcjaen\/files\/2017\/09\/ETPEOP1-36x36.jpg 36w, https:\/\/blogsaverroes.juntadeandalucia.es\/tdahytgcjaen\/files\/2017\/09\/ETPEOP1-48x48.jpg 48w, https:\/\/blogsaverroes.juntadeandalucia.es\/tdahytgcjaen\/files\/2017\/09\/ETPEOP1.jpg 500w\" sizes=\"(max-width: 149px) 100vw, 149px\" \/><\/p>\n<h2>&nbsp;<\/h2>\n<h2 style=\"text-align: center\"><span style=\"color: #008000\"><strong>-JORNADAS PROVINCIALES DEL EOE ESPECIALIZADO-<\/strong><\/span><\/h2>\n<h3 style=\"text-align: center\"><span style=\"color: #008000\">-CEP de Ja\u00e9n, 4 de diciembre de 2024-<\/span><\/h3>\n<p>https:\/\/view.genial.ly\/655a5392850e5f0011ce944b<\/td>\n<\/tr>\n<tr>\n<td style=\"width: 100%\">\n<h2 style=\"text-align: center\"><img loading=\"lazy\" decoding=\"async\" class=\"size-medium wp-image-1533 alignleft\" src=\"https:\/\/blogsaverroes.juntadeandalucia.es\/tdahytgcjaen\/files\/2023\/10\/POSTER-D\u00cdA-TDAH-212x300.png\" alt=\"\" width=\"212\" height=\"300\" srcset=\"https:\/\/blogsaverroes.juntadeandalucia.es\/tdahytgcjaen\/files\/2023\/10\/POSTER-D\u00cdA-TDAH-212x300.png 212w, https:\/\/blogsaverroes.juntadeandalucia.es\/tdahytgcjaen\/files\/2023\/10\/POSTER-D\u00cdA-TDAH-724x1024.png 724w, https:\/\/blogsaverroes.juntadeandalucia.es\/tdahytgcjaen\/files\/2023\/10\/POSTER-D\u00cdA-TDAH-768x1086.png 768w, https:\/\/blogsaverroes.juntadeandalucia.es\/tdahytgcjaen\/files\/2023\/10\/POSTER-D\u00cdA-TDAH-1086x1536.png 1086w, https:\/\/blogsaverroes.juntadeandalucia.es\/tdahytgcjaen\/files\/2023\/10\/POSTER-D\u00cdA-TDAH.png 1132w\" sizes=\"(max-width: 212px) 100vw, 212px\" \/><\/h2>\n<h2 style=\"text-align: center\"><span style=\"color: #ff6600\"><b>27O: D\u00cdA NACIONAL DEL TDAH 2023 <\/b><\/span><span style=\"color: #ff6600\"><b>&nbsp; \u00a1VAMOS ALL\u00c1!<\/b><\/span><\/h2>\n<h3><span style=\"color: #ff6600\">&nbsp; &nbsp; &nbsp; &nbsp; &nbsp; &nbsp; &nbsp; &nbsp; &nbsp; &nbsp; &nbsp; &nbsp; &nbsp; &nbsp; &nbsp; &nbsp; &nbsp; &nbsp; &nbsp; Campa\u00f1a #tdahvamosalla<\/span><\/h3>\n<p style=\"text-align: justify\">El <a href=\"https:\/\/www.diainternacionalde.com\/ficha\/dia-internacional-trastorno-deficit-atencion-hiperactividad\" target=\"_blank\" rel=\"noopener noreferrer\"><span style=\"color: #ff6600\"><strong>D<\/strong><b>\u00eda Internacional del Trastorno por D\u00e9ficit de Atenci\u00f3n e Hiperactividad<\/b>&nbsp;(<em>World ADHD Awareness Day<\/em>)<\/span><\/a> <span style=\"color: #333399\">se conmemora el 13 de julio, fecha reconocida desde el 2016.&nbsp;<\/span><\/p>\n<p style=\"text-align: justify\"><span style=\"color: #008000\">&nbsp; <span style=\"color: #333399\">&nbsp; &nbsp;Desde el EOE Especializado de Ja\u00e9n, se recogieron firmas de apoyo dirigidas a la OMS, de los profesionales de la orientaci\u00f3n y profesionales sanitarios para la declaraci\u00f3n de un<\/span> <span style=\"color: #ff6600\"><strong>D\u00eda Mundial de Sensibilizaci\u00f3n sobre el TDAH<\/strong><\/span>,<span style=\"color: #333399\"> para su consecuci\u00f3n y sensibilizaci\u00f3n en la necesidad de defender los derechos de nuestros escolares\/pacientes, respectivamente, y de dar a conocer las dram\u00e1ticas consecuencias de un trastorno que, si no se diagnostica y no se trata adecuadamente, puede tener efectos devastadores en las vidas de las personas afectadas. Finalmente, desde el 2018, el d\u00ed<\/span>a <strong><span style=\"color: #ff6600\">27 de octubre <\/span><\/strong><span style=\"color: #333399\">ya podemos celebrar, en el marco del mes europeo del TDAH (ADHD Europe), el <strong><span style=\"color: #ff6600\">D\u00eda Nacional del TDAH.<\/span><\/strong><\/span><\/span><\/p>\n<p style=\"text-align: justify\"><span style=\"color: #333399\">&nbsp; &nbsp; <span style=\"color: #ff6600\"><strong>\u00a1VAMOS ALL\u00c1!<\/strong><\/span> <strong>es el <span style=\"color: #ff6600\">LEMA<\/span> escogido para la campa\u00f1a de este a\u00f1o<\/strong>, en la que tiene como protagonista a los\/as j\u00f3venes con este trastorno, edad en la que tienen que poner en marcha las herramientas aprendidas para afrontar miedos, decisiones, expectativas, sue\u00f1os, su primer empleo, &#8230;<\/span><\/p>\n<h3 style=\"text-align: justify\"><img loading=\"lazy\" decoding=\"async\" class=\"wp-image-1534 alignleft\" src=\"https:\/\/blogsaverroes.juntadeandalucia.es\/tdahytgcjaen\/files\/2023\/10\/FEAADAH.png\" alt=\"\" width=\"179\" height=\"106\"><strong style=\"font-family: inherit;font-size: inherit\"><span style=\"color: #000080\">TE INVITA A HACER VISIBLE el TDAH en j\u00f3venes:<\/span><\/strong><\/h3>\n<p style=\"text-align: justify\"><span style=\"color: #000080\">&nbsp; &nbsp;&#8211; Si tienes TDAH, cuenta tu experiencia en un v\u00eddeo de 20 segundos y publ\u00edcalo en tus redes con el hastag <\/span><span style=\"color: #ff6600\">#tdahvamosalla<\/span><\/p>\n<p><span style=\"color: #000080\">&nbsp; &nbsp; &#8211; Difunde el p\u00f3ster en tu centro<\/span><\/p>\n<p><span style=\"color: #000080\">&nbsp; &nbsp; &nbsp; &nbsp; &nbsp; &nbsp; &nbsp; &nbsp; &nbsp; &nbsp; &nbsp; &nbsp; &nbsp; &nbsp; &nbsp; &nbsp; &nbsp; &nbsp; &nbsp; &nbsp; &nbsp; &nbsp; &nbsp; &nbsp; &nbsp; &nbsp; &nbsp; &#8211; Hazte una foto con el p\u00f3ster y cu\u00e9lgalo en tus redes con el hashta<\/span>g <span style=\"color: #ff6600\">#tdahvamosalla. <\/span><\/p>\n<p style=\"text-align: center\"><strong><span style=\"color: #000080\">\u00a1PARTICIPA!<\/span><\/strong><\/p>\n<p style=\"text-align: center\"><strong><span style=\"color: #000080\">EL ETPOEP, EOEE Y EBE YA LO HEMOS HECHO<\/span><\/strong><\/p>\n<h2 align=\"center\">&nbsp;<\/h2>\n<h2 style=\"text-align: center\"><span style=\"color: #008000\"><strong>&nbsp;<\/strong><\/span><\/h2>\n<\/td>\n<\/tr>\n<tr>\n<td style=\"width: 100%\">\n<h2 style=\"text-align: center\"><span style=\"color: #008000\"><strong>-10 de octubre: D\u00cdA MUNDIAL DE LA SALUD MENTAL 2023-<\/strong><\/span><\/h2>\n<h2 style=\"text-align: center\"><span style=\"color: #ff6600\"><img loading=\"lazy\" decoding=\"async\" class=\"size-medium wp-image-1529 alignleft\" src=\"https:\/\/blogsaverroes.juntadeandalucia.es\/tdahytgcjaen\/files\/2023\/10\/D\u00eda-Mundial-Salud-Mental-212x300.jpeg\" alt=\"\" width=\"212\" height=\"300\" srcset=\"https:\/\/blogsaverroes.juntadeandalucia.es\/tdahytgcjaen\/files\/2023\/10\/D\u00eda-Mundial-Salud-Mental-212x300.jpeg 212w, https:\/\/blogsaverroes.juntadeandalucia.es\/tdahytgcjaen\/files\/2023\/10\/D\u00eda-Mundial-Salud-Mental.jpeg 724w\" sizes=\"(max-width: 212px) 100vw, 212px\" \/><\/span><\/h2>\n<p style=\"text-align: justify\"><span style=\"color: #008000\">El <span style=\"text-decoration: underline\">LEMA<\/span> elegido para este a\u00f1o, con el 29% de los votos, es <strong>\u00abSALUD MENTAL, SALUD MUNDIAL. UN DERECHO UNIVERSAL\u00bb<\/strong>.<\/span><\/p>\n<p style=\"text-align: justify\"><span style=\"color: #008000\">La <span style=\"text-decoration: underline\">IMAGEN<\/span> de este a\u00f1o<\/span>, del dise\u00f1ador Antonio Lorente, refleja la <strong>diversidad<\/strong>&nbsp;de la poblaci\u00f3n mundial y la fuerza que toda esa diversidad, unida, puede aportar a una mejor salud mental, accesible, universal, de calidad y que respete los&nbsp;<strong>derechos humanos<\/strong>; las personas que aparecen en la imagen se abrazan entre s\u00ed y todas ellas a su vez al globo terr\u00e1queo, como s\u00edmbolo de <strong>uni\u00f3n<\/strong> y de los cuidados y el <strong>apoyo<\/strong> que precisamos para conseguir una salud mental digna y de calidad, para todas las generaciones: personas mayores, j\u00f3venes, la infancia, e incluso la identidad de este a\u00f1o incluye tambi\u00e9n a una mascota, en concreto a un perro, para representar el papel protagonista de los animales en la terapia y en muchos procesos de recuperaci\u00f3n; las expresiones en las caras de los personajes buscan transmitir <strong>tranquilidad, optimismo, esperanza y un punto de orgullo<\/strong> por los logros alcanzados y de desaf\u00edo, por los que quedan por conseguir.&nbsp;En el lado izquierdo de la ilustraci\u00f3n, una mujer enarbola una bandera de Salud Mental Espa\u00f1a, simbolizando la actividad del movimiento asociativo como principal actor en la defensa y la reivindicaci\u00f3n de los derechos humanos, y al otro lado, un joven con el pu\u00f1o en alto, al que va atada una correa de contenci\u00f3n rota, simbolizan la lucha, el activismo y el deseo de victoria por una atenci\u00f3n a la salud mental <strong>respetuosa<\/strong> con las personas y sus derechos fundamentales.<\/p>\n<p style=\"text-align: justify\"><span style=\"color: #008000\">El presente a\u00f1o, la Confederaci\u00f3n SALUD MENTAL ESPA\u00d1A organiza, en el <strong>Hotel Ilunion Pio XII<\/strong> de Madrid, un <span style=\"text-decoration: underline\">ACTO CONMEMORATIVO<\/span>&nbsp; con la colaboraci\u00f3n de la Fundaci\u00f3n ONCE y el Ministerio de Derechos Sociales y Agenda 2030. <\/span><span style=\"color: #008000\">El acto estar\u00e1 <strong>presidido por Su Majestad la Reina<\/strong> Letizia Ortiz; con la participaci\u00f3n del Ministerio de Sanidad en funciones, Y <\/span><span style=\"color: #008000\">finalizar\u00e1 con un conversatorio de la alpinista Edurne Pasaban, y con una actuaci\u00f3n musical del rapero El Chojin.<\/span><\/p>\n<p><strong>Si alguien desea ver el Acto Conmemorativo en directo, os facilito el enlace. La emisi\u00f3n comenzar\u00e1 a las 10:45:<\/strong><\/p>\n<p><a href=\"https:\/\/youtu.be\/zwp6IKf2_wQ\" target=\"_blank\" rel=\"noopener noreferrer\">https:\/\/youtu.be\/zwp6IKf2_wQ<\/a><\/p>\n<p>&nbsp;<\/td>\n<\/tr>\n<tr>\n<td style=\"width: 100%\">\n<h2 style=\"text-align: center\"><span style=\"color: #ff6600\"><img loading=\"lazy\" decoding=\"async\" class=\" wp-image-1518 alignleft\" src=\"https:\/\/blogsaverroes.juntadeandalucia.es\/tdahytgcjaen\/files\/2023\/06\/lazo-tdah-manos-colaboraci\u00f3n.jpg\" alt=\"\" width=\"165\" height=\"165\" srcset=\"https:\/\/blogsaverroes.juntadeandalucia.es\/tdahytgcjaen\/files\/2023\/06\/lazo-tdah-manos-colaboraci\u00f3n.jpg 225w, https:\/\/blogsaverroes.juntadeandalucia.es\/tdahytgcjaen\/files\/2023\/06\/lazo-tdah-manos-colaboraci\u00f3n-150x150.jpg 150w\" sizes=\"(max-width: 165px) 100vw, 165px\" \/><\/span><\/h2>\n<h2>&nbsp;<\/h2>\n<h2>&nbsp;<\/h2>\n<h2 style=\"text-align: center\"><span style=\"color: #ff6600\">OTRO PASO PARA NUESTRO ALUMNADO TDAH<\/span><\/h2>\n<h2 style=\"text-align: center\"><span style=\"color: #ff6600\">&nbsp;<\/span><\/h2>\n<p style=\"text-align: justify\"><span style=\"color: #008000\"><span style=\"color: #000080\">Fruto del Acuerdo de 23 de marzo de 2021, del Consejo de Gobierno, por el que se toma conocimiento del <a style=\"color: #000080\" href=\"https:\/\/www.observatoriodelainfancia.es\/oia\/esp\/documentos_ficha.aspx?id=7403\" target=\"_blank\" rel=\"noopener noreferrer\">Protocolo<\/a><\/span><span style=\"color: #000080\"> de Atenci\u00f3n a Personas con Trastorno por D\u00e9ficit de Atenci\u00f3n e Hiperactividad, de la Consejer\u00eda de Salud, <\/span><strong><span style=\"color: #000080\">se propone la creaci\u00f3n de EQUIPOS LOCALES DE COORDINACI\u00d3N <\/span><\/strong><span style=\"color: #000080\">para el tratamiento de casos de dif\u00edcil manejo de<\/span><strong> <span style=\"color: #ff6600\">TDAH.<\/span><\/strong><\/span><\/p>\n<p>&nbsp;<\/p>\n<p style=\"text-align: justify\"><span style=\"color: #008000\"><strong><img loading=\"lazy\" decoding=\"async\" class=\" wp-image-1517 alignright\" src=\"https:\/\/blogsaverroes.juntadeandalucia.es\/tdahytgcjaen\/files\/2023\/06\/novedad-liso.png\" alt=\"\" width=\"252\" height=\"146\">El presente 16 de junio de 2023, se ha concretado su creaci\u00f3n con la aprobaci\u00f3n de la <span style=\"text-decoration: underline\">INSTRUCCI\u00d3N CONJUNTA<\/span>, de la Viceconsejer\u00eda de SALUD Y CONSUMO, de DESARROLLO EDUCATIVO Y FORMACI\u00d3N PROFESIONAL, y de INCLUSI\u00d3N SOCIAL, JUVENTUD, FAMILIAS E IGUALDAD, para la CONSTITUCI\u00d3N DE LOS EQUIPOS LOCALES DE COORDINACI\u00d3N INTERSECTORIAL establecidos en el citado protocolo sanitario.&nbsp;<\/strong><span style=\"color: #000080\">Esto supondr\u00e1, al menos, <strong>78 Equipos Locales de Coordinaci\u00f3n<\/strong> (al menos uno por cada Equipo de Salud Mental Comunitaria), integrados por profesionales de los tres sistemas de protecci\u00f3n social:&nbsp;<strong>Salud, Educaci\u00f3n y Servicios Sociales<\/strong>, por toda la geograf\u00eda andaluza, y cuyas <strong>funciones principales <\/strong>ser\u00e1n: la gesti\u00f3n de casos de dif\u00edcil diagn\u00f3stico, diagn\u00f3sticos dudosos y casos complejos, y la mejora continua de la colaboraci\u00f3n intersectorial e interniveles.<\/span><\/span><\/p>\n<p style=\"text-align: justify\">&nbsp;<\/p>\n<h4 style=\"text-align: center\"><span style=\"color: #ff6600\">Aunque la coordinaci\u00f3n intersectorial ser\u00e1 un proceso complejo,&nbsp;&nbsp;<\/span><\/h4>\n<h2 style=\"text-align: center\"><span style=\"color: #ff6600\">CREEMOS EN LA ESTRECHA COOPERACI\u00d3N<\/span><\/h2>\n<\/td>\n<\/tr>\n<tr>\n<td style=\"width: 100%\">\n<h2 style=\"text-align: center\"><img loading=\"lazy\" decoding=\"async\" class=\"size-medium wp-image-1509 alignnone\" src=\"https:\/\/blogsaverroes.juntadeandalucia.es\/tdahytgcjaen\/files\/2023\/05\/MINISTERIO-EDUCACI\u00d3N-300x75.png\" alt=\"\" width=\"300\" height=\"75\" srcset=\"https:\/\/blogsaverroes.juntadeandalucia.es\/tdahytgcjaen\/files\/2023\/05\/MINISTERIO-EDUCACI\u00d3N-300x75.png 300w, https:\/\/blogsaverroes.juntadeandalucia.es\/tdahytgcjaen\/files\/2023\/05\/MINISTERIO-EDUCACI\u00d3N.png 449w\" sizes=\"(max-width: 300px) 100vw, 300px\" \/>&nbsp; &nbsp; &nbsp; &nbsp;&#8211;<span lang=\"IT\" style=\"color: #000080\"><a href=\"https:\/\/www.educacionyfp.gob.es\/servicios-al-ciudadano\/catalogo\/general\/05\/050140\/ficha\/050140-2023.html\" target=\"_blank\" rel=\"noopener noreferrer\">BECAS NEAE 2023-2024<\/a>&#8211;<\/span><\/h2>\n<p><a href=\"https:\/\/www.becaseducacion.gob.es\/becas-y-ayudas\/ayudas-apoyo-educativo\/tipos-de-becas.html#que-personas\" target=\"_blank\" rel=\"noopener noreferrer\"><strong><span style=\"color: #000080\">\u00bfQu\u00e9 personas pueden solicitar esta ayuda?<\/span><\/strong><\/a><\/p>\n<ul>\n<li style=\"list-style-type: none\">\n<ul style=\"list-style-type: square\">\n<li><span style=\"color: #000080\">Discapacidad<\/span><\/li>\n<li><span style=\"color: #000080\">Trastorno Grave de Conducta<\/span><\/li>\n<li><span style=\"color: #000080\">Trastorno de la Comunicaci\u00f3n y del Lenguaje<\/span><\/li>\n<li><span style=\"color: #000080\">Trastorno del Espectro Autista<\/span><\/li>\n<li><span style=\"color: #000080\">Altas Capacidades<\/span><\/li>\n<\/ul>\n<\/li>\n<\/ul>\n<p style=\"text-align: right\"><img loading=\"lazy\" decoding=\"async\" class=\"size-full wp-image-1510 alignleft\" src=\"https:\/\/blogsaverroes.juntadeandalucia.es\/tdahytgcjaen\/files\/2023\/05\/LOGRO.jpg\" alt=\"\" width=\"225\" height=\"225\" srcset=\"https:\/\/blogsaverroes.juntadeandalucia.es\/tdahytgcjaen\/files\/2023\/05\/LOGRO.jpg 225w, https:\/\/blogsaverroes.juntadeandalucia.es\/tdahytgcjaen\/files\/2023\/05\/LOGRO-150x150.jpg 150w\" sizes=\"(max-width: 225px) 100vw, 225px\" \/><\/p>\n<p>&nbsp;<\/p>\n<p><a href=\"https:\/\/www.20minutos.es\/noticia\/5109113\/0\/el-supremo-determina-que-los-alumnos-con-tdah-no-necesitan-acreditar-un-33-de-discapacidad-para-optar-a-las-becas\/\" target=\"_blank\" rel=\"noopener noreferrer\"><img loading=\"lazy\" decoding=\"async\" class=\"size-full wp-image-1511 alignleft\" src=\"https:\/\/blogsaverroes.juntadeandalucia.es\/tdahytgcjaen\/files\/2023\/05\/EL-SUPREMO-TDAH-NO-33.png\" alt=\"\" width=\"294\" height=\"171\"><\/a>&nbsp;&nbsp;&nbsp;<\/p>\n<p><span style=\"color: #000080\"><strong>Aprovecho este espacio para felicitar a FEAADAH, y para recordar que el TDAH es un trastorno del neurodesarrollo, <\/strong>acreditado cient\u00edficamente desde el siglo pasado, por lo tanto, quienes encuentran dificultades econ\u00f3micas a su desarrollo humano y formativo han tenido y tienen derecho a esta prestaci\u00f3n.<\/span><\/p>\n<p>&nbsp;<\/p>\n<p>&nbsp;&nbsp;<strong><span style=\"color: #000080\">&nbsp; PLAZO.- <\/span><\/strong><span style=\"color: #000080\">La convocatoria para el curso 2023 &#8211; 2024 se public\u00f3 el 26 de abril de 2023, y se puede pedir<\/span> <span style=\"color: #ff0000\"><strong>del 8 de mayo al 20 de septiembre <\/strong><span style=\"color: #000080\">de 2023.<\/span><\/span><\/p>\n<p>&nbsp;<\/td>\n<\/tr>\n<tr>\n<td style=\"width: 100%\">\n<h2 align=\"center\"><span lang=\"IT\" style=\"color: #008000\">II ENCUENTROS VIRTUALES DEL EOEE CON LA RED DE ORIENTACI\u00d3N<\/span><\/h2>\n<p style=\"text-align: justify\"><span style=\"color: #333399\">El pasado viernes, 27 de enero, se celebr\u00f3 el segundo encuentro virtual del EOE Especializado de Ja\u00e9n, con los orientadores, orientadoras y profesionales de la orientaci\u00f3n de la provincia.<\/span><\/p>\n<p><span style=\"color: #000080\"><span style=\"color: #333399\">&nbsp; &nbsp; &nbsp;Aqu\u00ed dejo la informaci\u00f3n suministrada sobre aspectos b\u00e1sicos del EOEE y de cada \u00e1rea.<\/span><\/span><\/p>\n<p><iframe class=\"wp-embedded-content\" sandbox=\"allow-scripts\" security=\"restricted\" title=\"II Encuentro Virtual EOEE\" frameborder='0' width='1200' height='675' src='https:\/\/view.genially.com\/639c3d7de93f930011f08b94#?secret=TfPt4k4zuH' data-secret='TfPt4k4zuH' scrolling='yes'><\/iframe><\/p>\n<h1 style=\"text-align: center\"><span style=\"color: #ff00ff\"><strong>&nbsp;<\/strong><\/span><\/h1>\n<\/td>\n<\/tr>\n<tr>\n<td style=\"width: 100%\">\n<h1 style=\"text-align: center\"><span style=\"color: #ff00ff\"><strong><img loading=\"lazy\" decoding=\"async\" class=\" wp-image-590 alignleft\" src=\"https:\/\/blogsaverroes.juntadeandalucia.es\/tdahytgcjaen\/files\/2016\/06\/open-300x158-300x158.jpg\" alt=\"\" width=\"178\" height=\"94\" srcset=\"https:\/\/blogsaverroes.juntadeandalucia.es\/tdahytgcjaen\/files\/2016\/06\/open-300x158.jpg 300w, https:\/\/blogsaverroes.juntadeandalucia.es\/tdahytgcjaen\/files\/2016\/06\/open-300x158-24x13.jpg 24w, https:\/\/blogsaverroes.juntadeandalucia.es\/tdahytgcjaen\/files\/2016\/06\/open-300x158-36x19.jpg 36w, https:\/\/blogsaverroes.juntadeandalucia.es\/tdahytgcjaen\/files\/2016\/06\/open-300x158-48x25.jpg 48w\" sizes=\"(max-width: 178px) 100vw, 178px\" \/><\/strong><\/span><\/h1>\n<p>&nbsp;<\/p>\n<h2 style=\"text-align: center\"><span style=\"color: #993300\"><strong>&nbsp;CURSO 2022-2023<\/strong><\/span><\/h2>\n<h3 style=\"text-align: center\"><span style=\"color: #339966\"><strong>&nbsp; &nbsp; &nbsp; &nbsp;\u00a1BIENVENID@S A UN NUEVO CURSO ESCOLAR!<\/strong><\/span><\/h3>\n<p style=\"text-align: center\"><em>Todo inicio representa nuevos retos y sue\u00f1os por cumplir<\/em><em>.<\/em><br \/>\n<em>El \u00e1rea TGC desea con este post, que, tanto el inicio, como el desarrollo del a\u00f1o acad\u00e9mico, est\u00e9 lleno&nbsp;<\/em><em>de \u00e9xitos y experiencias&nbsp;felices.<\/em><\/p>\n<p><img loading=\"lazy\" decoding=\"async\" class=\" wp-image-594 aligncenter\" src=\"https:\/\/blogsaverroes.juntadeandalucia.es\/tdahytgcjaen\/files\/2016\/06\/frases-de-Nelson-Mandela-300x290-300x290.jpg\" alt=\"\" width=\"241\" height=\"233\" srcset=\"https:\/\/blogsaverroes.juntadeandalucia.es\/tdahytgcjaen\/files\/2016\/06\/frases-de-Nelson-Mandela-300x290.jpg 300w, https:\/\/blogsaverroes.juntadeandalucia.es\/tdahytgcjaen\/files\/2016\/06\/frases-de-Nelson-Mandela-300x290-24x24.jpg 24w, https:\/\/blogsaverroes.juntadeandalucia.es\/tdahytgcjaen\/files\/2016\/06\/frases-de-Nelson-Mandela-300x290-36x36.jpg 36w, https:\/\/blogsaverroes.juntadeandalucia.es\/tdahytgcjaen\/files\/2016\/06\/frases-de-Nelson-Mandela-300x290-48x46.jpg 48w\" sizes=\"(max-width: 241px) 100vw, 241px\" \/><\/p>\n<p style=\"text-align: center\"><span style=\"color: #008000\"><strong>Para&nbsp;todo el alumnado con TDAH:<\/strong><\/span><\/p>\n<p style=\"text-align: center\"><em>Cree en ti mismo y en lo que eres (un ser maravilloso con muchas cualidades y fortalezas), &nbsp;<\/em><em>por lo tanto,<\/em><\/p>\n<p style=\"text-align: center\"><em>eres m\u00e1s grande y fuerte que cualquier obst\u00e1culo que se presente.<\/em><\/p>\n<p style=\"text-align: center\"><img loading=\"lazy\" decoding=\"async\" class=\"alignnone wp-image-1442\" src=\"https:\/\/blogsaverroes.juntadeandalucia.es\/tdahytgcjaen\/files\/2022\/10\/Ilumina-tu-ciudad-22-octubre.jpg\" alt=\"\" width=\"420\" height=\"236\"><\/p>\n<p style=\"text-align: center\"><a href=\"https:\/\/blogsaverroes.juntadeandalucia.es\/tdahytgcjaen\/files\/2022\/10\/campan\u0303a-TDAH-2022.pdf\">campan\u0303a TDAH 2022<\/a><\/p>\n<p style=\"text-align: center\"><strong><span style=\"color: #008000\">_______________________________________________________________<\/span><\/strong><\/p>\n<\/td>\n<\/tr>\n<tr>\n<td style=\"width: 100%\">\n<h2 align=\"center\"><span lang=\"IT\" style=\"color: #008000\"><img loading=\"lazy\" decoding=\"async\" class=\"alignnone size-full wp-image-1429\" src=\"https:\/\/blogsaverroes.juntadeandalucia.es\/tdahytgcjaen\/files\/2022\/07\/dia-tdah.jpg\" alt=\"\" width=\"224\" height=\"225\" srcset=\"https:\/\/blogsaverroes.juntadeandalucia.es\/tdahytgcjaen\/files\/2022\/07\/dia-tdah.jpg 224w, https:\/\/blogsaverroes.juntadeandalucia.es\/tdahytgcjaen\/files\/2022\/07\/dia-tdah-150x150.jpg 150w\" sizes=\"(max-width: 224px) 100vw, 224px\" \/><\/span><\/h2>\n<h2 style=\"text-align: center\"><span style=\"color: #ff6600\"><b>D\u00cdA INTERNACIONAL DEL TDAH 2022<\/b><\/span><\/h2>\n<p style=\"text-align: justify\">El <a href=\"https:\/\/www.diainternacionalde.com\/ficha\/dia-internacional-trastorno-deficit-atencion-hiperactividad\" target=\"_blank\" rel=\"noopener noreferrer\"><span style=\"color: #ff6600\"><strong>D<\/strong><b>\u00eda Internacional del Trastorno por D\u00e9ficit de Atenci\u00f3n e Hiperactividad<\/b>&nbsp;(<em>World ADHD Awareness Day<\/em>)<\/span><\/a> se conmemora el 13 de julio, fecha reconocida desde el 2016.&nbsp;Desde el EOE Especializado de Ja\u00e9n, se recogieron firmas de apoyo dirigidas a la OMS, de los profesionales de la orientaci\u00f3n y profesionales sanitarios para la declaraci\u00f3n de un D\u00eda Mundial de Sensibilizaci\u00f3n sobre el TDAH, para su consecuci\u00f3n y sensibilizaci\u00f3n en la necesidad de defender los derechos de nuestros escolares\/pacientes, respectivamente, y de dar a conocer las dram\u00e1ticas consecuencias de un trastorno que, si no se diagnostica y no se trata adecuadamente, puede tener efectos devastadores en las vidas de las personas afectadas.<\/p>\n<\/td>\n<\/tr>\n<tr>\n<td style=\"width: 100%\">\n<h2 align=\"center\"><span lang=\"IT\" style=\"color: #008000\"><a href=\"https:\/\/www.canva.com\/design\/DAE58vg45V0\/_H5jXDvdY0phgZhiVxQ_7A\/view?utm_content=DAE58vg45V0&amp;utm_campaign=designshare&amp;utm_medium=link&amp;utm_source=homepage_design_menu\" target=\"_blank\" rel=\"noopener noreferrer\"><img loading=\"lazy\" decoding=\"async\" class=\"size-full wp-image-1410 alignleft\" src=\"https:\/\/blogsaverroes.juntadeandalucia.es\/tdahytgcjaen\/files\/2022\/06\/PROTOCOLO-PT-TGC.jpg\" alt=\"\" width=\"119\" height=\"300\"><\/a>PROCEDIMIENTO PARA SOLICITAR LA INTERVENCI\u00d3N DEL MAESTRO\/A DE PEDAGOG\u00cdA TERAP\u00c9UTICA ESPECIALISTA EN TDAH\/TGC<\/span><\/h2>\n<p>&nbsp;<\/p>\n<p style=\"text-align: justify\"><span style=\"color: #333399\">La respuesta educativa del alumnado que presenta necesidades educativas especiales asociadas a TDAH o TGC requiere de la puesta en marcha de determinadas medidas de atenci\u00f3n a la diversidad, recogidas en el IEP y consiguiente DIE. La provincia de Ja\u00e9n cuenta con dos docentes de pedagog\u00eda terap\u00e9utica especialistas, para la colaboraci\u00f3n en el a<span style=\"font-weight: 400\">sesoramiento al profesorado en la puesta en marcha de dichas medidas por los centros educativos con los TDAH y TGC, tanto ordinarias, como diferentes a la ordinaria: metodolog\u00eda, t\u00e9cnicas, materiales y recursos, programas espec\u00edficos, adaptaciones curriculares, etc.&nbsp;<\/span><\/span><\/p>\n<p style=\"text-align: center\"><span style=\"color: #008000\">Haga click en la imagen si necesita de su colaboraci\u00f3n.<\/span><\/p>\n<p>&nbsp;<\/td>\n<\/tr>\n<tr>\n<td style=\"width: 100%\">\n<h1 style=\"text-align: center\"><strong><img loading=\"lazy\" decoding=\"async\" class=\"alignnone size-full wp-image-1415\" src=\"https:\/\/blogsaverroes.juntadeandalucia.es\/tdahytgcjaen\/files\/2022\/06\/escudo-mefp-mu.gif\" alt=\"\" width=\"289\" height=\"72\"><\/strong><\/h1>\n<h1 style=\"text-align: center\"><a href=\"https:\/\/blogsaverroes.juntadeandalucia.es\/tdahytgcjaen\/category\/recursos\/1-normativa\/\" target=\"_blank\" rel=\"noopener noreferrer\"><span style=\"color: #333399\"><strong>-BECAS NEAE 2022-2023-<\/strong><\/span><\/a><\/h1>\n<\/td>\n<\/tr>\n<\/tbody>\n<\/table>\n<p>&nbsp;<\/p>\n<table style=\"width: 905px;height: 24894px\">\n<tbody>\n<tr style=\"height: 7915.31px\">\n<td style=\"height: 7915.31px;width: 930px\">\n<p style=\"text-align: justify\"><span style=\"color: #008000\"><strong>Con la finalidad de aportar un granito de arena a algunos padres y madres de ni\u00f1os y ni\u00f1as con TDAH, desbordados de energ\u00eda, y TGC, d\u00eda a d\u00eda de \u00abcole en casa\u00bb a lo largo del confinamiento, facilitar\u00e9 un post con recomendaciones, ideas, ayudas para hacer deberes, juegos para entrenar su atenci\u00f3n, &#8230; Espero ser de utilidad para hacer m\u00e1s llevadera esta complicada situaci\u00f3n. \u00a1\u00c1nimo!<\/strong><\/span><\/p>\n<p>&nbsp;<\/p>\n<table style=\"width: 890px;border-color: #000000;height: 285px\">\n<tbody>\n<tr>\n<td style=\"text-align: center;width: 250px\"><span style=\"color: #008000\"><img loading=\"lazy\" decoding=\"async\" class=\"wp-image-951 aligncenter\" src=\"https:\/\/blogsaverroes.juntadeandalucia.es\/tdahytgcjaen\/files\/2020\/03\/YO-ME-QUEDO-EN-CASA-1.png\" alt=\"\" width=\"149\" height=\"263\" srcset=\"https:\/\/blogsaverroes.juntadeandalucia.es\/tdahytgcjaen\/files\/2020\/03\/YO-ME-QUEDO-EN-CASA-1.png 340w, https:\/\/blogsaverroes.juntadeandalucia.es\/tdahytgcjaen\/files\/2020\/03\/YO-ME-QUEDO-EN-CASA-1-170x300.png 170w, https:\/\/blogsaverroes.juntadeandalucia.es\/tdahytgcjaen\/files\/2020\/03\/YO-ME-QUEDO-EN-CASA-1-14x24.png 14w, https:\/\/blogsaverroes.juntadeandalucia.es\/tdahytgcjaen\/files\/2020\/03\/YO-ME-QUEDO-EN-CASA-1-20x36.png 20w, https:\/\/blogsaverroes.juntadeandalucia.es\/tdahytgcjaen\/files\/2020\/03\/YO-ME-QUEDO-EN-CASA-1-27x48.png 27w\" sizes=\"(max-width: 149px) 100vw, 149px\" \/><\/span><\/td>\n<td style=\"width: 596.667px\">\n<h1 style=\"text-align: center\" align=\"center\"><span lang=\"IT\" style=\"font-family: 'Arial Black', sans-serif;color: #008000\">SOBRELLEVAR ESTOS D\u00cdAS EN CASA.<\/span><\/h1>\n<h1 style=\"margin-top: 0cm;text-align: center;line-height: normal;background: white;vertical-align: baseline\" align=\"center\"><span lang=\"IT\" style=\"font-family: 'Arial Black', sans-serif;color: #008000\">RECOMENDACIONES DEL EOEE TGC DE JA\u00c9N PARA FAMILIAS DE NI\u00d1OS Y NI\u00d1AS CON TDAH\/TGC<\/span><\/h1>\n<p>&nbsp;<\/p>\n<p style=\"text-align: right\">-Posts diarios. Actualizado a fecha de 10 de junio de 2020-<\/p>\n<\/td>\n<\/tr>\n<\/tbody>\n<\/table>\n<p align=\"right\"><a href=\"https:\/\/www.boe.es\/boe\/dias\/2020\/05\/27\/pdfs\/BOE-A-2020-5316.pdf\" target=\"_blank\" rel=\"noopener noreferrer\"><img loading=\"lazy\" decoding=\"async\" class=\"size-full wp-image-1365 alignright\" src=\"https:\/\/blogsaverroes.juntadeandalucia.es\/tdahytgcjaen\/files\/2020\/05\/imagen-nacional.png\" alt=\"\" width=\"293\" height=\"172\" srcset=\"https:\/\/blogsaverroes.juntadeandalucia.es\/tdahytgcjaen\/files\/2020\/05\/imagen-nacional.png 293w, https:\/\/blogsaverroes.juntadeandalucia.es\/tdahytgcjaen\/files\/2020\/05\/imagen-nacional-24x14.png 24w, https:\/\/blogsaverroes.juntadeandalucia.es\/tdahytgcjaen\/files\/2020\/05\/imagen-nacional-36x21.png 36w, https:\/\/blogsaverroes.juntadeandalucia.es\/tdahytgcjaen\/files\/2020\/05\/imagen-nacional-48x28.png 48w\" sizes=\"(max-width: 293px) 100vw, 293px\" \/><\/a><\/p>\n<p>&nbsp;<\/p>\n<h3 style=\"text-align: right\"><span style=\"color: #008000\"><strong>El EOEE TGC se suma al luto oficial, como testimonio del dolor de tantas familias y amigos, y humilde homenaje a las v\u00edctimas del COVID-19.<\/strong><\/span><\/h3>\n<p style=\"text-align: center\">(27 de mayo a 6 de junio)<\/p>\n<p>&nbsp;<\/p>\n<p style=\"margin: 0cm;margin-bottom: .0001pt\"><span style=\"color: #008000\"><strong>ENTRADAS Y CONTENIDOS:<\/strong><\/span><\/p>\n<p style=\"margin: 0cm;margin-bottom: .0001pt\"><span style=\"color: #008000\">Lunes, 16 de marzo de 2020: Imprescindible para un TDAH: <a href=\"https:\/\/blogsaverroes.juntadeandalucia.es\/tdahytgcjaen\/2020\/03\/17\/sobrellevar-estos-dias-en-casa-recomendaciones-del-eoee-tgc-de-jaen-para-familias-de-ninos-y-ninas-con-tdah\/\" target=\"_blank\" rel=\"noopener noreferrer\">Estructurar el ambiente<\/a><\/span><\/p>\n<p style=\"margin: 0cm;margin-bottom: .0001pt\"><span style=\"color: #008000\">Martes, 17 de marzo: <a href=\"https:\/\/blogsaverroes.juntadeandalucia.es\/tdahytgcjaen\/2020\/03\/17\/sobrellevar-estos-dias-en-casa-recomendaciones-del-eoee-tgc-de-jaen-para-familias-de-ninos-y-ninas-con-tdah\/\" target=\"_blank\" rel=\"noopener noreferrer\">Carteler\u00eda de rutina y t\u00e9cnicas personales<\/a> para el ni\u00f1o o ni\u00f1a TDAH.<\/span><\/p>\n<p style=\"margin: 0cm;margin-bottom: .0001pt\"><span style=\"color: #008000\">Mi\u00e9rcoles, 18: <a href=\"https:\/\/blogsaverroes.juntadeandalucia.es\/tdahytgcjaen\/2020\/03\/19\/tecnicas-sencillas-del-dia-a-dia\/\" target=\"_blank\" rel=\"noopener noreferrer\">T\u00e9cnicas b\u00e1sicas para el d\u00eda a d\u00eda<\/a><\/span><\/p>\n<p style=\"margin: 0cm;margin-bottom: .0001pt\"><span style=\"color: #008000\">Jueves, 19: Especial d\u00eda del padre<\/span><\/p>\n<p style=\"margin: 0cm;margin-bottom: .0001pt\"><span style=\"color: #008000\">Viernes, 20: <a href=\"https:\/\/blogsaverroes.juntadeandalucia.es\/tdahytgcjaen\/2020\/03\/20\/yomequedoencasa-respuestas-a-situaciones-frecuentes-evidenciadas-estos-dias-en-el-hogar-de-un-tdah\/\" target=\"_blank\" rel=\"noopener noreferrer\">Respuestas a situaciones frecuentes evidenciadas estos d\u00edas en el hogar de un TDAH<\/a><\/span><\/p>\n<p style=\"margin: 0cm;margin-bottom: .0001pt\"><span style=\"color: #008000\">Lunes, 23: <a href=\"https:\/\/blogsaverroes.juntadeandalucia.es\/tdahytgcjaen\/2020\/03\/23\/lunes23\/\" target=\"_blank\" rel=\"noopener noreferrer\">Actividades y ejercicios para TDAH: relajarse y tranquilizarse<\/a> (se adjunta una sesi\u00f3n de yoga y una excelente canci\u00f3n para autocontrolarse)<\/span><\/p>\n<p style=\"margin: 0cm;margin-bottom: .0001pt;text-align: justify\"><span style=\"color: #008000\">Martes, 24: <a href=\"https:\/\/blogsaverroes.juntadeandalucia.es\/tdahytgcjaen\/2020\/03\/24\/coronavirus-alertan-de-no-abusar-de-videojuegos-en-el-confinamiento-alternativas-del-eoe-especializado-tgc\/\" target=\"_blank\" rel=\"noopener noreferrer\">Coronavirus: alertan de no abusar de videojuegos en el confinamiento. Alternativas del EOEE TGC<\/a><\/span><\/p>\n<p style=\"margin: 0cm;margin-bottom: .0001pt;text-align: justify\"><span style=\"color: #008000\">Mi\u00e9rcoles, 25: <a href=\"https:\/\/blogsaverroes.juntadeandalucia.es\/tdahytgcjaen\/2020\/03\/25\/1021\/\" target=\"_blank\" rel=\"noopener noreferrer\">Confinamiento y TDAH. Aumento de problemas atencionales en la poblaci\u00f3n general.<\/a><\/span><\/p>\n<p style=\"margin: 0cm;margin-bottom: .0001pt;text-align: justify\"><span style=\"color: #008000\">Jueves, 26: <a href=\"https:\/\/blogsaverroes.juntadeandalucia.es\/tdahytgcjaen\/2020\/03\/26\/1031\/\" target=\"_blank\" rel=\"noopener noreferrer\">Coronavirus: son tiempos de ayudar. \u201cDe uno en Uno\u201d y Cadena de Favores. Parte I<\/a><\/span><\/p>\n<p style=\"margin: 0cm;margin-bottom: .0001pt;text-align: justify\"><span style=\"color: #008000\">Viernes, 27: Coronavirus: son tiempos de ayudar. \u201cDe uno en Uno\u201d y Cadena de Favores. <a href=\"https:\/\/blogsaverroes.juntadeandalucia.es\/tdahytgcjaen\/2020\/03\/27\/coronavirus-son-tiempos-de-ayudar-de-uno-en-uno-cadena-de-favores-parte-ii\/\" target=\"_blank\" rel=\"noopener noreferrer\">Parte II<\/a><\/span><\/p>\n<p style=\"margin: 0cm;margin-bottom: .0001pt;text-align: justify\"><span style=\"color: #008000\">Lunes, 30: <a href=\"https:\/\/blogsaverroes.juntadeandalucia.es\/tdahytgcjaen\/2020\/03\/30\/fases-emocionales-que-pasaras-durante-el-confinamiento-recomendaciones-utiles-para-cuidar-el-estado-animico\/\" target=\"_blank\" rel=\"noopener noreferrer\">Fases emocionales que pasar\u00e1s durante el confinamiento por el COVID-19. Recomendaciones \u00fatiles<\/a> para cuidar el estado an\u00edmico<\/span><\/p>\n<p style=\"margin: 0cm;margin-bottom: .0001pt\"><span style=\"color: #008000\">Martes, 31: <a href=\"https:\/\/blogsaverroes.juntadeandalucia.es\/tdahytgcjaen\/2020\/03\/31\/mejorar-la-autoestima-de-nuestros-hijos-e-hijas-tdah-o-tgc-con-unos-sencillos-y-divertidos-juegos-receta-casera-para-padres-y-madres\/\" target=\"_blank\" rel=\"noopener noreferrer\">Mejorar la autoestima de nuestros hijos e hijas TDAH o TGC con unos sencillos y divertidos juegos. Receta casera<\/a><\/span><\/p>\n<p style=\"margin: 0cm;margin-bottom: .0001pt\"><span style=\"text-decoration: underline;color: #008000\"><strong>ABRIL &nbsp; &nbsp; &nbsp; &nbsp; &nbsp; &nbsp; &nbsp; &nbsp; &nbsp; &nbsp; &nbsp; &nbsp; &nbsp; &nbsp; &nbsp; &nbsp; &nbsp; &nbsp; &nbsp; &nbsp; &nbsp; &nbsp; &nbsp; &nbsp; &nbsp; &nbsp; &nbsp; &nbsp; &nbsp; &nbsp; &nbsp; &nbsp; &nbsp; &nbsp; &nbsp; &nbsp; &nbsp; &nbsp; &nbsp; &nbsp; &nbsp; &nbsp; &nbsp; &nbsp; &nbsp; &nbsp; &nbsp; &nbsp; &nbsp; &nbsp; &nbsp; &nbsp; &nbsp; &nbsp; &nbsp; &nbsp; &nbsp; &nbsp; &nbsp; &nbsp; &nbsp; &nbsp; &nbsp; &nbsp; &nbsp; &nbsp; &nbsp; &nbsp; &nbsp; &nbsp; &nbsp; &nbsp; &nbsp; &nbsp; &nbsp; &nbsp; &nbsp; &nbsp; &nbsp; &nbsp; &nbsp; &nbsp; &nbsp; &nbsp;&nbsp;<\/strong><\/span><\/p>\n<p style=\"margin: 0cm;margin-bottom: .0001pt\"><span style=\"color: #008000\">Mi\u00e9rcoles, 1 de abril: <a href=\"https:\/\/blogsaverroes.juntadeandalucia.es\/tdahytgcjaen\/2020\/04\/01\/1083\/\" target=\"_blank\" rel=\"noopener noreferrer\">Novedades de la Consejer\u00eda de Educaci\u00f3n y Deporte<\/a>. Escolarizaci\u00f3n y tr\u00e1mites en cualquier nivel educativo y ense\u00f1anzas de r\u00e9gimen especial<\/span><\/p>\n<p style=\"margin: 0cm 0cm 0.0001pt;text-align: justify\"><span style=\"color: #008000\">Jueves, 2: <a href=\"https:\/\/blogsaverroes.juntadeandalucia.es\/tdahytgcjaen\/2020\/04\/02\/despedida-y-duelo-sin-abrazos-ayudar-a-superar-el-duelo-a-todas-las-familias-que-hayais-perdido-a-un-ser-querido\/\" target=\"_blank\" rel=\"noopener noreferrer\">Despedida y Duelo sin abrazos. Ayudar a superar el duelo a todas las familias que hayan perdido a un ser querido<\/a> (incluye recomendaciones y materiales para ni\u00f1os, j\u00f3venes y adultos)<\/span><\/p>\n<p style=\"margin: 0cm;margin-bottom: .0001pt\"><span style=\"color: #008000\">Viernes, 3: <a href=\"https:\/\/blogsaverroes.juntadeandalucia.es\/tdahytgcjaen\/2020\/04\/03\/1133\/\" target=\"_blank\" rel=\"noopener noreferrer\">Humor, Diversi\u00f3n y Entretenimiento.<\/a> Caja de herramientas<\/span><\/p>\n<p style=\"margin: 0cm 0cm 0.0001pt;text-align: center\"><span style=\"color: #ff0000\">-\u00a1Felices Vacaciones de Semana Santa!-<\/span><\/p>\n<p>&nbsp;<\/p>\n<p>&nbsp;<\/p>\n<p><span style=\"color: #008000\"><span style=\"color: #ff0000\"><strong><img loading=\"lazy\" decoding=\"async\" class=\" wp-image-837 alignleft\" src=\"https:\/\/blogsaverroes.juntadeandalucia.es\/tdahytgcjaen\/files\/2016\/06\/tercer-trimestre-calendario.jpg\" alt=\"\" width=\"155\" height=\"119\" srcset=\"https:\/\/blogsaverroes.juntadeandalucia.es\/tdahytgcjaen\/files\/2016\/06\/tercer-trimestre-calendario.jpg 256w, https:\/\/blogsaverroes.juntadeandalucia.es\/tdahytgcjaen\/files\/2016\/06\/tercer-trimestre-calendario-24x18.jpg 24w, https:\/\/blogsaverroes.juntadeandalucia.es\/tdahytgcjaen\/files\/2016\/06\/tercer-trimestre-calendario-36x28.jpg 36w, https:\/\/blogsaverroes.juntadeandalucia.es\/tdahytgcjaen\/files\/2016\/06\/tercer-trimestre-calendario-48x37.jpg 48w\" sizes=\"(max-width: 155px) 100vw, 155px\" \/>Y AHORA, \u00a1\u00a1A POR EL TERCER TRIMESTRE!!<\/strong><\/span><\/span><\/p>\n<p style=\"text-align: justify\"><em><span style=\"color: #008000\">Dada la actual situaci\u00f3n, en la que la prolongaci\u00f3n de continuar las clases telem\u00e1ticamente en el hogar se prev\u00e9 que continuar\u00e1, a\u00fan indefinidamente, ir\u00e9 facilitando sistem\u00e1ticamente actualizaciones, aunque no de manera diaria, puesto que ya ten\u00e9is t\u00e9cnicas y recursos para dar respuesta a las necesidades de vuestros alumnos\/as e hijos e hijas. Para cualquier contacto, os recuerdo que, de manera telem\u00e1tica, se continua con las funciones propias del servicio.<\/span><\/em><\/p>\n<p style=\"margin: 0cm;margin-bottom: .0001pt\"><span style=\"color: #008000\">Lunes, 13: <\/span><span style=\"color: #008000\"><a href=\"https:\/\/blogsaverroes.juntadeandalucia.es\/tdahytgcjaen\/2020\/04\/13\/el-tdah-en-ninas-y-jovenes-en-primera-persona\/\" target=\"_blank\" rel=\"noopener noreferrer\">El TDAH en ni\u00f1as\/j\u00f3venes en primera persona<\/a>. R<\/span><span style=\"color: #008000\">ecomendaciones y materiales para ni\u00f1os, j\u00f3venes y adultos<\/span><\/p>\n<p style=\"margin: 0cm 0cm 0.0001pt;text-align: justify\"><span style=\"color: #008000\">Mi\u00e9rcoles, 15: <a href=\"https:\/\/blogsaverroes.juntadeandalucia.es\/tdahytgcjaen\/2020\/04\/15\/nee-derivadas-de-trastornos-graves-de-conducta-confinamiento-de-menores-con-patologia-mental-reflexiones-y-primeras-recomendaciones\/\" target=\"_blank\" rel=\"noopener noreferrer\">NEE derivadas de Trastornos Graves de Conducta<\/a>. Confinamiento de menores con patolog\u00eda mental: reflexiones y primeras recomendaciones.<\/span><\/p>\n<p style=\"margin: 0cm 0cm 0.0001pt;text-align: justify\"><span style=\"color: #008000\">Lunes, 20:&nbsp;<\/span><span style=\"color: #008000\"><a href=\"https:\/\/blogsaverroes.juntadeandalucia.es\/tdahytgcjaen\/2020\/04\/20\/banco-de-recursos-para-facilitar-la-labor-de-los-orientadores-y-orientadoras\/\">Banco de recursos para facilitar la labor de los profesionales de la orientaci\u00f3n de Ja\u00e9n<\/a>, difundido el d\u00eda de hoy por el ETPOEP.<\/span><\/p>\n<p style=\"margin: 0cm 0cm 0.0001pt;text-align: justify\"><span style=\"color: #008000\">Mi\u00e9rcoles, 22: <a href=\"https:\/\/blogsaverroes.juntadeandalucia.es\/tdahytgcjaen\/2020\/04\/22\/1176\/\" target=\"_blank\" rel=\"noopener noreferrer\"><strong>eAprendizaje<\/strong>.<\/a> Punto de encuentro de la comunidad educativa de la Consejer\u00eda de Educaci\u00f3n y Deporte de la Junta de Andaluc\u00eda.<\/span><\/p>\n<p style=\"margin: 0cm 0cm 0.0001pt;text-align: justify\"><span style=\"color: #008000\">Jueves, 23: <strong>\u00a1FELIZ D\u00cdA DEL LIBRO!<\/strong>&nbsp;Divertido <a href=\"https:\/\/blogsaverroes.juntadeandalucia.es\/tdahytgcjaen\/2020\/04\/23\/feliz-dia-del-libro-recopilatorio-general-y-especifico-para-todas-las-edades\/\" target=\"_blank\" rel=\"noopener noreferrer\">recopilatorio<\/a>, en diferentes y motivadores formatos, para celebrar este d\u00eda y fomentar el gusto por la lectur<\/span><span style=\"color: #008000\">a (incluye juegos, cuentos, c\u00f3mics, <span style=\"text-decoration: underline\">lecturas para TDAH de distintas edades<\/span>, para trabajar la diversidad y un \u00abespecial leyenda de San Jorge\u00bb).<\/span><\/p>\n<p style=\"margin: 0cm 0cm 0.0001pt;text-align: justify\"><span style=\"color: #008000\">Lunes, 27: <a href=\"https:\/\/blogsaverroes.juntadeandalucia.es\/tdahytgcjaen\/2020\/04\/27\/salidas-con-poblacion-infantil-menor-de-14-anos\/\" target=\"_blank\" rel=\"noopener noreferrer\">Salidas con poblaci\u00f3n infantil menor de 14 a\u00f1os:<\/a>&nbsp;Norma de los Cuatro Unos \u00a1SIGAMOS SIENDO RESPONSABLES!<\/span><\/p>\n<p style=\"margin: 0cm 0cm 0.0001pt;text-align: justify\"><span style=\"color: #008000\">Martes, 28: <a href=\"https:\/\/blogsaverroes.juntadeandalucia.es\/tdahytgcjaen\/2020\/04\/28\/la-consejeria-de-educacion-y-deporte-homologa-actuaciones-de-los-orientadores-as-escolares\/\" target=\"_blank\" rel=\"noopener noreferrer\">LA CONSEJER\u00cdA DE EDUCACI\u00d3N Y DEPORTE HOMOLOGA ACTUACIONES DE LOS ORIENTADORES\/AS ESCOLARES. IEPs y DIEs NEE en el tercer trimestre<\/a>: s\u00edntesis propio de los aspectos imprescindibles.<\/span><\/p>\n<p style=\"margin: 0cm;margin-bottom: .0001pt\"><span style=\"text-decoration: underline;color: #008000\"><strong>MAYO &nbsp; &nbsp; &nbsp; &nbsp; &nbsp; &nbsp; &nbsp; &nbsp; &nbsp; &nbsp; &nbsp; &nbsp; &nbsp; &nbsp; &nbsp; &nbsp; &nbsp; &nbsp; &nbsp; &nbsp; &nbsp; &nbsp; &nbsp; &nbsp; &nbsp; &nbsp; &nbsp; &nbsp; &nbsp; &nbsp; &nbsp; &nbsp; &nbsp; &nbsp; &nbsp; &nbsp; &nbsp; &nbsp; &nbsp; &nbsp; &nbsp; &nbsp; &nbsp; &nbsp; &nbsp; &nbsp; &nbsp; &nbsp; &nbsp; &nbsp; &nbsp; &nbsp; &nbsp; &nbsp; &nbsp; &nbsp; &nbsp; &nbsp; &nbsp; &nbsp; &nbsp; &nbsp; &nbsp; &nbsp; &nbsp; &nbsp; &nbsp; &nbsp; &nbsp; &nbsp; &nbsp; &nbsp; &nbsp; &nbsp; &nbsp; &nbsp; &nbsp; &nbsp; &nbsp; &nbsp; &nbsp; &nbsp; &nbsp; &nbsp;&nbsp;<\/strong><\/span><\/p>\n<p style=\"text-align: center\"><span style=\"color: #ff0000\">\u00a1FELIZ D\u00cdA DEL TRABAJO PARA TODOS!<\/span><\/p>\n<p style=\"margin: 0cm;margin-bottom: .0001pt\"><span style=\"color: #008000\">Mi\u00e9rcoles, 13: <a href=\"https:\/\/blogsaverroes.juntadeandalucia.es\/tdahytgcjaen\/2020\/05\/13\/conoceme-cuestionario-autoaplicado-para-alumnado-nee-tdah-de-6o-curso\/\" target=\"_blank\" rel=\"noopener noreferrer\">Cuestionario autoaplicado para alumnado TDAH de 6\u00ba curso de E. Primaria que va a iniciar la ESO<\/a>: Con\u00f3ceme.<\/span><\/p>\n<p style=\"margin: 0cm 0cm 0.0001pt;text-align: justify\"><span style=\"color: #008000\">Viernes, 15 de mayo: <a href=\"https:\/\/blogsaverroes.juntadeandalucia.es\/tdahytgcjaen\/2020\/05\/16\/transito\/\" target=\"_blank\" rel=\"noopener noreferrer\">Documento de asesoramiento del EOE Especializado. Recomendaciones para facilitar la continuidad del proceso educativo entre etapas de alumnado TDAH\/TGC:<strong>TR\u00c1NSITO<\/strong>.<\/a> &nbsp;&nbsp;(I<a href=\"https:\/\/www.adideandalucia.es\/normas\/instruc\/Instruccion13-2019OrganizacionESO.pdf\">nstrucci\u00f3n 13\/ 2019, <\/a>de 27 de junio, de la Direcci\u00f3n General de Ordenaci\u00f3n y Evaluaci\u00f3n Educativa, por la que se establecen aspectos de organizaci\u00f3n y funcionamiento para los centros que imparten educaci\u00f3n secundaria obligatoria para el curso 2019\/2020).<\/span><\/p>\n<p style=\"margin: 0cm 0cm 0.0001pt;text-align: justify\"><span style=\"color: #008000\">Mi\u00e9rcoles, 20 de mayo: <a href=\"https:\/\/blogsaverroes.juntadeandalucia.es\/tdahytgcjaen\/2020\/05\/20\/1287\/\" target=\"_blank\" rel=\"noopener noreferrer\">Recopilaci\u00f3n de documentos<\/a><\/span><span style=\"color: #008000\">&nbsp;y materiales de ayuda a las familias, generales y espec\u00edficos para determinados grupos de la poblaci\u00f3n, elaborados por diferentes servicios de la comunidad educativa: Gabinetes Provinciales de Asesoramiento a la Convivencia e Igualdad, EOEE TGC de Granada y M\u00e1laga, \u00c1reas de Discapacidad Auditiva de los EOE Especializados andaluces, \u00e1rea de AA.CC.II. del EOEE de Ja\u00e9n, Equipo de Atenci\u00f3n Educativa de Menores Infractores Sometidos a Medida Judicial de Ja\u00e9n, editoriales, etc. Actualizado el viernes, 22 de mayo por noticiario de Canal Sur.<\/span><\/p>\n<p style=\"margin: 0cm 0cm 0.0001pt;text-align: justify\"><span style=\"color: #008000\">Jueves, 28 de mayo: Abierto el plazo de inscripci\u00f3n al <a href=\"https:\/\/blogsaverroes.juntadeandalucia.es\/tdahytgcjaen\/2020\/05\/28\/ix-campamento-terapeutico-de-verano-especializado-en-tdah\/\" target=\"_blank\" rel=\"noopener noreferrer\">IX Campamento Terap\u00e9utico de Verano Especializado en TDAH<\/a>.<\/span><\/p>\n<p style=\"margin: 0cm 0cm 0.0001pt;text-align: justify\"><span style=\"color: #008000\">Mi\u00e9rcoles, 3 de junio: <a href=\"https:\/\/blogsaverroes.juntadeandalucia.es\/tdahytgcjaen\/2020\/06\/03\/1383\/\" target=\"_blank\" rel=\"noopener noreferrer\">Acogida ante la Vuelta a los Centros en Septiembre 20202: dos fabulosos recursos para los tutores y tutoras<\/a>: Crear Grupo (Primaria y Secundaria, respectivamente, elaborado por el \u00e1rea de Acci\u00f3n Tutorial y Convivencia del ETPOEP y Gabinete de Convivencia de Ja\u00e9n) y Cuestionario post-COVID-19 (base para la posible necesidad de una adaptaci\u00f3n curricular familiar, elaborado por la orienradora granadina Luna Garc\u00eda).<\/span><\/p>\n<p style=\"margin: 0cm 0cm 0.0001pt;text-align: justify\"><span style=\"color: #008000\">Lunes, 8 de junio: Actualizaci\u00f3n de documento del EOEE de Ja\u00e9n. Orientaciones para garantizar la continuidad del proceso educativo: <a href=\"https:\/\/blogsaverroes.juntadeandalucia.es\/tdahytgcjaen\/2020\/06\/08\/transito-eoee-jaen-mayo-junio-septiembre-2020\/\" target=\"_blank\" rel=\"noopener noreferrer\">TR\u00c1NSITO DE TODAS LAS \u00c1REAS DEL EOEE<\/a>.<\/span><\/p>\n<p style=\"margin: 0cm 0cm 0.0001pt;text-align: justify\"><span style=\"color: #008000\">Mi\u00e9rcoles, 10 de junio: Post homenaje a <a href=\"https:\/\/blogsaverroes.juntadeandalucia.es\/tdahytgcjaen\/2020\/06\/10\/homenaje-a-pau-dones-por-su-contribucion-a-la-visibilizacion-del-tdah\/\" target=\"_blank\" rel=\"noopener noreferrer\">Pau Don\u00e9s<\/a>, vocalista de Jarabe de Palo, <a href=\"https:\/\/blogsaverroes.juntadeandalucia.es\/tdahytgcjaen\/2020\/06\/10\/homenaje-a-pau-dones-por-su-contribucion-a-la-visibilizacion-del-tdah\/\" target=\"_blank\" rel=\"noopener noreferrer\">por su contribuci\u00f3n a la visibilizaci\u00f3n del TDAH<\/a>.<\/span><\/p>\n<p style=\"text-align: justify\"><span style=\"color: #008000\">Pr\u00f3xima entrada: NEE derivadas de Trastornos Graves de Conducta. Confinamiento de menores con patolog\u00eda mental: apoyo emocional y recomendaciones espec\u00edficas para TND y TD.<\/span><\/p>\n<p>&nbsp;<\/p>\n<p style=\"text-align: center\">&nbsp;<\/p>\n<p style=\"margin: 0cm;margin-bottom: .0001pt\">&nbsp;<\/p>\n<p>&nbsp;<\/p>\n<p><span style=\"color: #333399\">_____________________________________________________________________________________<\/span><\/p>\n<h1 style=\"text-align: right\" align=\"right\"><span style=\"color: #333399\"><strong><span lang=\"IT\" style=\"font-family: Cambria, serif\">#YoMeQuedoEnCasa<\/span><\/strong><\/span><\/h1>\n<h4 style=\"text-align: left\" align=\"center\"><span lang=\"IT\" style=\"font-family: 'Arial Black', sans-serif;color: #008000\"><strong>PRIMER D\u00cdA DE COLE EN CASA: lunes, 16 de marzo<\/strong>&nbsp; &nbsp;<\/span><\/h4>\n<h4 align=\"center\">&nbsp;<\/h4>\n<h4 style=\"text-align: center\" align=\"center\"><span lang=\"IT\" style=\"font-family: 'Arial Black', sans-serif;color: #008000\">RE-ESTRUCTURAR EL AMBIENTE<\/span><\/h4>\n<p style=\"text-align: justify\"><span style=\"color: #333399\">Como todos, con la nueva y excepcional situaci\u00f3n, estos d\u00edas tenemos que ir aprendiendo a convivir sin salir del hogar. Los padres y madres de ni\u00f1os con TDAH ya hab\u00e9is pasado por la incertidumbre (no saber qu\u00e9 le pasa), cierto alivio tras el diagn\u00f3stico (entender por qu\u00e9 se comporta as\u00ed), confianza al ponerlo en manos de especialistas para su tratamiento y evoluci\u00f3n sin relajaci\u00f3n alguna como padres, puesto que form\u00e1is parte del mismo para su buen pron\u00f3stico, por lo que <strong>YA SOIS VERDADEROS T\u00c9CNICOS<\/strong> en la materia.<\/span><\/p>\n<p style=\"text-align: justify\"><span style=\"color: #333399\">&nbsp; &nbsp; &nbsp; &nbsp; &nbsp; Las manifestaciones de este padecimiento pueden incrementarse en estos d\u00edas, y por tanto, las consecuencias emocionales subyacentes: no se fijan en lo que hacen, no terminan tareas, dicen lo primero que se les ocurre, hacen lo primero que piensan, no son capaces de atender mucho tiempo a una sola tarea que les suponga esfuerzo mental sostenido (a excepci\u00f3n de los videojuegos, seg\u00fan recientes investigaciones de neuropsiquiatr\u00eda), el castigo no les sirve, cuando m\u00e1s necesario es que est\u00e9n quietos m\u00e1s inquietud les entra, no tienen conciencia del tiempo ni regulaci\u00f3n del mismo, etc., por lo que pueden desbordar su energ\u00eda (entusiasmo, enfado, etc. ). <strong>No os preocup\u00e9is<\/strong>, todo esto es normal.<\/span><\/p>\n<p style=\"text-align: justify\"><span style=\"color: #333399\"><strong>&nbsp; &nbsp; &nbsp; &nbsp; &nbsp; <span style=\"color: #008000\">Con la finalidad de que no sea agotadora la cuarentena, y para los que no sep\u00e1is qu\u00e9 m\u00e1s hacer, como orientadora del EOEE TGC de Ja\u00e9n, os ofrezco unas recomendaciones b\u00e1sicas este primer d\u00eda sin colegio, para trabajar la autorregulaci\u00f3n y minimizar los efectos de esta circunstancia<\/span><\/strong><span style=\"color: #008000\">:<\/span><\/span><\/p>\n<ol>\n<li style=\"text-align: justify\"><span style=\"color: #333399\"><span style=\"color: #008000\"><strong>Redise\u00f1o y reestructuraci\u00f3n del ambiente<\/strong><\/span>.- Sentarnos padre y madre para establecer unos h\u00e1bitos diarios, es decir, <span style=\"text-decoration: underline\">una rutina completamente organizada, planificada, con horario expl\u00edcito y normas definidas<\/span>. Asimismo, decidir cu\u00e1ndo hacer uso, a diario, de <span style=\"text-decoration: underline\">relojes<\/span> o contadores (para las tareas escolares o programar tiempos de Tv, por ejemplo) y de <span style=\"text-decoration: underline\">se\u00f1ales ac\u00fasticas<\/span> (m\u00fasica, por ejemplo, para los tiempos de ejercicio f\u00edsico o relajaci\u00f3n). Por \u00faltimo, en la medida de las posibilidades, intentar organizar <span style=\"text-decoration: underline\">espacios diferentes<\/span> en casa: espacio de colegio (sin distractores, material estudio necesario, ..), espacio de ejercicio (bici est\u00e1tica, yoga-relajaci\u00f3n, baile, etc.), lugar de tv-juegos digitales, lugar familiar (juegos de mesa, di\u00e1logo, \u2026.), etc.<\/span><\/li>\n<\/ol>\n<h6>&nbsp;<\/h6>\n<ol start=\"2\">\n<li style=\"text-align: justify\"><span style=\"color: #333399\"><strong><span style=\"color: #008000\">Difusi\u00f3n de la informaci\u00f3n<\/span>.-<\/strong>&nbsp;Sentarnos sin distractores y explicar el horario expl\u00edcito de estos d\u00edas siendo entusiastas. Elaborar un cartel (esta tarea se recomienda ser realizada con los ni\u00f1os utilizando fotos, dibujos, im\u00e1genes imprimibles, etc., dando as\u00ed v\u00eda libre a su creatividad).<\/span><\/li>\n<\/ol>\n<p>&nbsp;<\/p>\n<p><span style=\"color: #333399\">&nbsp; &nbsp; &nbsp; &nbsp; &nbsp; Las familias que no est\u00e1is afectadas por un familiar con esta patolog\u00eda, pensar\u00e9is que estas rutinas son important\u00edsimas para todos los ni\u00f1os y ni\u00f1as; ten\u00e9is raz\u00f3n. Pero con un TDAH, son <strong>IMPRESCINDIBLES<\/strong> para reducir el impacto de su sintomatolog\u00eda en esta situaci\u00f3n \u201cde encierro\u201d y evitar, redise\u00f1ando su ambiente, que se produzcan tensiones emocionales en el ambiente familiar.<\/span><\/p>\n<p><span style=\"color: #333399\">______________________________________________________________________________________ &nbsp;<\/span><\/p>\n<h1 style=\"text-align: right\"><span style=\"color: #333399\"><strong>#YoMeQuedoEnCasa<\/strong><\/span><\/h1>\n<h4 style=\"text-align: left\" align=\"center\"><span lang=\"IT\" style=\"font-family: 'Arial Black', sans-serif;color: #008000\"><strong>SEGUNDO D\u00cdA DE COLE EN CASA: martes, 17 de marzo<\/strong><\/span><\/h4>\n<h4 align=\"center\">&nbsp;<\/h4>\n<h4 style=\"text-align: center\" align=\"center\"><span lang=\"IT\" style=\"font-family: 'Arial Black', sans-serif;color: #008000\">CARTELER\u00cdA DE RUTINAS Y T\u00c9CNICAS PERSONALES PARA TDAH<\/span><\/h4>\n<p>&nbsp;<\/p>\n<p style=\"text-align: justify\"><span style=\"color: #333399\">Hoy, segundo d\u00eda sin asistir al cole, se facilitan:<\/span><\/p>\n<ul>\n<li style=\"text-align: justify\"><span style=\"color: #333399\"><strong>PLANTILLAS<\/strong> para esta \u00faltima misi\u00f3n, dependiendo de las edades. <\/span><\/li>\n<li style=\"text-align: justify\"><span style=\"color: #333399\">Un <strong>CARTEL RECORDATORIO<\/strong> para facilitar a vuestro hijo\/a TDAH su autonom\u00eda.<\/span><\/li>\n<\/ul>\n<h1 style=\"text-align: center\"><span style=\"color: #008000\">\u00a1\u00a1\u00a1\u00c1NIMO!!!<\/span><\/h1>\n<h1 style=\"text-align: center\"><span style=\"color: #008000\">UN D\u00cdA MENOS<\/span><\/h1>\n<p>&nbsp;<\/p>\n<p><span style=\"color: #333399\"><img loading=\"lazy\" decoding=\"async\" class=\"wp-image-953 aligncenter\" src=\"https:\/\/blogsaverroes.juntadeandalucia.es\/tdahytgcjaen\/files\/2020\/03\/rutina.png\" alt=\"\" width=\"519\" height=\"419\" srcset=\"https:\/\/blogsaverroes.juntadeandalucia.es\/tdahytgcjaen\/files\/2020\/03\/rutina.png 300w, https:\/\/blogsaverroes.juntadeandalucia.es\/tdahytgcjaen\/files\/2020\/03\/rutina-24x19.png 24w, https:\/\/blogsaverroes.juntadeandalucia.es\/tdahytgcjaen\/files\/2020\/03\/rutina-36x29.png 36w, https:\/\/blogsaverroes.juntadeandalucia.es\/tdahytgcjaen\/files\/2020\/03\/rutina-48x39.png 48w\" sizes=\"(max-width: 519px) 100vw, 519px\" \/>&nbsp; &nbsp; &nbsp;&nbsp; &nbsp; &nbsp; &nbsp; &nbsp; &nbsp;&nbsp;<\/span><\/p>\n<p><span style=\"color: #333399\"><strong>PEGATINAS DE ACTIVIDADES DIARIAS:<\/strong><\/span><\/p>\n<p><span style=\"color: #333399\"><img loading=\"lazy\" decoding=\"async\" class=\"alignnone size-full wp-image-955\" src=\"https:\/\/blogsaverroes.juntadeandalucia.es\/tdahytgcjaen\/files\/2020\/03\/PEGATINAS-RUTINAS.jpg\" alt=\"\" width=\"1132\" height=\"1600\" srcset=\"https:\/\/blogsaverroes.juntadeandalucia.es\/tdahytgcjaen\/files\/2020\/03\/PEGATINAS-RUTINAS.jpg 1132w, https:\/\/blogsaverroes.juntadeandalucia.es\/tdahytgcjaen\/files\/2020\/03\/PEGATINAS-RUTINAS-212x300.jpg 212w, https:\/\/blogsaverroes.juntadeandalucia.es\/tdahytgcjaen\/files\/2020\/03\/PEGATINAS-RUTINAS-768x1086.jpg 768w, https:\/\/blogsaverroes.juntadeandalucia.es\/tdahytgcjaen\/files\/2020\/03\/PEGATINAS-RUTINAS-724x1024.jpg 724w, https:\/\/blogsaverroes.juntadeandalucia.es\/tdahytgcjaen\/files\/2020\/03\/PEGATINAS-RUTINAS-17x24.jpg 17w, https:\/\/blogsaverroes.juntadeandalucia.es\/tdahytgcjaen\/files\/2020\/03\/PEGATINAS-RUTINAS-25x36.jpg 25w, https:\/\/blogsaverroes.juntadeandalucia.es\/tdahytgcjaen\/files\/2020\/03\/PEGATINAS-RUTINAS-34x48.jpg 34w\" sizes=\"(max-width: 1132px) 100vw, 1132px\" \/><\/span><\/p>\n<p><span style=\"color: #333399\"><strong>A PARTIR DE \u00daLTIMOS CURSOS DE EDUCACI\u00d3N PRIMARIA:<\/strong> &nbsp; &nbsp; &nbsp; &nbsp; &nbsp;&nbsp;<img loading=\"lazy\" decoding=\"async\" class=\"alignnone size-full wp-image-954\" src=\"https:\/\/blogsaverroes.juntadeandalucia.es\/tdahytgcjaen\/files\/2020\/03\/PLANIFICARSE-LA-SEMANA-TDAH-Y-TU.jpg\" alt=\"\" width=\"512\" height=\"366\" srcset=\"https:\/\/blogsaverroes.juntadeandalucia.es\/tdahytgcjaen\/files\/2020\/03\/PLANIFICARSE-LA-SEMANA-TDAH-Y-TU.jpg 512w, https:\/\/blogsaverroes.juntadeandalucia.es\/tdahytgcjaen\/files\/2020\/03\/PLANIFICARSE-LA-SEMANA-TDAH-Y-TU-300x214.jpg 300w, https:\/\/blogsaverroes.juntadeandalucia.es\/tdahytgcjaen\/files\/2020\/03\/PLANIFICARSE-LA-SEMANA-TDAH-Y-TU-24x17.jpg 24w, https:\/\/blogsaverroes.juntadeandalucia.es\/tdahytgcjaen\/files\/2020\/03\/PLANIFICARSE-LA-SEMANA-TDAH-Y-TU-36x26.jpg 36w, https:\/\/blogsaverroes.juntadeandalucia.es\/tdahytgcjaen\/files\/2020\/03\/PLANIFICARSE-LA-SEMANA-TDAH-Y-TU-48x34.jpg 48w\" sizes=\"(max-width: 512px) 100vw, 512px\" \/><\/span><\/p>\n<p style=\"text-align: center\"><span style=\"color: #333399\"><img loading=\"lazy\" decoding=\"async\" class=\"alignnone size-full wp-image-956\" src=\"https:\/\/blogsaverroes.juntadeandalucia.es\/tdahytgcjaen\/files\/2020\/03\/Pautas-para-ni\u00f1os-con-TDAH.png\" alt=\"\" width=\"679\" height=\"458\" srcset=\"https:\/\/blogsaverroes.juntadeandalucia.es\/tdahytgcjaen\/files\/2020\/03\/Pautas-para-ni\u00f1os-con-TDAH.png 679w, https:\/\/blogsaverroes.juntadeandalucia.es\/tdahytgcjaen\/files\/2020\/03\/Pautas-para-ni\u00f1os-con-TDAH-300x202.png 300w, https:\/\/blogsaverroes.juntadeandalucia.es\/tdahytgcjaen\/files\/2020\/03\/Pautas-para-ni\u00f1os-con-TDAH-24x16.png 24w, https:\/\/blogsaverroes.juntadeandalucia.es\/tdahytgcjaen\/files\/2020\/03\/Pautas-para-ni\u00f1os-con-TDAH-36x24.png 36w, https:\/\/blogsaverroes.juntadeandalucia.es\/tdahytgcjaen\/files\/2020\/03\/Pautas-para-ni\u00f1os-con-TDAH-48x32.png 48w\" sizes=\"(max-width: 679px) 100vw, 679px\" \/><\/span><\/p>\n<p><span style=\"color: #333399\">______________________________________________________________________________________ &nbsp;<\/span><\/p>\n<h1 style=\"text-align: right\"><span style=\"color: #333399\"><strong>#YoMeQuedoEnCasa<\/strong><\/span><\/h1>\n<h4 style=\"text-align: left\" align=\"center\"><span lang=\"IT\" style=\"font-family: 'Arial Black', sans-serif;color: #008000\"><strong>TERCER D\u00cdA DE COLE EN CASA: mi\u00e9rcoles, 18 de marzo<\/strong><\/span><\/h4>\n<p>&nbsp;<\/p>\n<p style=\"text-align: justify\"><span style=\"color: #333399\">Para no sobrecargaros de informaci\u00f3n en esta p\u00e1gina principal, \u00abcuelgo\u00bb estos peque\u00f1os <strong>TIPS<\/strong> de gran utilidad para ayudar a tu hijo o hija con TDAH en el D\u00cdA A D\u00cdA. (Quien desee <strong>informaci\u00f3n m\u00e1s elaborada, pinchar sobre el siguiente post:<\/strong> <a style=\"color: #333399\" href=\"https:\/\/blogsaverroes.juntadeandalucia.es\/tdahytgcjaen\/category\/recursos\/para-saber-mas\/4-3-familias\/\">\u00abT\u00e9cnicas sencillas del d\u00eda a d\u00eda\u00bb<\/a>, que se puede encontrar en la categor\u00eda <em>Familias<\/em> de este blog.)<\/span><\/p>\n<p>&nbsp;<\/p>\n<p style=\"text-align: center\"><span style=\"color: #008000\">1. Las peticiones deben ser cortas y claras<\/span><\/p>\n<p style=\"text-align: center\"><span style=\"color: #008000\">2. Dar la instrucci\u00f3n de una en una; no pedirle varias cosas a la vez<\/span><\/p>\n<p style=\"text-align: center\"><span style=\"color: #008000;line-height: 1.6\">3. Como un juego, pedir que repita la instrucci\u00f3n<\/span><\/p>\n<p style=\"text-align: center\"><span style=\"color: #008000;line-height: 1.6\">4. Divide las tareas largas en peque\u00f1os grupos<\/span><\/p>\n<p style=\"text-align: center\"><span style=\"color: #008000;line-height: 1.6\">5. Poner hora l\u00edmite para cada tarea<\/span><\/p>\n<p style=\"text-align: center\"><span style=\"color: #008000;line-height: 1.6\">6. En las tareas escolares, dar peque\u00f1os descansos<\/span><\/p>\n<h4><span style=\"color: #333399\">&nbsp; &nbsp; &nbsp; &nbsp; &nbsp;<\/span><\/h4>\n<p style=\"text-align: justify\"><span style=\"color: #333399\">&nbsp; &nbsp; &nbsp; &nbsp; &nbsp; En el tiempo que hay\u00e1is establecido en vuestro planning para el juego con vuestro hijo\/a, podemos aprovechar para ejercitar su D\u00c9FICIT DE ATENCI\u00d3N con habituales <strong>JUEGOS DE ENTRETENIMIENTO<\/strong>, sin que suponga una terapia o programa espec\u00edfico del colegio. En la siguiente imagen se facilitan ideas para realizar actividades\/juegos que ayudan a mejorar su disfunci\u00f3n neurobiol\u00f3gica:<img loading=\"lazy\" decoding=\"async\" class=\" wp-image-962 aligncenter\" src=\"https:\/\/blogsaverroes.juntadeandalucia.es\/tdahytgcjaen\/files\/2020\/03\/TRATAR-LA-ATENCI\u00d3N.png\" alt=\"\" width=\"795\" height=\"1060\" srcset=\"https:\/\/blogsaverroes.juntadeandalucia.es\/tdahytgcjaen\/files\/2020\/03\/TRATAR-LA-ATENCI\u00d3N.png 1024w, https:\/\/blogsaverroes.juntadeandalucia.es\/tdahytgcjaen\/files\/2020\/03\/TRATAR-LA-ATENCI\u00d3N-225x300.png 225w, https:\/\/blogsaverroes.juntadeandalucia.es\/tdahytgcjaen\/files\/2020\/03\/TRATAR-LA-ATENCI\u00d3N-768x1024.png 768w, https:\/\/blogsaverroes.juntadeandalucia.es\/tdahytgcjaen\/files\/2020\/03\/TRATAR-LA-ATENCI\u00d3N-18x24.png 18w, https:\/\/blogsaverroes.juntadeandalucia.es\/tdahytgcjaen\/files\/2020\/03\/TRATAR-LA-ATENCI\u00d3N-27x36.png 27w, https:\/\/blogsaverroes.juntadeandalucia.es\/tdahytgcjaen\/files\/2020\/03\/TRATAR-LA-ATENCI\u00d3N-36x48.png 36w\" sizes=\"(max-width: 795px) 100vw, 795px\" \/><\/span><\/p>\n<p><span style=\"color: #333399\">_____________________________________________________________________________________<\/span><\/p>\n<h4 style=\"text-align: left\" align=\"center\"><span lang=\"IT\" style=\"font-family: 'Arial Black', sans-serif;color: #008000\"><strong>CUARTO D\u00cdA DE COLE EN CASA: jueves, 19 de marzo<\/strong><\/span><\/h4>\n<p>&nbsp;<\/p>\n<h1 style=\"text-align: right\" align=\"right\"><span style=\"color: #333399\"><strong><span lang=\"IT\" style=\"font-family: Cambria, serif\">#YoMeQuedoEnCasa<\/span><\/strong><\/span><\/h1>\n<h1 style=\"text-align: center\" align=\"center\"><span style=\"color: #333399\"><img loading=\"lazy\" decoding=\"async\" class=\"size-full wp-image-976 alignright\" src=\"https:\/\/blogsaverroes.juntadeandalucia.es\/tdahytgcjaen\/files\/2020\/03\/feliz-d\u00eda-del-padre-1.jpg\" alt=\"\" width=\"225\" height=\"225\" srcset=\"https:\/\/blogsaverroes.juntadeandalucia.es\/tdahytgcjaen\/files\/2020\/03\/feliz-d\u00eda-del-padre-1.jpg 225w, https:\/\/blogsaverroes.juntadeandalucia.es\/tdahytgcjaen\/files\/2020\/03\/feliz-d\u00eda-del-padre-1-150x150.jpg 150w, https:\/\/blogsaverroes.juntadeandalucia.es\/tdahytgcjaen\/files\/2020\/03\/feliz-d\u00eda-del-padre-1-100x100.jpg 100w, https:\/\/blogsaverroes.juntadeandalucia.es\/tdahytgcjaen\/files\/2020\/03\/feliz-d\u00eda-del-padre-1-24x24.jpg 24w, https:\/\/blogsaverroes.juntadeandalucia.es\/tdahytgcjaen\/files\/2020\/03\/feliz-d\u00eda-del-padre-1-36x36.jpg 36w, https:\/\/blogsaverroes.juntadeandalucia.es\/tdahytgcjaen\/files\/2020\/03\/feliz-d\u00eda-del-padre-1-48x48.jpg 48w\" sizes=\"(max-width: 225px) 100vw, 225px\" \/>&nbsp; &nbsp; &nbsp; &nbsp; &nbsp; &nbsp;<\/span><\/h1>\n<h1 style=\"text-align: center\" align=\"center\"><span style=\"color: #ff0000\"><strong>&nbsp;\u00a1 HOY ES UN D\u00cdA ESPECIAL! \u00a1HAGAMOS ALGO ESPECIAL! <\/strong><\/span><\/h1>\n<h1 align=\"center\">&nbsp;<\/h1>\n<p style=\"text-align: left\" align=\"center\"><span style=\"color: #333399\">En este link, se recogen 70 manualidades para hacer es este d\u00eda:<\/span><\/p>\n<p style=\"text-align: left\" align=\"center\"><span style=\"color: #333399\">&nbsp; &nbsp; &nbsp; &nbsp; &nbsp; &nbsp; &nbsp; &nbsp; &nbsp; &nbsp;<a style=\"color: #333399\" href=\"https:\/\/www.umamanualidades.com\/dia-del-padre\/\">https:\/\/www.umamanualidades.com\/dia-del-padre\/<\/a><\/span><\/p>\n<h1 style=\"text-align: left\" align=\"center\"><span style=\"color: #333399\">&nbsp; &nbsp; &nbsp; &nbsp; &nbsp; &nbsp; &nbsp; &nbsp; &nbsp; &nbsp; &nbsp; &nbsp; &nbsp; &nbsp; &nbsp; &nbsp; &nbsp; &nbsp; &nbsp; &nbsp; &nbsp; &nbsp; &nbsp; &nbsp; &nbsp; &nbsp; &nbsp; &nbsp; &nbsp; &nbsp;<\/span><\/h1>\n<h1 style=\"text-align: center\"><span style=\"color: #333399\">&nbsp; &nbsp; &nbsp; &nbsp; &nbsp; &nbsp; &nbsp; &nbsp; &nbsp; &nbsp; &nbsp; &nbsp; &nbsp; &nbsp; &nbsp; &nbsp; &nbsp; &nbsp; &nbsp; &nbsp;<span style=\"color: #008000\"> &nbsp;\u00a1\u00a1\u00a1\u00c1NIMO!!!<\/span><\/span><\/h1>\n<h1 style=\"text-align: center\"><span style=\"color: #008000\">UN D\u00cdA MENOS<\/span><\/h1>\n<p><span style=\"color: #333399\">_________________________________________________________________________________________________________<\/span><\/p>\n<h4 style=\"text-align: left\" align=\"center\"><span lang=\"IT\" style=\"font-family: 'Arial Black', sans-serif;color: #008000\"><strong>QUINTO D\u00cdA DE COLE EN CASA: viernes, 20 de marzo<\/strong><\/span><\/h4>\n<h1 style=\"text-align: right\" align=\"right\"><span style=\"color: #333399\"><strong><span lang=\"IT\" style=\"font-family: Cambria, serif\">#YoMeQuedoEnCasa<\/span><\/strong><\/span><\/h1>\n<h1 style=\"text-align: center\" align=\"center\"><span style=\"color: #008000\"><strong>\u00a1PRIMERA SEMANA SUPERADA!<\/strong><\/span><\/h1>\n<p>&nbsp;<\/p>\n<p><span style=\"color: #333399\">Hoy, \u00faltimo d\u00eda \u00ablectivo\u00bb de la semana, dedico este post a facilitar respuestas a preguntas frecuentes de padres y madres a lo largo de estos primeros d\u00edas:<\/span><\/p>\n<p>&nbsp;<\/p>\n<h3 style=\"text-align: center\"><span style=\"color: #008000\"><strong>-RESPUESTAS A SITUACIONES FRECUENTES EVIDENCIADAS ESTOS D\u00cdAS EN EL HOGAR DE UN TDAH-<\/strong><\/span><\/h3>\n<p>&nbsp;<\/p>\n<p><span style=\"color: #333399\"><strong>1. \u00bfC\u00f3mo podemos ayudar a nuestro hijo\/a con TDAH a terminar una tarea?<\/strong><\/span><\/p>\n<p style=\"text-align: justify\"><span style=\"color: #333399\">Como sab\u00edais, y ahora se habr\u00e1 evidenciado al estar 24 horas conviviendo, a vuestro hijo\/a le cuesta acabar cualquier tarea, sea escolar o no. El EOEE recomienda <span style=\"text-decoration: underline\">DIVIDIRLA EN PASOS M\u00c1S PEQUE\u00d1OS<\/span>. Para las tareas o encargos de la casa, es buena idea escribirle los distintos pasos (por ejemplo, recoger la mesa es: 1. vaciar los platos en la basura, 2. vaciar el agua sobrante de los vasos en el fregadero, 3. meter los platos, vasos y cubiertos en el lavavajillas, 4. poner jab\u00f3n en el lavavajillas y encenderlo, 5. limpiar las migas de la mesa). Estos d\u00edas en los que tenemos todo mucho tiempo, se pueden hacer <span style=\"text-decoration: underline\">TARJETAS<\/span> de diferentes tareas que les hayamos asignado de colaboraci\u00f3n\/responsabilidades diarias, como limpiar\/arreglar su habitaci\u00f3n; hacer la cama; rutina al despertarse (levantarse, lavarse, vestirse, desayunar, lavarse los dientes, coger todo los necesario para inicio del \u201ccole en casa\u201d, por ejemplo).<\/span><\/p>\n<p>&nbsp;<\/p>\n<p><span style=\"color: #333399\"><strong>2. \u00bfC\u00f3mo podemos mantener el orden de la casa?<\/strong><\/span><\/p>\n<p style=\"text-align: justify\"><span style=\"color: #333399\">Como se indic\u00f3 en el primer post, el orden y la estructura del hogar es imprescindible para un ni\u00f1o\/a y adolescente con TDAH. <span style=\"text-decoration: underline\">PARA MANTENER CADA COSA EN SU SITIO, HAY QUE BUSCAR UN SITIO A CADA COSA<\/span>. Ideas: poner <span style=\"text-decoration: underline\">ETIQUETAS<\/span> en las <em>cajas<\/em> de los juguetes donde haya que guardarlos, en el <em>estante<\/em> donde debe colocar sus libros\/materiales escolares despu\u00e9s de realizarlos, en la <em>balda<\/em> donde guardar el chandal despu\u00e9s de la jornada de ejercicio\/ gimnasia, etc. Antes de acostarnos, todas las noches, debemos asegurarnos de que los menores se cercioren de que cada cosa est\u00e9 en su sitio; as\u00ed evitaremos olvidos, p\u00e9rdidas de tiempo buscando el material, y enfados entre todos. Ahora m\u00e1s que nunca, CASA ORDENADA, MENTE ORDENADA.&nbsp;Se pueden utilizar <span style=\"text-decoration: underline\">RELOJES<\/span>, temporalizadores o cron\u00f3metros, como ya se recomend\u00f3; a t\u00edtulo de ejemplo, 15 minutos antes de la hora de acostarse, que suene la alarma, como inicio de \u00abacostarse\u00bb, que incluye 3 tareas: cerciorarse que todo est\u00e1 recogido para la ma\u00f1ana siguiente comenzar la rutina, ir al wc y acostarse.<\/span><\/p>\n<p>&nbsp;<\/p>\n<p><span style=\"color: #333399\"><strong>3. \u00bfC\u00f3mo podemos eliminar ruidos y distracciones mientras hace las tareas escolares si estamos muchos en casa?<\/strong><\/span><\/p>\n<p style=\"text-align: justify\"><span style=\"color: #333399\">Cuando vuestro hijo o hija con TDAH est\u00e1 haciendo sus deberes escolares, lo habitual es que se distraiga con cualquier est\u00edmulo, puesto que el d\u00e9ficit en mantener la atenci\u00f3n es uno de sus s\u00edntomas nucleares (la radio que tenemos puesta en otra habitaci\u00f3n; suena el tel\u00e9fono; una sirena se escucha ahora con frecuencia en la calle; pasamos por su lado; etc.), por lo que debemos intentar evitar que haya cualquier tipo de distracci\u00f3n a su alrededor en la medida de nuestras posibilidades. Normalmente creemos que un sitio aislado y muy silencioso ser\u00e1 el mejor, pero hay que decir que \u00e9l o ella trabaja mejor en un <span style=\"text-decoration: underline\">SITIO TRANQUILO, PERO NO ALEJADO<\/span>, donde podamos supervisarle de vez en cuando. Preguntad a vuestro hijo\/a d\u00f3nde cree que se concentrar\u00e1 mejor.&nbsp;<\/span><\/p>\n<p>&nbsp;<\/p>\n<p><span style=\"color: #333399\"><strong>4. \u00bfC\u00f3mo podemos minimizar los problemas que est\u00e1n surgiendo con la convivencia?<\/strong><\/span><\/p>\n<p><span style=\"color: #333399\"><span style=\"line-height: 1.6\">Servir de modelo y mediador es un m\u00e9todo sistem\u00e1tico de soluci\u00f3n de problemas en todas las aulas y todas las familias. Resumidamente, implica:<\/span><\/span><\/p>\n<ul style=\"list-style-type: circle\">\n<li style=\"text-align: justify\"><span style=\"color: #333399\"><span style=\"text-decoration: underline\">PARARSE<\/span>: \u00ab\u00bfcu\u00e1l es el problema?\u201d. Definir el problema espec\u00edficamente procurando que los implicados est\u00e9n de acuerdo.<\/span><\/li>\n<li style=\"text-align: justify\"><span style=\"color: #333399\"><span style=\"text-decoration: underline\">TORMENTA DE IDEAS<\/span>: \u201c\u00bfqu\u00e9 planes podemos seguir para solucionarlo?\u201d. No censurar ni criticar opciones e ir anotando todas las aportaciones.<\/span><\/li>\n<li style=\"text-align: justify\"><span style=\"color: #333399\"><span style=\"text-decoration: underline\">CONSECUENCIAS DE CADA OPCI\u00d3N<\/span>: \u00abqu\u00e9 ganancia y p\u00e9rdida tiene cada una?\u00bb. Colocar puntos positivos o negativos en cada una de las posibilidades recogidas anteriormente, seg\u00fan los criterios de mayor ganancia y justicia.<\/span><\/li>\n<li><span style=\"color: #333399\"><span style=\"text-decoration: underline\">ELEGIR SOLUCI\u00d3N Y PONERLA EN MARCHA<\/span>: \u201c\u00bfcu\u00e1l de las alternativas re\u00fane m\u00e1s aspectos positivos y menos negativos?\u201d. ponerla en marcha.<\/span><\/li>\n<li style=\"text-align: justify\"><span style=\"color: #333399\"><span style=\"text-decoration: underline\">VALORAR LA SOLUCI\u00d3N<\/span>: \u201c\u00bfc\u00f3mo ha funcionado nuestro plan?\u201d. Cerciorarnos de que los implicados est\u00e1n satisfechos; si no, repetir de nuevo el proceso.<\/span><\/li>\n<\/ul>\n<p><span style=\"color: #333399\">______________________________________________________________________________________________<\/span><\/p>\n<h1 style=\"text-align: right\" align=\"right\"><span style=\"color: #333399\"><strong><span lang=\"IT\" style=\"font-family: Cambria, serif\">#YoMeQuedoEnCasa<\/span><\/strong><\/span><\/h1>\n<h1 style=\"margin-top: 0cm;text-align: right\" align=\"right\"><span style=\"color: #333399\"><strong><span lang=\"IT\" style=\"font-family: Cambria, serif\">#UnDiaMenos<\/span><\/strong><\/span><\/h1>\n<p>&nbsp;<\/p>\n<h4 style=\"text-align: left\" align=\"center\"><span lang=\"IT\" style=\"font-family: 'Arial Black', sans-serif;color: #008000\"><strong>INICIAMOS LA SEGUNDA SEMANA DE \u00abCOLE EN CASA\u00bb: lunes, 23 de marzo<\/strong>&nbsp; &nbsp; &nbsp;<\/span><\/h4>\n<p><span style=\"color: #333399\"><img loading=\"lazy\" decoding=\"async\" class=\"size-full wp-image-993 alignleft\" src=\"https:\/\/blogsaverroes.juntadeandalucia.es\/tdahytgcjaen\/files\/2020\/03\/aplausos-gif-animado-con-movimiento-8.gif\" alt=\"\" width=\"324\" height=\"232\"><\/span><\/p>\n<p style=\"text-align: justify\"><span style=\"color: #333399\">&nbsp; &nbsp; <\/span><\/p>\n<p>&nbsp;<\/p>\n<p style=\"text-align: justify\"><span style=\"color: #333399\">\u00a1Iniciamos una nueva semana!<\/span><\/p>\n<p style=\"text-align: justify\"><span style=\"color: #333399\">En primer lugar, comienzo con <strong>mis sinceras felicitaciones<\/strong> por el esfuerzo que est\u00e1is realizando. <\/span><\/p>\n<p style=\"text-align: justify\"><span style=\"color: #333399\">Y en segundo lugar, hoy os facilito varios enlaces recopilados de <strong>videos \u00fatiles de youtube<\/strong> para ayudaos a mantener a vuestro hijo o hija TDAH con mayor tranquilidad a lo largo de estos d\u00edas. Recomiendo introducirlos entre las rutinas diarias por sus beneficios.<\/span><\/p>\n<p>&nbsp;<\/p>\n<h3 style=\"text-align: center\"><span style=\"color: #333399\"><strong>-EJERCICIO F\u00cdSICO Y CANCI\u00d3N PARA TDAH: RELAJARSE Y TRANQUILIZARSE-<\/strong><\/span><\/h3>\n<p>&nbsp;<\/p>\n<h4><span style=\"color: #333399\"><strong>Yoga ni\u00f1os: para jugar y estudiar mejor (duraci\u00f3n: 18:26 minutos). CanalBienestar.<\/strong><\/span><\/h4>\n<p><span style=\"color: #333399\">Este video puede ser de utilidad, tanto para Primaria como para el primer ciclo de la ESO.&nbsp;A partir de este nivel educativo, puede seleccionarse cualquier tutorial de yoga para adultos.<\/span><\/p>\n<p>https:\/\/www.youtube.com\/watch?v=nNbRQX8yJWs<\/p>\n<h4>&nbsp;<\/h4>\n<h4>&nbsp;<\/h4>\n<h4><span style=\"color: #333399\"><strong>Emoticantos: Despacio me Tranquilizo<\/strong><\/span><\/h4>\n<p style=\"text-align: justify\"><span style=\"color: #333399\">Es una de las canciones del <em>Proyecto Educativo <strong>EMOTICANTOS<\/strong><\/em>. Dicho Proyecto consta de un manual docente y CD-ROM, entre las que se incluye esta canci\u00f3n \u00abDespacio me Tranquilizo\u00bb, creo muy adecuada para su uso en estos momentos \u00abde encierro\u00bb, en los que la posibilidad de desesperarse de un TDAH es muy elevada. Est\u00e1 dise\u00f1ada para su uso en edades desde los <strong>3 a los 10 a\u00f1os<\/strong>.<\/span><\/p>\n<p><iframe loading=\"lazy\" title=\"Marina y los Emoticantos: Despacio me Tranquilizo\" width=\"843\" height=\"474\" src=\"https:\/\/www.youtube.com\/embed\/uovVmabRN08?feature=oembed\" frameborder=\"0\" allow=\"accelerometer; autoplay; clipboard-write; encrypted-media; gyroscope; picture-in-picture; web-share\" referrerpolicy=\"strict-origin-when-cross-origin\" allowfullscreen><\/iframe><\/p>\n<p>&nbsp;<\/p>\n<p><span style=\"color: #333399\">&nbsp; &nbsp; &nbsp;<strong> Si dese\u00e1is conocer otras actividades para relajar y tranquilizar a ni\u00f1os y ni\u00f1as con TDAH, en <a style=\"color: #333399\" href=\"https:\/\/www.youtube.com\/results?search_query=Ni%C3%B1os+con+TDAH.+Actividades+para+relajar+y+tranquilizar\" target=\"_blank\" rel=\"noopener noreferrer\">youtube<\/a> se pueden encontrar multitud de videos diversos que pueden adecuarse a las particularidades concretas de vuestros hijos e hijas.<\/strong><\/span><\/p>\n<p><span style=\"color: #333399\">__________________________________________________________________________________________<\/span><\/p>\n<h1 style=\"text-align: right\" align=\"right\"><span style=\"color: #333399\"><strong><span lang=\"IT\" style=\"font-family: Cambria, serif\">#YoMeQuedoEnCasa<\/span><\/strong><\/span><\/h1>\n<h1 style=\"margin-top: 0cm;text-align: right\" align=\"right\"><span style=\"color: #333399\"><strong><span lang=\"IT\" style=\"font-family: Cambria, serif\">#UnDiaMenos<\/span><\/strong><\/span><\/h1>\n<p>&nbsp;<\/p>\n<h4 style=\"text-align: left\" align=\"center\"><span lang=\"IT\" style=\"font-family: 'Arial Black', sans-serif;color: #008000\"><strong>MARTES, 24 de marzo: <\/strong><\/span><\/h4>\n<h4 style=\"text-align: center\" align=\"center\"><span lang=\"IT\" style=\"font-family: 'Arial Black', sans-serif;color: #008000\"><strong>&nbsp; &nbsp; &nbsp;CORONAVIRUS: ALERTAN DE NO ABUSAR DE VIDEOJUEGOS EN EL CONFINAMIENTO. ALTERNATIVAS DEL EOE ESPECIALIZADO TGC.<\/strong><\/span><\/h4>\n<h4 style=\"text-align: left\" align=\"center\"><span style=\"color: #333399\"><span lang=\"IT\" style=\"font-family: 'Arial Black', sans-serif\">&nbsp; &nbsp;<\/span><strong>&nbsp;<\/strong><\/span><\/h4>\n<p style=\"text-align: justify\"><span style=\"color: #333399\"><img loading=\"lazy\" decoding=\"async\" class=\"size-full wp-image-524 alignright\" src=\"https:\/\/blogsaverroes.juntadeandalucia.es\/tdahytgcjaen\/files\/2017\/03\/enlaces-de-inter\u00e9s.jpg\" alt=\"\" width=\"240\" height=\"157\" srcset=\"https:\/\/blogsaverroes.juntadeandalucia.es\/tdahytgcjaen\/files\/2017\/03\/enlaces-de-inter\u00e9s.jpg 240w, https:\/\/blogsaverroes.juntadeandalucia.es\/tdahytgcjaen\/files\/2017\/03\/enlaces-de-inter\u00e9s-24x16.jpg 24w, https:\/\/blogsaverroes.juntadeandalucia.es\/tdahytgcjaen\/files\/2017\/03\/enlaces-de-inter\u00e9s-36x24.jpg 36w, https:\/\/blogsaverroes.juntadeandalucia.es\/tdahytgcjaen\/files\/2017\/03\/enlaces-de-inter\u00e9s-48x31.jpg 48w\" sizes=\"(max-width: 240px) 100vw, 240px\" \/>El pasado 20 de marzo, profesionales de la psiquiatr\u00eda de m\u00e1s de 60 pa\u00edses, difundieron el <strong>COMUNICADO<\/strong>&nbsp;emitido por la Asociaci\u00f3n Catalana de Adicciones Sociales, en el que se reconoce que los videojuegos estos d\u00edas, claro que son una opci\u00f3n, pero <strong>\u00abse tiene que establecer un tiempo m\u00e1ximo razonable de dedicaci\u00f3n y parar cuando toca\u00bb <\/strong>y, que si se abusa de estas opciones de ocio:<strong>&nbsp;\u00abAhora puede parecer una manera&nbsp;ideal&nbsp;de&nbsp;entretener a ni\u00f1os y j\u00f3venes, pero la conducta de estos d\u00edas puede ser dif\u00edcil de controlar despu\u00e9s\u00bb.&nbsp;<\/strong>Hay que establecer horarios durante el confinamiento por coronavirus para evitar el desarrollo de conductas adictivas. Se ha recomendado&nbsp;establecer horarios:<strong>&nbsp;<\/strong><strong>\u00abSe tiene que llenar la jornada de&nbsp;actividades&nbsp;diferentes y cambiarlo cada d\u00eda para no hacer siempre lo mismo\u00bb. (V\u00e9ase la primera y segunda entrada de este blog desde el inicio del confinamiento:<a style=\"color: #333399\" href=\"https:\/\/blogsaverroes.juntadeandalucia.es\/tdahytgcjaen\/?s=colegio+en+casa\"> d\u00edas 16 y 17 de marzo<\/a>).<\/strong><\/span><\/p>\n<p>&nbsp;<\/p>\n<p style=\"text-align: justify\"><span style=\"color: #333399\">&nbsp; &nbsp; &nbsp; &nbsp; Con este fin, d\u00eda a d\u00eda voy compartiendo actividades diversas, para la puesta en marcha por las familias, seg\u00fan sus posibilidades y caracter\u00edsticas. Ayer compart\u00ed un video de yoga y una canci\u00f3n, que deber\u00edan ponerse en marcha, como rutina diaria. Ambos favorecen la reducci\u00f3n de la impulsividad (fruto del d\u00e9ficit en la autorregulaci\u00f3n), s\u00edntoma principal de vuestro hijo o hija con TDAH.<\/span><\/p>\n<p><span style=\"color: #333399\"><strong>&nbsp; &nbsp; &nbsp; &nbsp; &nbsp; &nbsp;<\/strong>Hoy, para completar una intervenci\u00f3n integral de esta patolog\u00eda, ofrezco <strong>IDEAS PARA FAVORECER LA ATENCI\u00d3N<\/strong>, incluyendo el uso de nuevas tecnolog\u00edas por su alto poder motivador y sustitutivo de los videojuegos:<\/span><\/p>\n<p><span style=\"color: #333399\"><strong>&nbsp;<\/strong><\/span><\/p>\n<p style=\"text-align: center\"><span style=\"color: #333399\"><strong>-EJERCICIOS Y ACTIVIDADES DIGITALES VARIADAS PARA POTENCIAR LA ATENCI\u00d3N-<\/strong><\/span><\/p>\n<p><span style=\"color: #333399\"><strong>&nbsp;<\/strong><\/span><\/p>\n<p style=\"text-align: justify\"><span style=\"color: #333399\"><strong><img loading=\"lazy\" decoding=\"async\" class=\"wp-image-1005 alignleft\" src=\"https:\/\/blogsaverroes.juntadeandalucia.es\/tdahytgcjaen\/files\/2020\/03\/youtube-12-ejercicios-DA.jpg\" alt=\"\" width=\"202\" height=\"113\" srcset=\"https:\/\/blogsaverroes.juntadeandalucia.es\/tdahytgcjaen\/files\/2020\/03\/youtube-12-ejercicios-DA.jpg 300w, https:\/\/blogsaverroes.juntadeandalucia.es\/tdahytgcjaen\/files\/2020\/03\/youtube-12-ejercicios-DA-24x13.jpg 24w, https:\/\/blogsaverroes.juntadeandalucia.es\/tdahytgcjaen\/files\/2020\/03\/youtube-12-ejercicios-DA-36x20.jpg 36w, https:\/\/blogsaverroes.juntadeandalucia.es\/tdahytgcjaen\/files\/2020\/03\/youtube-12-ejercicios-DA-48x27.jpg 48w\" sizes=\"(max-width: 202px) 100vw, 202px\" \/>&nbsp;&nbsp;<\/strong><\/span><\/p>\n<p style=\"text-align: justify\"><span style=\"color: #333399\"><strong>12 ejercicios para ni\u00f1os con d\u00e9ficit de atenci\u00f3n (duraci\u00f3n: 12 minutos). Martha Lucina Hern\u00e1ndez (autora de la web Pedagog\u00eda Sana)<\/strong><\/span><\/p>\n<p style=\"text-align: justify\"><span style=\"color: #333399\">Son de utilidad, tanto para Primaria como para la ESO. La primera parte, hasta el minuto 4, ofrece <em>recomendaciones<\/em> para TDAH, subtipo d\u00e9ficit de atenci\u00f3n (<u>TDAH-DA<\/u>). A partir del minuto 4:00, se recogen los siguientes ejercicios: 1.&nbsp;<em>Ejercicios de cancelaci\u00f3n, 2. Secuencia de N\u00fameros, 3. Leer un cuento\/texto, 4. Ejercicio de Atenci\u00f3n Sostenida y Memoria, &nbsp;5. Ejercicios de Atenci\u00f3n Selectiva, <del>6. Detalles en la Calle, 7. Detalles en las Personas,<\/del>&nbsp;<\/em><em>8. Ejercicios de Atenci\u00f3n Dividida, 9. Bailar con un vaso de agua, 10. Andar con una pelota peque\u00f1a en una cuchara en la boca, 11. Deporte con Retos y 12. Secuencias en juegos de Mesa. <\/em>Por el momento, los ejercicios que he tachado, dada la situaci\u00f3n de confinamiento, pueden omitirse o realizarse con modificaciones; desde el balc\u00f3n, por ejemplo).<\/span><\/p>\n<p><span style=\"color: #333399\"><a style=\"color: #333399\" href=\"https:\/\/www.youtube.com\/watch?v=FOs5CWp3Qr0\">https:\/\/www.youtube.com\/watch?v=FOs5CWp3Qr0<\/a><\/span><\/p>\n<p>&nbsp;<\/p>\n<p><span style=\"color: #333399\"><strong><img loading=\"lazy\" decoding=\"async\" class=\"wp-image-1003 alignleft\" src=\"https:\/\/blogsaverroes.juntadeandalucia.es\/tdahytgcjaen\/files\/2020\/03\/donde-esta-wally-google-maps-02.jpg\" alt=\"\" width=\"164\" height=\"114\" srcset=\"https:\/\/blogsaverroes.juntadeandalucia.es\/tdahytgcjaen\/files\/2020\/03\/donde-esta-wally-google-maps-02.jpg 1024w, https:\/\/blogsaverroes.juntadeandalucia.es\/tdahytgcjaen\/files\/2020\/03\/donde-esta-wally-google-maps-02-300x210.jpg 300w, https:\/\/blogsaverroes.juntadeandalucia.es\/tdahytgcjaen\/files\/2020\/03\/donde-esta-wally-google-maps-02-768x538.jpg 768w, https:\/\/blogsaverroes.juntadeandalucia.es\/tdahytgcjaen\/files\/2020\/03\/donde-esta-wally-google-maps-02-24x17.jpg 24w, https:\/\/blogsaverroes.juntadeandalucia.es\/tdahytgcjaen\/files\/2020\/03\/donde-esta-wally-google-maps-02-36x25.jpg 36w, https:\/\/blogsaverroes.juntadeandalucia.es\/tdahytgcjaen\/files\/2020\/03\/donde-esta-wally-google-maps-02-48x34.jpg 48w\" sizes=\"(max-width: 164px) 100vw, 164px\" \/><\/strong><\/span><\/p>\n<p>&nbsp;<\/p>\n<p><span style=\"color: #333399\"><strong>Actividades digitales para ni\u00f1os con d\u00e9ficit de atenci\u00f3n.<\/strong><\/span><\/p>\n<ol>\n<li style=\"text-align: justify\"><span style=\"color: #333399\">1. <strong>Percepci\u00f3n de diferencias<\/strong>: Identificar elementos diferentes en im\u00e1genes similares (Facilito link a web con juegos de percepci\u00f3n de diferencias gratis, de diferentes niveles de dificultad (<a style=\"color: #333399\" href=\"https:\/\/www.mundoprimaria.com\/juegos-educativos\/juegos-de-atencion-infantil\/juegos-de-encontrar-las-diferencias\">https:\/\/www.mundoprimaria.com\/juegos-educativos\/juegos-de-atencion-infantil\/juegos-de-encontrar-las-diferencias<\/a>)<\/span><\/li>\n<li><span style=\"color: #333399\"><strong>Percepci\u00f3n de similitudes<\/strong>: Encuentra las parejas (<a style=\"color: #333399\" href=\"https:\/\/www.todojuegosgratis.es\/juego\/encuentra-las-parejas\">juego gratis<\/a>).<\/span><\/li>\n<li><span style=\"color: #333399\"><strong>Figura Fondo<\/strong>: Seleccionar un objeto de entre un grupo en el que se encuentra superpuesto con otros semejantes (<a style=\"color: #333399\" href=\"http:\/\/www.juganding.com\/juegos-de-animacion\/buscar-a-wally-5111\">buscando a Wally<\/a>).<\/span><\/li>\n<li><span style=\"color: #333399\"><strong>Localizar cosas iguales: <\/strong>Busca la figura que se esconde en el fondo (<a style=\"color: #333399\" href=\"http:\/\/agrega2.red.es\/?idioma=es&amp;identificador=es_2008092813_7300250&amp;secuencia=false\">Agrega: espacio educativo andaluz de recursos tic<\/a>). Tambi\u00e9n puede realizarse buscando letras en un texto -la <em>g<\/em>, por ejemplo-, seguir series, etc.)<\/span><\/li>\n<\/ol>\n<p><span style=\"color: #333399\">&nbsp;_______________________________________________________________________________________<\/span><\/p>\n<h1 style=\"text-align: right\" align=\"right\"><span style=\"color: #333399\"><strong><span lang=\"IT\" style=\"font-family: Cambria, serif\">#YoMeQuedoEnCasa<\/span><\/strong><\/span><\/h1>\n<h1 style=\"margin-top: 0cm;text-align: right\" align=\"right\"><span style=\"color: #333399\"><strong><span lang=\"IT\" style=\"font-family: Cambria, serif\">#UnDiaMenos<\/span><\/strong><\/span><\/h1>\n<p>&nbsp;<\/p>\n<h4 style=\"text-align: left\" align=\"center\"><span lang=\"IT\" style=\"font-family: 'Arial Black', sans-serif;color: #008000\"><strong>MI\u00c9RCOLES, 25 de marzo: <\/strong><\/span><\/h4>\n<h4 style=\"text-align: center\" align=\"center\"><span lang=\"IT\" style=\"font-family: 'Arial Black', sans-serif;color: #008000\"><strong>&nbsp; &nbsp; &nbsp;CONFINAMIENTO Y TDAH.<\/strong><\/span><\/h4>\n<h4 style=\"text-align: center\" align=\"center\"><span lang=\"IT\" style=\"font-family: 'Arial Black', sans-serif;color: #008000\"><strong>AUMENTO DE PROBLEMAS ATENCIONALES ENTRE LA POBLACI\u00d3N GENERAL.<\/strong><\/span><\/h4>\n<p>&nbsp;<\/p>\n<p style=\"text-align: justify\"><span style=\"color: #333399\">En tan s\u00f3lo una semana de confinamiento, ya se comenz\u00f3 a detectar que, con el estr\u00e9s, la angustia y el miedo que fueron produciendo los espeluznantes datos diarios del COVI-19, a la poblaci\u00f3n espa\u00f1ola le costaba concentrarse por la inevitable preocupaci\u00f3n (cuesta concentrarse en la lectura o no se recuerda haber echado sal a un guiso, por ejemplo). No debemos preocuparnos; se trata de una reacci\u00f3n com\u00fan ante situaciones que nos generan intranquilidad. A lo largo de esta segunda semana, esta problem\u00e1tica se ve agravada.<\/span><\/p>\n<p style=\"text-align: justify\"><span style=\"color: #333399\">&nbsp; &nbsp; &nbsp; &nbsp; &nbsp; Si esto es as\u00ed para cualquier individuo, sin discriminar por sexo o edad, para una persona que padece TDAH lo es m\u00e1s, al verse incrementada su sintomatolog\u00eda existente, con repercusiones, no s\u00f3lo en sus quehaceres diarios sino, tambi\u00e9n, en las relaciones familiares y en las emociones que se generan (se incrementan sus despistes, se les tiene que recordar qu\u00e9 tiene que hacer con m\u00e1s frecuencia-con la consiguiente desesperaci\u00f3n para los padres-, sus tiempos atencionales para hacer deberes son m\u00e1s cortos, pierden, por tanto, autonom\u00eda, y se sienten m\u00e1s torpes, con sensaciones de incompetencia). Como padres y madres, nuestra labor es NO EMPEORAR ESTA SITUACI\u00d3N.&nbsp;<\/span><\/p>\n<p style=\"text-align: justify\"><span style=\"color: #333399\">&nbsp; &nbsp; &nbsp; &nbsp; &nbsp;<strong>Hoy, facilito el siguiente TIP para ayudar a minimizar el incremento del d\u00e9ficit atencional en nuestro hijo o hija con TDAH,&nbsp;resumido en una frase que debemos llevar todos a gala como lema de estos d\u00edas:<\/strong><\/span><\/p>\n<h4 style=\"text-align: center\"><span style=\"color: #333399\"><strong><em>Para sentirse bien, hay que mantenerse entretenido<\/em><\/strong><\/span><\/h4>\n<p style=\"text-align: center\"><span style=\"color: #333399\"><img loading=\"lazy\" decoding=\"async\" class=\"alignnone wp-image-1018\" src=\"https:\/\/blogsaverroes.juntadeandalucia.es\/tdahytgcjaen\/files\/2020\/03\/Frase-Einstein.jpg\" alt=\"\" width=\"284\" height=\"212\" srcset=\"https:\/\/blogsaverroes.juntadeandalucia.es\/tdahytgcjaen\/files\/2020\/03\/Frase-Einstein.jpg 259w, https:\/\/blogsaverroes.juntadeandalucia.es\/tdahytgcjaen\/files\/2020\/03\/Frase-Einstein-24x18.jpg 24w, https:\/\/blogsaverroes.juntadeandalucia.es\/tdahytgcjaen\/files\/2020\/03\/Frase-Einstein-36x27.jpg 36w, https:\/\/blogsaverroes.juntadeandalucia.es\/tdahytgcjaen\/files\/2020\/03\/Frase-Einstein-48x36.jpg 48w\" sizes=\"(max-width: 284px) 100vw, 284px\" \/><\/span><\/p>\n<p style=\"text-align: justify\"><span style=\"color: #333399\">&nbsp; &nbsp; &nbsp; &nbsp; &nbsp; &nbsp;Adem\u00e1s de ser \u00fatil para todos los que estamos conviviendo, a nivel individual, nos ayuda a mermar nuestro propio estr\u00e9s y preocupaci\u00f3n. Con esta finalidad, en los posts anteriores he intentado facilitar diferentes juegos digitales y actividades variadas que podemos utilizar con nuestro hijo\/a, e incluso, jugar con \u00e9l, variando cada d\u00eda para no caer en la monoton\u00eda.<\/span><\/p>\n<h1 style=\"text-align: center\"><span style=\"color: #333399\">&nbsp;<span style=\"color: #008000\">\u00a1\u00a1\u00a1\u00c1NIMO!!!<\/span><\/span><\/h1>\n<h1 style=\"text-align: center\"><span style=\"color: #008000\">YA NOS QUEDA MENOS<\/span><\/h1>\n<p>&nbsp;<\/p>\n<p><span style=\"color: #333399\">_______________________________________________________________________________________<\/span><\/p>\n<h1 style=\"text-align: right\" align=\"right\"><span style=\"color: #333399\"><strong><span lang=\"IT\" style=\"font-family: Cambria, serif\">#YoMeQuedoEnCasa<\/span><\/strong><\/span><\/h1>\n<h1 style=\"margin-top: 0cm;text-align: right\" align=\"right\"><span style=\"color: #333399\"><strong><span lang=\"IT\" style=\"font-family: Cambria, serif\">#UnDiaMenos<\/span><\/strong><\/span><\/h1>\n<p>&nbsp;<\/p>\n<h4 style=\"text-align: left\" align=\"center\"><span lang=\"IT\" style=\"font-family: 'Arial Black', sans-serif;color: #008000\"><strong>JUEVES, 26 de marzo: <\/strong><\/span><\/h4>\n<h4 style=\"text-align: center\" align=\"center\"><span lang=\"IT\" style=\"font-family: 'Arial Black', sans-serif;color: #008000\"><strong>&nbsp; &nbsp; &nbsp;CORONAVIRUS: SON TIEMPOS DE AYUDAR.<\/strong><\/span><\/h4>\n<h4 style=\"text-align: center\" align=\"center\"><span lang=\"IT\" style=\"font-family: 'Arial Black', sans-serif;color: #008000\"><strong>\u00abDE UNO EN UNO\u00bb \/ CADENA DE FAVORES. Parte I<\/strong><\/span><\/h4>\n<p>&nbsp;<\/p>\n<p style=\"text-align: justify\"><span style=\"color: #333399\">Estos d\u00edas de teletrabajo y confinamiento en casa, se me viene recurrentemente a la cabeza esta pel\u00edcula, <em>Cadena de Favores<\/em>, que tanto me gust\u00f3 en su d\u00eda. Verdaderamente creo que merece la pena verla en familia, sobre todo, en estos d\u00edas en los que la vida nos ha parado por el coronavirus, y abordar con nuestros hijos e hijas -TDAH o no-, la <strong>idea de un posible mundo mejor y de la importancia de nuestros actos.<\/strong><\/span><\/p>\n<p style=\"text-align: justify\"><span style=\"color: #333399\">&nbsp; &nbsp; &nbsp; &nbsp; &nbsp; &nbsp; Me resulta tentador desde este entorno virtual alentaros, como padres y madres, a hacer un peque\u00f1o gesto, aunque sea exclusivamente en el seno de vuestra familia, para fomentar el compromiso con los dem\u00e1s.<\/span><\/p>\n<p style=\"text-align: justify\"><span style=\"color: #333399\">&nbsp; &nbsp; &nbsp; &nbsp; &nbsp; &nbsp;\u00a1Mucho \u00e1nimo!. Espero que os haga disfrutar y ser un poquito m\u00e1s felices con esta actividad que propongo, que saca nuestra parte m\u00e1s humana:<\/span><\/p>\n<p><span style=\"color: #333399\">&nbsp;&nbsp;&nbsp;&nbsp;&nbsp;&nbsp;&nbsp;&nbsp;&nbsp;&nbsp;&nbsp;&nbsp;&nbsp;&nbsp;<\/span><\/p>\n<p style=\"text-align: center\"><span style=\"color: #333399\"><strong>LA IMPORTANCIA DE NUESTROS ACTOS: FOMENTAR EL COMPROMISO CON LOS DEM\u00c1S EN ESTA DELICADA SITUACI\u00d3N.<\/strong><\/span><\/p>\n<p>&nbsp;<\/p>\n<p style=\"text-align: justify\"><span style=\"color: #333399\"> Muchas familias me comentan la parad\u00f3jica falta de tiempo para hacer cada d\u00eda tantas cosas, y es cierto; a m\u00ed tambi\u00e9n me sucede; \u00a1las iron\u00edas de la vida!, ahora que es de lo que disponemos. Para aquellos que no dese\u00e9is modificar la rutina diaria, o que no dispong\u00e1is de medios digitales para acceder a la pel\u00edcula, como alternativa, al menos, comparto esta breve historia, para su lectura y puesta en com\u00fan en familia, extra\u00eddo del libro <em>Sopa de Pollo para el Alma<\/em>, de J. Canfield y M. V. Hansen:<\/span><\/p>\n<h3 style=\"text-align: center\"><span style=\"color: #333399\"><img loading=\"lazy\" decoding=\"async\" class=\"alignnone size-full wp-image-1025\" src=\"https:\/\/blogsaverroes.juntadeandalucia.es\/tdahytgcjaen\/files\/2020\/03\/lectura-que-cambia-el-mundo.png\" alt=\"\" width=\"1417\" height=\"369\" srcset=\"https:\/\/blogsaverroes.juntadeandalucia.es\/tdahytgcjaen\/files\/2020\/03\/lectura-que-cambia-el-mundo.png 1417w, https:\/\/blogsaverroes.juntadeandalucia.es\/tdahytgcjaen\/files\/2020\/03\/lectura-que-cambia-el-mundo-300x78.png 300w, https:\/\/blogsaverroes.juntadeandalucia.es\/tdahytgcjaen\/files\/2020\/03\/lectura-que-cambia-el-mundo-768x200.png 768w, https:\/\/blogsaverroes.juntadeandalucia.es\/tdahytgcjaen\/files\/2020\/03\/lectura-que-cambia-el-mundo-1024x267.png 1024w, https:\/\/blogsaverroes.juntadeandalucia.es\/tdahytgcjaen\/files\/2020\/03\/lectura-que-cambia-el-mundo-24x6.png 24w, https:\/\/blogsaverroes.juntadeandalucia.es\/tdahytgcjaen\/files\/2020\/03\/lectura-que-cambia-el-mundo-36x9.png 36w, https:\/\/blogsaverroes.juntadeandalucia.es\/tdahytgcjaen\/files\/2020\/03\/lectura-que-cambia-el-mundo-48x12.png 48w\" sizes=\"(max-width: 1417px) 100vw, 1417px\" \/><\/span><\/h3>\n<h3 style=\"text-align: center\"><span style=\"color: #333399\">Relato \u201c<strong>DE UNO EN UNO\u00bb<\/strong><\/span><\/h3>\n<table style=\"width: 837.771px;border-color: #000000\">\n<tbody>\n<tr>\n<td style=\"width: 817.771px\">\n<p style=\"text-align: justify\"><span style=\"color: #333399\"><em>En una puesta de sol, un joven iba caminando por una desierta playa. Mientras andaba, empez\u00f3 a ver que en la distancia, otro hombre se acercaba. A medida que avanzaba, advirti\u00f3 que iba inclin\u00e1ndose para recoger algo que luego arrojaba al agua. Una y otra vez arrojaba con fuerza esas cosas al oc\u00e9ano.<\/em><\/span><\/p>\n<p style=\"text-align: justify\"><span style=\"color: #333399\"><em>&nbsp; &nbsp;Al aproximarse m\u00e1s, el joven observ\u00f3 que el hombre estaba recogiendo estrellas de mar que la marea hab\u00eda dejado en la playa y que, una por una, volv\u00eda a arrojar al agua.<\/em><\/span><\/p>\n<p style=\"text-align: justify\"><span style=\"color: #333399\"><em>&nbsp; &nbsp;Intrigado, el paseante se aproxim\u00f3 a hombre para saludarlo:<\/em><\/span><\/p>\n<p style=\"text-align: justify\"><span style=\"color: #333399\"><em>&nbsp; &nbsp; &nbsp; &nbsp; &nbsp;&#8211; Buenas tardes, amigo. Ven\u00eda pregunt\u00e1ndome qu\u00e9 es lo que hace.<\/em><\/span><\/p>\n<p style=\"text-align: left\"><span style=\"color: #333399\"><em>&nbsp; &nbsp; &nbsp; &nbsp; &#8211; Estoy devolviendo estrellas de mar al oc\u00e9ano. Ahora la marea est\u00e1 baja y ha dejado sobre la playa todas estas estrellas de mar. Si yo no las devuelvo al mar, se morir\u00e1n por falta de ox\u00edgeno.<\/em><\/span><\/p>\n<p style=\"text-align: justify\"><span style=\"color: #333399\"><em>&nbsp; &nbsp; &nbsp; &#8211; Ya entiendo -replic\u00f3 el muchacho-, pero sobre esta playa debe de haber miles de estrellas de mar. Son demasiadas simplemente. Y lo m\u00e1s probable es que esto est\u00e9 sucediendo en centenares de playas a lo largo de esta costa. \u00bfNo se da cuenta de que es imposible que lo que usted puede hacer sirva para algo y sea de verdad importante?<\/em><\/span><\/p>\n<p style=\"text-align: justify\"><span style=\"color: #333399\"><em>&nbsp; &nbsp; El nativo sonri\u00f3, se inclin\u00f3 a recoger otra estrella de mar y, mientras volv\u00eda a arrojarla al mar, contest\u00f3:<\/em><\/span><\/p>\n<p style=\"text-align: justify\"><span style=\"color: #333399\"><em>&nbsp; &nbsp; &nbsp; &nbsp;&#8211; \u00a1Para \u00e9sta s\u00ed que es importante!\u201d<\/em><\/span><\/p>\n<\/td>\n<\/tr>\n<\/tbody>\n<\/table>\n<p>&nbsp;<\/p>\n<h4><span style=\"color: #333399\"><strong>-PUESTA EN COM\u00daN EN FAMILIA-<\/strong><\/span><\/h4>\n<p style=\"text-align: justify\"><span style=\"color: #333399\">Os aliento a abrir un debate, en el que todos puedan expresar libremente sus ideas, por exc\u00e9ntricas que sean. De vuestro di\u00e1logo puede salir un <strong>prop\u00f3sito de ayuda y colaboraci\u00f3n mutua<\/strong>, por peque\u00f1o que parezca, entre los miembros de vuestra propia familia o para ayudar al resto de la sociedad (prestar ayuda a alguna vecina o ayudar telem\u00e1ticamente a un compi de clase al que se le dan mal las Matem\u00e1ticas, por ejemplo).<\/span><\/p>\n<p><span style=\"color: #333399\">&nbsp; &nbsp; &nbsp; CONSEJOS PARA EL DEBATE:<\/span><\/p>\n<ul>\n<li><span style=\"color: #333399\">Fruto de la situaci\u00f3n que estamos viviendo, lo normal es que afloren sentimientos. <em>Compartid sentimientos<\/em> con vuestro hijo o hija, ya sean positivos o negativos; esto nos desangustia a todos.<\/span><\/li>\n<li style=\"text-align: justify\"><span style=\"color: #333399\">El di\u00e1logo y la conversaci\u00f3n deber\u00edan ser una pr\u00e1ctica habitual con los ni\u00f1os; si se produce alguna pregunta, intentad <em>no dejar de contestar<\/em> a ninguna, por inadecuada que nos parezca, ni utilizar evasiones como&nbsp;\u00aba\u00fan eres peque\u00f1o para entenderlo&#8230;\u00bb, \u00abesto son cosas de mayores&#8230;\u00bb<\/span><\/li>\n<li style=\"text-align: justify\"><span style=\"color: #333399\">Fomentad y apoyad que vuestro hijo o hija exprese <em>ideas propias<\/em>, y que no necesariamente tienen porque ser coincidentes con las de los m\u00e1s mayores.&nbsp;<\/span><\/li>\n<li><span style=\"color: #333399\">Hay que saber escuchar, sin utilizar juicios, atendiendo a las razones que exponen vuestros hijos e hijas para argumentar su opini\u00f3n. Para potenciar la escucha activa, se puede establecer un <em>turno de palabra<\/em>.<\/span><\/li>\n<li style=\"text-align: justify\"><span style=\"color: #333399\">El di\u00e1logo es un momento privilegiado para <em>hacer notar las habilidades y aptitudes<\/em> espec\u00edficas de tus hij@s y, especialmente, de aquellas en las que m\u00e1s brillan.<\/span><\/li>\n<li><span style=\"color: #333399\">Reforzad siempre la <em>creatividad y las iniciativas positivas propias<\/em> que puedan tener, aunque nos parezca que todav\u00eda son peque\u00f1os.<\/span><\/li>\n<\/ul>\n<p style=\"text-align: justify\"><span style=\"color: #333399\">Es fundamental que, desde<span style=\"line-height: 1.6\">&nbsp;el \u00e1mbito familiar, toda intervenci\u00f3n encaminada a la educaci\u00f3n integral no sea competencia en exclusiva ni prioritaria de ninguno de los dos progenitores, sino que debe ser objetivo com\u00fan de ambos.<\/span><\/span><\/p>\n<h1 style=\"margin-top: 0cm;text-align: center\" align=\"center\"><span style=\"color: #333399\"><img loading=\"lazy\" decoding=\"async\" class=\"alignnone size-full wp-image-1029\" src=\"https:\/\/blogsaverroes.juntadeandalucia.es\/tdahytgcjaen\/files\/2020\/03\/Ayudar-entre-todos.jpg\" alt=\"\" width=\"300\" height=\"265\" srcset=\"https:\/\/blogsaverroes.juntadeandalucia.es\/tdahytgcjaen\/files\/2020\/03\/Ayudar-entre-todos.jpg 300w, https:\/\/blogsaverroes.juntadeandalucia.es\/tdahytgcjaen\/files\/2020\/03\/Ayudar-entre-todos-24x21.jpg 24w, https:\/\/blogsaverroes.juntadeandalucia.es\/tdahytgcjaen\/files\/2020\/03\/Ayudar-entre-todos-36x32.jpg 36w, https:\/\/blogsaverroes.juntadeandalucia.es\/tdahytgcjaen\/files\/2020\/03\/Ayudar-entre-todos-48x42.jpg 48w\" sizes=\"(max-width: 300px) 100vw, 300px\" \/><\/span><\/h1>\n<p style=\"text-align: left\" align=\"right\"><span style=\"color: #333399\">____________________________________________________________________________________________<\/span><\/p>\n<h1 style=\"text-align: right\" align=\"right\"><span style=\"color: #333399\"><strong><span lang=\"IT\" style=\"font-family: Cambria, serif\">#YoMeQuedoEnCasa<\/span><\/strong><\/span><\/h1>\n<h1 style=\"margin-top: 0cm;text-align: right\" align=\"right\"><span style=\"color: #333399\"><strong><span lang=\"IT\" style=\"font-family: Cambria, serif\">#UnDiaMenos<\/span><\/strong><\/span><\/h1>\n<p>&nbsp;<\/p>\n<h4 style=\"text-align: left\" align=\"center\"><span lang=\"IT\" style=\"font-family: 'Arial Black', sans-serif;color: #008000\"><strong>VIERNES, 27 de marzo: <\/strong><\/span><\/h4>\n<h4 style=\"text-align: center\" align=\"center\"><span lang=\"IT\" style=\"font-family: 'Arial Black', sans-serif;color: #008000\"><strong>&nbsp; &nbsp; &nbsp;CORONAVIRUS: SON TIEMPOS DE AYUDAR.<\/strong><\/span><\/h4>\n<h4 style=\"text-align: center\" align=\"center\"><span lang=\"IT\" style=\"font-family: 'Arial Black', sans-serif;color: #008000\"><strong>\u00abDE UNO EN UNO\u00bb \/ CADENA DE FAVORES. Parte II<\/strong><\/span><\/h4>\n<p>&nbsp;<\/p>\n<p style=\"text-align: justify\"><span style=\"color: #333399\">Abordamos la segunda parte de la actividad propuesta ayer para toda la familia: <strong>fomentar la colaboraci\u00f3n mutua<\/strong>.<\/span><\/p>\n<p><span style=\"color: #333399\"><img loading=\"lazy\" decoding=\"async\" class=\"size-full wp-image-1036 alignleft\" src=\"https:\/\/blogsaverroes.juntadeandalucia.es\/tdahytgcjaen\/files\/2020\/03\/cadena-de-Favores.jpg\" alt=\"\" width=\"348\" height=\"145\" srcset=\"https:\/\/blogsaverroes.juntadeandalucia.es\/tdahytgcjaen\/files\/2020\/03\/cadena-de-Favores.jpg 348w, https:\/\/blogsaverroes.juntadeandalucia.es\/tdahytgcjaen\/files\/2020\/03\/cadena-de-Favores-300x125.jpg 300w, https:\/\/blogsaverroes.juntadeandalucia.es\/tdahytgcjaen\/files\/2020\/03\/cadena-de-Favores-24x10.jpg 24w, https:\/\/blogsaverroes.juntadeandalucia.es\/tdahytgcjaen\/files\/2020\/03\/cadena-de-Favores-36x15.jpg 36w, https:\/\/blogsaverroes.juntadeandalucia.es\/tdahytgcjaen\/files\/2020\/03\/cadena-de-Favores-48x20.jpg 48w\" sizes=\"(max-width: 348px) 100vw, 348px\" \/>&nbsp; &nbsp;<\/span><\/p>\n<p style=\"text-align: justify\"><span style=\"color: #333399\">&nbsp; <em>&nbsp;\u00abEs dif\u00edcil. No se puede planear. Hay que cuidar m\u00e1s de la gente, amar a las personas, protegerlas. Porque no siempre ven lo que necesitan. Es una gran oportunidad de arreglar algo que no sea tu bici. Se puede arreglar a una persona\u00bb<\/em><\/span><\/p>\n<p>&nbsp;<\/p>\n<p>&nbsp;<\/p>\n<h4>&nbsp;<\/h4>\n<h4><span style=\"color: #333399\"><strong>-ARGUMENTO-<\/strong><\/span><\/h4>\n<p style=\"text-align: justify\"><span style=\"color: #333399\">Un profesor con el rostro desfigurado por quemaduras, propone a sus estudiantes un trabajo: buscar m\u00e9todos para mejorar al mundo, al menos, a la comunidad que les rodea. Uno de los chicos toma muy en serio la propuesta de su profesor e inventa un sistema en cadena: su idea consiste en ayudar a tres personas en algo que no podr\u00edan lograr por s\u00ed mismos, a cambio de que cada una de esas tres ayuden a otras tres personas, y as\u00ed, sucesivamente.<\/span><\/p>\n<p style=\"text-align: justify\"><span style=\"color: #333399\">&nbsp; &nbsp; &nbsp; El protagonista, Trevor McKinney, es un chico de 11 a\u00f1os, con padre y madre separados y con problemas; un chico con un car\u00e1cter que no es comprendido bien por el resto, con necesidad de aceptaci\u00f3n, de felicidad y de una figura paterna.<\/span><\/p>\n<p>&nbsp;<\/p>\n<h4><span style=\"color: #333399\"><strong>-PROPUESTA PARA EL DESARROLLO DE LA ACTIVIDAD-<\/strong><\/span><\/h4>\n<p>&nbsp;<\/p>\n<p><span style=\"color: #333399\">1. ANTES DE VER LA PEL\u00cdCULA<\/span><\/p>\n<p style=\"text-align: justify\"><span style=\"color: #333399\">Dependiendo de la edad de nuestro\/a hijo\/a TDAH, debemos cerciorarnos de que conocen el significado de algunas palabras para poder entender mejor la pel\u00edcula: Paz, Generosidad, Solidaridad, Ayuda, Utop\u00eda, Cambio, Autorrealizaci\u00f3n, Respeto, Esfuerzo, Altruismo o Cadena, son alguna de ellas. Debemos explic\u00e1rselas previamente o pedir que busquen las desconocidas en el diccionario.<\/span><\/p>\n<p>&nbsp;<\/p>\n<p><span style=\"color: #333399\">2. VISIONADO DE LA PEL\u00cdCULA<\/span><\/p>\n<p style=\"text-align: justify\"><span style=\"color: #333399\">Hoy, d\u00eda 27 de marzo, se encuentra disponible en Netflix y en diversas y conocidas p\u00e1ginas web desde las que se pueden ver on-line series, pel\u00edculas, conciertos, etc.<\/span><\/p>\n<p>&nbsp;<\/p>\n<p><span style=\"color: #333399\">3. DESPU\u00c9S DE VER LA PEL\u00cdCULA<\/span><\/p>\n<p style=\"text-align: justify\"><span style=\"color: #333399\">Una vez visionada la pel\u00edcula, podemos hacer un <u>cine-forum entre los miembros de la familia<\/u>, en el que TODOS pueden y deben expresar y responder, con sus propias ideas y argumentos, respetando el turno de palabra (puede responderse por turnos, en sentido de las agujas del reloj, por ejemplo). Se ofrecen algunas \u00abpreguntas-tipo\u00bb para guiar el di\u00e1logo-debate sobre las diferentes escenas:<\/span><\/p>\n<ol>\n<li><span style=\"color: #333399\">Escena: <em>Regalo de un coche muy caro.<\/em>&nbsp;(\u00bfHar\u00edas lo mismo que el due\u00f1o del coche?)<\/span><\/li>\n<li><span style=\"color: #333399\">Escena: <em>Primera clase del profesor, 4 meses antes<\/em>. (\u00bfQu\u00e9 preguntas plantea el profesor?, \u00bfqu\u00e9 trabajo propone para todo el a\u00f1o?, \u00bfes un trabajo normal, raro, ut\u00f3pico, posible?)<\/span><\/li>\n<li><span style=\"color: #333399\">Escena: <em>Primeros intentos de Trevor<\/em>. (\u00bfD\u00f3nde va con la bicicleta?, \u00bfpara qu\u00e9?, \u00bfqu\u00e9 decide?)<\/span><\/li>\n<li><span style=\"color: #333399\">Escena: <em>La madre camarera, en casa con el drogadicto<\/em>. (\u00bfPor qu\u00e9 la madre realiza este trabajo?, \u00bfpor qu\u00e9 es alcoh\u00f3lica?, \u00bfpor qu\u00e9 se enfada con Trevor?, \u00bfqui\u00e9n cuida de qui\u00e9n?, \u00bfpor qu\u00e9? )<\/span><\/li>\n<li><span style=\"color: #333399\">Escena: <em>La madre con el profesor<\/em>. (La madre culpa al profesor, \u00bfpor qu\u00e9?)<\/span><\/li>\n<li><span style=\"color: #333399\">Escena del <em>millonario en la cl\u00ednica<\/em> (\u00bfQu\u00e9 significa para ti la reacci\u00f3n del delincuente?)<\/span><\/li>\n<li><span style=\"color: #333399\">Escena: <em>La segunda clase, el dibujo de la escena<\/em>. (\u00bfQu\u00e9 propone Trevor?, \u00bfqu\u00e9 piensan los alumnos?)<\/span><\/li>\n<li><span style=\"color: #333399\">Escena: <em>Trevor y los drogadictos<\/em>. (\u00bfPor qu\u00e9 Trevor tacha al nombre del drogadicto sobre la cadena?)<\/span><\/li>\n<li><span style=\"color: #333399\">Escena: <em>La visita del profesor a su casa y la fuga de Trevor<\/em>. (\u00bfPor qu\u00e9 intenta que su madre y el profesor se hagan amigos?, \u00bfpor qu\u00e9 Trevor ama y odia al mismo tiempo a su madre? Reconocer un problema es iniciar su soluci\u00f3n \u00bfpor qu\u00e9?)<\/span><\/li>\n<li><span style=\"color: #333399\">Escena: <em>El desenga\u00f1o de Trevor<\/em>. (\u00bfPor qu\u00e9 va tachando c\u00edrculos de la cadena?, \u00bfqu\u00e9 respuesta le da el profesor ante su posible fracaso?)<\/span><\/li>\n<li><span style=\"color: #333399\"><em>Escena final<\/em>. (\u00bfSe merec\u00eda el padre de Trevor la \u00faltima oportunidad?, \u00bfpor qu\u00e9?, \u00bfpor qu\u00e9 se unen al final el profesor y la madre?, \u00bfcu\u00e1ntas personas se ven afectadas en toda la pel\u00edcula por la cadena de favores de Trevor?)<\/span><\/li>\n<li style=\"text-align: justify\"><span style=\"color: #333399\"><strong>MORALEJA<\/strong>. Personalmente, yo encuentro dos principales:&nbsp;<\/span>\n<p style=\"text-align: justify\"><span style=\"color: #333399\">&#8211; Es viable, a d\u00eda de hoy, el proyecto de Tr\u00e9vor en nuestro entorno\/sociedad, en los duros momentos que estamos viviendo con el coronavirus. <span style=\"text-decoration: underline\">Es momento de ayudar<\/span>.<\/span><\/p>\n<p><span style=\"color: #333399\">&#8211; \u00ab<span style=\"text-decoration: underline\">Reconocer un problema, es iniciar su soluci\u00f3n<\/span>\u201d (como la madre de Tr\u00e9vor).- Este reconocimiento, y hablar cada uno de nosotros de nuestros problemas y posibles soluciones, puede mejorar much\u00edsimo las relaciones familiares<\/span><\/li>\n<\/ol>\n<p>&nbsp;<\/p>\n<p><span style=\"color: #333399\">4.&nbsp;PUESTA EN COM\u00daN<\/span><\/p>\n<p style=\"text-align: justify\"><span style=\"color: #333399\">Al igual que se recomend\u00f3 ayer con la lectura del relato, de vuestro di\u00e1logo\/debate puede salir un <strong>prop\u00f3sito de ayuda y colaboraci\u00f3n mutua<\/strong>, por peque\u00f1o que parezca, entre los miembros de vuestra propia familia o para ayudar al resto de la sociedad (prestar ayuda a alguna vecina o ayudar telem\u00e1ticamente a un compi de clase al que se le dan mal las Matem\u00e1ticas, por ejemplo). Ya en el post de ayer se ofrecen consejos para llevar a cabo el debate.<\/span><\/p>\n<p style=\"text-align: justify\"><span style=\"color: #333399\">&nbsp; &nbsp; &nbsp; Lo ideal ser\u00eda alentar a tus hijos e hijas, en especial al que padece TDAH, cargado de energ\u00eda y creatividad, a que dise\u00f1e y desarrolle un proyecto a la manera del de Trevor dirigido, sobre todo, a su entorno m\u00e1s cercano: familia, amigos, vecinos, barrio o pueblo en el que se viva. Deber\u00edan dejarse algunos d\u00edas para que reflexione individualmente sobre ello, y despu\u00e9s, te cuente su respuesta. Puede que, por edad, precise de cierta ayuda por vuestra parte, en la medida de vuestras posibilidades.<\/span><\/p>\n<p style=\"text-align: justify\"><span style=\"color: #333399\">&nbsp; &nbsp; &nbsp; En definitiva, se trata de reflexionar sobre nuestro papel en el mundo y las posibles reacciones de los dem\u00e1s al ver que obramos de una manera o de otra.<\/span><\/p>\n<p>&nbsp;<\/p>\n<p style=\"text-align: justify\"><span style=\"color: #333399\">NOTA.- Se trata de una de las 89 pel\u00edculas favoritas de los profesores para educar en valores. Esta actividad se ha elaborado a partir de la infinidad de propuestas docentes disponibles en internet.<\/span><\/p>\n<p>&nbsp;<\/p>\n<h1 style=\"text-align: center\"><span style=\"color: #008000\">&nbsp;\u00a1\u00a1\u00a1MUCHO \u00c1NIMO!!!<\/span><\/h1>\n<h1 style=\"text-align: center\"><span style=\"color: #008000\">Espero que la actividad os haga disfrutar y ser un poquito m\u00e1s felices estos d\u00edas<\/span><\/h1>\n<h1 style=\"text-align: center\"><span style=\"color: #008000\">\u00a1Feliz fin de semana!<\/span><\/h1>\n<p>&nbsp;<\/p>\n<p><span style=\"color: #333399\">_______________________________________________________________________________________<\/span><\/p>\n<h1 style=\"text-align: right\"><span style=\"color: #333399\"><strong>#YoMeQuedoEnCasa<\/strong><\/span><\/h1>\n<h1 style=\"text-align: right\"><span style=\"color: #333399\"><strong>#UnDiaMenos<\/strong><\/span><\/h1>\n<p>&nbsp;<\/p>\n<h4><span style=\"color: #333399\">&nbsp;<span lang=\"IT\" style=\"font-family: 'Arial Black', sans-serif;color: #008000\"><strong>LUNES, 30 de marzo: comenzamos la tercera semana de \u00abcole en casa\u00bb.<\/strong><\/span><\/span><\/h4>\n<p>&nbsp;<\/p>\n<h4 style=\"text-align: center\" align=\"center\"><span lang=\"IT\" style=\"font-family: 'Arial Black', sans-serif;color: #008000\"><strong>&nbsp; &nbsp; <img loading=\"lazy\" decoding=\"async\" class=\"wp-image-1055 alignleft\" src=\"https:\/\/blogsaverroes.juntadeandalucia.es\/tdahytgcjaen\/files\/2020\/03\/novedad.jpg\" alt=\"\" width=\"181\" height=\"113\" srcset=\"https:\/\/blogsaverroes.juntadeandalucia.es\/tdahytgcjaen\/files\/2020\/03\/novedad.jpg 284w, https:\/\/blogsaverroes.juntadeandalucia.es\/tdahytgcjaen\/files\/2020\/03\/novedad-280x177.jpg 280w, https:\/\/blogsaverroes.juntadeandalucia.es\/tdahytgcjaen\/files\/2020\/03\/novedad-24x15.jpg 24w, https:\/\/blogsaverroes.juntadeandalucia.es\/tdahytgcjaen\/files\/2020\/03\/novedad-36x22.jpg 36w, https:\/\/blogsaverroes.juntadeandalucia.es\/tdahytgcjaen\/files\/2020\/03\/novedad-48x30.jpg 48w\" sizes=\"(max-width: 181px) 100vw, 181px\" \/>FASES EMOCIONALES QUE PASAR\u00c1S DURANTE EL CONFINAMIENTO<\/strong><\/span><\/h4>\n<h4 style=\"text-align: center\" align=\"center\"><span lang=\"IT\" style=\"font-family: 'Arial Black', sans-serif;color: #008000\"><strong>POR EL COVID-19.<\/strong><\/span><\/h4>\n<h4 style=\"text-align: center\" align=\"center\"><span lang=\"IT\" style=\"font-family: 'Arial Black', sans-serif;color: #008000\"><strong>-RECOMENDACIONES \u00daTILES PARA CUIDAR EL ESTADO AN\u00cdMICO-<\/strong><\/span><\/h4>\n<p>&nbsp;<\/p>\n<p>&nbsp;<\/p>\n<p style=\"text-align: center\"><span style=\"color: #333399\"><img loading=\"lazy\" decoding=\"async\" class=\"wp-image-1049 alignleft\" src=\"https:\/\/blogsaverroes.juntadeandalucia.es\/tdahytgcjaen\/files\/2020\/03\/cartel-sm_espa\u00f1a.jpg\" alt=\"\" width=\"277\" height=\"277\" srcset=\"https:\/\/blogsaverroes.juntadeandalucia.es\/tdahytgcjaen\/files\/2020\/03\/cartel-sm_espa\u00f1a.jpg 1080w, https:\/\/blogsaverroes.juntadeandalucia.es\/tdahytgcjaen\/files\/2020\/03\/cartel-sm_espa\u00f1a-150x150.jpg 150w, https:\/\/blogsaverroes.juntadeandalucia.es\/tdahytgcjaen\/files\/2020\/03\/cartel-sm_espa\u00f1a-300x300.jpg 300w, https:\/\/blogsaverroes.juntadeandalucia.es\/tdahytgcjaen\/files\/2020\/03\/cartel-sm_espa\u00f1a-768x768.jpg 768w, https:\/\/blogsaverroes.juntadeandalucia.es\/tdahytgcjaen\/files\/2020\/03\/cartel-sm_espa\u00f1a-1024x1024.jpg 1024w, https:\/\/blogsaverroes.juntadeandalucia.es\/tdahytgcjaen\/files\/2020\/03\/cartel-sm_espa\u00f1a-100x100.jpg 100w, https:\/\/blogsaverroes.juntadeandalucia.es\/tdahytgcjaen\/files\/2020\/03\/cartel-sm_espa\u00f1a-24x24.jpg 24w, https:\/\/blogsaverroes.juntadeandalucia.es\/tdahytgcjaen\/files\/2020\/03\/cartel-sm_espa\u00f1a-36x36.jpg 36w, https:\/\/blogsaverroes.juntadeandalucia.es\/tdahytgcjaen\/files\/2020\/03\/cartel-sm_espa\u00f1a-48x48.jpg 48w\" sizes=\"(max-width: 277px) 100vw, 277px\" \/><span style=\"line-height: 1.6\">&nbsp; &nbsp; &nbsp; &nbsp;<\/span><img loading=\"lazy\" decoding=\"async\" class=\"alignnone wp-image-1050\" style=\"line-height: 1.6\" src=\"https:\/\/blogsaverroes.juntadeandalucia.es\/tdahytgcjaen\/files\/2020\/03\/rutinas.png\" alt=\"\" width=\"458\" height=\"227\" srcset=\"https:\/\/blogsaverroes.juntadeandalucia.es\/tdahytgcjaen\/files\/2020\/03\/rutinas.png 318w, https:\/\/blogsaverroes.juntadeandalucia.es\/tdahytgcjaen\/files\/2020\/03\/rutinas-300x150.png 300w, https:\/\/blogsaverroes.juntadeandalucia.es\/tdahytgcjaen\/files\/2020\/03\/rutinas-24x12.png 24w, https:\/\/blogsaverroes.juntadeandalucia.es\/tdahytgcjaen\/files\/2020\/03\/rutinas-36x18.png 36w, https:\/\/blogsaverroes.juntadeandalucia.es\/tdahytgcjaen\/files\/2020\/03\/rutinas-48x24.png 48w\" sizes=\"(max-width: 458px) 100vw, 458px\" \/><\/span><\/p>\n<p><span style=\"color: #333399\"><strong>&nbsp;<\/strong><\/span><\/p>\n<p style=\"text-align: justify\"><span style=\"color: #333399\">Estamos viviendo una de las situaciones m\u00e1s extremas e impredecibles de la historia a nivel mundial: una pandemia que exige el confinamiento de millones de personas en numerosos pa\u00edses, como principal medida de contenci\u00f3n.<\/span><\/p>\n<p style=\"text-align: justify\"><span style=\"color: #333399\">&nbsp; &nbsp; &nbsp; Esta crisis supone un reto pol\u00edtico y sanitario, pero, tambi\u00e9n, A NIVEL EMOCIONAL PARA TODOS los individuos que ven su libertad de movimientos totalmente limitada por un periodo de tiempo, a\u00fan indeterminado. Este \u00faltimo aspecto, junto al estr\u00e9s producido por el aislamiento, sumado a la incertidumbre de los diferentes estadios por los que pasaremos durante las pr\u00f3ximas semanas, hay que cuidarlo.<\/span><\/p>\n<p><span style=\"color: #333399\">&nbsp; &nbsp; &nbsp; &nbsp; En China, han comenzado a realizar un an\u00e1lisis de todo lo que ya han vivido, una vez controlada la pandemia, y han definido las diferentes fases emocionales por las que ha pasado su poblaci\u00f3n, con el objetivo de servir de gu\u00eda a los ciudadanos de otros pa\u00edses, como el nuestro, en el que a\u00fan estamos, parece, en una etapa temprana. Resumidamente:<\/span><\/p>\n<p>&nbsp;<\/p>\n<table style=\"height: 36px\" width=\"847\">\n<tbody>\n<tr>\n<td style=\"width: 888.889px\"><span style=\"color: #008000\"><strong>FASES EMOCIONALES DURANTE EL CONFINAMIENTO<\/strong><\/span><\/p>\n<p><span style=\"color: #333399\"><strong>Fase 1. Incredulidad<\/strong>. Este primer momento est\u00e1 marcado por la confusi\u00f3n y el miedo, provocados por una gran cantidad de informaci\u00f3n muy imprecisa y la proliferaci\u00f3n de rumores de dudosa veracidad.<\/span><\/p>\n<p><span style=\"color: #333399\"><strong>Fase 2. Preparaci\u00f3n<\/strong>. Fase en la que se empiezan a cambiar los planes, almacenar suministros y a hacer frente a la falta de existencias y escasez de determinados productos.<\/span><\/p>\n<p><span style=\"color: #333399\"><strong>Fase 3. Ajuste<\/strong>. Momento en que se empieza a adaptar realmente el d\u00eda a d\u00eda a las nuevas restricciones y situaciones nuevas, seg\u00fan van surgiendo.<\/span><\/p>\n<p><span style=\"color: #333399\"><strong>Fase 4. Aclimataci\u00f3n<\/strong>. En esta fase, se afianzan las nuevas rutinas y se hace frente a los retos diarios, tanto del aburrimiento o desidia como ante el contacto familiar forzado continuo. Se empiezan a descubrir aspectos positivos de la nueva situaci\u00f3n a medida que la gente explora nuevas actividades e intereses en los que dedicar el tiempo.<\/span><\/p>\n<p><span style=\"color: #333399\"><strong>Fase 5. Resistencia<\/strong>. Aumenta la tensi\u00f3n con el paso del tiempo ante las restricciones de movimiento y una vida social limitada al m\u00e1ximo, algo que afecta directamente en el estado de \u00e1nimo y las relaciones personales. Un estado que se agrava ante la incertidumbre sobre cu\u00e1nto va a durar este confinamiento.<\/span><\/p>\n<p><span style=\"color: #333399\"><strong>Fase 6. Alivio.<\/strong> En esta etapa se empieza a sentir alivio y esperanza ante la reapertura de negocios, ya que se vislumbra el final de esta situaci\u00f3n. La gente se siente feliz ante la posibilidad de reemprender su vida con normalidad.<\/span><\/p>\n<p><span style=\"color: #333399\"><strong>Fase 7. Temor.<\/strong> Tras el alivio, asaltan nuevas preocupaciones sobre la seguridad laboral y financiera, puesto que las consecuencias econ\u00f3micas empiezan a ser evidentes.<\/span><\/p>\n<h5 style=\"text-align: right\"><span style=\"color: #00ccff\">-Fuente period\u00edstica: ABC (25\/03\/2020)-<\/span><\/h5>\n<\/td>\n<\/tr>\n<\/tbody>\n<\/table>\n<p>&nbsp;<\/p>\n<p style=\"text-align: justify\"><span style=\"color: #333399\">&nbsp; &nbsp; &nbsp; Desde mi propio punto de vista, parece evidente que en Espa\u00f1a ya hemos pasado la fase 1 y 2: parec\u00eda que no llegar\u00eda lo ocurrido en China, a miles de kil\u00f3metros de distancia; posteriormente, recordemos, el acopio masivo y desabastecimiento del papel higi\u00e9nico.&nbsp;A fecha de esta publicaci\u00f3n, desde Ipsos en Espa\u00f1a, nos ubican en la fase 3 (ajuste), es decir, que a\u00fan estamos intentando adaptar las rutinas al confinamiento, la conciliaci\u00f3n de la vida familiar y laboral, ya que ahora todo se da en el mismo espacio, as\u00ed como a limitar al m\u00e1ximo las salidas de casa y tener s\u00f3lo relaci\u00f3n a distancia con amigos y seres queridos. Estamos elaborando a\u00fan&nbsp;nuevas rutinas (hay que recordar que una rutina se afianza en torno a 21 d\u00edas, seg\u00fan los expertos).<\/span><\/p>\n<p>&nbsp;<\/p>\n<p style=\"text-align: justify\"><span style=\"color: #333399\">&nbsp; &nbsp; &nbsp; &nbsp;Pues bien, tras la lectura de este art\u00edculo, me ha parecido oportuno realizar una <strong>RECOPILACI\u00d3N DE RECOMENDACIONES \u00daTILES PARA CUIDAR EL ESTADO AN\u00cdMICO<\/strong>&nbsp;durante el confinamiento, realizadas por profesionales cl\u00ednicos espa\u00f1oles. Para ello, facilito el siguiente documento, elaborado por la <strong>Sociedad Espa\u00f1ola de Psiquiatr\u00eda, <\/strong>en colaboraci\u00f3n con el Instituto de Psiquiatr\u00eda y Salud Mental del Hospital General Universitario Gregorio Mara\u00f1\u00f3n:<\/span><\/p>\n<p style=\"text-align: center\"><span style=\"color: #333399\">&nbsp;&nbsp;<a style=\"color: #333399\" href=\"http:\/\/www.sepsiq.org\/file\/InformacionSM\/SEP%20COVID19-Salud%20Mental%20Cuarentena.pdf\" target=\"_blank\" rel=\"noopener noreferrer\"><img loading=\"lazy\" decoding=\"async\" class=\"alignnone wp-image-1051\" src=\"https:\/\/blogsaverroes.juntadeandalucia.es\/tdahytgcjaen\/files\/2020\/03\/2.-Cuide-su-salud-Mental.jpg\" alt=\"\" width=\"136\" height=\"192\" srcset=\"https:\/\/blogsaverroes.juntadeandalucia.es\/tdahytgcjaen\/files\/2020\/03\/2.-Cuide-su-salud-Mental.jpg 189w, https:\/\/blogsaverroes.juntadeandalucia.es\/tdahytgcjaen\/files\/2020\/03\/2.-Cuide-su-salud-Mental-17x24.jpg 17w, https:\/\/blogsaverroes.juntadeandalucia.es\/tdahytgcjaen\/files\/2020\/03\/2.-Cuide-su-salud-Mental-25x36.jpg 25w, https:\/\/blogsaverroes.juntadeandalucia.es\/tdahytgcjaen\/files\/2020\/03\/2.-Cuide-su-salud-Mental-34x48.jpg 34w\" sizes=\"(max-width: 136px) 100vw, 136px\" \/>&nbsp;&nbsp;<\/a><\/span><\/p>\n<p style=\"text-align: center\"><span style=\"color: #333399\"><a style=\"color: #333399\" href=\"https:\/\/fepsm.us13.list-manage.com\/track\/click?u=b1623428a9cbb6d40ed14a6f6&amp;id=25b8648784&amp;e=d57b3f965d\">Cuide su salud mental durante la cuarentena por coronavirus.<\/a><\/span><\/p>\n<p>&nbsp;<\/p>\n<p style=\"text-align: justify\"><span style=\"color: #333399\">&nbsp; &nbsp; &nbsp; &nbsp; No s\u00f3lo es estar \u00abencerrados\u00bb en casa, hay que sumarle como padres y madres la supervisi\u00f3n diaria a nuestros hijos para la realizaci\u00f3n de las tareas del cole y, los que tienen la opci\u00f3n, el teletrabajo, por lo que la convivencia se puede volver <em>una carrera de obst\u00e1culos<\/em>. Por este motivo, facilito el documento elaborado por especialistas del Hospital Infantil Universitario Ni\u00f1os Jes\u00fas, de la comunidad de Madrid:&nbsp;<strong>10 FORMAS DE AYUDAR A LOS NI\u00d1OS A AFRONTAR EL BROTE DE COVID-19 Y EL AISLAMIENTO EN CASA.<\/strong><\/span><\/p>\n<p style=\"text-align: center\"><span style=\"color: #333399\"><a style=\"color: #333399\" href=\"http:\/\/familiasmonomarentales.es\/wp-content\/uploads\/2020\/03\/Afrontamiento_COVID_nin%CC%83os.pdf.pdf.pdf.pdf\" target=\"_blank\" rel=\"noopener noreferrer\"><img loading=\"lazy\" decoding=\"async\" class=\"alignnone size-full wp-image-1054\" src=\"https:\/\/blogsaverroes.juntadeandalucia.es\/tdahytgcjaen\/files\/2020\/03\/10-formas-de-ayudar-a-los-ni\u00f1os-covid-19.jpg\" alt=\"\" width=\"259\" height=\"194\" srcset=\"https:\/\/blogsaverroes.juntadeandalucia.es\/tdahytgcjaen\/files\/2020\/03\/10-formas-de-ayudar-a-los-ni\u00f1os-covid-19.jpg 259w, https:\/\/blogsaverroes.juntadeandalucia.es\/tdahytgcjaen\/files\/2020\/03\/10-formas-de-ayudar-a-los-ni\u00f1os-covid-19-24x18.jpg 24w, https:\/\/blogsaverroes.juntadeandalucia.es\/tdahytgcjaen\/files\/2020\/03\/10-formas-de-ayudar-a-los-ni\u00f1os-covid-19-36x27.jpg 36w, https:\/\/blogsaverroes.juntadeandalucia.es\/tdahytgcjaen\/files\/2020\/03\/10-formas-de-ayudar-a-los-ni\u00f1os-covid-19-48x36.jpg 48w\" sizes=\"(max-width: 259px) 100vw, 259px\" \/><\/a><\/span><\/p>\n<p style=\"text-align: center\"><span style=\"color: #333399\"><a style=\"color: #333399\" href=\"http:\/\/familiasmonomarentales.es\/wp-content\/uploads\/2020\/03\/Afrontamiento_COVID_nin%CC%83os.pdf.pdf.pdf.pdf\" target=\"_blank\" rel=\"noopener noreferrer\">Documento 10 Formas de Ayudar a los Ni\u00f1os a Afrontar el Brote de COVID-19 y el Aislamiento en Casa<\/a><\/span><\/p>\n<p style=\"text-align: center\">&nbsp;<\/p>\n<p style=\"text-align: justify;line-height: 17.6pt;background: white;margin: 0cm 0cm 8.8pt 0cm\"><span style=\"color: #333399\">&nbsp; &nbsp; &nbsp; &nbsp; &nbsp; En Ja\u00e9n, las familias usuarias de la Unidad de Salud Mental Infanto-Juvenil, <strong>USMIJ<\/strong>, ten\u00e9is abiertas las consultas, v\u00eda telef\u00f3nica, para cualquier circunstancia concreta que pueda surgir en el confinamiento con vuestro hijo\/a TDAH o TGC.<\/span><\/p>\n<p><span style=\"color: #333399\">________<\/span><\/p>\n<p><span style=\"color: #008000\"><strong>PARA QUIEN DESEE CONOCER M\u00c1S:<\/strong><\/span><\/p>\n<p style=\"text-align: justify\"><span style=\"color: #333399\">Asimismo, organismos de la <strong>APA<\/strong> (Asociaci\u00f3n Americana de Psiquiatr\u00eda) ya han elaborado otras recomendaciones, que pueden ser de vuestro inter\u00e9s. Pod\u00e9is traducirlos en google:<\/span><\/p>\n<ul>\n<li><span style=\"color: #333399\"><a style=\"color: #333399\" href=\"https:\/\/www.nctsn.org\/sites\/default\/files\/resources\/fact-sheet\/outbreak_factsheet_1.pdf\">Cuidando el Bienestar Familiar<\/a> (Red Nacional de Estr\u00e9s Traum\u00e1tico Infantil, NCTSN)<\/span><\/li>\n<li><span style=\"color: #333399\"><a style=\"color: #333399\" href=\"https:\/\/www.cstsonline.org\/assets\/media\/documents\/CSTS_FS_Helping_Homebound_Children_during_COVID19_Outbreak.pdf\">Apoyo a ni\u00f1os confinados en el hogar durante COVID-19<\/a> (CSTS)<\/span><\/li>\n<li><span style=\"color: #333399\"><a style=\"color: #333399\" href=\"https:\/\/www.samhsa.gov\/sites\/default\/files\/tips-social-distancing-quarantine-isolation-031620.pdf\">Apoyando a su familia durante la cuarentena o el aislamiento<\/a>: consejos para el distanciamiento social, la cuarentena y el aislamiento durante un brote de enfermedad infecciosa (SAMHSA)<\/span><\/li>\n<\/ul>\n<p>&nbsp;<\/p>\n<p><span style=\"color: #333399\">______________________________________________________________________________________<\/span><\/p>\n<h1 style=\"text-align: right\"><span style=\"color: #333399\"><strong>#YoMeQuedoEnCasa<\/strong><\/span><\/h1>\n<h1 style=\"text-align: right\"><span style=\"color: #333399\"><strong>#UnDiaMenos<\/strong><\/span><\/h1>\n<p>&nbsp;<\/p>\n<h4><span style=\"color: #333399\">&nbsp;<span lang=\"IT\" style=\"font-family: 'Arial Black', sans-serif;color: #008000\"><strong>MARTES, 31 de marzo:<\/strong><\/span><\/span><\/h4>\n<h4 style=\"text-align: center\" align=\"center\"><span lang=\"IT\" style=\"font-family: 'Arial Black', sans-serif;color: #333399\"><strong>&nbsp;&nbsp;<br \/>\n<img loading=\"lazy\" decoding=\"async\" class=\"size-full wp-image-1065 alignleft\" src=\"https:\/\/blogsaverroes.juntadeandalucia.es\/tdahytgcjaen\/files\/2020\/03\/s\u00e9-que-puedo.jpg\" alt=\"\" width=\"256\" height=\"197\" srcset=\"https:\/\/blogsaverroes.juntadeandalucia.es\/tdahytgcjaen\/files\/2020\/03\/s\u00e9-que-puedo.jpg 256w, https:\/\/blogsaverroes.juntadeandalucia.es\/tdahytgcjaen\/files\/2020\/03\/s\u00e9-que-puedo-24x18.jpg 24w, https:\/\/blogsaverroes.juntadeandalucia.es\/tdahytgcjaen\/files\/2020\/03\/s\u00e9-que-puedo-36x28.jpg 36w, https:\/\/blogsaverroes.juntadeandalucia.es\/tdahytgcjaen\/files\/2020\/03\/s\u00e9-que-puedo-48x37.jpg 48w\" sizes=\"(max-width: 256px) 100vw, 256px\" \/><\/strong><\/span><\/h4>\n<h4 align=\"center\">&nbsp;<\/h4>\n<p>&nbsp;<\/p>\n<h4 style=\"text-align: center\" align=\"center\"><span style=\"color: #008000\"><strong style=\"line-height: 1.5\"><span style=\"font-family: Arial Black, sans-serif\">MEJORAR LA AUTOESTIMA DE NUESTROS HIJOS E HIJAS TDAH O TGC CON UNOS SENCILLOS Y DIVERTIDOS JUEGOS<\/span><\/strong><strong style=\"font-family: 'Arial Black', sans-serif;line-height: 1.5\">. <\/strong><\/span><\/h4>\n<h4 style=\"text-align: center\" align=\"center\"><span style=\"color: #008000\"><strong style=\"font-family: 'Arial Black', sans-serif;line-height: 1.5\">RECETA CASERA PARA PADRES Y MADRES<\/strong><\/span><\/h4>\n<p>&nbsp;<\/p>\n<p style=\"text-align: justify\"><span style=\"color: #333399\">Enlazando con la tem\u00e1tica de ayer, emociones por las que vamos a pasar y cuidados del estado an\u00edmico, una de las manifestaciones habituales subyacentes a los alumnos y alumnas TDAH y TGC es la baja autoestima (sobresaturados de cr\u00edticas, con sentimientos de inutilidad, cargados de fracasos al no terminar tareas o dejarlos a medias, \u2026), hecho que les genera que la probabilidad de tirar la toalla y el desaliento sea mayor que el resto de la poblaci\u00f3n.<\/span><\/p>\n<p style=\"text-align: justify\"><span style=\"color: #333399\">&nbsp; &nbsp; &nbsp; &nbsp;Seg\u00fan Ausubel, psic\u00f3logo y pedagogo estadounidense de gran relevancia para el Constructivismo, la adquisici\u00f3n de nuevos aprendizajes est\u00e1 subordinada a nuestras ACTITUDES, de las que depende que se generen energ\u00edas m\u00e1s intensas de <strong>atenci\u00f3n<\/strong> y concentraci\u00f3n. Por otro lado, Markus y Kunda consideran que la autoestima influye en la <strong>autorregulaci\u00f3n de la conducta<\/strong>, mediando en la toma de decisiones, influyendo en la elecci\u00f3n de objetivos y en el establecimiento de planes de actuaci\u00f3n. Pues bien, si esto es as\u00ed para cualquier individuo, para un escolar TDAH o TGC es de vital importancia. Por este motivo, hoy dedico este espacio a <strong>LA AUTOESTIMA<\/strong>, que indirectamente mejorar\u00e1 la sintomatolog\u00eda nuclear de estos trastornos (atenci\u00f3n y\/o autorregulaci\u00f3n).<\/span><\/p>\n<p style=\"text-align: justify\"><span style=\"color: #333399\">&nbsp; &nbsp; &nbsp; Autoaceptarse como uno es, el autoconcepto (= conocimiento o creencia que tenemos sobre nosotros mismos), es la condici\u00f3n fundamental de la autoestima. La autoestima ser\u00eda el componente evaluativo o afectivo del autoconcepto, la actitud positiva o negativa que se tiene en torno a uno mismo, y como puede deducirse, depende de la apariencia f\u00edsica, capacidades, vivencias y experiencia anteriores, etc.<\/span><\/p>\n<p style=\"text-align: justify\"><span style=\"color: #333399\">&nbsp; &nbsp; &nbsp; &nbsp; &nbsp;Un ni\u00f1@ con baja autoestima, tambi\u00e9n, tiene necesidad de pensar bien de s\u00ed mismo, pero cree que no tiene muchos motivos para hacerlo y, para protegerse de un nuevo fracaso que les merme, evitan acciones donde haya posibilidades de fallar, actitud muy peligrosa, puesto que puede llegar a disminuir mucho sus actividades, incluidas las sociales.<\/span><\/p>\n<p><span style=\"color: #333399\">&nbsp; &nbsp; &nbsp; &nbsp; &nbsp;Ahora que disponemos de tiempo, facilito los siguientes links:<\/span><\/p>\n<p>&nbsp;<\/p>\n<h4 style=\"text-align: center\"><span style=\"color: #333399\"><strong>-DIVERTIDOS JUEGOS QUE PUEDEN MEJORAR LA AUTOESTIMA DE MANERA EFICAZ-<\/strong><\/span><\/h4>\n<p><span style=\"color: #333399\">&nbsp;<strong>5 juegos de actividad: <em>La silla caliente, la caja de los tesoros, las estatuas, el mimo y el adivino.<\/em><\/strong><\/span><\/p>\n<p><span style=\"color: #333399\"><a style=\"color: #333399\" href=\"https:\/\/www.guiainfantil.com\/articulos\/educacion\/autoestima\/5-juegos-para-mejorar-la-autoestima-de-los-ninos-de-forma-eficaz\/\">https:\/\/www.guiainfantil.com\/articulos\/educacion\/autoestima\/5-juegos-para-mejorar-la-autoestima-de-los-ninos-de-forma-eficaz\/<\/a><\/span><\/p>\n<p><span style=\"color: #333399\"><em><strong>Autoestima Infantil: 10 juegos para trabajarla<\/strong><\/em><\/span><\/p>\n<p><span style=\"color: #333399\"><a style=\"color: #333399\" href=\"https:\/\/www.webpsicologos.com\/blog\/autoestima-infantil-10-juegos-trabajarla\/\">https:\/\/www.webpsicologos.com\/blog\/autoestima-infantil-10-juegos-trabajarla\/<\/a><\/span><\/p>\n<p><span style=\"color: #333399\"><strong>&nbsp;Y para m\u00e1s mayores (a partir de unos 14 \u00f3 15 a\u00f1os &#8211; adultos), <em>Autoestima: 3 ejercicios para fortalecerla<\/em><\/strong><\/span><\/p>\n<p><span style=\"color: #333399\">https:\/\/psicologia-estrategica.com\/autoestima-3-ejercicios-fortalecerla\/<\/span><\/p>\n<p>&nbsp;<\/p>\n<p><span style=\"color: #333399\">Para los que os apetezcan seguir leyendo, he elaborado los siguientes consejos:&nbsp;<\/span><\/p>\n<table>\n<tbody>\n<tr>\n<td>\n<h4>&nbsp;<\/h4>\n<h4 style=\"text-align: center\"><span style=\"color: #333399\"><strong>-RECETA CASERA PARA MEJORAR LA AUTOESTIMA DE VUESTRO\/A HIJO\/A TDAH O TGC-<\/strong><\/span><\/h4>\n<ul>\n<li><span style=\"color: #333399\">Primer paso: tenemos que esforzarnos por ser <strong>realistas<\/strong> con cada uno de nuestros hijos, por lo que no debemos fijar objetivos imposibles estos d\u00edas. Empecemos por peque\u00f1as cosas, y vayamos aumentando seg\u00fan vayamos consiguiendo lo propuesto, conociendo las limitaciones atencionales\/autocontrol del TDAH\/TGC.<\/span><\/li>\n<li><span style=\"color: #333399\">Segundo paso: <strong>debemos&nbsp;reforzar sus logros.<\/strong> \u00bfC\u00f3mo?:<\/span>\n<ul>\n<li><span style=\"color: #333399\">Cualquier <em>esfuerzo<\/em> es v\u00e1lido.<\/span><\/li>\n<li><span style=\"color: #333399\">Felicit\u00e9moslo por las <em>peque\u00f1as cosas<\/em> cotidianas que realice, pero que le cuesta hacer.<\/span><\/li>\n<li><span style=\"color: #333399\"><em>Practiqu\u00e9moslo<\/em> con frecuencia.<\/span><\/li>\n<li><span style=\"color: #333399\">Mediante frases <em>positivas<\/em>, resaltemos la conducta concreta.<\/span><\/li>\n<li><span style=\"color: #333399\">Debemos decirle claramente <em>qu\u00e9 es lo que nos gusta<\/em> de su comportamiento.<\/span><\/li>\n<li><span style=\"color: #333399\">Subrayemos aquello que hace bien, valorando sus <em>cualidades, capacidades y el esfuerzo<\/em>.<\/span><\/li>\n<\/ul>\n<\/li>\n<li><span style=\"color: #333399\">&nbsp;Tercer paso: n<span style=\"line-height: 1.6\">unca debemos recalcar un fracaso. Entonces, \u00bfc\u00f3mo debemos <strong>realizar cualquier correcci\u00f3n<\/strong> de la tarea que est\u00e1 realizando?:<\/span><\/span>\n<ul>\n<li style=\"text-align: justify\"><span style=\"color: #333399\">Cuando tengamos que hacer una correcci\u00f3n a cualquier tarea, escolar o no (por ejemplo, fregar los platos), hag\u00e1moslo de la forma m\u00e1s <em>imparcial<\/em> posible, sin dejarnos llevar por nuestras propias emociones (por mucha ira que nos produzca que est\u00e9 mojando todo el suelo).<\/span><\/li>\n<li><span style=\"color: #333399\">Las correcciones deben ser en <em>positivo<\/em>, siempre animando y dejando explicitada la <em>confianza<\/em> en su \u00e9xito.<\/span><\/li>\n<li><span style=\"color: #333399\">Ante una conducta incorrecta, hablaremos en primera persona y diremos lo que sentimos (\u201c<em>Yo me siento<\/em>\u2026\u00bb).<\/span><\/li>\n<li style=\"text-align: justify\"><span style=\"color: #333399\">Seamos conscientes de que lo que <em>criticamos<\/em> es <em>el acto concreto<\/em>, no a nuestro hijo, es decir, diferenciemos claramente un error de lo que es su persona (podemos decirle \u201cLo que acabas de hacer est\u00e1 mal\u201d, en lugar de expresarlo como cualidad personal tipo \u201cEres un desastre\u201d).<\/span><\/li>\n<\/ul>\n<\/li>\n<li style=\"text-align: justify\"><span style=\"color: #333399\">&nbsp;Cuarto paso: <strong>e<\/strong><span style=\"line-height: 1.6\"><strong>scuchemos activamente<\/strong> lo que nuestro\/a hijo\/a nos dice. Tiene que <\/span><em style=\"line-height: 1.6\">sentirse escuchad@ de verdad<\/em><span style=\"line-height: 1.6\">. Si tenemos que responder, contestemos adecuadamente, sin elevar el tono de voz.<\/span><\/span><\/li>\n<li><span style=\"color: #333399\">&nbsp;Quinto paso: <strong>n<\/strong><span style=\"line-height: 1.6\"><strong>o realicemos comparaciones<\/strong> entre hermanos. Si hacemos comparaciones, es perfecto que lo haga poni\u00e9ndole el ejemplo de <\/span><em style=\"line-height: 1.6\">lo bien que \u00e9l o ella ha realizado algo en otra ocasi\u00f3n.<\/em><\/span><\/li>\n<li style=\"text-align: justify\"><span style=\"color: #333399\">Y por \u00faltimo, el sexto paso: <strong>ense\u00f1\u00e9mosle a dirigirse a s\u00ed mismo con comentarios positivos<\/strong> cada vez que haga algo bien: \u201cMuy bien, yo solito\/a lo he conseguido\u201d, \u201ccada d\u00eda me cuesta este ejercicio menos trabajo\u201d, \u201ccada d\u00eda me sale mejor\u201d, por ejemplo. Asimismo, debemos ayudarle a <strong>verbalizar y encajar los fracasos<\/strong>, entren\u00e1ndolo en hacerse observaciones del tipo: \u201cme ha salido mal, pero lo intentar\u00e9 otra vez\u201d, \u201cme he equivocado en&#8230;\u201d, \u201cla pr\u00f3xima vez, tendr\u00e9 en cuenta&#8230;\u201d, por ejemplo. V\u00e9anse las <a style=\"color: #333399\" href=\"https:\/\/blogsaverroes.juntadeandalucia.es\/tdahytgcjaen\/?s=tecnicas+sencillas\">recomendaciones para ense\u00f1ar <em>autoinstrucciones <\/em><\/a>facilitadas los primeros d\u00edas de confinamiento.<\/span><\/li>\n<\/ul>\n<\/td>\n<\/tr>\n<\/tbody>\n<\/table>\n<p>&nbsp;<\/p>\n<p><span style=\"color: #333399\"><strong><img loading=\"lazy\" decoding=\"async\" class=\" wp-image-1066 alignright\" src=\"https:\/\/blogsaverroes.juntadeandalucia.es\/tdahytgcjaen\/files\/2020\/03\/Frases-mami.jpg\" alt=\"\" width=\"433\" height=\"433\" srcset=\"https:\/\/blogsaverroes.juntadeandalucia.es\/tdahytgcjaen\/files\/2020\/03\/Frases-mami.jpg 530w, https:\/\/blogsaverroes.juntadeandalucia.es\/tdahytgcjaen\/files\/2020\/03\/Frases-mami-150x150.jpg 150w, https:\/\/blogsaverroes.juntadeandalucia.es\/tdahytgcjaen\/files\/2020\/03\/Frases-mami-300x300.jpg 300w, https:\/\/blogsaverroes.juntadeandalucia.es\/tdahytgcjaen\/files\/2020\/03\/Frases-mami-100x100.jpg 100w, https:\/\/blogsaverroes.juntadeandalucia.es\/tdahytgcjaen\/files\/2020\/03\/Frases-mami-24x24.jpg 24w, https:\/\/blogsaverroes.juntadeandalucia.es\/tdahytgcjaen\/files\/2020\/03\/Frases-mami-36x36.jpg 36w, https:\/\/blogsaverroes.juntadeandalucia.es\/tdahytgcjaen\/files\/2020\/03\/Frases-mami-48x48.jpg 48w\" sizes=\"(max-width: 433px) 100vw, 433px\" \/><\/strong><\/span><\/p>\n<p>&nbsp;<\/p>\n<p style=\"text-align: justify\"><span style=\"color: #333399\"><strong>En definitiva, se trata de asegurarle nuestro apoyo y afecto incondicional, independientemente de sus logros y comportamiento. Nuestros hijos e hijas necesitan sentirse seguros y queridos. No demos por supuesto que saben que les queremos; debemos expresarlo, tambi\u00e9n, con <span style=\"text-decoration: underline\">palabras, aplausos, lanz\u00e1ndole un beso, o cualquier otra muestra de cari\u00f1o<\/span>, sea de la edad que sea.<\/strong><\/span><\/p>\n<p style=\"text-align: justify\"><span style=\"color: #333399\"><strong> Desgraciadamente, en estas duras circunstancias evitemos la cercan\u00eda f\u00edsica (abrazo, beso, achuch\u00f3n).<\/strong><\/span><\/p>\n<p style=\"text-align: center\"><span style=\"color: #333399\"><strong>\u00a1Ya tendremos tiempo y m\u00e1s ganas cuando todo esto acabe!<\/strong><\/span><\/p>\n<p>&nbsp;<\/p>\n<h1 style=\"text-align: center\"><span style=\"color: #008000\">\u00a1\u00c1nimooooooo!<\/span><\/h1>\n<p><span style=\"color: #333399\"><strong>&nbsp;<\/strong><\/span><\/p>\n<p>&nbsp;<\/p>\n<p>&nbsp;<\/p>\n<p>&nbsp;<\/p>\n<p>&nbsp;<\/p>\n<p><span style=\"color: #333399\">__________________________________________________________________________________________<\/span><\/p>\n<h1 style=\"text-align: right\"><span style=\"color: #333399\"><strong>#YoMeQuedoEnCasa<\/strong><\/span><\/h1>\n<h1 style=\"text-align: right\"><span style=\"color: #333399\"><strong>#UnDiaMenos<\/strong><\/span><\/h1>\n<p>&nbsp;<\/p>\n<h4><span style=\"color: #333399\">&nbsp;<span lang=\"IT\" style=\"font-family: 'Arial Black', sans-serif;color: #008000\"><strong>MI\u00c9RCOLES, 1 de abril:<\/strong><\/span><\/span><\/h4>\n<h4 style=\"text-align: center\" align=\"center\">&nbsp;<\/h4>\n<h4 style=\"text-align: center\" align=\"center\"><span lang=\"IT\" style=\"font-family: 'Arial Black', sans-serif;color: #333399\"><strong><img loading=\"lazy\" decoding=\"async\" class=\"size-full wp-image-971 alignleft\" src=\"https:\/\/blogsaverroes.juntadeandalucia.es\/tdahytgcjaen\/files\/2016\/06\/logo-nuevo-Consejer\u00eda.png\" alt=\"\" width=\"128\" height=\"128\" srcset=\"https:\/\/blogsaverroes.juntadeandalucia.es\/tdahytgcjaen\/files\/2016\/06\/logo-nuevo-Consejer\u00eda.png 128w, https:\/\/blogsaverroes.juntadeandalucia.es\/tdahytgcjaen\/files\/2016\/06\/logo-nuevo-Consejer\u00eda-100x100.png 100w, https:\/\/blogsaverroes.juntadeandalucia.es\/tdahytgcjaen\/files\/2016\/06\/logo-nuevo-Consejer\u00eda-24x24.png 24w, https:\/\/blogsaverroes.juntadeandalucia.es\/tdahytgcjaen\/files\/2016\/06\/logo-nuevo-Consejer\u00eda-36x36.png 36w, https:\/\/blogsaverroes.juntadeandalucia.es\/tdahytgcjaen\/files\/2016\/06\/logo-nuevo-Consejer\u00eda-48x48.png 48w\" sizes=\"(max-width: 128px) 100vw, 128px\" \/><br \/>\n<\/strong><\/span><\/h4>\n<h4 align=\"center\">&nbsp;<\/h4>\n<h4 style=\"text-align: center\" align=\"center\"><span style=\"color: #008000\"><strong style=\"line-height: 1.5\"><span style=\"font-family: Arial Black, sans-serif\">NOVEDADES DE LA CONSEJER\u00cdA DE EDUCACI\u00d3N Y DEPORTE.<\/span><\/strong><\/span><\/h4>\n<h4 style=\"text-align: center\" align=\"center\"><span style=\"color: #008000;font-family: 'Arial Black', sans-serif\"><b>ESCOLARIZACI\u00d3N Y TR\u00c1MITES<\/b><\/span><\/h4>\n<p style=\"text-align: justify\"><span style=\"color: #333399\">Dada la intranquilidad de muchos padres y madres al decretarse el estado de alarma en pleno proceso de escolarizaci\u00f3n, y sin haber realizado los tr\u00e1mites oportunos, facilito <strong>toda la informaci\u00f3n, de manera resumida<\/strong>, acerca de la escolarizaci\u00f3n publicada hasta el d\u00eda de hoy, para todas las etapas educativas, residencias escolares, escuelas-hogar, y ense\u00f1anzas de r\u00e9gimen especial (Conservatorios de m\u00fasica y Artes, Escuelas Oficiales de Idiomas). \u00a1Tranquilidad! \u00a1Hay tiempo de sobra!<\/span><\/p>\n<p>&nbsp;<\/p>\n<p>&nbsp;<\/p>\n<p style=\"text-align: justify\"><span style=\"color: #008000\"><strong>1. CENTROS DOCENTES P\u00daBLICOS SOSTENIDOS CON FONDOS P\u00daBLICOS DE SEGUNDO CICLO DE EDUCACI\u00d3N INFANTIL, EDUCACI\u00d3N PRIMARIA, EDUCACI\u00d3N ESPECIAL, ESO Y BACHILLERATO<\/strong><strong>.<\/strong><\/span><\/p>\n<p>&nbsp;<\/p>\n<p><span style=\"color: #333399\">&#8211; El d\u00eda 13 de marzo, ya la Consejer\u00eda de Educaci\u00f3n y Deporte public\u00f3 una <a style=\"color: #333399\" href=\"http:\/\/www.juntadeandalucia.es\/educacion\/portals\/delegate\/content\/22d12c5c-e16e-4738-a3d2-cdbca7ee1b47\/Instrucci%C3%B3n%20de%2013%20de%20marzo%20de%202020\"><strong>INSTRUCCI\u00d3N<\/strong><\/a> por la que se proced\u00eda a la <strong>SUSPENSI\u00d3N DE LA ACTIVIDAD DOCENTE PRESENCIAL<\/strong>, por orden de la Consejer\u00eda de Salud.<\/span><\/p>\n<p>&nbsp;<\/p>\n<p style=\"text-align: justify\"><span style=\"color: #333399\">&#8211; El s\u00e1bado 14, tras la inminente publicaci\u00f3n del R.D. por el que se declarar\u00eda el estado de alarma, se emite un <strong>COMUNICADO URGENTE<\/strong>, informando de <strong>NUEVAS MEDIDAS<\/strong> adoptadas motivadas por el coronavirus COVID-19, que se aplicar\u00e1n a partir del lunes, 16 de marzo de 2020, entre otras, que se habilita una herramienta que permite <strong>solicitar plaza escolar en las ense\u00f1anzas de r\u00e9gimen general de manera simplificada<\/strong>, necesitando tan s\u00f3lo el n\u00famero de DNI y un tel\u00e9fono m\u00f3vil, sin perjuicio de que se determinen nuevos plazos.<\/span><\/p>\n<p>&nbsp;<\/p>\n<p style=\"text-align: justify\"><span style=\"color: #333399\">&#8211; Una vez publicado el R.D. citado (en el que en su disposici\u00f3n adicional tercera establece, resumidamente, la interrupci\u00f3n de los plazos para la tramitaci\u00f3n de los procedimientos de las entidades del sector p\u00fablico y, una vez que se establezca la finalizaci\u00f3n del estado de alarma, se volver\u00e1n a reanudar todos los plazos administrativos), el 25 de marzo, nuestra Consejer\u00eda emite un nuevo <strong>COMUNICADO SOBRE EL PLAZO PARA LA ENTREGA DE SOLICITUDES DE ESCOLARIZACI\u00d3N. INFANTIL (3-6 A\u00d1OS) HASTA BACHILLERATO. <\/strong>Resumidamente:<\/span><\/p>\n<table>\n<tbody>\n<tr>\n<td style=\"text-align: justify\"><span style=\"color: #ff0000\"><strong><em>Una vez que finalice el estado de alarma<\/em><\/strong><\/span><em>, se podr\u00e1 entregar en los centros docentes, en formato papel, las solicitudes durante <strong><span style=\"color: #ff0000\">12 d\u00edas h\u00e1biles m\u00e1s<\/span>, <\/strong>tiempo suficiente para realizar todos los tr\u00e1mites necesarios.<\/em><\/td>\n<\/tr>\n<\/tbody>\n<\/table>\n<p>&nbsp;<\/p>\n<p style=\"text-align: justify\"><span style=\"color: #333399\"><strong>La PRESENTACI\u00d3N TELEM\u00c1TICA DE SOLICITUDES DE ESCOLARIZACI\u00d3N&nbsp;SIGUE DISPONIBLE durante el periodo de confinamiento<\/strong> ocasionado por el estado de alarma. Para acceder, pulse sobre la imagen:<\/span><\/p>\n<p style=\"text-align: center\"><a href=\"https:\/\/www.juntadeandalucia.es\/educacion\/secretariavirtual\/accesoTramite\/439\/\"><img loading=\"lazy\" decoding=\"async\" class=\"alignnone size-full wp-image-1077\" src=\"https:\/\/blogsaverroes.juntadeandalucia.es\/tdahytgcjaen\/files\/2020\/04\/secretaria-virtual.png\" alt=\"\" width=\"472\" height=\"107\" srcset=\"https:\/\/blogsaverroes.juntadeandalucia.es\/tdahytgcjaen\/files\/2020\/04\/secretaria-virtual.png 472w, https:\/\/blogsaverroes.juntadeandalucia.es\/tdahytgcjaen\/files\/2020\/04\/secretaria-virtual-300x68.png 300w, https:\/\/blogsaverroes.juntadeandalucia.es\/tdahytgcjaen\/files\/2020\/04\/secretaria-virtual-24x5.png 24w, https:\/\/blogsaverroes.juntadeandalucia.es\/tdahytgcjaen\/files\/2020\/04\/secretaria-virtual-36x8.png 36w, https:\/\/blogsaverroes.juntadeandalucia.es\/tdahytgcjaen\/files\/2020\/04\/secretaria-virtual-48x11.png 48w\" sizes=\"(max-width: 472px) 100vw, 472px\" \/><\/a><\/p>\n<p style=\"text-align: center\"><a href=\"https:\/\/www.juntadeandalucia.es\/educacion\/secretariavirtual\/accesoTramite\/439\/\">pinchar<\/a><\/p>\n<p>&nbsp;<\/p>\n<p>&nbsp;<\/p>\n<p><span style=\"color: #008000\"><strong>2. RESIDENCIAS ESCOLARES Y ESCUELAS-HOGAR<\/strong><\/span><\/p>\n<p style=\"text-align: justify\"><span style=\"color: #333399\">El 30 de marzo, se emite un <strong>COMUNICADO DE ESCOLARIZACI\u00d3N PARA RESIDENCIAS ESCOLARES Y ESCUELAS HOGAR<\/strong>, en el que resumidamente, se adoptan las mismas medidas: \u201c<em>puesto que el plazo de entrega se de solicitudes de admisi\u00f3n del alumnado residente en las residencias escolares y en las escuelas-hogar para el curso 2020\/2021 <strong>se interrumpi\u00f3 el d\u00eda 14 de marzo, quedando todav\u00eda 12 d\u00edas h\u00e1biles para su finalizaci\u00f3n, una vez que finalice el estado de alarma, se podr\u00e1 entregar<\/strong> en los centros docentes, en formato papel, las solicitudes durante 12 d\u00edas h\u00e1biles m\u00e1s (sin contar fiestas, ni s\u00e1bados, ni domingos)<\/em>\u201d.<\/span><\/p>\n<p>&nbsp;<\/p>\n<p>&nbsp;<\/p>\n<p><span style=\"color: #008000\"><strong>3. CONSERVATORIOS ELEMENTALES Y PROFESIONALES DE M\u00daSICA: NEE<\/strong><\/span><\/p>\n<p style=\"text-align: justify\"><span style=\"color: #333399\"><a href=\"http:\/\/www.juntadeandalucia.es\/educacion\/portals\/delegate\/content\/b8ebbe8e-23c6-4fcd-9467-c9f87ebdb82f\/20200331_Resolucion_prueba_conservatorio_alumnado_educacion_especial\">RESOLUCI\u00d3N 30 de marzo de 2020<\/a>, por la que se autoriza a determinados conservatorios elementales y profesionales de m\u00fasica para la <strong>realizaci\u00f3n de una prueba de aptitud adaptada para el acceso del alumnado con necesidades educativas especiales<\/strong> a las ense\u00f1anzas elementales b\u00e1sicas de m\u00fasica y se dispone el n\u00famero de plazas escolares ofertadas en dichas ense\u00f1anzas elementales para el curso escolar 2020\/21.<\/span><\/p>\n<p>&nbsp;<\/p>\n<p>&nbsp;<\/p>\n<p><span style=\"color: #008000\"><strong>4. CONSERVATORIOS ELEMENTALES Y PROFESIONALES DE M\u00daSICA Y DANZA<\/strong><\/span><\/p>\n<p style=\"text-align: justify\"><span style=\"color: #333399\">El 30 de marzo, se emite un <strong>COMUNICADO DE ESCOLARIZACI\u00d3N EN LAS ENSE\u00d1ANZAS DE ELEMENTALES B\u00c1SICAS Y PROFESIONALES DE M\u00daSICA Y DANZA PARA EL CURSO ESCOLAR 2020\/2021<\/strong>, en el que resumidamente, se publica que:<\/span>\u200b<\/p>\n<table>\n<tbody>\n<tr>\n<td>\n<p style=\"text-align: justify\"><em>El plazo de presentaci\u00f3n de solicitudes en las ense\u00f1anzas elementales b\u00e1sicas y profesionales de m\u00fasica y de danza para el curso 2020\/21, <span style=\"color: #ff0000\"><strong>previsto entre los d\u00edas 1 al 30 de abril, <\/strong><\/span><\/em><span style=\"color: #ff0000\"><strong><em>no va a poder iniciarse con normalidad<\/em><\/strong><\/span><em>. No obstante, esta Consejer\u00eda de Educaci\u00f3n y Deporte <span style=\"color: #ff0000\"><strong>determinar\u00e1 <\/strong><\/span><\/em><span style=\"color: #ff0000\"><strong><em>nuevos plazos que comenzar\u00e1n una vez finalice el estado de alarma<\/em><\/strong><\/span><strong><em>, <\/em><\/strong><em>de forma que se puedan entregar en los conservatorios, en formato papel, las solicitudes de admisi\u00f3n.<\/em><\/p>\n<p><em>Se pone en conocimiento que se contar\u00e1 con el tiempo suficiente para los tr\u00e1mites.<\/em><\/td>\n<\/tr>\n<\/tbody>\n<\/table>\n<p>&nbsp;<\/p>\n<p>&nbsp;<\/p>\n<p><span style=\"color: #008000\"><strong>5. ESCUELAS OFICIALES DE IDIOMAS<\/strong><\/span><\/p>\n<p style=\"text-align: justify\"><span style=\"color: #333399\">El 31 de marzo, se emite un <strong>COMUNICADO SOBRE EL PLAZO DE SOLICITUD DE MATR\u00cdCULA EN R\u00c9GIMEN DE ENSE\u00d1ANZA LIBRE EN LAS ENSE\u00d1ANZAS DE IDIOMAS DE R\u00c9GIMEN ESPECIAL<\/strong>, en el que resumidamente, se publica que:<\/span><\/p>\n<table>\n<tbody>\n<tr>\n<td style=\"text-align: justify\"><em>El procedimiento de solicitud de matr\u00edcula en r\u00e9gimen de ense\u00f1anza libre en las ense\u00f1anzas de idiomas de r\u00e9gimen especial en el presente curso 2019\/20, cuyo plazo est\u00e1 previsto en la normativa reguladora del 1 al 15 de abril, <span style=\"color: #ff0000\"><strong>no puede iniciarse con normalidad<\/strong><\/span>, sin embargo, se pone en conocimiento de la ciudadan\u00eda que se podr\u00e1 realizar, tanto en las Escuelas Oficiales de Idiomas como en la Secretar\u00eda Virtual de la Consejer\u00eda de Educaci\u00f3n y Deporte, en los <span style=\"color: #ff0000\"><strong>nuevos plazos<\/strong><\/span> que se determinar\u00e1n <strong><span style=\"color: #ff0000\">cuando finalice el estado de alarma decretado<\/span><\/strong><span style=\"color: #ff0000\">.<\/span><\/em><\/td>\n<\/tr>\n<\/tbody>\n<\/table>\n<p>&nbsp;<\/p>\n<p>________________________________________________________________________________<\/p>\n<h1 style=\"text-align: right\"><span style=\"color: #333399\"><strong>#YoMeQuedoEnCasa<\/strong><\/span><\/h1>\n<h1 style=\"text-align: right\"><span style=\"color: #333399\"><strong>#UnDiaMenos<\/strong><\/span><\/h1>\n<p>&nbsp;<\/p>\n<h4><span style=\"color: #333399\">&nbsp;<span lang=\"IT\" style=\"font-family: 'Arial Black', sans-serif;color: #008000\"><strong>JUEVES, 2 de abril:<\/strong><\/span><\/span><\/h4>\n<h1 style=\"text-align: center\"><span style=\"color: #008000\"><strong>DESPEDIDA Y DUELO SIN ABRAZOS<\/strong><\/span><\/h1>\n<h4 style=\"text-align: center\"><strong><span style=\"color: #008000\">AYUDAR A SUPERAR EL DUELO A TODAS LAS FAMILIAS QUE HAY\u00c1IS PERDIDO A UN SER QUERIDO<\/span><\/strong><\/h4>\n<p style=\"text-align: center\"><span style=\"color: #008000\">-INCLUYE RECOMENDACIONES Y MATERIALES PARA NI\u00d1OS, J\u00d3VENES Y ADULTOS-<\/span><\/p>\n<p><img loading=\"lazy\" decoding=\"async\" class=\"size-full wp-image-1098 alignright\" src=\"https:\/\/blogsaverroes.juntadeandalucia.es\/tdahytgcjaen\/files\/2020\/04\/ANGELITO-CIELO.jpg\" alt=\"\" width=\"243\" height=\"208\" srcset=\"https:\/\/blogsaverroes.juntadeandalucia.es\/tdahytgcjaen\/files\/2020\/04\/ANGELITO-CIELO.jpg 243w, https:\/\/blogsaverroes.juntadeandalucia.es\/tdahytgcjaen\/files\/2020\/04\/ANGELITO-CIELO-24x21.jpg 24w, https:\/\/blogsaverroes.juntadeandalucia.es\/tdahytgcjaen\/files\/2020\/04\/ANGELITO-CIELO-36x31.jpg 36w, https:\/\/blogsaverroes.juntadeandalucia.es\/tdahytgcjaen\/files\/2020\/04\/ANGELITO-CIELO-48x41.jpg 48w\" sizes=\"(max-width: 243px) 100vw, 243px\" \/><\/p>\n<p>&nbsp;<\/p>\n<p>&nbsp;<\/p>\n<p style=\"text-align: justify\"><span style=\"color: #333399\">No me imagin\u00e9 nunca dedicar un espacio de este entorno para hablar de despedida y muerte; pero en estos momentos, hay que ser realista, y afrontar la p\u00e9rdida que, algunos de nosotros ya hemos sufrido esta semana por culpa de este maldito virus.<\/span><\/p>\n<p style=\"text-align: justify\"><span style=\"color: #333399\">&nbsp; &nbsp; Si la p\u00e9rdida es un hecho doloroso y complicado para el ser humano, en la situaci\u00f3n de confinamiento que estamos viviendo, el no poder pasar los \u00faltimos momentos con nuestros seres queridos, ni poder velarlo ni despedirlo, se convierte en un duelo muy, muy complicado porque no nos podemos despedir.<\/span><\/p>\n<p style=\"text-align: justify\"><span style=\"color: #333399\">&nbsp; &nbsp; Seg\u00fan los datos publicados, en tan s\u00f3lo el d\u00eda de ayer, en Ja\u00e9n, se contabilizaron 11 fallecidos entre los contagiados. Y por ofreceros un dato muy positivo: una investigaci\u00f3n asegura que, gracias al confinamiento que llevamos desde que comenz\u00f3 la pandemia, \u00a1hemos salvado m\u00e1s de 16000 vidas!&nbsp;<\/span><\/p>\n<p style=\"text-align: justify\">&nbsp; &nbsp; <span style=\"color: #333399\">Mi \u00fanico objetivo con este post es intentar ayudar, tanto a adultos como a ni\u00f1os que, desgraciadamente, hay\u00e1is o vay\u00e1is a pasar por esta complicada y triste experiencia, a superar la p\u00e9rdida de las llamadas ya por los sanitarios \u00ab<strong><em>MUERTES SIN DESPEDIDA<\/em><\/strong>\u00ab. Para este fin, he recogido recomendaciones emitidas por <strong>psic\u00f3logos expertos en duelo<\/strong>, que me parece oportuno compartir para minimizar la sensaci\u00f3n de desesperanza, tristeza y ansiedad que surgen en estas dolorosas circunstancias.<\/span><\/p>\n<p>&nbsp;<\/p>\n<p>&nbsp;<\/p>\n<h3 style=\"text-align: center\"><span style=\"color: #339966\"><strong>-DUELO EN NI\u00d1OS Y ADOLESCENTES-<\/strong><\/span><\/h3>\n<p style=\"text-align: justify;line-height: 15.9pt;background: white\"><span style=\"color: #333399\">Los adultos, a menudo, tratamos de proteger a nuestros hijos contra el dolor que ocasiona la p\u00e9rdida de un ser querido, dici\u00e9ndoles o no lo sucedido. Debemos saber que, por s\u00ed mismos, muchos ni\u00f1os y adolescentes no son capaces de entender la realidad de la muerte, ni los sentimientos que tienen ante una p\u00e9rdida.&nbsp;<\/span><span style=\"color: #333399\">Pueden sentirse confusos, rechazados o abandonados, en un momento en que m\u00e1s necesitan consuelo, comprensi\u00f3n y seguridad. Los adultos, que luchamos para hacer frente a nuestras propias reacciones ante la muerte, podemos sentirnos totalmente impotentes para gestionar los sentimientos de un ni\u00f1o afligido.<\/span><\/p>\n<p style=\"text-align: justify;line-height: 15.9pt;background: white\"><span style=\"font-family: Arial, sans-serif;color: #333399\">&nbsp; &nbsp;Si bien, las respuestas de ni\u00f1os y adolescentes son muy parecidas a las que podemos mostrar los adultos en situaciones similares, en el caso de los menores, hemos de contar con la complicaci\u00f3n a\u00f1adida de un entendimiento menos claro, o incluso inexistente, del proceso de la muerte.<\/span><\/p>\n<table>\n<tbody>\n<tr>\n<td>\n<p style=\"text-align: justify;line-height: 15.9pt;background: white\"><span style=\"color: #0000ff\"><strong><span style=\"font-family: Arial, sans-serif\">REACCIONES HABITUALES DE NI\u00d1OS Y J\u00d3VENES ANTE LA P\u00c9RDIDA *<\/span><\/strong><\/span><\/p>\n<p style=\"text-align: justify;line-height: 15.9pt;background: white;margin: 5.0pt 0cm 12.0pt 33.5pt\"><span style=\"font-family: 'Arial','sans-serif';color: #002060\">&#8211; <span style=\"color: #0000ff\">NEGACI\u00d3N. <span style=\"color: #333399\">Se trata de una&nbsp;manera de hacer frente a algo que no es comprendido ni aceptado. Sus manifestaciones son: fantasear acerca de la persona fallecida, hablar de \u00e9l o ella en tiempo presente, o seguir esperando a la persona en cuesti\u00f3n, a pesar de saber que \u00e9l o ella no van a volver.<\/span><\/span><\/span><\/p>\n<p style=\"text-align: justify;line-height: 15.9pt;background: white;margin: 5.0pt 0cm 12.0pt 33.5pt\"><span style=\"font-family: 'Arial','sans-serif';color: #002060\">&#8211; <span style=\"color: #0000ff\">CULPA.<\/span> <span style=\"color: #333399\">Puede ser el resultado de la necesidad de encontrar una raz\u00f3n para la muerte. Algunos sienten que ellos han causado la muerte de alguna manera, o se sienten culpables por estar vivos. Esta situaci\u00f3n provoca sentimientos dif\u00edciles de gestionar.<\/span><\/span><\/p>\n<p style=\"text-align: justify;line-height: 15.9pt;background: white;margin: 5.0pt 0cm 12.0pt 33.5pt\"><span style=\"font-family: 'Arial','sans-serif';color: #002060\">&#8211; <span style=\"color: #0000ff\">IRA.<\/span>&nbsp;<span style=\"color: #333399\">Emoci\u00f3n que puede ser dirigida a los compa\u00f1eros que no han tenido una p\u00e9rdida, a la propia persona fallecida, o hacia otros miembros de la familia. Los ni\u00f1os, a menudo, expresan su ira a trav\u00e9s de la manifestaci\u00f3n de un comportamiento rebelde y oposicionista.<\/span><\/span><\/p>\n<p style=\"text-align: justify;line-height: 15.9pt;background: white;margin: 5.0pt 0cm 12.0pt 33.5pt\"><span style=\"font-family: 'Arial','sans-serif';color: #002060\">&#8211; <span style=\"color: #0000ff\">IDEALIZACI\u00d3N.<\/span>&nbsp;<span style=\"color: #333399\">Llegar a idealizar a la persona fallecida; pueden comenzar a imitar sus gestos, frases, o maneras de proceder.<\/span><\/span><\/p>\n<p style=\"text-align: justify;line-height: 15.9pt;background: white;margin: 5.0pt 0cm 12.0pt 33.5pt\"><span style=\"font-family: 'Arial','sans-serif';color: #002060\">&#8211; <span style=\"color: #0000ff\">P\u00c1NICO.<\/span> <span style=\"color: #333399\">Ante una situaci\u00f3n de p\u00e9rdida, pueden desarrollar miedo de que otras personas que est\u00e1n cerca de ellos pueden morir, o incluso temer por sus propias vidas. Pueden sentirse inseguros y preocuparse en exceso por el contagio de las personas que tienen a su alrededor.<\/span><\/span><\/p>\n<p style=\"text-align: justify;line-height: 15.9pt;background: white;margin: 5.0pt 0cm 12.0pt 33.5pt\"><span style=\"font-family: 'Arial','sans-serif';color: #002060\">&#8211; <span style=\"color: #0000ff\">QUEJAS PSICOSOM\u00c1TICAS.<\/span> <span style=\"color: #333399\">Muy a menudo, pueden perder el apetito, tener pesadillas y aparentar cansancio la mayor parte del tiempo. Se quejan de dolores de cabeza o malestar estomacal. Algunos, pueden llegar a quejarse de tener los mismos s\u00edntomas mostrados por la persona muerta en la fase final de su enfermedad.<\/span><\/span><\/p>\n<p style=\"text-align: right\"><span style=\"color: #33cccc\">-* Resumen de art\u00edculo de la Federaci\u00f3n de Asociaciones para la Prevenci\u00f3n del Maltrato Infantil<\/span><\/p>\n<\/td>\n<\/tr>\n<\/tbody>\n<\/table>\n<p>&nbsp;<\/p>\n<p style=\"text-align: justify;line-height: 15.9pt;background: white;margin: 5.0pt 0cm 12.0pt 33.5pt\"><span style=\"color: #0000ff\"><strong><span style=\"font-family: Arial, sans-serif\">RECURSOS PARA AYUDAR A NI\u00d1OS Y J\u00d3VENES ANTE LA P\u00c9RDIDA:<\/span><\/strong><\/span><\/p>\n<p><a href=\"http:\/\/www.fundacionmlc.org\/uploads\/media\/default\/0001\/01\/guia-duelo-infantil-fmlc.pdf\"><img loading=\"lazy\" decoding=\"async\" class=\"size-full wp-image-1093 alignleft\" src=\"https:\/\/blogsaverroes.juntadeandalucia.es\/tdahytgcjaen\/files\/2020\/04\/hablemos-de-la-muerte.jpg\" alt=\"\" width=\"188\" height=\"268\" srcset=\"https:\/\/blogsaverroes.juntadeandalucia.es\/tdahytgcjaen\/files\/2020\/04\/hablemos-de-la-muerte.jpg 188w, https:\/\/blogsaverroes.juntadeandalucia.es\/tdahytgcjaen\/files\/2020\/04\/hablemos-de-la-muerte-17x24.jpg 17w, https:\/\/blogsaverroes.juntadeandalucia.es\/tdahytgcjaen\/files\/2020\/04\/hablemos-de-la-muerte-25x36.jpg 25w, https:\/\/blogsaverroes.juntadeandalucia.es\/tdahytgcjaen\/files\/2020\/04\/hablemos-de-la-muerte-34x48.jpg 34w\" sizes=\"(max-width: 188px) 100vw, 188px\" \/><\/a><\/p>\n<p>&nbsp;<\/p>\n<p>&nbsp;<\/p>\n<p style=\"text-align: justify\"><span style=\"color: #333399\">\u00ab<strong>Hablemos de Duelo. Manual pr\u00e1ctico para abordar la muerte con ni\u00f1os y adolescentes\u00bb.<\/strong><\/span><\/p>\n<p style=\"text-align: justify\"><span style=\"color: #333399\">Desde&nbsp;<\/span><span style=\"color: #333399\">mi humilde criterio, se trata de una fant\u00e1stica gu\u00eda, cuya autora (Patricia D\u00edaz Seoane) ayuda a los adultos a solucionar sus dudas, y encontrar la mejor manera de explicar a nuestros hijos e hijas qu\u00e9 es la muerte, una tem\u00e1tica muy dif\u00edcil de abordar para mucho de nosotros. <span style=\"font-size: 11pt;font-family: Arial, sans-serif\">Este interesante documento incluye&nbsp;<\/span><span style=\"font-size: 11pt;font-family: Arial, sans-serif;color: #333399\">un apartado especial sobre<span class=\"apple-converted-space\">&nbsp;<\/span><strong><span style=\"font-family: 'Arial','sans-serif'\">c\u00f3mo atender el duelo en personas que padecen una discapacidad intelectual.&nbsp;<\/span><\/strong><\/span>Para su descarga gratuita, pinchar sobre la imagen.<\/span><\/p>\n<p>&nbsp;<\/p>\n<p>&nbsp;<\/p>\n<p>&nbsp;<\/p>\n<p><a href=\"http:\/\/www.psie.cop.es\/uploads\/GuiaDueloFMLC[1].pdf\"><img loading=\"lazy\" decoding=\"async\" class=\"size-full wp-image-1095 alignleft\" src=\"https:\/\/blogsaverroes.juntadeandalucia.es\/tdahytgcjaen\/files\/2020\/04\/Duelo-infantil.jpg\" alt=\"\" width=\"188\" height=\"269\" srcset=\"https:\/\/blogsaverroes.juntadeandalucia.es\/tdahytgcjaen\/files\/2020\/04\/Duelo-infantil.jpg 188w, https:\/\/blogsaverroes.juntadeandalucia.es\/tdahytgcjaen\/files\/2020\/04\/Duelo-infantil-17x24.jpg 17w, https:\/\/blogsaverroes.juntadeandalucia.es\/tdahytgcjaen\/files\/2020\/04\/Duelo-infantil-25x36.jpg 25w, https:\/\/blogsaverroes.juntadeandalucia.es\/tdahytgcjaen\/files\/2020\/04\/Duelo-infantil-34x48.jpg 34w\" sizes=\"(max-width: 188px) 100vw, 188px\" \/><\/a><\/p>\n<p>&nbsp;<\/p>\n<p>&nbsp;<\/p>\n<p style=\"text-align: justify;line-height: 15.05pt;background: white;margin: 0cm 0cm 18.0pt 0cm\"><span style=\"color: #333399\"><strong>\u00abExpl\u00edcame qu\u00e9 ha pasado. Gu\u00eda para ayudar a los adultos a hablar de la muerte y el duelo con los ni\u00f1os\u00bb.<\/strong><\/span><\/p>\n<p style=\"text-align: justify;line-height: 15.05pt;background: white;margin: 0cm 0cm 18.0pt 0cm\"><span style=\"color: #333399\">Su t\u00edtulo&nbsp;indica con claridad su contenido, resumido por los autores en las primeras l\u00edneas: <em>\u201cPonerle palabras a este suceso no resulta nada f\u00e1cil y menos a\u00fan si se trata de comunic\u00e1rselo a los m\u00e1s peque\u00f1os. Sin embargo, la muerte es un hecho ineludible de la vida, es decir, todos los seres humanos vamos a tener que enfrentarnos a ella, por ello, es importante poder disponer de recursos que nos ayuden a afrontar esta realidad de la mejor forma posible\u201d.&nbsp;<\/em>Para su descarga gratuita, pinchar sobre la imagen.<br \/>\n<\/span><\/p>\n<p>&nbsp;<\/p>\n<p>&nbsp;<\/p>\n<p><a href=\"https:\/\/www.youtube.com\/watch?v=_RqjTg_kii0\"><img loading=\"lazy\" decoding=\"async\" class=\"size-full wp-image-1097 alignleft\" src=\"https:\/\/blogsaverroes.juntadeandalucia.es\/tdahytgcjaen\/files\/2020\/04\/vuela-mariposa-vuela.jpg\" alt=\"\" width=\"223\" height=\"226\" srcset=\"https:\/\/blogsaverroes.juntadeandalucia.es\/tdahytgcjaen\/files\/2020\/04\/vuela-mariposa-vuela.jpg 223w, https:\/\/blogsaverroes.juntadeandalucia.es\/tdahytgcjaen\/files\/2020\/04\/vuela-mariposa-vuela-100x100.jpg 100w, https:\/\/blogsaverroes.juntadeandalucia.es\/tdahytgcjaen\/files\/2020\/04\/vuela-mariposa-vuela-24x24.jpg 24w, https:\/\/blogsaverroes.juntadeandalucia.es\/tdahytgcjaen\/files\/2020\/04\/vuela-mariposa-vuela-36x36.jpg 36w, https:\/\/blogsaverroes.juntadeandalucia.es\/tdahytgcjaen\/files\/2020\/04\/vuela-mariposa-vuela-48x48.jpg 48w\" sizes=\"(max-width: 223px) 100vw, 223px\" \/><\/a><\/p>\n<p>&nbsp;<\/p>\n<p>&nbsp;<\/p>\n<p><span style=\"color: #333399\">Video <strong>\u00ab\u00a1Vuela, Mariposa! \u00a1Vuela!&#8217;<\/strong> <\/span><\/p>\n<p style=\"text-align: justify\"><span style=\"color: #333399\">Me ha parecido oportuno dejar este bonito cuento para los m\u00e1s peque\u00f1itos de la casa. Nos ense\u00f1a a entender el ciclo natural de la vida y a superar la tristeza de las p\u00e9rdidas.<\/span><\/p>\n<p>&nbsp;<\/p>\n<p>&nbsp;<\/p>\n<p>&nbsp;<\/p>\n<p>&nbsp;<\/p>\n<h3 style=\"text-align: center\"><span style=\"color: #339966\"><strong>-DUELO EN ADULTOS-<\/strong><\/span><\/h3>\n<p><img loading=\"lazy\" decoding=\"async\" class=\"size-full wp-image-1104 alignright\" src=\"https:\/\/blogsaverroes.juntadeandalucia.es\/tdahytgcjaen\/files\/2020\/04\/ADIOS.jpg\" alt=\"\" width=\"275\" height=\"183\" srcset=\"https:\/\/blogsaverroes.juntadeandalucia.es\/tdahytgcjaen\/files\/2020\/04\/ADIOS.jpg 275w, https:\/\/blogsaverroes.juntadeandalucia.es\/tdahytgcjaen\/files\/2020\/04\/ADIOS-24x16.jpg 24w, https:\/\/blogsaverroes.juntadeandalucia.es\/tdahytgcjaen\/files\/2020\/04\/ADIOS-36x24.jpg 36w, https:\/\/blogsaverroes.juntadeandalucia.es\/tdahytgcjaen\/files\/2020\/04\/ADIOS-48x32.jpg 48w\" sizes=\"(max-width: 275px) 100vw, 275px\" \/><\/p>\n<p style=\"text-align: justify\"><span style=\"color: #000080\">La situaci\u00f3n del estado de alarma debido al Covid-19 es nueva para todos y nos requiere nuevas maneras de poder realizar los ritos de cierres y despedidas tan importantes para poder elaborar nuestros duelos. Esta crisis sanitaria sin precedentes est\u00e1 imposibilitando que los familiares y amigos puedan realizar los cierres y ritos de despedida tan importantes para que favorezcan una buena elaboraci\u00f3n del duelo. Es necesario adaptarnos a las limitaciones que esta situaci\u00f3n nos impone, y asumir la frustraci\u00f3n que esta nos genera. Esta capacidad de asumir la impotencia ser\u00e1 clave en la correcta elaboraci\u00f3n de nuestro duelo y en la cicatrizaci\u00f3n de la futura herida, seg\u00fan el sector cl\u00ednico.<\/span><\/p>\n<p style=\"text-align: justify\"><span style=\"color: #000080\">&nbsp; &nbsp; &nbsp;Antes de centrarme en las recomendaciones m\u00e1s puramente relacionadas con el duelo, voy a resaltar algunos aspectos relacionados con la DESPEDIDA, aunque para la mayor\u00eda de nosotros, en estas circunstancias no tenemos la oportunidad de realizar la despedida, tan s\u00f3lo los que est\u00e9n enfermos en domicilio.<\/span><\/p>\n<table>\n<tbody>\n<tr>\n<td><span style=\"color: #000080\"><strong>-LA DESPEDIDA<span style=\"color: #33cccc\"> *<\/span>&#8211;<\/strong><\/span><\/p>\n<ol>\n<li style=\"text-align: justify\"><span style=\"color: #000080\"><strong> La despedida no es un acto puntual<\/strong>. Son muchos los momentos en la vida, y en la enfermedad, en los cuales le has manifestado tu amor y tu compa\u00f1\u00eda. Recuerda todo esto como una forma de cierre y un adi\u00f3s que siempre estar\u00e1 en tu coraz\u00f3n.<\/span><\/li>\n<li style=\"text-align: justify\"><span style=\"color: #000080\"><strong> Cuando nos encontramos despidi\u00e9ndonos de una persona que se encuentra al final de su vida aunque muchas veces no nos pueda contestar, puede escucharnos.<\/strong> Puede que sea el \u00faltimo momento que estemos con nuestro ser querido as\u00ed que podemos aprovechar esa entrada a la habitaci\u00f3n a hablarle, le explicaremos qu\u00e9 vamos a hacer (Ej: ponerle medicaci\u00f3n si est\u00e1 en casa y soy la persona que me encargo de su cuidado), decirle que puede estar tranquil@, que toda la familia est\u00e1 a su lado aunque no puedan estar all\u00ed con \u00e9l o ella\u2026<\/span><\/li>\n<li style=\"text-align: justify\"><span style=\"color: #000080\"><strong> T\u00da ERES LA FAMILIA.<\/strong> C\u00e1rgate de toda la fuerza del resto de la familia y transm\u00edteselo as\u00ed a la persona enferma, as\u00ed como al resto de los familiares que no vayan a poder estar en esa despedida presencial con vuestro ser querido. Si es posible que otro familiar te acompa\u00f1e hasta el exterior (del hospital o residencia) y te pueda esperar a la salida.<\/span><\/li>\n<li style=\"text-align: justify\"><span style=\"color: #000080\"><strong> Comunicaci\u00f3n con tu ser querido:<\/strong> puedes decirle que imagine que est\u00e1n a su lado sus seres queridos, que todos le sonr\u00eden, le mandan besos\u2026otra opci\u00f3n tan v\u00e1lida es el SILENCIO que acompa\u00f1a y acoge tambi\u00e9n a la persona que est\u00e1 en esa situaci\u00f3n. Mientras est\u00e1s a su lado puedes poner tu palma de la mano en contacto con tu cuerpo-coraz\u00f3n, o darte un abrazo a ti mismo\u2026<\/span><\/li>\n<li><span style=\"color: #000080\"><strong> Tambi\u00e9n es importante el \u201cdar permiso\u201d al ser querido para marchar y transmitir mensajes de tranquilidad<\/strong>.<\/span><\/li>\n<li style=\"text-align: justify\"><span style=\"color: #000080\"><strong>En ese momento puede ser \u00fatil para el resto de familiares que no pueden acompa\u00f1aros en la habitaci\u00f3n, un peque\u00f1o ritual de contacto<\/strong>: eligiendo un lugar de la casa donde puedan estar tranquilos, contemplando una foto familiar, o lo que hay tras la ventana\u2026<\/span><\/li>\n<li><span style=\"color: #000080\"><strong> Mientras que dure la espera hasta el final puede ayudaros el mantener contacto entre los familiares<\/strong>.<\/span><\/li>\n<li style=\"text-align: justify\"><span style=\"color: #000080\"><strong> S\u00e9 consciente y perm\u00edtete las emociones asociadas al proceso que est\u00e1s viviendo<\/strong>. Es normal que sientas tristeza, rabia e impotencia.<\/span><\/li>\n<li><span style=\"color: #000080\"><strong> Elabora algo que puedas dejar con la persona fallecida<\/strong>. Una carta de despedida o alg\u00fan objeto importante para ambos.<\/span><\/li>\n<\/ol>\n<p style=\"text-align: right\"><span style=\"color: #33cccc\">-* Fuente: documento elaborado por SECPAL (Sociedad Espa\u00f1ola de Cuidados Paliativos)-<\/span><\/p>\n<\/td>\n<\/tr>\n<\/tbody>\n<\/table>\n<p>&nbsp;<\/p>\n<table>\n<tbody>\n<tr>\n<td><span style=\"color: #000080\"><strong>-EN EL DUELO<span style=\"color: #33cccc\"> *<\/span>&#8211;<\/strong><\/span><\/p>\n<ol>\n<li style=\"text-align: justify\"><span style=\"color: #333399\">Como bien explica la psic\u00f3loga Marisa Maga\u00f1a, lo m\u00e1s importante es ser conscientes de que <strong>el rito de la despedida es importante para el que sigue vivo no para el que fallece<\/strong>. Muchas veces ponemos la importancia en el fallecido cuando la importancia es para el que necesita realizar el cierre y despedida.<\/span><\/li>\n<li style=\"text-align: justify\"><span style=\"color: #333399\"><strong>Perm\u00edtete llorar lo que necesites<\/strong>. T\u00f3mate un tiempo en el d\u00eda para poder pensar en la persona que has perdido y lo que significa para ti.<\/span><\/li>\n<li style=\"text-align: justify\"><span style=\"color: #333399\"><strong>Es normal y habitual que aparezcan sentimientos de culpa por no haber podido estar a su lado en estos momentos finales<\/strong>. S\u00e9 muy consciente de que las <strong>limitaciones las ha puesto la crisis sanitaria y que no depend\u00eda de ti<\/strong>.<\/span><\/li>\n<li style=\"text-align: justify\"><span style=\"color: #333399\"><strong>Si ahora debido a las circunstancias no podemos homenajear al fallecido se puede hacer m\u00e1s adelante<\/strong>. El recuerdo y las manifestaciones de amor estar\u00e1n presentes en muchos momentos donde la familia puede tener presente al ser querido.<\/span><\/li>\n<li><span style=\"color: #333399\"><strong>Ser conscientes de las limitaciones que nos impone esta crisis sanitaria<\/strong>. Es una crisis a nivel mundial.<\/span><\/li>\n<li><span style=\"color: #333399\">No es obligatoria la incineraci\u00f3n, se permite la sepultura.<\/span><\/li>\n<li style=\"text-align: justify\"><span style=\"color: #333399\"><strong>Es importante sentir que estamos conectados<\/strong> aunque sea de manera virtual por videoconferencias o por grupos de Whatsapp. Expresa tu pena y tu dolor con personas de confianza.<\/span><\/li>\n<li style=\"text-align: justify\"><span style=\"color: #333399\"><strong>Pide ayuda, recon\u00f3cete vulnerable<\/strong>. Si ves que no est\u00e1s pudiendo elaborar esto, no temas mostrar tu fragilidad. Son momentos muy duros debido a la situaci\u00f3n de pandemia global y a tu situaci\u00f3n de duelo particular. Existen iniciativas y centros de escucha que te pueden ayudar.<\/span><\/li>\n<li style=\"text-align: justify\"><span style=\"color: #333399\">No te olvides que, <strong>si hay ni\u00f1os peque\u00f1os, ellos, al igual que t\u00fa, necesitan compartir el dolor y las emociones<\/strong>. Lo m\u00e1s importante es la seguridad que da el amor de personas que le sostienen y les explican las cosas para que las entiendan.<\/span><\/li>\n<\/ol>\n<p style=\"text-align: right\"><span style=\"color: #33cccc\">-* Fuente: documento elaborado por SECPAL (Sociedad Espa\u00f1ola de Cuidados Paliativos)-<\/span><\/p>\n<\/td>\n<\/tr>\n<\/tbody>\n<\/table>\n<p>&nbsp;<\/p>\n<h1 style=\"text-align: center\"><span style=\"color: #333399\">&nbsp;<span style=\"color: #008000\">\u00a1\u00a1\u00a1UN FUERTE ABRAZO VIRTUAL!!!<\/span><\/span><\/h1>\n<h1 style=\"text-align: center\"><span style=\"color: #008000\">Mi m\u00e1s sentido p\u00e9same a todos y todas las que hab\u00e9is sufrido alguna p\u00e9rdida<\/span><\/h1>\n<p>&nbsp;<\/p>\n<p>________________________________________________________________________________<\/p>\n<h1 style=\"text-align: right\"><span style=\"color: #333399\"><strong>#YoMeQuedoEnCasa<\/strong><\/span><\/h1>\n<h1 style=\"text-align: right\"><span style=\"color: #333399\"><strong>#UnDiaMenos<\/strong><\/span><\/h1>\n<p>&nbsp;<\/p>\n<h4><span style=\"color: #333399\">&nbsp;<span lang=\"IT\" style=\"font-family: 'Arial Black', sans-serif;color: #008000\"><strong>VIERNES, 3 de abril:<\/strong><\/span><\/span><\/h4>\n<h1 style=\"text-align: center\"><span style=\"color: #008000\"><strong>HUMOR, DIVERSI\u00d3N Y ENTRETENIMIENTO<\/strong><\/span><\/h1>\n<h1 style=\"text-align: center\"><span style=\"color: #ff0000\"><strong>\u00a1FELICES VACACIONES DE SEMANA SANTA!<\/strong><\/span><\/h1>\n<p><span style=\"color: #333399\"><img loading=\"lazy\" decoding=\"async\" class=\"size-full wp-image-993 alignright\" src=\"https:\/\/blogsaverroes.juntadeandalucia.es\/tdahytgcjaen\/files\/2020\/03\/aplausos-gif-animado-con-movimiento-8.gif\" alt=\"\" width=\"324\" height=\"232\"><\/span><\/p>\n<p>&nbsp;<\/p>\n<p>&nbsp;<\/p>\n<p><span style=\"color: #333399\">En primer lugar, aprovecho para transmitir mi <strong>ENHORABUENA<\/strong> a todos y todas por el trabajo realizado en este segundo trimestre en el hogar, en estas dif\u00edciles circunstancias.<\/span><\/p>\n<p>&nbsp;<\/p>\n<p style=\"text-align: justify\">&nbsp; &nbsp; &nbsp;<span style=\"color: #333399\">En el d\u00eda de ayer, nuestra Consejer\u00eda de Educaci\u00f3n y Deporte public\u00f3 y difundi\u00f3 una <strong>CIRCULAR<\/strong> relativa a los procesos de ense\u00f1anza-aprendizaje, en la que se reafirma que \u201cel per\u00edodo comprendido entre el <strong>4 y 12 de abril se considera periodo no lectivo<\/strong>, tal como se ha establecido en el calendario escolar para el presente curso\u201d. Asimismo, resalta<em> \u201cla necesidad de apoyo que requiere nuestro alumnado, un <strong>apoyo emocional <\/strong>muy necesario durante esta situaci\u00f3n que vivimos\u201d. <\/em>Esto \u00faltimo, me ha decidido a dedicar el post de hoy, \u00faltimo d\u00eda del segundo trimestre de la actividad lectival, al HUMOR Y LA DIVERSI\u00d3N EN LAS MERECIDAS VACACIONES que estrenamos hoy.<\/span><\/p>\n<p>&nbsp;&nbsp;&nbsp;&nbsp;&nbsp;&nbsp;&nbsp;&nbsp;&nbsp;&nbsp;&nbsp; <span style=\"color: #333399\">Casualmente, ayer le\u00ed un art\u00edculo reci\u00e9n publicado en la revista nacional de psiquiatr\u00eda, del que me gustar\u00eda compartir el extracto de las ideas que considero b\u00e1sicas, antes de ofrecer una \u201ccaja de herramientas\u201d para el entretenimiento en estas vacaciones.<\/span><\/p>\n<table>\n<tbody>\n<tr>\n<td style=\"text-align: justify\">\n<h4 style=\"text-align: center\"><span style=\"color: #0000ff\"><img loading=\"lazy\" decoding=\"async\" class=\" wp-image-1125 alignleft\" src=\"https:\/\/blogsaverroes.juntadeandalucia.es\/tdahytgcjaen\/files\/2020\/04\/minions-ri\u00e9ndose.gif\" alt=\"\" width=\"330\" height=\"222\"><\/span><span style=\"color: #008000\">\u201c<strong>EL HUMOR COMO DEFENSA:<\/strong><\/span><\/h4>\n<h4 style=\"text-align: center\"><span style=\"color: #008000\"><strong>LAS VIRTUDES DE LA RISA EN TIEMPOS DE CORONAVIRUS\u201d<\/strong><\/span><\/h4>\n<p>&nbsp;<\/p>\n<p style=\"text-align: justify\"><span style=\"color: #333399\"><span style=\"color: #0000ff\"><strong>&nbsp;1.&nbsp;<\/strong><strong style=\"line-height: 1.6\">RE\u00cdR ANTE LO QUE M\u00c1S MIEDO NOS DA, ES EFICAZ<\/strong><\/span><span style=\"line-height: 1.6\"><span style=\"color: #0000ff\">.-<\/span> Escrib\u00eda Freud en <\/span>\u00abEl Chiste y su Relaci\u00f3n con el Inconsciente\u00bb que <strong style=\"line-height: 1.6\">\u201cel humor es la manifestaci\u00f3n m\u00e1s elevada de los mecanismos de adaptaci\u00f3n del individuo\u201d.<\/strong><span style=\"line-height: 1.6\"> Y es, por esto, que recurrimos a \u00e9l ante los eventos m\u00e1s tr\u00e1gicos, casi buscando la supervivencia. Todos recibimos estos d\u00edas, a trav\u00e9s de redes sociales, whatsapp, programas de tv, etc. miles de chistes, c\u00f3micos videos caseros, memes, bromas y mensajes que sacan humor de esta situaci\u00f3n como mecanismo de evasi\u00f3n y defensa, que nos han hecho re\u00edr a carcajadas en estos momentos tensos que vivimos. \u201c<\/span><strong style=\"line-height: 1.6\">El humor es un excelente mecanismo de defensa ante situaciones de tensi\u00f3n manifiesta o encubierta. Nos ayuda a mejorar el estado de \u00e1nimo en situaciones de miedo, tristeza o incertidumbre\u201d <\/strong>(Dra. <span style=\"line-height: 1.6\">Soraya Bajat Pacios, Jefa de Psicolog\u00eda del Hospital Universitario Sanitas \u00abLa Zarzuela\u00bb).<\/span><\/span><\/p>\n<p style=\"text-align: justify\"><span style=\"color: #0000ff\"><strong style=\"line-height: 1.6\">2. DEBEMOS REFUGIARNOS EN EL HUMOR<\/strong><\/span><strong style=\"color: #333399;line-height: 1.6\">.- <\/strong><span style=\"color: #333399\">Nuestra mente se refugia en el humor de manera casi inconsciente. E<span style=\"line-height: 1.6\">l efecto sorpresa de la comedia <\/span>\u201cactiva el sistema l\u00edmbico y el hipocampo, con la descarga de neurotransmisores serotonin\u00e9rgicos, dopamin\u00e9rgicos y endorf\u00ednicos\u201d<span style=\"line-height: 1.6\">, lo cual nos ayuda a tener un mejor estado emocional, con su correspondiente correlato con el estado f\u00edsico. <\/span>Por tanto, <strong>con humor, todo es beneficio<\/strong>: \u201cnos genera endorfinas, hormonas encargadas del <em>placer<\/em> que facilitan mantener fuerte nuestro <em>sistema inmunitario<\/em> y ayudan a reducir el cortisol en sangre, hormona resultante de tener un alto nivel de estr\u00e9s que predispone a padecer <em>ansiedad<\/em>; al descender nuestro grado de ansiedad, tambi\u00e9n, se consigue que no se desestabilice la hormona que regula el ciclo del <em>sue\u00f1o<\/em> (la melatonina). El uso de la comedia ante las dificultades sostiene el equilibrio <em>fisiol\u00f3gico<\/em>, base para mantener el bienestar <em>psicol\u00f3gico<\/em>\u201d (<span style=\"line-height: 1.6\">Sheila Est\u00e9vez, psic\u00f3loga especialista en conflictos emocionales).<\/span><\/span><\/p>\n<p style=\"text-align: justify\"><span style=\"color: #0000ff\"><strong style=\"line-height: 1.6\">3. EL HUMOR<\/strong><strong style=\"line-height: 1.6\"> ES UN NEXO DE UNI\u00d3N<\/strong><\/span><span style=\"color: #333399;line-height: 1.6\">.- \u201cEl humor es contagioso. Como la risa, tiene la impronta del contagio positivo. Al ver algo gracioso del coronavirus, tendemos a viralizarlo para encontrar sinton\u00eda con otras personas, algo que tambi\u00e9n aumenta nuestra autoestima y nos hace sentir personas que saben hacerle frente a problemas. El humor no niega la realidad, al rev\u00e9s, nos ayuda a aceptarla\u201d (Pepe Mart\u00ednez, Universidad Internacional de La Rioja UNIR). Por otro lado, los chistes y memes son un mecanismo de conexi\u00f3n con nuestros amigos y seres queridos. Defenderse dentro de un malestar colectivo por medio de la iron\u00eda crea cohesi\u00f3n y sensaci\u00f3n de unidad. <strong>El humor es el medio perfecto para quitarle fuerza y rebajar intensidad a la preocupaci\u00f3n colectiva.<\/strong><\/span><\/p>\n<p><span style=\"color: #333399\"><span style=\"color: #0000ff\"><strong>4. EL HUMOR FACILITA LA COMPRENSI\u00d3N DE LO QUE EST\u00c1 OCURRIENDO<\/strong><\/span>.- El re\u00edrnos no banaliza una situaci\u00f3n tr\u00e1gica, no niega la realidad, tan solo nos ayuda a digerirla. \u201cEn toda broma hay parte de verdad, por eso nos hace re\u00edr, porque ridiculiza una realidad conocida y a la vez nos hace sentir fuertes frente aquello que tememos\u201d. Es por esto que no menospreciamos o le quitamos importancia a la crisis del coronavirus, sino que nos ayuda a llevar a cabo una reflexi\u00f3n: vemos una situaci\u00f3n amenazante como algo que lo es menos, y nos permite acotarla desde un punto diferente al miedo. <strong>El humor nos empodera moment\u00e1neamente, hecho que facilita que podamos sacar una cr\u00edtica constructiva de la realidad.<\/strong><\/span><\/td>\n<\/tr>\n<\/tbody>\n<\/table>\n<p>&nbsp;<\/p>\n<p style=\"text-align: justify\"><span style=\"color: #333399\">Por todo esto, hay que RE\u00cdRNOS Y DIVERTIRNOS en estos d\u00edas. Aqu\u00ed os dejo links a diferentes opciones de ocio que se han puesto en marcha con la crisis del coronavirus, para acceder gratuitamente desde nuestros domicilios:<\/span><\/p>\n<p>&nbsp;<\/p>\n<h2 style=\"text-align: center\"><span style=\"color: #008000\"><strong>-CAJA DE HERRAMIENTAS PARA EL ENTRETENIMIENTO Y DIVERSI\u00d3N-<\/strong><\/span><\/h2>\n<p>&nbsp;<\/p>\n<h3><span style=\"color: #008000\"><strong>ESPECT\u00c1CULOS O TV<\/strong><\/span><\/h3>\n<p><img loading=\"lazy\" decoding=\"async\" class=\"size-full wp-image-1118 alignleft\" src=\"https:\/\/blogsaverroes.juntadeandalucia.es\/tdahytgcjaen\/files\/2020\/04\/espect\u00e1culos.jpg\" alt=\"\" width=\"285\" height=\"177\" srcset=\"https:\/\/blogsaverroes.juntadeandalucia.es\/tdahytgcjaen\/files\/2020\/04\/espect\u00e1culos.jpg 285w, https:\/\/blogsaverroes.juntadeandalucia.es\/tdahytgcjaen\/files\/2020\/04\/espect\u00e1culos-24x15.jpg 24w, https:\/\/blogsaverroes.juntadeandalucia.es\/tdahytgcjaen\/files\/2020\/04\/espect\u00e1culos-36x22.jpg 36w, https:\/\/blogsaverroes.juntadeandalucia.es\/tdahytgcjaen\/files\/2020\/04\/espect\u00e1culos-48x30.jpg 48w\" sizes=\"(max-width: 285px) 100vw, 285px\" \/><\/p>\n<ul>\n<li>&nbsp;<\/li>\n<li>&#8211; <a href=\"http:\/\/teatroteca.teatro.es\/opac\/#indice\">TEATRO ON-LINE.<\/a> Comedias espa\u00f1olas, cl\u00e1sicos, zarzuelas, teatro para j\u00f3venes, danza, etc.<\/li>\n<li>&#8211; <a href=\"http:\/\/teatroteca.teatro.es\/opac\/#resultados\">TEATRO ON LINE PARA NI\u00d1OS<\/a>. 21 obras infantiles disponibles a fecha de hoy.<\/li>\n<li>&#8211; <a href=\"https:\/\/www.elmundo.es\/metropoli\/otros-planes\/2020\/03\/27\/5e7ce351fc6c83a8558b45a8.html\">EL CIRCO DEL SOL<\/a>. Butaca de primera fila para disfrutar desde casa<\/li>\n<li>&#8211; <a href=\"https:\/\/www.movistar.es\/particulares\/movistar-plus-lite\/\">MOVISTAR LITE<\/a> &nbsp;gratis, por el momento durante un mes, debido al coronavirus, con acceso a comedias, pel\u00edculas, deportes, documentales, series, programas infantiles, etc.<\/li>\n<\/ul>\n<p>No son tiempos de que seleccioneis tragedias ni dramas.<\/p>\n<h3><span style=\"color: #008000\"><strong>VISITAS GUIADAS<\/strong><\/span><\/h3>\n<p><img loading=\"lazy\" decoding=\"async\" class=\" wp-image-1120 alignleft\" src=\"https:\/\/blogsaverroes.juntadeandalucia.es\/tdahytgcjaen\/files\/2020\/04\/museos-virtuales.jpg\" alt=\"\" width=\"211\" height=\"110\" srcset=\"https:\/\/blogsaverroes.juntadeandalucia.es\/tdahytgcjaen\/files\/2020\/04\/museos-virtuales.jpg 310w, https:\/\/blogsaverroes.juntadeandalucia.es\/tdahytgcjaen\/files\/2020\/04\/museos-virtuales-300x158.jpg 300w, https:\/\/blogsaverroes.juntadeandalucia.es\/tdahytgcjaen\/files\/2020\/04\/museos-virtuales-24x13.jpg 24w, https:\/\/blogsaverroes.juntadeandalucia.es\/tdahytgcjaen\/files\/2020\/04\/museos-virtuales-36x19.jpg 36w, https:\/\/blogsaverroes.juntadeandalucia.es\/tdahytgcjaen\/files\/2020\/04\/museos-virtuales-48x25.jpg 48w\" sizes=\"(max-width: 211px) 100vw, 211px\" \/><\/p>\n<ul>\n<li>MUSEOS DE MADRID (<a href=\"https:\/\/www.museodelprado.es\/coleccion\/obras-de-arte\">El Prado<\/a>, <a href=\"https:\/\/www.museoreinasofia.es\/multimedia\">Reina Sofia<\/a> y <a href=\"https:\/\/www.museothyssen.org\/?gclid=CjwKCAjwvZv0BRA8EiwAD9T2VRs-pPcpUA-qRLNDgCDPfUwOsKNIe5uBFYY2khcw2pDxhYTAe-_yjxoCS7UQAvD_BwE\">Thyssen<\/a>). Ofrecen contenido audiovisual, explicaci\u00f3n de cuadros, colecciones, etc.<\/li>\n<li><a href=\"https:\/\/www.civitatis.com\/blog\/10-museos-para-visitar-desde-casa\">10 MUSEOS para visitar desde casa<\/a> (New York, Mil\u00e1n, Baticano, por ejemplo).<\/li>\n<li><a href=\"https:\/\/sincopyright.com\/museos-virtuales\/\">MUSEOS VIRTUALES<\/a>. Recorrido por 50 fant\u00e1sticos museos desde casa.<\/li>\n<\/ul>\n<p>&nbsp;<\/p>\n<h3><span style=\"color: #008000\"><strong>JUEGOS<\/strong><\/span><\/h3>\n<p><img loading=\"lazy\" decoding=\"async\" class=\" wp-image-1121 alignleft\" src=\"https:\/\/blogsaverroes.juntadeandalucia.es\/tdahytgcjaen\/files\/2020\/04\/juegos-de-mesa.jpg\" alt=\"\" width=\"247\" height=\"152\" srcset=\"https:\/\/blogsaverroes.juntadeandalucia.es\/tdahytgcjaen\/files\/2020\/04\/juegos-de-mesa.jpg 286w, https:\/\/blogsaverroes.juntadeandalucia.es\/tdahytgcjaen\/files\/2020\/04\/juegos-de-mesa-24x15.jpg 24w, https:\/\/blogsaverroes.juntadeandalucia.es\/tdahytgcjaen\/files\/2020\/04\/juegos-de-mesa-36x22.jpg 36w, https:\/\/blogsaverroes.juntadeandalucia.es\/tdahytgcjaen\/files\/2020\/04\/juegos-de-mesa-48x30.jpg 48w\" sizes=\"(max-width: 247px) 100vw, 247px\" \/><\/p>\n<ul>\n<li>Juego de Mesa <a href=\"https:\/\/twitter.com\/PerrolokoGames\/status\/1238401595429269505\">DIRTY FRIDGE<\/a>, liberado por la Editorial Perrolokogames en twiter, para su descarga en pdf, para quien quiera imprimirlo y ponerse a jugar, la contrase\u00f1a es:&nbsp;H4v4fun!_4kjI8ksP&nbsp;<\/li>\n<li>Juego de mesa <a href=\"https:\/\/sevillabuenasnoticias.com\/la-oca-deportiva-supera-para-avanzar-el-juego-familiar-que-triunfa-en-las-redes\/\">La Oca Deportiva<\/a>. Para su descarga e impresi\u00f3n desde las redes. <a href=\"https:\/\/www.agendamenuda.es\/blog\/2069-el-juego-de-la-oca-deportivo-o-coronaoca\">Coronaoca descarga<\/a><\/li>\n<li>Descarga de <a href=\"https:\/\/www.pinterest.es\/entornoalalengu\/tableros-y-juegos-de-mesa\/\">TABLEROS y juegos de mesa<\/a>: recopilatorio de las 75 mejores im\u00e1genes para imprimir<\/li>\n<li><a href=\"https:\/\/as.com\/meristation\/2020\/03\/12\/noticias\/1584044768_757626.html\">Videojuegos RuneHead y otras compa\u00f1\u00edas<\/a> han facilitado un mont\u00f3n de keys gratis para ciento de sus juegos en steamy: <a href=\"https:\/\/docs.google.com\/spreadsheets\/d\/1PGykxwnbifViucYnXnp9kyiIRfbFKuMxYxcWDP5uD38\/htmlview#\">listado<\/a>.<\/li>\n<li>Acceso a <a href=\"https:\/\/smileandlearn.com\/\/\">APP<\/a> con 5000 divertidas actividades gratis desde los 3 a los 12 a\u00f1os.&nbsp;<\/li>\n<\/ul>\n<p>&nbsp;<\/p>\n<h3><span style=\"color: #008000\"><strong>COCINA PARA NI\u00d1OS<\/strong><\/span><\/h3>\n<p><img loading=\"lazy\" decoding=\"async\" class=\"wp-image-1128 alignleft\" src=\"https:\/\/blogsaverroes.juntadeandalucia.es\/tdahytgcjaen\/files\/2020\/04\/torrijas.jpg\" alt=\"\" width=\"171\" height=\"113\" srcset=\"https:\/\/blogsaverroes.juntadeandalucia.es\/tdahytgcjaen\/files\/2020\/04\/torrijas.jpg 275w, https:\/\/blogsaverroes.juntadeandalucia.es\/tdahytgcjaen\/files\/2020\/04\/torrijas-24x16.jpg 24w, https:\/\/blogsaverroes.juntadeandalucia.es\/tdahytgcjaen\/files\/2020\/04\/torrijas-36x24.jpg 36w, https:\/\/blogsaverroes.juntadeandalucia.es\/tdahytgcjaen\/files\/2020\/04\/torrijas-48x32.jpg 48w\" sizes=\"(max-width: 171px) 100vw, 171px\" \/><\/p>\n<ul>\n<li>&nbsp;<\/li>\n<li>&#8211; Videos de <a href=\"https:\/\/www.youtube.com\/playlist?list=PLnmlahqxxEQzGYjOVE3bZ2UjMX2w3jjX_\">youtube<\/a> con divertidas recetas para ni\u00f1os.&nbsp;<\/li>\n<li>&#8211; Multitud de recetas de <a href=\"https:\/\/unareceta.com\/torrijas\/\">torrijas<\/a> y las mejores recetas de <a href=\"https:\/\/www.recetasderechupete.com\/recetas-de-semana-santa-y-pascua\/16088\/\">platos de la Semana Santa<\/a> espa\u00f1ola.<\/li>\n<\/ul>\n<p>&nbsp;<\/p>\n<p>&nbsp;<\/p>\n<h3><span style=\"color: #008000\"><strong>LECTURA<\/strong><\/span><\/h3>\n<p><img loading=\"lazy\" decoding=\"async\" class=\"size-full wp-image-1129 alignleft\" src=\"https:\/\/blogsaverroes.juntadeandalucia.es\/tdahytgcjaen\/files\/2020\/04\/comic.jpg\" alt=\"\" width=\"181\" height=\"278\" srcset=\"https:\/\/blogsaverroes.juntadeandalucia.es\/tdahytgcjaen\/files\/2020\/04\/comic.jpg 181w, https:\/\/blogsaverroes.juntadeandalucia.es\/tdahytgcjaen\/files\/2020\/04\/comic-16x24.jpg 16w, https:\/\/blogsaverroes.juntadeandalucia.es\/tdahytgcjaen\/files\/2020\/04\/comic-23x36.jpg 23w, https:\/\/blogsaverroes.juntadeandalucia.es\/tdahytgcjaen\/files\/2020\/04\/comic-31x48.jpg 31w\" sizes=\"(max-width: 181px) 100vw, 181px\" \/><\/p>\n<ul>\n<li>&nbsp;<\/li>\n<li>&nbsp;<\/li>\n<li>&#8211; <a href=\"http:\/\/www.hearst.es\/sala-de-prensa\/hearst-espana-ofrece-acceso-gratuito-a-sus-revistas\">REVISTAS<\/a>: 10 Minutos, Harper\u2019s Bazaar, Esquire, Qu\u00e9 Me Dices, Elle, Cosmopolitan, Mi Casa, Nuevo Estilo, &#8211; Men\u2019s\/Women\u2019s Health, Fotogramas, etc. (Editorial Hearst Espa\u00f1a).<\/li>\n<li>&#8211; <a href=\"https:\/\/twitter.com\/ElTorres72\/status\/1238204925550657536?s=08\">LIBROS<\/a>&nbsp;y&nbsp;<a href=\"http:\/\/elvosque.es\/comic\/\">COMICS<\/a> gratuitos.<\/li>\n<li>&#8211; <a href=\"https:\/\/www.julianmarquina.es\/7-bibliotecas-digitales-cargadas-de-cuentos-y-libros-infantiles-y-juveniles\/\">7 BIBLIOTECAS VIRTUALES<\/a> que realizan pr\u00e9stamos online de cuentos y libros infantiles y juveniles.<\/li>\n<li>&#8211; <a href=\"https:\/\/efilm.online\/\">BIBLIOTECAS DE LAS CC.AAA<\/a>..- si eres socio, tienes la posibilidad de acceder al cat\u00e1logo de efilm, un Netflix de las biblios, cada comunidad tiene su propio cat\u00e1logo<\/li>\n<li>&#8211; LIBROS gratuitos: Todas las editoriales de libros de textos est\u00e1n poniendo a disposici\u00f3n materiales de ayuda en medio de la crisis. Dejo una ejemplificaci\u00f3n de la editorial <a href=\"https:\/\/www.edelvives.com\/es\/Noticias\/d\/edelvives-apoya-a-los-centros-en-plena-crisis-del-coronavirus\">Edelvives<\/a>.<\/li>\n<\/ul>\n<p>&nbsp;<\/p>\n<p>&nbsp;<\/p>\n<h3><span style=\"color: #008000\"><strong>CHISTES, MEMES Y PROGRAMAS C\u00d3MICOS<\/strong><\/span><\/h3>\n<h3><img loading=\"lazy\" decoding=\"async\" class=\"wp-image-1137 alignleft\" src=\"https:\/\/blogsaverroes.juntadeandalucia.es\/tdahytgcjaen\/files\/2020\/04\/chiste.jpg\" alt=\"\" width=\"182\" height=\"180\" srcset=\"https:\/\/blogsaverroes.juntadeandalucia.es\/tdahytgcjaen\/files\/2020\/04\/chiste-100x100.jpg 100w, https:\/\/blogsaverroes.juntadeandalucia.es\/tdahytgcjaen\/files\/2020\/04\/chiste-24x24.jpg 24w, https:\/\/blogsaverroes.juntadeandalucia.es\/tdahytgcjaen\/files\/2020\/04\/chiste-36x36.jpg 36w, https:\/\/blogsaverroes.juntadeandalucia.es\/tdahytgcjaen\/files\/2020\/04\/chiste-48x48.jpg 48w\" sizes=\"(max-width: 182px) 100vw, 182px\" \/><\/h3>\n<p>&nbsp;<\/p>\n<ul>\n<li style=\"list-style-type: none\">\n<ul>\n<li style=\"list-style-type: none\">\n<ul>\n<li>Recopilaci\u00f3n de <a href=\"https:\/\/www.antena3.com\/liopardo\/memes\/chistes-cortos-que-haran-llorar-risa-instante_201905105cd5aa820cf26b6ffc6a0941.html\">99 chistes cortos<\/a> que te har\u00e1n llorar de risa<\/li>\n<li>48 <a href=\"https:\/\/imagenesactual.com\/48-imagenes-de-memes-muy-divertidos-graciosos-y-chistosos\/\">memes<\/a> graciosos<\/li>\n<li><a href=\"https:\/\/es.wikipedia.org\/wiki\/Categor%C3%ADa:Programas_de_televisi%C3%B3n_humor%C3%ADsticos_de_Espa%C3%B1a\">Programas de televisi\u00f3n humor\u00edsticos<\/a> de Espa\u00f1a.&nbsp;<\/li>\n<\/ul>\n<\/li>\n<\/ul>\n<\/li>\n<\/ul>\n<p style=\"padding-left: 80px\">&nbsp;<\/p>\n<p>&nbsp;<\/p>\n<p>&nbsp;<\/p>\n<h3><span style=\"color: #008000\"><strong>Y, POR \u00daLTIMO, LOS YA FAMOSOS CONCIERTOS DIGITALES<\/strong><\/span><\/h3>\n<p>El Festival \u00ab<a href=\"https:\/\/todoindie.com\/yo-me-quedo-en-casa-festival\/\">Yo Me Quedo en Casa<\/a>\u00bb y \u00ab<a href=\"https:\/\/twitter.com\/CuarentenaFest\/status\/1238379722096115714?s=20\">Cuarentena Fest<\/a>\u00ab, en los que muchos artistas, a trav\u00e9s de sus perfiles en las redes sociales, como Instagram, est\u00e1n realizando directos, tipo concierto privado. Se puede acceder de sus perfiles oficiales o a trav\u00e9s de los enlaces a sendos festivales.<\/p>\n<h2>&nbsp;<\/h2>\n<h2 style=\"text-align: center\"><span style=\"color: #339966\">ESPERO DISFRUT\u00c9IS DE LAS MERECIDAS VACACIONES ESCOLARES&nbsp;<\/span><\/h2>\n<h2 style=\"text-align: center\"><span style=\"color: #339966\">\u00a1UN ABRAZO CON EL CORAZ\u00d3N!<img loading=\"lazy\" decoding=\"async\" class=\"wp-image-1131 aligncenter\" src=\"https:\/\/blogsaverroes.juntadeandalucia.es\/tdahytgcjaen\/files\/2020\/04\/abrazo-con-el-coraz\u00f3n.jpg\" alt=\"\" width=\"158\" height=\"164\" srcset=\"https:\/\/blogsaverroes.juntadeandalucia.es\/tdahytgcjaen\/files\/2020\/04\/abrazo-con-el-coraz\u00f3n.jpg 220w, https:\/\/blogsaverroes.juntadeandalucia.es\/tdahytgcjaen\/files\/2020\/04\/abrazo-con-el-coraz\u00f3n-24x24.jpg 24w, https:\/\/blogsaverroes.juntadeandalucia.es\/tdahytgcjaen\/files\/2020\/04\/abrazo-con-el-coraz\u00f3n-36x36.jpg 36w, https:\/\/blogsaverroes.juntadeandalucia.es\/tdahytgcjaen\/files\/2020\/04\/abrazo-con-el-coraz\u00f3n-46x48.jpg 46w\" sizes=\"(max-width: 158px) 100vw, 158px\" \/><\/span><\/h2>\n<p>&nbsp;<\/p>\n<p><strong>&nbsp;___________________________________________________________________________________<\/strong><\/p>\n<h1 style=\"text-align: right\"><span style=\"color: #333399\"><strong>#YoMeQuedoEnCasa<\/strong><\/span><\/h1>\n<h1 style=\"text-align: right\"><span style=\"color: #333399\"><strong>#UnDiaMenos<\/strong><\/span><\/h1>\n<p>&nbsp;<\/p>\n<h4><span style=\"color: #333399\">&nbsp;<span lang=\"IT\" style=\"font-family: 'Arial Black', sans-serif;color: #008000\"><strong>LUNES, 13 de abril:<\/strong><\/span><\/span><img loading=\"lazy\" decoding=\"async\" class=\"wp-image-837 aligncenter\" src=\"https:\/\/blogsaverroes.juntadeandalucia.es\/tdahytgcjaen\/files\/2016\/06\/tercer-trimestre-calendario.jpg\" alt=\"\" width=\"160\" height=\"122\" srcset=\"https:\/\/blogsaverroes.juntadeandalucia.es\/tdahytgcjaen\/files\/2016\/06\/tercer-trimestre-calendario.jpg 256w, https:\/\/blogsaverroes.juntadeandalucia.es\/tdahytgcjaen\/files\/2016\/06\/tercer-trimestre-calendario-24x18.jpg 24w, https:\/\/blogsaverroes.juntadeandalucia.es\/tdahytgcjaen\/files\/2016\/06\/tercer-trimestre-calendario-36x28.jpg 36w, https:\/\/blogsaverroes.juntadeandalucia.es\/tdahytgcjaen\/files\/2016\/06\/tercer-trimestre-calendario-48x37.jpg 48w\" sizes=\"(max-width: 160px) 100vw, 160px\" \/><\/h4>\n<h1 style=\"text-align: center\"><span style=\"color: #ff0000\"><strong>\u00a1A POR EL TERCER TRIMESTRE!<\/strong><\/span><\/h1>\n<h5>&nbsp;<\/h5>\n<h5><span style=\"color: #008000\">Iniciamos el \u00faltimo trimestre. Ya hemos pasado lo peor, parece y, por tanto, ahora deber\u00edamos centrarnos en el d\u00eda a d\u00eda para no caer en la angustia que nos genera la incertidumbre de cu\u00e1ndo volveremos a la vida ordinaria.<\/span><\/h5>\n<p style=\"text-align: center\"><strong><span style=\"color: #008000\">\u00a1MUCHO ANIMO!<\/span><\/strong><\/p>\n<p>&nbsp;<\/p>\n<p>&nbsp;<\/p>\n<p style=\"text-align: justify\"><span style=\"color: #000080\">Ya hemos tratado el tema de la importancia de la autoestima en nuestros hijos e hijas TDAH o TGC; se han facilitado <a href=\"https:\/\/blogsaverroes.juntadeandalucia.es\/tdahytgcjaen\/2020\/03\/31\/mejorar-la-autoestima-de-nuestros-hijos-e-hijas-tdah-o-tgc-con-unos-sencillos-y-divertidos-juegos-receta-casera-para-padres-y-madres\/\" target=\"_blank\" rel=\"noopener noreferrer\">sencillos y divertidos juegos en familia para mejorarla, y se ha ofrecido una \u00abreceta casera\u00bb para padres y madres<\/a>. Enlazando con este tema, y <strong>dada la invisibilidad de ni\u00f1as y j\u00f3venes con TDAH en la literatura, os dejo el relato, en primera persona, de una de ellas<\/strong>. No se trata de la descripci\u00f3n cl\u00ednica del TDAH, sino m\u00e1s bien, la DESCRIPCI\u00d3N PERSONAL DE ALGUIEN QUE, REALMENTE, HA VIVIDO\/VIVE Y HA SUFRIDO\/SUFRE todos los s\u00edntomas de esta enfermedad y transmite su vivencia, para m\u00ed exquisita, al evidenciar dos ideas claves:<\/span><\/p>\n<ol>\n<li style=\"text-align: justify\"><span style=\"color: #000080\">AUTOCONOCIMIENTO: S\u00f3lo entendiendo qu\u00e9 le pasa a tu c\u00f3rtex prefrontal, se puede poner en marcha estrategias efectivas para compensar\/minimizar sus consecuencias, y<\/span><\/li>\n<li><span style=\"color: #000080\">La vital importancia del ENTORNO en el TDAH para el bienestar bio-psico-social.<\/span><\/li>\n<\/ol>\n<p>&nbsp; &nbsp; &nbsp; &nbsp;<span style=\"color: #000080\">Espero os resulte una lectura tan interesante como a m\u00ed.<\/span><\/p>\n<h1>&nbsp;<span style=\"color: #008000\"><strong><img loading=\"lazy\" decoding=\"async\" class=\"size-full wp-image-1144 alignleft\" src=\"https:\/\/blogsaverroes.juntadeandalucia.es\/tdahytgcjaen\/files\/2020\/04\/superheroina-1.jpg\" alt=\"\" width=\"160\" height=\"315\" srcset=\"https:\/\/blogsaverroes.juntadeandalucia.es\/tdahytgcjaen\/files\/2020\/04\/superheroina-1.jpg 160w, https:\/\/blogsaverroes.juntadeandalucia.es\/tdahytgcjaen\/files\/2020\/04\/superheroina-1-152x300.jpg 152w, https:\/\/blogsaverroes.juntadeandalucia.es\/tdahytgcjaen\/files\/2020\/04\/superheroina-1-12x24.jpg 12w, https:\/\/blogsaverroes.juntadeandalucia.es\/tdahytgcjaen\/files\/2020\/04\/superheroina-1-18x36.jpg 18w, https:\/\/blogsaverroes.juntadeandalucia.es\/tdahytgcjaen\/files\/2020\/04\/superheroina-1-24x48.jpg 24w\" sizes=\"(max-width: 160px) 100vw, 160px\" \/><\/strong><\/span><\/h1>\n<h1>&nbsp;<\/h1>\n<h1>&nbsp;<\/h1>\n<h1 style=\"text-align: center\"><span style=\"color: #008000\"><strong>EL TDAH EN PRIMERA PERSONA&nbsp;<\/strong><\/span><\/h1>\n<h3 style=\"text-align: center\"><strong><span style=\"color: #008000\"><em>\u00abPas\u00e9 28 a\u00f1os pensando que era un desastre, pero ahora s\u00e9 que es por mi TDAH\u00bb<\/em><\/span><\/strong><\/h3>\n<h4 style=\"text-align: justify\" align=\"center\">&nbsp;<\/h4>\n<p style=\"text-align: justify\"><span style=\"color: #000080\">&nbsp; &nbsp; &nbsp;<\/span><\/p>\n<table>\n<tbody>\n<tr>\n<td>\n<p class=\"subtitulo\" style=\"text-align: justify\"><em><span style=\"color: #000080\">Con el diagn\u00f3stico en la mano, ech\u00e9 la vista atr\u00e1s y, de repente, encajaron muchas piezas.<\/span><\/em><\/p>\n<p style=\"text-align: justify\"><em><span style=\"color: #000080\">&nbsp; &nbsp; &nbsp;Llego a un aeropuerto al l\u00edmite de mis fuerzas, exhausta tras una semana de trabajo a tope y sue\u00f1o m\u00ednimo, busco en las pantallas mi vuelo a Madrid y no lo encuentro. Reviso todas las opciones y sigo sin encontrarlo. Miro el billete y hasta pregunto en informaci\u00f3n. Es entonces cuando una se\u00f1ora inglesa me indica muy amablemente que estoy en el aeropuerto err\u00f3neo. He ido a Gatwick, y mi vuelo sale de Heathrow.<\/span><\/em><\/p>\n<p style=\"text-align: justify\"><em><span style=\"color: #000080\">&nbsp; &nbsp; &nbsp;Esta no es m\u00e1s que otra de esas aventuras por las que mis amigos bromean con la posibilidad de venderle una serie sobre mi vida a Netflix. Como mi primer d\u00eda en Londres, en que sal\u00ed de casa \u2013sin llaves\u2013 camino de una entrevista, tropec\u00e9 y me ca\u00ed. Me romp\u00ed el pantal\u00f3n en dos sitios y perd\u00ed la tarjeta de cr\u00e9dito y el bono de transporte (y llegu\u00e9 con el pantal\u00f3n roto dos horas tarde). O aquella vez que fui de Rotterdam a Valencia en 22 horas de trenes sin nada (ni siquiera m\u00f3vil) porque perd\u00ed la mochila justo antes de subirme al vag\u00f3n. Por no hablar de las 12 pantallas que tuvo mi iPhone 4, mi capacidad para llegar siempre tarde, olvidarme los cumplea\u00f1os o comprometerme a m\u00e1s cosas de las que soy humanamente capaz de hacer.<\/span><\/em><\/p>\n<p style=\"text-align: justify\">&nbsp; &nbsp;<span style=\"color: #000080\"><em> En resumen, que <strong>hasta hace bien poco yo asum\u00eda que soy lo que se dice un desastre, alguien torpe, una inepta para la vida cotidiana<\/strong>. Como si todo el mundo hubiera dado primero de vida, y a m\u00ed me hubieran metido directamente en avanzado. Parad\u00f3jicamente, las cosas mas simples me cuestan el triple y las aparentemente dif\u00edciles me cuestan la mitad. Soy arquitecta, he trabajado en algunos de los mejores estudios del mundo, hago un doctorado, doy clase e investigo en la universidad, pero no me pidas que entienda la web de Hacienda o que gestione una cuenta de banco. La regulaci\u00f3n de mi concentraci\u00f3n est\u00e1 rota: o me hiperconcentro (en lo que me gusta) o no puedo ni pasar un minuto prestando atenci\u00f3n a la misma cosa.<\/em><\/span><\/p>\n<p style=\"text-align: justify\">&nbsp; &nbsp; <span style=\"color: #000080\"><em>Suena muy divertido, porque, claro, cuando me conoces parezco una bomba, \u00a1tan divertida! \u00a1Un adorable desastre! Pero cuando vives con ello d\u00eda tras d\u00eda, a\u00f1o tras a\u00f1o&#8230; ya no lo es tanto. No me aguanto a m\u00ed misma y los problemas dejan de ser c\u00f3micos. He causado un malentendido tras otro con gente que me importa de verdad. He llegado a perder oportunidades (por no hablar de parejas, JAJA). Tambi\u00e9n he gestionado mal mi tiempo y mi dinero. Ha habido momentos en los que mi inconsciencia ha puesto mi vida en riesgo real y, sobre todo, he tenido una ansiedad high level que ha terminado afectando mi salud. Y, al verme incapaz de cambiar, pese a mis constantes esfuerzos por hacerlo y por convertirme en una superwoman, <strong>me ha invadido una frustraci\u00f3n y un menosprecio brutales hacia m\u00ed misma<\/strong>.<\/em><\/span><\/p>\n<p>&nbsp;<\/p>\n<p><strong><span style=\"color: #000080\">EL DIAGN\u00d3STICO<\/span><\/strong><\/p>\n<p style=\"text-align: justify\"><em><span style=\"color: #000080\">Hace algunos meses, en el culmen de unas de mis crisis (cuando me equivoqu\u00e9 de aeropuerto tras semanas olvid\u00e1ndome las llaves, las tarjetas y hasta el pin de la VISA), las cosas dieron un giro. Siguiendo las sugerencias de una psic\u00f3loga amiga m\u00eda, y tambi\u00e9n un poco por casualidad, encontr\u00e9 testimonios de personas que sufr\u00edan lo mismo que yo. Entonces, descubr\u00ed que lo que me pasaba ten\u00eda nombre.<\/span><\/em><\/p>\n<p style=\"text-align: justify\"><em><span style=\"color: #000080\">&nbsp; &nbsp; &nbsp;Una semana m\u00e1s tarde ya me hab\u00edan diagnosticado mi TDAH o Trastorno por D\u00e9ficit de Atenci\u00f3n e Hiperactividad. Mi psiquiatra no hab\u00eda tenido en su vida profesional un caso tan claro como el m\u00edo. Vamos, que si buscas este trastorno en cualquier manual, aparece mi foto corriendo por los pasillos. Es cierto que ya me hab\u00edan dicho que parec\u00eda hiperactiva. Pero, \u00bfpor suerte? para m\u00ed, nadie hab\u00eda reparado mucho en ello porque profesionalmente compensaba mi TDAH con una alta capacidad. Sin embargo, en la vida personal, \u00a1ah!, era otra historia<\/span><\/em>.<\/p>\n<p style=\"text-align: justify\">&nbsp; &nbsp; <em><span style=\"color: #000080\">&nbsp;Con el diagn\u00f3stico en la mano, ech\u00e9 la vista atr\u00e1s y, de repente, encajaron muchas piezas: que hablase por los codos (saltando de un tema a otro sin parar); que les dijeran a mis padres que, en lugar de una hija, parec\u00eda que ten\u00edan dos (o cinco); que me obligaran a descansar cuando ve\u00edan que estaba a punto de entrar en shock mental despu\u00e9s de un esfuerzo ininterrumpido. Hasta entonces, nunca hab\u00eda atado cabos. Pero gracias al diagn\u00f3stico supe que todo ven\u00eda de una misma ra\u00edz.<\/span><\/em><\/p>\n<p style=\"text-align: justify\"><span style=\"color: #000080\"><em>&nbsp; &nbsp; Tener TDAH no significa s\u00f3lo que no pueda estarme quieta (aprendes a disimularlo, con m\u00e1s o menos \u00e9xito), sino tambi\u00e9n que tenga la sensaci\u00f3n perenne de que algo dentro de m\u00ed est\u00e1 encendido, de que me est\u00e9 cayendo por una monta\u00f1a rusa sin final. Incluso cuando te propones firmemente parar, ya no puedes. Ponerle nombre ha sido el final de mi b\u00fasqueda por entender qu\u00e9 me pasaba y por qu\u00e9 vivir se me hac\u00eda tan dif\u00edcil, y el principio de mi batalla por solucionarlo. Aunque, hablando con propiedad, no es algo que tenga soluci\u00f3n: <strong>yo ser\u00e9 as\u00ed siempre.<\/strong><\/em><\/span><\/p>\n<p style=\"text-align: justify\">&nbsp; &nbsp; <em><span style=\"color: #000080\">Podr\u00edamos decir que mi cerebro tiene algunos problemas estructurales -nunca mejor dicho si tenemos en cuenta que soy arquitecta\u2013 y que, en s\u00edntesis, algunas de mis funciones ejecutivas est\u00e1n averiadas. Esto me provoca (citando a Wikipedia): inatenci\u00f3n, hiperactividad y comportamiento impulsivo. Sin embargo, no es habitual hablar de ello. Parece que es preferible decir que eres un desastre, a decir que no te funciona bien el cerebro. Pero como el drag\u00f3n pierde la fuerza cuando se le nombra, yo he optado por lo contrario, y creo que explicarlo servir\u00e1 para que otra gente no tarde tanto en entenderse como yo. Y no soy la \u00fanica que ha apostado por contarlo. Hay personas mucho m\u00e1s extraordinarias que ya lo han hecho: como <a style=\"color: #000080\" href=\"https:\/\/elpais.com\/elpais\/2016\/09\/15\/estilo\/1473930574_408870.html\">la gimnasta estadounidense Simone Biles<\/a>, <a style=\"color: #000080\" href=\"http:\/\/www.elmundo.es\/elmundodeporte\/2008\/12\/26\/masdeporte\/1230284751.html\">el nadador Michael Phelps<\/a>, <a style=\"color: #000080\" href=\"https:\/\/www.independent.ie\/lifestyle\/health\/from-jamie-oliver-to-richard-branson-adhd-isnt-just-for-kids-28892712.html\">el cocinero Jamie Oliver<\/a> o <a style=\"color: #000080\" href=\"https:\/\/www.youtube.com\/watch?v=rgL8inRidk0\">el psiquiatra Rojas Marcos<\/a>.<\/span><\/em><\/p>\n<p style=\"text-align: justify\">&nbsp; &nbsp; &nbsp;<em><span style=\"color: #000080\">El TDAH \u2013que es en su mayor\u00eda gen\u00e9tico- presenta s\u00edntomas muy distintos en hombres y mujeres. Y <strong>en nosotras es mucho m\u00e1s dif\u00edcil de diagnosticar porque se manifiesta de una forma m\u00e1s interna y menos perceptible<\/strong> (de hecho, en el contexto del Mes Europeo de Concienciaci\u00f3n sobre el TDAH -octubre de 2017- se emiti\u00f3 un manifiesto sobre los problemas espec\u00edficos en mujeres y ni\u00f1as). Y es que, aunque por lo general no sea un trastorno grave, <strong>te pone las cosas m\u00e1s dif\u00edciles y hay que mantenerlo vigilado<\/strong>, y puede acabar desencadenando problemas m\u00e1s importantes. Adem\u00e1s de ansiedad (lo que yo siempre he tenido), depresi\u00f3n o TOC, los TDAH somos mucho m\u00e1s propensos a tener accidentes de tr\u00e1fico, fracasar en nuestras relaciones sentimentales o convertirnos en adictos y dependientes (hasta dos y tres veces m\u00e1s; yo he tenido dependencia emocional nivel experto en algunos momentos de mi vida). Pero, sobre todo, <strong>el TDAH nos complica ser, sencillamente, felices<\/strong>. Y a\u00fan sigo encontr\u00e1ndome gente que me dice: \u00abYo tambi\u00e9n soy bastante despistado\u00bb. Cuando la diferencia es que ese desasosiego es mi estado permanente, no una cosa moment\u00e1nea.<\/span><\/em><\/p>\n<p style=\"text-align: justify\"><em><span style=\"color: #000080\">&nbsp; &nbsp; &nbsp;Pero tambi\u00e9n hay buenas noticias: el TDAH se puede tratar de muchas maneras (much\u00edsimas m\u00e1s de las que conocer\u00e9 yo, seguro) y hay mucho margen de mejora (\u00a1os lo prometo yo, que lo vivo en primera persona!). En mi caso, la medicaci\u00f3n me ha proporcionado paz interior y la posibilidad, por fin, a mis 28 a\u00f1os, de controlar mis impulsos sin que me cueste un horror (y no ser una supernova en explosi\u00f3n continua). Ahora tambi\u00e9n he logrado escuchar todas las palabras -y no solo una de cada diez- cuando la gente me habla (no sab\u00e9is qu\u00e9 alivio siente ahora mi madre).<\/span><\/em><\/p>\n<p style=\"text-align: justify\"><em><span style=\"color: #000080\">&nbsp; &nbsp; &nbsp;La terapia \u2013en la que me estoy iniciando- te ense\u00f1a a gestionarte, administrarte, entenderte y tambi\u00e9n a mejorar las cosas que tanto me frustraban, sobre todo al haber descubierto que no eran mi culpa. Tambi\u00e9n estoy aprendiendo a ver algunas cosas buenas en este peculiar funcionamiento de mi c\u00f3rtex cerebral: <strong>tengo energ\u00eda infinita, una capacidad insospechada para emocionarme con casi todo (especialmente con mi profesi\u00f3n), es imposible aburrirse conmigo (si no te agoto antes) y soy una fuente infinita de sue\u00f1os y, sobre todo, de ideas<\/strong>.<\/span><\/em><\/p>\n<p style=\"text-align: justify\"><em><span style=\"color: #000080\">&nbsp; &nbsp; &nbsp;Siempre procuro tom\u00e1rmelo con humor, pero no nos enga\u00f1emos: lo que me ocurre sigue siendo un palazo que me golpea muchas veces. En estas circunstancias, no hay nada tan importante como el amor que me rodea. Tengo una suerte incre\u00edble por haber contado con una familia y con unos amigos que me han ayudado (y aguantado) siempre hasta el infinito. En mi caso, <strong>necesito controles externos<\/strong>, tanto <strong>materiales<\/strong> (rutinas, horarios&#8230;) como <strong>personales<\/strong> (buenos amigos, profesores, compa\u00f1eros&#8230;). Son estructuras firmes en las que apoyarnos para mantener a raya el desorden y el barullo en nuestro interior. Gracias a eso me muevo por el mundo, y as\u00ed no acabo siempre en el aeropuerto equivocado&#8230;<\/span><\/em><\/p>\n<p style=\"text-align: justify\"><em><span style=\"color: #000080\">&nbsp; &nbsp; &nbsp;Tampoco me olvido de la gente que no ha contado con los mismos apoyos que yo. El pron\u00f3stico de una persona con TDAH, al final, no solo depende de un diagn\u00f3stico precoz, sino tambi\u00e9n de la personalidad, las mochilas que carga cada cual, el entorno en el que crecemos, las oportunidades a nuestro alcance y la suerte que hayamos tenido en la vida.<\/span><\/em><\/p>\n<p style=\"text-align: justify\"><em><span style=\"color: #000080\">&nbsp; &nbsp; &nbsp;Tener apoyos firmes ha permitido que mi TDAH no lo ocupe todo en mi vida, ni sea lo m\u00e1s importante, tampoco lo que m\u00e1s me preocupa. Es solo una parte \u2013peque\u00f1a, pero intensa- de m\u00ed. Sin embargo, detectarlo ha sido vital para ponerlo en su lugar y delimitar su efecto.&nbsp;Por ahora, la satisfacci\u00f3n que siento por haber dejado de preguntarme qu\u00e9 est\u00e1 mal en m\u00ed y por haber dejado de sentir incomprensi\u00f3n no tiene precio. Al fin, tengo la sensaci\u00f3n de haber encontrado un camino para sentirme bien conmigo misma.<\/span><\/em><\/p>\n<p style=\"text-align: justify\"><span style=\"color: #000080\"><em>&nbsp; &nbsp; Pero, para seros sincera, lo que a\u00fan no he encontrado es alguna manera de evitar romperme m\u00e1s pantalones al tropezarme por tener la cabeza en las nubes, ni alg\u00fan recordatorio universal que me sirva para no olvidarme las cosas. Creo que es por eso que he dejado de intentar ser superwoman; la verdad, no s\u00e9 d\u00f3nde he dejado la capa.<\/em><\/span><\/p>\n<p style=\"text-align: right\"><strong><span style=\"color: #3366ff\">-Fuente: web Julio Verne del diario El Pa\u00eds-<\/span><\/strong><\/p>\n<\/td>\n<\/tr>\n<\/tbody>\n<\/table>\n<p style=\"text-align: justify\">&nbsp;<\/p>\n<p style=\"text-align: justify\">_________________________________________________________________________________<\/p>\n<p style=\"text-align: justify\">&nbsp; &nbsp;<\/p>\n<h1 style=\"text-align: right\"><span style=\"color: #333399\"><strong>#YoMeQuedoEnCasa<\/strong><\/span><\/h1>\n<h1 style=\"text-align: right\"><span style=\"color: #333399\"><strong>#UnDiaMenos<\/strong><\/span><\/h1>\n<p>&nbsp;<\/p>\n<h4><span style=\"color: #333399\">&nbsp;<span lang=\"IT\" style=\"font-family: 'Arial Black', sans-serif;color: #008000\"><strong>MI\u00c9RCOLES, 15 de abril:<\/strong><\/span><\/span><\/h4>\n<h1 style=\"text-align: center\"><span style=\"color: #008000\"><strong>NEE DERIVADAS DE TRASTORNOS GRAVES DE CONDUCTA<\/strong><\/span><\/h1>\n<h3 style=\"text-align: center\"><span style=\"color: #008000\"><strong>CONFINAMIENTO DE MENORES CON PATOLOG\u00cdA MENTAL: REFLEXIONES Y PRIMERAS RECOMENDACIONES<\/strong><\/span><\/h3>\n<p>&nbsp;<\/p>\n<p style=\"text-align: justify\"><span style=\"color: #000080\">Todos los padres y madres convivimos con problemas de conducta y disciplina, m\u00e1s o menos serios. Negarse a las peticiones de los adultos, decir \u201cno\u201d constantemente, enfrentarse verbalmente, etc., no son comportamientos patol\u00f3gicos; es m\u00e1s, en determinadas etapas del desarrollo, son hitos evolutivos, es decir, signos de \u201cnormalidad\u201d (hacia los 4 a\u00f1os y adolescencia, en gran parte, por el desarrollo cognitivo). Por otro lado, la violencia filio-parental se ha incrementado entre la poblaci\u00f3n espa\u00f1ola, datos que preocupan a los profesionales del sistema judicial, sin existir patolog\u00eda alguna. Y como \u00faltima reflexi\u00f3n, est\u00e1 claro que el estilo de vida, los valores transmitidos, los estilos educativos, las tem\u00e1ticas de los videojuegos m\u00e1s populares, &#8230; est\u00e1n ayudando al incremento de la violencia entre los menores, sin ser padecimientos sanitarios en s\u00ed.<\/span><\/p>\n<p style=\"text-align: justify\"><span style=\"color: #000080\">&nbsp; &nbsp; &nbsp; Parece que se reconoce que, hoy dia, en esta sociedad, <strong>TODOS tenemos comportamientos antisociales<\/strong>: violencia y consumo de drogas son frecuentes seg\u00fan los datos oficiales en los entornos poco adecuados; falta de empatia hacia otros seres humanos, sobre todo, hacia los m\u00e1s d\u00e9biles y diferentes (acoso escolar, ciberbullying, comentarios crueles y excesivos en redes, etc.); el dinero es lo m\u00e1s importante y estamos dispuestos a todo por escalar; hoy, parece que el amor al pr\u00f3jimo ya no es lo m\u00e1s importante.<\/span><\/p>\n<p style=\"text-align: justify\"><span style=\"color: #000080\"><img loading=\"lazy\" decoding=\"async\" class=\"size-full wp-image-1151 alignright\" src=\"https:\/\/blogsaverroes.juntadeandalucia.es\/tdahytgcjaen\/files\/2020\/04\/nota-y-cajera.jpg\" alt=\"\" width=\"292\" height=\"173\" srcset=\"https:\/\/blogsaverroes.juntadeandalucia.es\/tdahytgcjaen\/files\/2020\/04\/nota-y-cajera.jpg 292w, https:\/\/blogsaverroes.juntadeandalucia.es\/tdahytgcjaen\/files\/2020\/04\/nota-y-cajera-24x14.jpg 24w, https:\/\/blogsaverroes.juntadeandalucia.es\/tdahytgcjaen\/files\/2020\/04\/nota-y-cajera-36x21.jpg 36w, https:\/\/blogsaverroes.juntadeandalucia.es\/tdahytgcjaen\/files\/2020\/04\/nota-y-cajera-48x28.jpg 48w\" sizes=\"(max-width: 292px) 100vw, 292px\" \/>&nbsp; &nbsp; &nbsp;En los dif\u00edciles momentos que estamos viviendo con el COVID-19, parece que esto ha cambiado: hay una ola de altruismo y de ayuda a los dem\u00e1s, dentro de las posibilidades de cada cual, pero desde ayer, hay noticias manifiestamente crueles y con una falta de empat\u00eda preocupante: notas manuscritas de vecinos que en estos momentos repudian y piden a los que tienen que ir a trabajar que se muden (cajeras, enfermeras, etc.), o la indignante pintada de hoy en el coche de una ginec\u00f3loga en activo: \u00abrata contagiosa\u00bb. No todo comportamiento antisocial, es un TGC.<\/span><\/p>\n<p style=\"text-align: justify\"><img loading=\"lazy\" decoding=\"async\" class=\"size-full wp-image-1152 aligncenter\" src=\"https:\/\/blogsaverroes.juntadeandalucia.es\/tdahytgcjaen\/files\/2020\/04\/rata-contagiosa.jpg\" alt=\"\" width=\"300\" height=\"168\" srcset=\"https:\/\/blogsaverroes.juntadeandalucia.es\/tdahytgcjaen\/files\/2020\/04\/rata-contagiosa.jpg 300w, https:\/\/blogsaverroes.juntadeandalucia.es\/tdahytgcjaen\/files\/2020\/04\/rata-contagiosa-24x13.jpg 24w, https:\/\/blogsaverroes.juntadeandalucia.es\/tdahytgcjaen\/files\/2020\/04\/rata-contagiosa-36x20.jpg 36w, https:\/\/blogsaverroes.juntadeandalucia.es\/tdahytgcjaen\/files\/2020\/04\/rata-contagiosa-48x27.jpg 48w\" sizes=\"(max-width: 300px) 100vw, 300px\" \/><\/p>\n<p style=\"text-align: justify\">&nbsp; &nbsp; &nbsp; &nbsp;<span style=\"color: #000080\">En el sistema educativo andaluz, las nee derivadas de <strong>TDAH y TGC<\/strong> son las \u00fanicas categor\u00edas diagn\u00f3sticas que poseen <strong>legislaci\u00f3n propia<\/strong> (Instrucciones de 12 de abril) desde el a\u00f1o 2012, dada la importancia de intervenci\u00f3n temprana en estas patolog\u00edas, antesala de graves enfermedades mentales adultas, y la necesaria intervenci\u00f3n conjunta entre salud y educaci\u00f3n para su tratamiento multidisciplinar. Atendiendo a la definici\u00f3n m\u00e9dica, que recoge de manera sint\u00e9tica el sistema educativo:<\/span><\/p>\n<ul style=\"text-align: justify\">\n<li><span style=\"color: #000080\">un TND es un \u201cpatr\u00f3n repetitivo y persistente de comportamiento negativista, hostil y desafiante que se caracteriza por un enfrentamiento continuo <u>con los adultos y con todas aquellas personas que tengan alg\u00fan rasgo de autoridad<\/u>, en especial dentro de la familia y de la escuela\u201d, y<\/span><\/li>\n<li><span style=\"color: #000080\">un TD es un \u201cpatr\u00f3n repetitivo y persistente de comportamiento en el que <u>se violan los derechos b\u00e1sicos<\/u> de otras personas o normas sociales importantes propias de la edad, caracterizado por agresi\u00f3n a personas y animales, destrucci\u00f3n de la propiedad, fraudulencia y robo\u201d,<\/span><\/li>\n<\/ul>\n<p style=\"text-align: justify\"><span style=\"color: #000080\">resulta obvia la necesidad de ayuda en estos momentos en los que la vida queda \u201creducida a 4 paredes\u201d 24 horas, tanto para los TND (en Educaci\u00f3n Primaria), como para TD (caracter\u00edstico en la adolescencia). Por este motivo, este post est\u00e1 dedicado a ofrecer HUMILDES RECOMENDACIONES para minimizar las consecuencias del confinamiento del censo objeto de asesoramiento del EOE Especializado.<\/span><\/p>\n<p style=\"text-align: justify\"><span style=\"color: #000080\">&nbsp; &nbsp; &nbsp; Lo primero y fundamental: padezca lo que padezca nuestro hijo o hija, estamos conviviendo con un ni\u00f1o\/a o un adolescente y, por tanto, NECESITA EXACTAMENTE LO MISMO QUE CUALQUIER OTRO:<\/span><\/p>\n<p>&nbsp;<\/p>\n<h4 style=\"text-align: center\"><span style=\"color: #008000\"><strong>-CONECTAR EMOCIONALMENTE CON TU HIJO\/A-<\/strong><\/span><\/h4>\n<p style=\"text-align: justify\"><span style=\"color: #000080\">Ayer le\u00ed un <a href=\"https:\/\/psiquiatria.com\/corona-virus-covid-19\/un-psiquiatra-advierte-la-cuarentena-es-un-buen-momento-para-conectar-emocionalmente-con-un-hijo-adolescente\/\">art\u00edculo<\/a>&nbsp;(pinchando sobre esta palabra se puede acceder al contenido completo), publicado el pasado 14 de abril, en el que un psiquiatra del Hospital Vithas, Sergio Arques, advierte que \u201c<em>La cuarentena es un buen momento para conectar emocionalmente con un hijo adolescente. Respetar la individualidad, dar cari\u00f1o y empatizar, son claves para cubrir las necesidades emocionales<\/em>\u201d, y como todos sabemos, es una labor complicada en esta etapa psicoevolutiva de la que est\u00e1 hablando, la adolescencia, en la que el \u201caspirante a adulto\u201d suele movilizar su dependencia emocional hacia fuera del \u00e1mbito familiar (en el instituto, en su barrio con amigos, en las nuevas tecnolog\u00edas, etc.), imposible en estos duros momentos desde que se decret\u00f3 el estado de alarma.<\/span><\/p>\n<p style=\"text-align: justify\">&nbsp; &nbsp; &nbsp;&nbsp;<span style=\"color: #000080\">Es evidente que no es adecuado alejarse emocionalmente de los padres en cualquier etapa de la vida, ni tampoco, que estos lo permitan. \u201cComunicarnos con nuestros hijos es importante tanto para ellos como para nosotros, evitando ese aislamiento particular en su habitaci\u00f3n dentro del confinamiento social al que nos vemos sometidos. Hay que darse cuenta que, aunque el hijo solo quiera proclamar su independencia, la realidad es que necesita emocionalmente a sus padres como algo vital\u00bb.<\/span><\/p>\n<p style=\"text-align: justify\"><span style=\"color: #000080\">&nbsp; &nbsp; &nbsp;Antes de continuar, los padres y madres debemos tener unas <strong>actitudes previas<\/strong>:<\/span><\/p>\n<ol>\n<li style=\"text-align: justify\"><span style=\"color: #000080\">Tener claro los objetivos, <u>qu\u00e9 queremos<\/u> con nuestros hijos e hijas (dependiendo de sus particularidades, por ejemplo, fomentar la seguridad en s\u00ed mismos, valorar sus avances, manifestarles el cari\u00f1o familiar, crear expectativas ajustadas a sus capacidades, ense\u00f1arles autocontrol, consensuando l\u00edmites y normas factibles, o ayudarles a madurar asumiendo el riesgo de que los hijos se deben equivocar para aprender).<\/span><\/li>\n<li style=\"text-align: justify\"><span style=\"color: #000080\"><u>Conectar<\/u> con nuestro hijo o hija: a) sabiendo y asumiendo&nbsp;<span style=\"line-height: 1.6\">que cuando est\u00e9 irritable, los padres no debemos tom\u00e1rnoslo como algo personal, y debemos mantener la calma, y b) t<\/span><span style=\"line-height: 1.6\">ratando de ser proactivos la mayor parte del tiempo, evitando tener respuestas reactivas, ya que estas nos van a alejar de \u00e9l o ella.<\/span><\/span><\/li>\n<\/ol>\n<ol start=\"3\">\n<li style=\"text-align: justify\"><span style=\"color: #000080\"><span style=\"text-decoration: underline\">Comunicarnos de manera provechosa<\/span>, y esto se consigue con madres y padres con respuestas proactivas (con escucha activa, refuerzo positivo y negociaci\u00f3n, nunca con sermones).<\/span><\/li>\n<\/ol>\n<p style=\"text-align: justify\"><span style=\"color: #000080\"><strong>Recomendaciones:<\/strong><\/span><\/p>\n<ol>\n<li style=\"text-align: justify\"><span style=\"color: #000080\"><strong>Respetar su individualidad.- <\/strong>No juzgar ni criticar al adolescente, respetando sus pensamientos e ideas aunque no se compartan. S\u00f3lo as\u00ed se evitar\u00e1 la lucha, se podr\u00e1 ver quien es realmente, sus inquietudes, sus sentimientos, y \u00e9l, a su vez, sentir\u00e1 respeto y confianza por parte de sus padres, lo que es clave para el acercamiento emocional.<\/span><\/li>\n<li style=\"text-align: justify\"><span style=\"color: #000080\"><strong>Escuchar y empatizar.- <\/strong>Antes de dar consejos\/sermones sin que el adolescente los requiera, se debe escuchar lo que quiere transmitir e intentar empatizar con sus sentimientos. S\u00f3lo as\u00ed se sentir\u00e1 valorado y respetado y podr\u00e1 estar m\u00e1s receptivo a las palabras. Si se dan los consejos\/semones antes de escuchar, puede tener el efecto contrario, es decir, se le transmite que no es capaz de resolver los problemas por s\u00ed mismo o que nuestras palabras \u00abcaigan en saco roto\u00bb.<\/span><\/li>\n<li style=\"text-align: justify\"><span style=\"color: #000080\"><strong>Dar cari\u00f1o.- <\/strong>\u201cAunque a veces resulte complicado por el rechazo del adolescente, el amor en casa mueve monta\u00f1as\u201d. El contacto f\u00edsico con el adolescente es clave: <strong>\u00ab<\/strong>Los besos y abrazos diarios y decirles lo que se les quieres es uno de los mejores b\u00e1lsamos. El adolescente as\u00ed se siente parte importante del n\u00facleo familiar y son valores que siempre se perpetuaran en su interior y transmitir\u00e1 a sus hijos\u00bb.<\/span><\/li>\n<li style=\"text-align: justify\"><span style=\"color: #000080\"><strong>Disponibilidad emocional.- \u00ab<\/strong>No hace falta presionarles para hablar, porque no lo har\u00e1n. Lo que un adolescente necesita es sentirse libre para contar con los padres siempre que lo necesite\u201d. Hay que encontrar las maneras de estar pr\u00f3ximos a los hijos en estos momentos, aunque se est\u00e9 teletrabajando, o realizando las tareas del hogar, o ejercicio en casa, simplemente dici\u00e9ndoles, \u201d<em>ll\u00e1mame si me necesitas y, en el momento que pueda, te atiendo sin problema<\/em>\u201d; de esta forma los hijos e hijas sentir\u00e1n que son lo m\u00e1s importante para los padres, y que siempre estar\u00e1n disponibles emocionalmente\u00bb.<\/span><\/li>\n<\/ol>\n<h1 style=\"text-align: center\"><span style=\"color: #008000\">INTENT\u00c9MOSLO<\/span><\/h1>\n<h1 style=\"text-align: center\"><span style=\"color: #008000\">\u00a1\u00c1nimooooooo!<\/span><\/h1>\n<p>&nbsp;<\/p>\n<p>___________________________________________________________________________________________________<\/p>\n<h1 style=\"text-align: right\"><span style=\"color: #333399\"><strong>#YoMeQuedoEnCasa<\/strong><\/span><\/h1>\n<h1 style=\"text-align: right\"><span style=\"color: #333399\"><strong>#UnDiaMenos<\/strong><\/span><\/h1>\n<p>&nbsp;<\/p>\n<h4><span style=\"color: #333399\">&nbsp;<span lang=\"IT\" style=\"font-family: 'Arial Black', sans-serif;color: #008000\"><strong>LUNES, 20 de abril:<\/strong><\/span><\/span><\/h4>\n<p>&nbsp;<\/p>\n<h1 style=\"text-align: center\"><span style=\"color: #008000\"><strong>BANCO DE RECURSOS PARA FACILITAR LA LABOR ORIENTADORA<\/strong><\/span><\/h1>\n<div>&nbsp;<\/div>\n<div style=\"text-align: justify\"><span style=\"color: #333399\">El ETPOEP de Ja\u00e9n ha recopilado una serie de recursos que considera pueden ser de utilidad para el trabajo de asesoramiento, apoyo, gu\u00eda e informaci\u00f3n en la labor diaria de los profesionales de la Orientaci\u00f3n.<\/span><\/div>\n<div>&nbsp;<\/div>\n<div style=\"text-align: justify\">&nbsp; &nbsp; &nbsp; &nbsp; <span style=\"color: #333399\">Se pretende, sea&nbsp;un banco de recursos din\u00e1mico, abierto a las sugerencias y\/o aportaciones de los orientadores y orientadoras de la provincia. Quien desee compartir recursos interesantes y \u00fatiles para el resto de compa\u00f1eros, pueden remitirlos al coordinador, v\u00eda correo corporativo.<\/span><\/div>\n<div>&nbsp;<\/div>\n<p style=\"text-align: center\"><a href=\"https:\/\/view.genial.ly\/5e9ac72c6326780e1d04a47c\/horizontal-infographic-review-covid-19\"><img loading=\"lazy\" decoding=\"async\" class=\"alignnone size-full wp-image-1159\" src=\"https:\/\/blogsaverroes.juntadeandalucia.es\/tdahytgcjaen\/files\/2020\/04\/RECURSOS-ETPOEP.jpg\" alt=\"\" width=\"1168\" height=\"640\" srcset=\"https:\/\/blogsaverroes.juntadeandalucia.es\/tdahytgcjaen\/files\/2020\/04\/RECURSOS-ETPOEP.jpg 1168w, https:\/\/blogsaverroes.juntadeandalucia.es\/tdahytgcjaen\/files\/2020\/04\/RECURSOS-ETPOEP-300x164.jpg 300w, https:\/\/blogsaverroes.juntadeandalucia.es\/tdahytgcjaen\/files\/2020\/04\/RECURSOS-ETPOEP-768x421.jpg 768w, https:\/\/blogsaverroes.juntadeandalucia.es\/tdahytgcjaen\/files\/2020\/04\/RECURSOS-ETPOEP-1024x561.jpg 1024w, https:\/\/blogsaverroes.juntadeandalucia.es\/tdahytgcjaen\/files\/2020\/04\/RECURSOS-ETPOEP-24x13.jpg 24w, https:\/\/blogsaverroes.juntadeandalucia.es\/tdahytgcjaen\/files\/2020\/04\/RECURSOS-ETPOEP-36x20.jpg 36w, https:\/\/blogsaverroes.juntadeandalucia.es\/tdahytgcjaen\/files\/2020\/04\/RECURSOS-ETPOEP-48x26.jpg 48w\" sizes=\"(max-width: 1168px) 100vw, 1168px\" \/><\/a><\/p>\n<p>_______________________________________________________________________________<\/p>\n<h1 style=\"text-align: right\"><span style=\"color: #333399\"><strong>#YoMeQuedoEnCasa<\/strong><\/span><\/h1>\n<h1 style=\"text-align: right\"><span style=\"color: #333399\"><strong>#UnDiaMenos<\/strong><\/span><\/h1>\n<p>&nbsp;<\/p>\n<h4><span style=\"color: #333399\">&nbsp;<span lang=\"IT\" style=\"font-family: 'Arial Black', sans-serif;color: #008000\"><strong>MI\u00c9RCOLES, 22 de abril:<\/strong><\/span><\/span><\/h4>\n<p>&nbsp;<\/p>\n<h1 style=\"text-align: center\"><span style=\"color: #008000\"><strong><a href=\"https:\/\/blogsaverroes.juntadeandalucia.es\/eaprendizaje\/\" target=\"_blank\" rel=\"noopener noreferrer\"><img loading=\"lazy\" decoding=\"async\" class=\"size-full wp-image-971 alignnone\" src=\"https:\/\/blogsaverroes.juntadeandalucia.es\/tdahytgcjaen\/files\/2016\/06\/logo-nuevo-Consejer\u00eda.png\" alt=\"\" width=\"128\" height=\"128\" srcset=\"https:\/\/blogsaverroes.juntadeandalucia.es\/tdahytgcjaen\/files\/2016\/06\/logo-nuevo-Consejer\u00eda.png 128w, https:\/\/blogsaverroes.juntadeandalucia.es\/tdahytgcjaen\/files\/2016\/06\/logo-nuevo-Consejer\u00eda-100x100.png 100w, https:\/\/blogsaverroes.juntadeandalucia.es\/tdahytgcjaen\/files\/2016\/06\/logo-nuevo-Consejer\u00eda-24x24.png 24w, https:\/\/blogsaverroes.juntadeandalucia.es\/tdahytgcjaen\/files\/2016\/06\/logo-nuevo-Consejer\u00eda-36x36.png 36w, https:\/\/blogsaverroes.juntadeandalucia.es\/tdahytgcjaen\/files\/2016\/06\/logo-nuevo-Consejer\u00eda-48x48.png 48w\" sizes=\"(max-width: 128px) 100vw, 128px\" \/><\/a>&nbsp; &nbsp; &nbsp; &nbsp;<a href=\"https:\/\/blogsaverroes.juntadeandalucia.es\/eaprendizaje\/\" target=\"_blank\" rel=\"noopener noreferrer\">eAprendizaje<\/a><\/strong><\/span><\/h1>\n<h2 style=\"text-align: center\"><span style=\"color: #008000\"><strong>PUNTO DE ENCUENTRO DE LA COMUNIDAD EDUCATIVA<\/strong><\/span><\/h2>\n<div>&nbsp;<\/div>\n<div style=\"text-align: justify\"><span style=\"color: #333399\">La Consejer\u00eda de Educaci\u00f3n y Deporte de la Junta de Andaluc\u00eda ha abierto un espacio web en el que los&nbsp;docentes, el alumnado y sus familias, pueden encontrar extensa informaci\u00f3n para la continuidad de los procesos de ense\u00f1anza-aprendizaje tras el cierre de los centros educativos andaluces como consecuencia del actual estado de alarma:<\/span><span style=\"color: #333399\">&nbsp;servicios digitales, recursos educativos digitales, recursos formativos para docentes, innovaci\u00f3n, recomendaciones para el profesorado, recomendaciones para las familias y colaboraciones externas, m\u00e1s un apartado de preguntas frecuentes.<\/span><\/div>\n<div>&nbsp;<\/div>\n<div style=\"text-align: justify\"><span style=\"color: #333399\">&nbsp; &nbsp; Presenta un banco de recursos donde se aloja <strong>material did\u00e1ctico<\/strong> ajustado al curr\u00edculo de Educaci\u00f3n Infantil, Primaria y Secundaria, descargable y con la posibilidad de ser modificado y adaptado a los diferentes contextos o necesidades; tambi\u00e9n, materiales dise\u00f1ados para alumnado adulto que cursa Bachillerato, Ense\u00f1anzas de R\u00e9gimen Especial o la ESA.<\/span><\/div>\n<div>&nbsp;<\/div>\n<div>&nbsp; &nbsp; &nbsp; <span style=\"color: #333399\"> &nbsp;Valorar que este entorno se est\u00e1 actualizando de manera continua. Interesantes los apartados:<\/span><\/div>\n<p>&nbsp;<\/p>\n<p><a href=\"https:\/\/blogsaverroes.juntadeandalucia.es\/eaprendizaje\/recomendaciones-para-el-profesorado\/\" target=\"_blank\" rel=\"noopener noreferrer\"><img loading=\"lazy\" decoding=\"async\" class=\"size-full wp-image-1173 alignleft\" src=\"https:\/\/blogsaverroes.juntadeandalucia.es\/tdahytgcjaen\/files\/2020\/04\/recomendaciones-profesorado.jpg\" alt=\"\" width=\"148\" height=\"120\" srcset=\"https:\/\/blogsaverroes.juntadeandalucia.es\/tdahytgcjaen\/files\/2020\/04\/recomendaciones-profesorado.jpg 148w, https:\/\/blogsaverroes.juntadeandalucia.es\/tdahytgcjaen\/files\/2020\/04\/recomendaciones-profesorado-24x19.jpg 24w, https:\/\/blogsaverroes.juntadeandalucia.es\/tdahytgcjaen\/files\/2020\/04\/recomendaciones-profesorado-36x29.jpg 36w, https:\/\/blogsaverroes.juntadeandalucia.es\/tdahytgcjaen\/files\/2020\/04\/recomendaciones-profesorado-48x39.jpg 48w\" sizes=\"(max-width: 148px) 100vw, 148px\" \/> <\/a><\/p>\n<p>&nbsp;<\/p>\n<p>&nbsp;<\/p>\n<p><span style=\"color: #333399\">&nbsp; &nbsp; &nbsp;&#8211;&nbsp;<a href=\"https:\/\/blogsaverroes.juntadeandalucia.es\/eaprendizaje\/recomendaciones-para-el-profesorado\/\" target=\"_blank\" rel=\"noopener noreferrer\">Recomendaciones para el profesorado<\/a><\/span><\/p>\n<p>&nbsp;<\/p>\n<p>&nbsp;<\/p>\n<p><a href=\"https:\/\/blogsaverroes.juntadeandalucia.es\/eaprendizaje\/files\/2020\/03\/Recomendaciones_Familias.pdf\" target=\"_blank\" rel=\"noopener noreferrer\"><img loading=\"lazy\" decoding=\"async\" class=\" wp-image-1174 alignleft\" src=\"https:\/\/blogsaverroes.juntadeandalucia.es\/tdahytgcjaen\/files\/2020\/04\/recomendaciones-familias.jpg\" alt=\"\" width=\"128\" height=\"132\" srcset=\"https:\/\/blogsaverroes.juntadeandalucia.es\/tdahytgcjaen\/files\/2020\/04\/recomendaciones-familias.jpg 221w, https:\/\/blogsaverroes.juntadeandalucia.es\/tdahytgcjaen\/files\/2020\/04\/recomendaciones-familias-24x24.jpg 24w, https:\/\/blogsaverroes.juntadeandalucia.es\/tdahytgcjaen\/files\/2020\/04\/recomendaciones-familias-36x36.jpg 36w\" sizes=\"(max-width: 128px) 100vw, 128px\" \/><\/a><\/p>\n<p><span style=\"color: #333399\">&nbsp; &nbsp; <\/span><\/p>\n<p><span style=\"color: #333399\">&nbsp; &nbsp; &nbsp; &nbsp; &nbsp;&#8211; <a href=\"https:\/\/blogsaverroes.juntadeandalucia.es\/eaprendizaje\/files\/2020\/03\/Recomendaciones_Familias.pdf\" target=\"_blank\" rel=\"noopener noreferrer\"><strong>Recomendaciones a las familias para la atenci\u00f3n educativa en casa<\/strong><\/a>, presentadas de una forma muy gr\u00e1fica mediante infograf\u00edas con la posibilidad de descarga e impresi\u00f3n.<\/span><\/p>\n<div>&nbsp;<\/div>\n<div style=\"text-align: justify\"><span style=\"color: #333399\">&nbsp; &nbsp; &nbsp; &nbsp;<\/span><\/div>\n<div>&nbsp;<\/div>\n<div>__________________________________________________________________________<\/div>\n<div>\n<h1 style=\"text-align: right\"><span style=\"color: #333399\"><strong>#YoMeQuedoEnCasa<\/strong><\/span><\/h1>\n<h1 style=\"text-align: right\"><span style=\"color: #333399\"><strong>#UnDiaMenos<\/strong><\/span><\/h1>\n<p>&nbsp;<\/p>\n<h4><span style=\"color: #333399\">&nbsp;<span lang=\"IT\" style=\"font-family: 'Arial Black', sans-serif;color: #008000\"><strong>JUEVES, 23 de abril:<\/strong><\/span><\/span><\/h4>\n<p>&nbsp;<\/p>\n<h1 style=\"text-align: center\"><img loading=\"lazy\" decoding=\"async\" class=\" wp-image-1198 aligncenter\" src=\"https:\/\/blogsaverroes.juntadeandalucia.es\/tdahytgcjaen\/files\/2020\/04\/feliz-dia-del-libro.jpeg\" alt=\"\" width=\"147\" height=\"207\" srcset=\"https:\/\/blogsaverroes.juntadeandalucia.es\/tdahytgcjaen\/files\/2020\/04\/feliz-dia-del-libro.jpeg 752w, https:\/\/blogsaverroes.juntadeandalucia.es\/tdahytgcjaen\/files\/2020\/04\/feliz-dia-del-libro-212x300.jpeg 212w, https:\/\/blogsaverroes.juntadeandalucia.es\/tdahytgcjaen\/files\/2020\/04\/feliz-dia-del-libro-724x1024.jpeg 724w, https:\/\/blogsaverroes.juntadeandalucia.es\/tdahytgcjaen\/files\/2020\/04\/feliz-dia-del-libro-17x24.jpeg 17w, https:\/\/blogsaverroes.juntadeandalucia.es\/tdahytgcjaen\/files\/2020\/04\/feliz-dia-del-libro-25x36.jpeg 25w, https:\/\/blogsaverroes.juntadeandalucia.es\/tdahytgcjaen\/files\/2020\/04\/feliz-dia-del-libro-34x48.jpeg 34w\" sizes=\"(max-width: 147px) 100vw, 147px\" \/><\/h1>\n<h1 style=\"text-align: center\"><span style=\"color: #ff0000\"><strong>\u00a1FELIZ D\u00cdA DEL LIBRO!<\/strong><\/span><\/h1>\n<h2 style=\"text-align: center\"><span style=\"color: #008000\"><strong>-DIVERTIDO RECOPILATORIO GENERAL Y ESPEC\u00cdFICO PARA TODAS LAS EDADES-<\/strong><\/span><\/h2>\n<p><span style=\"color: #333399;text-align: justify;line-height: 1.6\">&nbsp; &nbsp; &nbsp; &nbsp; &nbsp; &nbsp; &nbsp; &nbsp;<\/span><\/p>\n<\/div>\n<p style=\"text-align: justify\"><span style=\"color: #000080\">Hoy, d\u00eda de San Jorge, es el D\u00eda del Libro. Con motivo de esta conmemoraci\u00f3n, tras un recopilatorio, he seleccionado las siguientes lecturas para compartir con todos y todas. Espero y deseo disfrut\u00e9is de las actividades y juegos propuestos, con los que se pretende, adem\u00e1s de inculcar el amor por la lectura, ayudar a ni\u00f1os y familias con TDAH y otras problem\u00e1ticas (control del pip\u00ed, nerviosismo, miedos, diversidad, etc.).<\/span><\/p>\n<p>&nbsp;<\/p>\n<p style=\"text-align: justify\"><span style=\"color: #000080\"><strong><img loading=\"lazy\" decoding=\"async\" class=\"size-full wp-image-1181 alignleft\" src=\"https:\/\/blogsaverroes.juntadeandalucia.es\/tdahytgcjaen\/files\/2020\/04\/yinkana-literaria.jpg\" alt=\"\" width=\"286\" height=\"176\" srcset=\"https:\/\/blogsaverroes.juntadeandalucia.es\/tdahytgcjaen\/files\/2020\/04\/yinkana-literaria.jpg 286w, https:\/\/blogsaverroes.juntadeandalucia.es\/tdahytgcjaen\/files\/2020\/04\/yinkana-literaria-24x15.jpg 24w, https:\/\/blogsaverroes.juntadeandalucia.es\/tdahytgcjaen\/files\/2020\/04\/yinkana-literaria-36x22.jpg 36w, https:\/\/blogsaverroes.juntadeandalucia.es\/tdahytgcjaen\/files\/2020\/04\/yinkana-literaria-48x30.jpg 48w\" sizes=\"(max-width: 286px) 100vw, 286px\" \/><\/strong><\/span><\/p>\n<p>&nbsp;<\/p>\n<p style=\"text-align: justify\"><a href=\"https:\/\/blogsaverroes.juntadeandalucia.es\/tdahytgcjaen\/files\/2020\/04\/GYMKHANA-LITERARIA.pdf\">GYMKHANA LITERARIA<\/a><\/p>\n<p style=\"text-align: justify\"><span style=\"color: #000080\">El CEIP Rosa de Luxemburdo de Madrid ha elaborado un material muy interesante para JUGAR CON LOS CUENTOS EN FAMILIA; incluye 7 pruebas: m\u00edmica, adivinar el cuento, ordenar historias, juego del ahorcado, inventar historias, trabalenguas, etc, para elegir las que se adapten a las preferencias de cada uno. En alguna, se incluye material manipulativo (dados o tarjetas, por ejemplo).<\/span><\/p>\n<p>&nbsp;<\/p>\n<p>&nbsp;<\/p>\n<p style=\"text-align: justify\"><a href=\"https:\/\/www.youtube.com\/watch?v=ibJFHBTWBDA\" target=\"_blank\" rel=\"noopener noreferrer\"><span style=\"color: #000080\"><strong><img loading=\"lazy\" decoding=\"async\" class=\"size-full wp-image-1182 alignleft\" src=\"https:\/\/blogsaverroes.juntadeandalucia.es\/tdahytgcjaen\/files\/2020\/04\/cuento-respira.jpg\" alt=\"\" width=\"241\" height=\"209\" srcset=\"https:\/\/blogsaverroes.juntadeandalucia.es\/tdahytgcjaen\/files\/2020\/04\/cuento-respira.jpg 241w, https:\/\/blogsaverroes.juntadeandalucia.es\/tdahytgcjaen\/files\/2020\/04\/cuento-respira-24x21.jpg 24w, https:\/\/blogsaverroes.juntadeandalucia.es\/tdahytgcjaen\/files\/2020\/04\/cuento-respira-36x31.jpg 36w, https:\/\/blogsaverroes.juntadeandalucia.es\/tdahytgcjaen\/files\/2020\/04\/cuento-respira-48x42.jpg 48w\" sizes=\"(max-width: 241px) 100vw, 241px\" \/><\/strong><\/span><\/a><\/p>\n<p style=\"text-align: justify\"><span style=\"color: #000080\"><a href=\"https:\/\/blogsaverroes.juntadeandalucia.es\/tdahytgcjaen\/files\/2020\/04\/RECOPILATORIO-DE-CUENTOS.pdf\">RECOPILATORIO DE CUENTOS<\/a> <\/span><\/p>\n<p style=\"text-align: justify\"><span style=\"color: #000080\">Recopilaci\u00f3n de cuentos de varios blogs de docentes, en formato video, disponibles en youtube. Incluye algunos cuentos pictografiados, cuentos narrados y cuentos animados. Desde cuentos cl\u00e1sicos, hasta para ayudar con el pip\u00ed, los miedos o atarse los cordones, para que cada uno seleccione conforme a las caracter\u00edsticas de su hijo o hija.&nbsp;<\/span><\/p>\n<p style=\"text-align: justify\"><span style=\"color: #000080\">Estos duros momentos, la mayor\u00eda de los menores se encuentran m\u00e1s nerviosos, por este motivo, creo que a todas las familias puede interesarle este \u00fatil cuento, cuya finalidad es ense\u00f1ar a respirar. Para acceder a \u00e9l, pinchar sobre la imagen del cuento titulado \u00abRespira\u00bb. Para acceder a todo el material, en formato pdf interactivo, pinchar sobre el t\u00edtulo \u00abCuentos en Formatos Variados\u00bb.<\/span><\/p>\n<p>&nbsp;<\/p>\n<p><a href=\"http:\/\/leer-comics.blogspot.com\/2019\/02\/coleccion-ole.html\" target=\"_blank\" rel=\"noopener noreferrer\"><img loading=\"lazy\" decoding=\"async\" class=\"size-full wp-image-1203 alignleft\" src=\"https:\/\/blogsaverroes.juntadeandalucia.es\/tdahytgcjaen\/files\/2020\/04\/comic-mortadelo.jpg\" alt=\"\" width=\"189\" height=\"266\" srcset=\"https:\/\/blogsaverroes.juntadeandalucia.es\/tdahytgcjaen\/files\/2020\/04\/comic-mortadelo.jpg 189w, https:\/\/blogsaverroes.juntadeandalucia.es\/tdahytgcjaen\/files\/2020\/04\/comic-mortadelo-17x24.jpg 17w, https:\/\/blogsaverroes.juntadeandalucia.es\/tdahytgcjaen\/files\/2020\/04\/comic-mortadelo-26x36.jpg 26w, https:\/\/blogsaverroes.juntadeandalucia.es\/tdahytgcjaen\/files\/2020\/04\/comic-mortadelo-34x48.jpg 34w\" sizes=\"(max-width: 189px) 100vw, 189px\" \/><\/a>&nbsp; &nbsp;&nbsp;<\/p>\n<p>&nbsp;<\/p>\n<p><a href=\"http:\/\/leer-comics.blogspot.com\/2019\/02\/coleccion-ole.html\" target=\"_blank\" rel=\"noopener noreferrer\"><span style=\"color: #000080\"><strong>COLECCI\u00d3N DE C\u00d3MIC OL\u00c9<\/strong><\/span><\/a><\/p>\n<p style=\"text-align: justify\"><span style=\"color: #000080\">Gratuitamente, en el link de la editorial, se facilitan las colecciones de los m\u00edticos c\u00f3mics de toda una generaci\u00f3n: Pepe Gotera y Otilio, Mortadelo y Filem\u00f3n, Zipi y Zape, Las Hermanas Gilda, etc.<\/span><\/p>\n<p>&nbsp;<\/p>\n<p>&nbsp;<\/p>\n<p>&nbsp;<\/p>\n<p>&nbsp;<\/p>\n<p>&nbsp;<\/p>\n<p><a href=\"http:\/\/manualidades ayto: https:\/\/www.ayto-caceres.es\/destacado\/san-jorge-2020-quedateencasa\/\" target=\"_blank\" rel=\"noopener noreferrer\"><span style=\"color: #000080\"><strong><img loading=\"lazy\" decoding=\"async\" class=\"wp-image-1185 alignleft\" src=\"https:\/\/blogsaverroes.juntadeandalucia.es\/tdahytgcjaen\/files\/2020\/04\/San-Jorge-2020-C\u00e1ceres.jpg\" alt=\"\" width=\"357\" height=\"214\" srcset=\"https:\/\/blogsaverroes.juntadeandalucia.es\/tdahytgcjaen\/files\/2020\/04\/San-Jorge-2020-C\u00e1ceres.jpg 1200w, https:\/\/blogsaverroes.juntadeandalucia.es\/tdahytgcjaen\/files\/2020\/04\/San-Jorge-2020-C\u00e1ceres-300x180.jpg 300w, https:\/\/blogsaverroes.juntadeandalucia.es\/tdahytgcjaen\/files\/2020\/04\/San-Jorge-2020-C\u00e1ceres-768x461.jpg 768w, https:\/\/blogsaverroes.juntadeandalucia.es\/tdahytgcjaen\/files\/2020\/04\/San-Jorge-2020-C\u00e1ceres-1024x614.jpg 1024w, https:\/\/blogsaverroes.juntadeandalucia.es\/tdahytgcjaen\/files\/2020\/04\/San-Jorge-2020-C\u00e1ceres-24x14.jpg 24w, https:\/\/blogsaverroes.juntadeandalucia.es\/tdahytgcjaen\/files\/2020\/04\/San-Jorge-2020-C\u00e1ceres-36x22.jpg 36w, https:\/\/blogsaverroes.juntadeandalucia.es\/tdahytgcjaen\/files\/2020\/04\/San-Jorge-2020-C\u00e1ceres-48x29.jpg 48w\" sizes=\"(max-width: 357px) 100vw, 357px\" \/><\/strong><\/span><\/a><\/p>\n<p><span style=\"color: #000080\"><strong>SAN JORGE Y EL DRAG\u00d3N<\/strong><\/span><\/p>\n<p style=\"text-align: justify\"><span style=\"color: #000080\">Aprovechando la onom\u00e1stica, FELICITO a todos \u00abLOS JORGES\u00bb y, especialmente, a la ciudad de C\u00c1CERES, que conmemora este d\u00eda a su patr\u00f3n y la bella e inolvidable leyenda. Los organismos p\u00fablicos difunden creativas ideas para celebrar desde casa: colorear, videos, manualidades, etc. Pinchar sobre la imagen.<\/span><\/p>\n<p><span style=\"color: #333399\">Tambi\u00e9n, os dejo un link a un<a style=\"color: #333399\" href=\"http:\/\/leyendasdecaceres.blogspot.com\/2011\/12\/leyenda-de-san-jorge-y-el-dragon.html\" target=\"_blank\" rel=\"noopener noreferrer\"> blog<\/a>&nbsp;con actividades en torno a dicha leyenda.<\/span><\/p>\n<p><span style=\"color: #000080\">Adem\u00e1s, facilito un cuento corto para interaccionar con tu hijo\/a, y conozca esta antigua leyenda: <a href=\"https:\/\/www.guiainfantil.com\/articulos\/ocio\/cuentos-infantiles\/san-jorge-y-el-dragon-cuentos-cortos-para-ninos\/\" target=\"_blank\" rel=\"noopener noreferrer\">acceder<\/a>.<\/span><\/p>\n<p>&nbsp;<\/p>\n<p>&nbsp;<\/p>\n<p><a href=\"https:\/\/blogsaverroes.juntadeandalucia.es\/tdahytgcjaen\/2017\/06\/27\/568\/\" target=\"_blank\" rel=\"noopener noreferrer\"><span style=\"color: #333399\"><strong><img loading=\"lazy\" decoding=\"async\" class=\"size-full wp-image-1189 alignleft\" src=\"https:\/\/blogsaverroes.juntadeandalucia.es\/tdahytgcjaen\/files\/2020\/04\/cuentos-jannsen.jpg\" alt=\"\" width=\"334\" height=\"151\" srcset=\"https:\/\/blogsaverroes.juntadeandalucia.es\/tdahytgcjaen\/files\/2020\/04\/cuentos-jannsen.jpg 334w, https:\/\/blogsaverroes.juntadeandalucia.es\/tdahytgcjaen\/files\/2020\/04\/cuentos-jannsen-300x136.jpg 300w, https:\/\/blogsaverroes.juntadeandalucia.es\/tdahytgcjaen\/files\/2020\/04\/cuentos-jannsen-24x11.jpg 24w, https:\/\/blogsaverroes.juntadeandalucia.es\/tdahytgcjaen\/files\/2020\/04\/cuentos-jannsen-36x16.jpg 36w, https:\/\/blogsaverroes.juntadeandalucia.es\/tdahytgcjaen\/files\/2020\/04\/cuentos-jannsen-48x22.jpg 48w\" sizes=\"(max-width: 334px) 100vw, 334px\" \/><\/strong><\/span><\/a><\/p>\n<p>&nbsp;<\/p>\n<p><a href=\"https:\/\/blogsaverroes.juntadeandalucia.es\/tdahytgcjaen\/2017\/06\/27\/568\/\" target=\"_blank\" rel=\"noopener noreferrer\"><span style=\"color: #333399\"><strong>CUENTOS PARA TDAH<\/strong><\/span><\/a><\/p>\n<p style=\"text-align: justify\"><span style=\"color: #333399\">Ya se public\u00f3 hace tiempo esta entrada: cuatro cuentos fabulosos para tratar situaciones cotidianas que viven los ni\u00f1os y ni\u00f1as TDAH; con ellos se favorece el desarrollo de estrategias de comportamiento ante dichas situaciones, como la de &#8216;escuchar y pensar antes de actuar^.<\/span><\/p>\n<p>&nbsp;<\/p>\n<p><img loading=\"lazy\" decoding=\"async\" class=\"size-full wp-image-1191 alignleft\" src=\"https:\/\/blogsaverroes.juntadeandalucia.es\/tdahytgcjaen\/files\/2020\/04\/El-h\u00e9roe-hiperactivo.jpg\" alt=\"\" width=\"210\" height=\"240\" srcset=\"https:\/\/blogsaverroes.juntadeandalucia.es\/tdahytgcjaen\/files\/2020\/04\/El-h\u00e9roe-hiperactivo.jpg 210w, https:\/\/blogsaverroes.juntadeandalucia.es\/tdahytgcjaen\/files\/2020\/04\/El-h\u00e9roe-hiperactivo-21x24.jpg 21w, https:\/\/blogsaverroes.juntadeandalucia.es\/tdahytgcjaen\/files\/2020\/04\/El-h\u00e9roe-hiperactivo-32x36.jpg 32w, https:\/\/blogsaverroes.juntadeandalucia.es\/tdahytgcjaen\/files\/2020\/04\/El-h\u00e9roe-hiperactivo-42x48.jpg 42w\" sizes=\"(max-width: 210px) 100vw, 210px\" \/><\/p>\n<p><span style=\"color: #333399\"><strong>C\u00d3MICS PARA J\u00d3VENES TDAH<\/strong><\/span><\/p>\n<p><span style=\"color: #333399\"><strong><a href=\"http:\/\/www.comicreando.com\/wp-content\/uploads\/2017\/05\/9-TDAH-BN.pdf\" target=\"_blank\" rel=\"noopener noreferrer\">TDAH: SON 4 LETRAS<\/a>. <\/strong>Del autor del blog comicreando, docente que habla alto y claro.<\/span><\/p>\n<p style=\"text-align: justify\"><span style=\"color: #333399\"><a href=\"https:\/\/es.slideshare.net\/mtalaverxtec\/atenta-tdah\" target=\"_blank\" rel=\"noopener noreferrer\"><strong>ATENTA<\/strong><\/a>. C\u00f3mic de Juan Antonio Hormaechea y Roberto Bergado. Pretenden llamar la atenci\u00f3n sobre los problema que causa el TDAH, que a menudo se diagnostica mal o tarde, sobre todo, entre el g\u00e9nero femenino. Muestra todos los s\u00edntomas de esta dolencia reunidos en un mismo personaje, Mar, una joven dise\u00f1adora que, aunque intenta prestar atenci\u00f3n, se distrae con cualquier cosa, o se entusiasma demasiado o tropieza.<\/span><\/p>\n<p style=\"text-align: justify\"><strong><span style=\"color: #333399\"><a href=\"https:\/\/www.amazon.es\/despierta-Una-movida-muy-turbia\/dp\/8460859118\" target=\"_blank\" rel=\"noopener noreferrer\">EH, DESPIERTA. UNA MOVIDA MIUY TURBIA<\/a>. <\/span><\/strong><span style=\"color: #333399\">Del&nbsp;<\/span><span style=\"color: #333399\">psiquiatra Andoni Hormaechea y el dibujante Rober Garay, en el que se muestra c\u00f3mo puede ser la vida de un adolescente con TDAH, de forma vivaz y con rigor cient\u00edfico, viendo el camino de \u00c1lex hacia el auto descubrimiento de su problema.<\/span><\/p>\n<p><a href=\"https:\/\/www.diariovasco.com\/prensa\/20061005\/aldia\/heroe-hiperactivo_20061005.html?ref=https:%2F%2Fwww.google.com%2F\" target=\"_blank\" rel=\"noopener noreferrer\"><strong><span style=\"color: #333399\">EL H\u00c9ROE HIPERACTIVO<\/span><\/strong><\/a><span style=\"color: #333399\">. C\u00f3mic dise\u00f1ado por un psiquiatra y un dibujante vascos, de est\u00e9tica manga.<\/span><\/p>\n<p>&nbsp;<\/p>\n<p><img loading=\"lazy\" decoding=\"async\" class=\"size-full wp-image-1193 alignleft\" src=\"https:\/\/blogsaverroes.juntadeandalucia.es\/tdahytgcjaen\/files\/2020\/04\/el-cazo-de-lorenzo.jpg\" alt=\"\" width=\"278\" height=\"181\" srcset=\"https:\/\/blogsaverroes.juntadeandalucia.es\/tdahytgcjaen\/files\/2020\/04\/el-cazo-de-lorenzo.jpg 278w, https:\/\/blogsaverroes.juntadeandalucia.es\/tdahytgcjaen\/files\/2020\/04\/el-cazo-de-lorenzo-24x16.jpg 24w, https:\/\/blogsaverroes.juntadeandalucia.es\/tdahytgcjaen\/files\/2020\/04\/el-cazo-de-lorenzo-36x23.jpg 36w, https:\/\/blogsaverroes.juntadeandalucia.es\/tdahytgcjaen\/files\/2020\/04\/el-cazo-de-lorenzo-48x31.jpg 48w\" sizes=\"(max-width: 278px) 100vw, 278px\" \/><\/p>\n<p>&nbsp;<\/p>\n<p><strong><span style=\"color: #333399\">&nbsp; &nbsp;CUENTOS PARA TRABAJAR LA S DIFERENCIAS: DIVERSIDAD<\/span><\/strong><\/p>\n<p><span style=\"color: #333399\"><strong>&nbsp; &nbsp;El Erizo y el Globo. <\/strong>Versi\u00f3n <a href=\"https:\/\/youtu.be\/9SiNFya55Fo\" target=\"_blank\" rel=\"noopener noreferrer\">audiolibro<\/a>.<\/span><\/p>\n<p><span style=\"color: #333399\"><strong>&nbsp; &nbsp;El Cazo de Lorenzo<\/strong>. Versi\u00f3n <a href=\"https:\/\/www.youtube.com\/watch?v=xy61PTB9Hgk\" target=\"_blank\" rel=\"noopener noreferrer\">audiolibro<\/a>.<\/span><\/p>\n<p><span style=\"color: #333399\"><strong>&nbsp; &nbsp;El Monstruo de Colores<\/strong>. El link que proporciono es al <a href=\"https:\/\/www.youtube.com\/watch?v=EvmuOfkq3us\" target=\"_blank\" rel=\"noopener noreferrer\">videocuento<\/a>. se puede adquirir en <a href=\"https:\/\/www.fnac.es\/a5564913\/Anna-Llenas-El-monstruo-de-colores-Juego\" target=\"_blank\" rel=\"noopener noreferrer\">versi\u00f3n juego en FInac<\/a>.<\/span><\/p>\n<p>&nbsp;<\/p>\n<p><a href=\"http:\/\/lapiceromagico.blogspot.com\/2015\/04\/50-actividades-para-el-dia-del-libro.html\" target=\"_blank\" rel=\"noopener noreferrer\"><img loading=\"lazy\" decoding=\"async\" class=\"wp-image-1199 alignleft\" src=\"https:\/\/blogsaverroes.juntadeandalucia.es\/tdahytgcjaen\/files\/2020\/04\/50-actividades-dia-del-libro.png\" alt=\"\" width=\"346\" height=\"172\" srcset=\"https:\/\/blogsaverroes.juntadeandalucia.es\/tdahytgcjaen\/files\/2020\/04\/50-actividades-dia-del-libro.png 1280w, https:\/\/blogsaverroes.juntadeandalucia.es\/tdahytgcjaen\/files\/2020\/04\/50-actividades-dia-del-libro-300x150.png 300w, https:\/\/blogsaverroes.juntadeandalucia.es\/tdahytgcjaen\/files\/2020\/04\/50-actividades-dia-del-libro-768x384.png 768w, https:\/\/blogsaverroes.juntadeandalucia.es\/tdahytgcjaen\/files\/2020\/04\/50-actividades-dia-del-libro-1024x512.png 1024w, https:\/\/blogsaverroes.juntadeandalucia.es\/tdahytgcjaen\/files\/2020\/04\/50-actividades-dia-del-libro-24x12.png 24w, https:\/\/blogsaverroes.juntadeandalucia.es\/tdahytgcjaen\/files\/2020\/04\/50-actividades-dia-del-libro-36x18.png 36w, https:\/\/blogsaverroes.juntadeandalucia.es\/tdahytgcjaen\/files\/2020\/04\/50-actividades-dia-del-libro-48x24.png 48w\" sizes=\"(max-width: 346px) 100vw, 346px\" \/><\/a><\/p>\n<p>&nbsp;<\/p>\n<p><strong><span style=\"color: #333399\"><a href=\"http:\/\/lapiceromagico.blogspot.com\/2015\/04\/50-actividades-para-el-dia-del-libro.html\" target=\"_blank\" rel=\"noopener noreferrer\">50 ACTIVIDADES PARA TRABAJAR EN TORNO AL D\u00cdA DEL LIBRO<\/a>.&nbsp;<\/span><\/strong><\/p>\n<p><span style=\"color: #333399\">Recopilatorio de actividades para el fomento de la lectura y la escritura, del autor del blog \u00abEl Lapicero M\u00e1gico\u00bb. Algunas de ellas pueden realizarse en casa.<\/span><\/p>\n<p>&nbsp;<\/p>\n<p>&nbsp;<\/p>\n<p>&nbsp;<\/p>\n<h1 style=\"text-align: center\"><span style=\"color: #008000\">\u00a1\u00a1HAGAMOS COMO SAN JORGE PARA ACABAR CON EL ACTUAL DRAG\u00d3N DE NUESTRA VIDA, QUE PUEDE DECIRSE QUE ES EL COVID-19 Y SUS CONSECUENCIAS:<\/span><\/h1>\n<h1 style=\"text-align: center\"><span style=\"color: #008000\">SEAMOS VALIENTES Y CREATIVOS!!<\/span><\/h1>\n<p>&nbsp;<\/p>\n<p>______________________________________________________________________________________<\/p>\n<h1 style=\"text-align: right\"><span style=\"color: #333399\"><strong>#YoMeQuedoEnCasa<\/strong><\/span><\/h1>\n<h1 style=\"text-align: right\"><span style=\"color: #333399\"><strong>#UnDiaMenos<\/strong><\/span><\/h1>\n<p>&nbsp;<\/p>\n<h4><span style=\"color: #333399\">&nbsp;<span lang=\"IT\" style=\"font-family: 'Arial Black', sans-serif;color: #008000\"><strong>LUNES, 27 de abril:<\/strong><\/span><\/span><\/h4>\n<p>&nbsp;<\/p>\n<h1 style=\"text-align: center\"><span style=\"color: #008000\"><strong>SALIDAS CON POBLACI\u00d3N INFANTIL MENOR DE 14 A\u00d1OS<\/strong><\/span><\/h1>\n<p style=\"text-align: center\"><span style=\"color: #008000\"><strong>-NORMA DE LOS CUATRO 1-<\/strong><\/span><\/p>\n<p style=\"text-align: center\"><img loading=\"lazy\" decoding=\"async\" class=\"alignnone wp-image-1208\" src=\"https:\/\/blogsaverroes.juntadeandalucia.es\/tdahytgcjaen\/files\/2020\/04\/resumen-gu\u00eda.png\" alt=\"\" width=\"306\" height=\"179\" srcset=\"https:\/\/blogsaverroes.juntadeandalucia.es\/tdahytgcjaen\/files\/2020\/04\/resumen-gu\u00eda.png 293w, https:\/\/blogsaverroes.juntadeandalucia.es\/tdahytgcjaen\/files\/2020\/04\/resumen-gu\u00eda-24x14.png 24w, https:\/\/blogsaverroes.juntadeandalucia.es\/tdahytgcjaen\/files\/2020\/04\/resumen-gu\u00eda-36x21.png 36w, https:\/\/blogsaverroes.juntadeandalucia.es\/tdahytgcjaen\/files\/2020\/04\/resumen-gu\u00eda-48x28.png 48w\" sizes=\"(max-width: 306px) 100vw, 306px\" \/><\/p>\n<p>&nbsp;<\/p>\n<p style=\"text-align: justify\"><span style=\"color: #333399\">Desde el d\u00eda de ayer, domingo, 26 de abril, tras 5 semanas de confinamiento, se flexibilizan las medidas para el bienestar de los menores de 14 a\u00f1os, permiti\u00e9ndoles realizar un <strong>PASEO DIARIO<\/strong>, controlado y voluntario, eso s\u00ed, siguiendo determinadas <strong>indicaciones y medidas de prevenci\u00f3n.&nbsp;<\/strong><\/span><\/p>\n<p style=\"text-align: justify\"><span style=\"color: #333399\">&nbsp; &nbsp; &nbsp; &nbsp; Las \u00faltimas noticias de hoy, publicadas en prensa y noticiarios serios, \u00abponen los vellos de punta\u00bb al evidenciarse, en las primeras salidas de ayer, m\u00faltiples fallos y graves incumplimientos a la norma, motivo por el que en este post, recuerdo las indicaciones de obligado cumplimiento del Ministerio de Sanidad. S\u00f3lo siguiendo estrictamente estas medidas preventivas de los expertos, podremos seguir disminuyendo los \u00edndices de contagio y facilitar la inminente salida de los mayores y deportistas, parece prevista para el 2 de mayo.<\/span><\/p>\n<p>&nbsp;<\/p>\n<p><a href=\"https:\/\/www.lamoncloa.gob.es\/serviciosdeprensa\/notasprensa\/sanidad14\/Documents\/2020\/250420%20Gu%C3%ADa%20de%20buenas%20pr%C3%A1cticas%20en%20las%20salidas%20de%20la%20poblaci%C3%B3n%20infantil%20durante%20el%20estado%20de%20alarma.pdf\" target=\"_blank\" rel=\"noopener noreferrer\"><img loading=\"lazy\" decoding=\"async\" class=\"size-full wp-image-1207 alignleft\" src=\"https:\/\/blogsaverroes.juntadeandalucia.es\/tdahytgcjaen\/files\/2020\/04\/gu\u00eda-ministerio.jpg\" alt=\"\" width=\"327\" height=\"154\" srcset=\"https:\/\/blogsaverroes.juntadeandalucia.es\/tdahytgcjaen\/files\/2020\/04\/gu\u00eda-ministerio.jpg 327w, https:\/\/blogsaverroes.juntadeandalucia.es\/tdahytgcjaen\/files\/2020\/04\/gu\u00eda-ministerio-300x141.jpg 300w, https:\/\/blogsaverroes.juntadeandalucia.es\/tdahytgcjaen\/files\/2020\/04\/gu\u00eda-ministerio-24x11.jpg 24w, https:\/\/blogsaverroes.juntadeandalucia.es\/tdahytgcjaen\/files\/2020\/04\/gu\u00eda-ministerio-36x17.jpg 36w, https:\/\/blogsaverroes.juntadeandalucia.es\/tdahytgcjaen\/files\/2020\/04\/gu\u00eda-ministerio-48x23.jpg 48w\" sizes=\"(max-width: 327px) 100vw, 327px\" \/><\/a>&nbsp; &nbsp; &nbsp;&nbsp;<\/p>\n<p>&nbsp;<\/p>\n<p><strong><span style=\"color: #008000\">GU\u00cdA DE BUENAS PR\u00c1CTICAS EN LAS SALIDAS DE LA POBLACI\u00d3N INFANTIL DURANTE EL ESTADO DE ALARMA. <\/span><\/strong><span style=\"color: #008000\"><span style=\"color: #000080\">Formato .pdf descargable.<\/span><\/span><\/p>\n<p>&nbsp;<\/p>\n<p>&nbsp;<\/p>\n<p><a href=\"https:\/\/youtu.be\/y77q9UM2vOk\" target=\"_blank\" rel=\"noopener noreferrer\"><img loading=\"lazy\" decoding=\"async\" class=\" wp-image-1209 alignleft\" src=\"https:\/\/blogsaverroes.juntadeandalucia.es\/tdahytgcjaen\/files\/2020\/04\/video-ministerio.jpg\" alt=\"\" width=\"326\" height=\"244\" srcset=\"https:\/\/blogsaverroes.juntadeandalucia.es\/tdahytgcjaen\/files\/2020\/04\/video-ministerio.jpg 480w, https:\/\/blogsaverroes.juntadeandalucia.es\/tdahytgcjaen\/files\/2020\/04\/video-ministerio-300x225.jpg 300w, https:\/\/blogsaverroes.juntadeandalucia.es\/tdahytgcjaen\/files\/2020\/04\/video-ministerio-24x18.jpg 24w, https:\/\/blogsaverroes.juntadeandalucia.es\/tdahytgcjaen\/files\/2020\/04\/video-ministerio-36x27.jpg 36w, https:\/\/blogsaverroes.juntadeandalucia.es\/tdahytgcjaen\/files\/2020\/04\/video-ministerio-48x36.jpg 48w\" sizes=\"(max-width: 326px) 100vw, 326px\" \/><\/a><\/p>\n<p>&nbsp;<\/p>\n<p>&nbsp;<\/p>\n<p>&nbsp;<\/p>\n<p><strong><span style=\"color: #008000\">GU\u00cdA DE BUENAS PR\u00c1CTICAS EN LAS SALIDAS DE LA POBLACI\u00d3N INFANTIL DURANTE EL ESTADO DE ALARMA. <\/span><\/strong><span style=\"color: #008000\"><span style=\"color: #000080\">Formato video:<\/span><\/span><\/p>\n<p>&nbsp;<\/p>\n<p><iframe loading=\"lazy\" title=\"GU\u00cdA DE BUENAS PR\u00c1CTICAS EN SALIDAS CON POBLACI\u00d3N INFANTIL, DURANTE EL ESTADO DE ALARMA. ABRIL 2020.\" width=\"843\" height=\"474\" src=\"https:\/\/www.youtube.com\/embed\/9SSl-JnTh5o?feature=oembed\" frameborder=\"0\" allow=\"accelerometer; autoplay; clipboard-write; encrypted-media; gyroscope; picture-in-picture; web-share\" referrerpolicy=\"strict-origin-when-cross-origin\" allowfullscreen><\/iframe><\/p>\n<p>&nbsp;<\/p>\n<p><strong><span style=\"color: #008000\">OTROS MATERIALES ORIENTATIVOS:<\/span><\/strong><\/p>\n<ul>\n<li><a href=\"http:\/\/www3.gobiernodecanarias.org\/medusa\/edublog\/ceipsanfernandodemaspalomas\/wp-content\/uploads\/sites\/326\/2020\/04\/ninos-a-la-calle.pdf\" target=\"_blank\" rel=\"noopener noreferrer\">Cuaderno para las familias: \u00abVamos a Hacerlo Bien\u00bb<\/a>, elaborado y difundido por la psic\u00f3loga Irene Bautista, de Madrid.<\/li>\n<li><a href=\"https:\/\/www.mscbs.gob.es\/profesionales\/saludPublica\/ccayes\/alertasActual\/nCov-China\/img\/COVID19_recomendaciones_infancia.jpg\" target=\"_blank\" rel=\"noopener noreferrer\">Recomendaciones de Apoyo Emocional a Ni\u00f1os y Ni\u00f1as durante la epidemia de COVID-19.<\/a>&nbsp;Ministerio de Sanidad.<\/li>\n<\/ul>\n<p>&nbsp;<\/p>\n<h3 style=\"text-align: center\"><span style=\"color: #008000\">\u00a1CONTINUEMOS SIENDO RESPONSABLES!<\/span><\/h3>\n<p>&nbsp;<\/p>\n<p>___________________________________________________________________________________<\/p>\n<h1 style=\"text-align: right\"><span style=\"color: #333399\"><strong>#YoMeQuedoEnCasa<\/strong><\/span><\/h1>\n<h1 style=\"text-align: right\"><span style=\"color: #333399\"><strong>#UnDiaMenos<\/strong><\/span><\/h1>\n<p>&nbsp;<\/p>\n<h4><span style=\"color: #333399\">&nbsp;<span lang=\"IT\" style=\"font-family: 'Arial Black', sans-serif;color: #008000\"><strong>MARTES, 28 de abril:<\/strong><\/span><\/span><\/h4>\n<p><img loading=\"lazy\" decoding=\"async\" class=\"size-full wp-image-971 alignleft\" src=\"https:\/\/blogsaverroes.juntadeandalucia.es\/tdahytgcjaen\/files\/2016\/06\/logo-nuevo-Consejer\u00eda.png\" alt=\"\" width=\"128\" height=\"128\" srcset=\"https:\/\/blogsaverroes.juntadeandalucia.es\/tdahytgcjaen\/files\/2016\/06\/logo-nuevo-Consejer\u00eda.png 128w, https:\/\/blogsaverroes.juntadeandalucia.es\/tdahytgcjaen\/files\/2016\/06\/logo-nuevo-Consejer\u00eda-100x100.png 100w, https:\/\/blogsaverroes.juntadeandalucia.es\/tdahytgcjaen\/files\/2016\/06\/logo-nuevo-Consejer\u00eda-24x24.png 24w, https:\/\/blogsaverroes.juntadeandalucia.es\/tdahytgcjaen\/files\/2016\/06\/logo-nuevo-Consejer\u00eda-36x36.png 36w, https:\/\/blogsaverroes.juntadeandalucia.es\/tdahytgcjaen\/files\/2016\/06\/logo-nuevo-Consejer\u00eda-48x48.png 48w\" sizes=\"(max-width: 128px) 100vw, 128px\" \/><\/p>\n<h1>&nbsp;<\/h1>\n<h1 style=\"text-align: center\"><span style=\"color: #008000\"><strong>LA CONSEJER\u00cdA DE EDUCACI\u00d3N Y DEPORTE HOMOLOGA ACTUACIONES DE LOS ORIENTADORES\/AS ESCOLARES<\/strong><\/span><\/h1>\n<h3 style=\"text-align: center\"><span style=\"color: #008000\">-IEP Y DIE-<\/span><\/h3>\n<p>&nbsp;<\/p>\n<p style=\"text-align: justify\"><span style=\"color: #333399\">Con el fin de garantizar que los y las orientadores\/as escolares de EOE y DO cuenten con un marco de seguridad en el que desarrollar su tarea, l<\/span><span style=\"color: #333399\">a Direcci\u00f3n General de Atenci\u00f3n a la Diversidad, Participaci\u00f3n y Convivencia Escolar dicta Instrucciones para adaptar el proceso de detecci\u00f3n, identificaci\u00f3n y organizaci\u00f3n de la respuesta educativa del alumnado con neae, dada la \u00e9poca de curso acad\u00e9mico en el que nos encontramos, en el que las evaluaciones psicopedag\u00f3gicas de neae y dict\u00e1menes de escolarizaci\u00f3n para nee cobran especial relevancia en el tercer trimestre ante el proceso de admisi\u00f3n del alumnado al sistema educativo y cambio de etapa\/centro.&nbsp;<\/span><\/p>\n<p style=\"text-align: justify\">&nbsp;<\/p>\n<p style=\"text-align: justify\">&nbsp; &nbsp; &nbsp; P<span style=\"color: #333399\">uesto que continua en vigor la&nbsp;<\/span><span style=\"line-height: 1.6;color: #333399\">Instrucci\u00f3n de 13 de marzo de 2020, relativa a la suspensi\u00f3n de la actividad docente presencial en todo el sistema educativo andaluz, imponiendo el teletrabajo de docentes y de nuestro perfil profesional, se hacen necesarias estas aclaraciones para realizar evaluaciones psicopedag\u00f3gicas serias o determinar la modalidad de escolarizaci\u00f3n de alumnado del que no se conocen a fondo sus caracter\u00edsticas. Os facilito un resumen propio con los aspectos m\u00e1s relevantes:<\/span><\/p>\n<table>\n<tbody>\n<tr>\n<td>\n<ul>\n<li><span style=\"color: #333399\"><strong>SE PRIORIZA<\/strong> la tarea de <strong>valoraci\u00f3n psicopedag\u00f3gica del alumnado:<\/strong><\/span>\n<ul>\n<li><span style=\"color: #333399\">de <strong>nueva escolarizaci\u00f3n<\/strong> (2\u00ba ciclo de la Educaci\u00f3n infantil y\/ o aquel que se incorpora por primera vez al Sistema Educativo Andaluz).<\/span><\/li>\n<li style=\"text-align: justify\"><span style=\"color: #333399\"><strong>con NEE&nbsp;<\/strong>que se prevea que, estando escolarizado, <strong>va a requerir recursos de dif\u00edcil generalizaci\u00f3n<\/strong>, como pueden ser los derivados de un cambio de modalidad de escolarizaci\u00f3n.<\/span><\/li>\n<li><span style=\"color: #333399\"><strong>con NEE que cambia de etapa educativa.&nbsp;<\/strong><\/span><\/li>\n<\/ul>\n<\/li>\n<\/ul>\n<p style=\"padding-left: 40px;text-align: justify\"><span style=\"color: #333399\">La valoraci\u00f3n del resto de alumnado con NEAE, siempre que se pueda, se llevar\u00e1 a cabo; si no puede ser, en cada EOE\/DO se dejar\u00e1 constancia del alumnado pendiente de valoraci\u00f3n y se proceder\u00e1, mediante los cauces establecidos en cada centro, a la informaci\u00f3n a las familias del momento en el que se llevar\u00e1 a cabo dicha valoraci\u00f3n. Del mismo modo, esta informaci\u00f3n se trasladar\u00e1 en las reuniones previstas en el programa de tr\u00e1nsito para el alumnado que cambia de etapa educativa.<\/span><\/p>\n<p>&nbsp;<\/p>\n<ul>\n<li><span style=\"color: #333399\">Se proceder\u00e1 a la <strong>COMUNICACI\u00d3N A LA FAMILIA<\/strong>, en funci\u00f3n de la situaci\u00f3n y la finalidad de la valoraci\u00f3n:<\/span>\n<ul>\n<li>\n<p style=\"text-align: justify\"><span style=\"color: #333399\">ser\u00e1 el <strong>Tutor\/a<\/strong> a<span style=\"line-height: 1.6\">&nbsp;trav\u00e9s del <em>Sistema iPasen<\/em> para todos aquellos alumnos y alumnas que ya est\u00e1n escolarizados (identificaci\u00f3n neae, revisiones y PMAR);<\/span><\/span><\/p>\n<\/li>\n<li>\n<p style=\"text-align: justify\"><span style=\"color: #333399\"><span style=\"line-height: 1.6\">y ser\u00e1 el <strong>orientador\/a<\/strong> correspondiente, a<\/span><span style=\"line-height: 1.6\">&nbsp;trav\u00e9s de <em>correo electr\u00f3nico<\/em>, para las familias del alumnado que se va a incorporar al 2\u00ba ciclo de la educaci\u00f3n infantil.<\/span><\/span><\/p>\n<\/li>\n<\/ul>\n<\/li>\n<\/ul>\n<p>&nbsp;<\/p>\n<ul>\n<li><span style=\"color: #333399\"><strong>ADAPTACI\u00d3N DEL PROCESO DE VALORACI\u00d3N <\/strong>(proceso de recogida de informaci\u00f3n):<\/span>\n<ul>\n<li><span style=\"color: #333399\">Priorizaci\u00f3n de los aspectos fundamentales para DETERMINAR LA RESPUESTA EDUCATIVA.<\/span><\/li>\n<li><span style=\"color: #333399\">Dar mayor peso a aquellas t\u00e9cnicas, procedimientos e instrumentos de evaluaci\u00f3n que nos permitan una recogida CUALITATIVA de informaci\u00f3n. &nbsp;La valoraci\u00f3n de las \u00e1reas del desarrollo y del aprendizaje ser\u00e1n valoradas en mayor o menor grado de profundidad en funci\u00f3n de las necesidades espec\u00edficas de cada alumno\/a. <\/span><\/li>\n<li><span style=\"color: #333399\">La FAMILIA siempre es una fuente de informaci\u00f3n importante, mucho m\u00e1s en estas circunstancias.<\/span><\/li>\n<\/ul>\n<\/li>\n<\/ul>\n<p style=\"padding-left: 40px;text-align: justify\"><span style=\"color: #333399\">El grado de conocimiento del caso, la informaci\u00f3n disponible y las circunstancias de cada alumno o alumna y su familia, determinar\u00e1n si el IEP y\/o el DIE puede finalizarse.<\/span><\/p>\n<p>&nbsp;<\/p>\n<p style=\"text-align: justify\"><span style=\"color: #333399\">&nbsp; &nbsp; &nbsp; &nbsp;Los compa\u00f1eros\/as pod\u00e9is seguir contando con el asesoramiento del <strong>EOE ESPECIALIZADO<\/strong>, como hasta el momento, a trav\u00e9s del e-mail y tel\u00e9fono corporativo. Adem\u00e1s, la Circular explicita que <\/span><span style=\"line-height: 1.6\">\u00abe<\/span><span style=\"color: #333399\">n aquellos casos en los que el orientador u orientadora del EOE Especializado haya podido, en su momento, realizar la valoraci\u00f3n, junto con el orientador u orientadora del EOE, o del Departamento de Orientaci\u00f3n correspondiente en el centro educativo con el alumno o la alumna, y por tanto, cuente con informaci\u00f3n suficiente, se emitir\u00e1 el correspondiente informe. De lo contrario, ser\u00e1 el orientador u orientadora del EOE quien, tal y como establece el Decreto 147\/2002 de 14 de mayo, quien emitir\u00e1 el correspondiente dictamen de escolarizaci\u00f3n sin el informe del orientador u orientadora del EOE Especializado que corresponda. En estos casos, se ha de garantizar su intervenci\u00f3n, <strong>una vez se restablezca la actividad escolar con normalidad, para realizar el asesoramiento correspondiente<\/strong> atendiendo a las instrucciones que regulan la organizaci\u00f3n y funcionamiento de los EOE Especializados. Siendo fundamental en cualquier caso que se informe igualmente a la familia\u00bb. E<\/span><span style=\"color: #333399\"><span style=\"line-height: 1.6\">n los casos en los que se requiera la emisi\u00f3n del correspondiente <\/span>Informe del EOE Especializado (modalidad D)<span style=\"line-height: 1.6\">, se debe garantizar que el EOEE disponga de la informaci\u00f3n necesaria para realizar, en su momento, y siempre que sea posible, dicho Informe. \u00abPor este motivo, es necesario anticipar todos los casos en los que se va a requerir la intervenci\u00f3n del EOE Especializado y hacer llegar mediante los medios tecnol\u00f3gicos las <\/span>demandas<span style=\"line-height: 1.6\"> de colaboraci\u00f3n <\/span>y la informaci\u00f3n disponible<span style=\"line-height: 1.6\">, realizando,&nbsp;<\/span>si es necesario, reuniones<span style=\"line-height: 1.6\"> a trav\u00e9s de estos medios para el an\u00e1lisis conjunto de los casos\u00bb.<\/span><\/span><\/p>\n<p>&nbsp;<\/p>\n<p style=\"text-align: justify\"><span style=\"color: #666699\">&nbsp; &nbsp; &nbsp;Estas instrucciones incluyen al quehacer de los profesionales&nbsp;de la orientaci\u00f3n de los Centros Docentes Privados sostenidos con fondos p\u00fablicos.<\/span><\/p>\n<\/td>\n<\/tr>\n<\/tbody>\n<\/table>\n<p>&nbsp;<\/p>\n<p style=\"text-align: center\"><span style=\"color: #333399\">&nbsp; <span style=\"color: #008080\">&nbsp; <strong>\u00a1SIGO A VUESTRA ENTERA DISPOSICI\u00d3N!<\/strong><\/span><\/span><\/p>\n<p style=\"text-align: center\"><span style=\"color: #008080\"><strong>UN FUERTE ABRAZO VIRTUAL<\/strong><\/span><\/p>\n<p style=\"text-align: left\">______________________________________________________________________________________________________<\/p>\n<h1 style=\"text-align: right\"><span style=\"color: #333399\"><strong>#YoMeQuedoEnCasa<\/strong><\/span><\/h1>\n<h1 style=\"text-align: right\"><span style=\"color: #333399\"><strong>#UnDiaMenos<\/strong><\/span><\/h1>\n<p>&nbsp;<\/p>\n<h4><span style=\"color: #333399\">&nbsp;<span lang=\"IT\" style=\"font-family: 'Arial Black', sans-serif;color: #008000\"><strong>MI\u00c9RCOLES, 13 de mayo:<\/strong><\/span><\/span><\/h4>\n<p>&nbsp;<\/p>\n<h1 style=\"text-align: center\"><span style=\"color: #008000\"><strong>CUESTIONARIO AUTOAPLICADO PARA ALUMNADO NEE TDAH DE 6\u00ba CURSO&nbsp;<\/strong><\/span><\/h1>\n<h1 style=\"text-align: center\"><span style=\"color: #008000\"><strong>&#8211; CON\u00d3CEME-&nbsp;<\/strong><\/span><\/h1>\n<p>&nbsp;<\/p>\n<p style=\"text-align: justify\"><span style=\"color: #000080\">Dada la situaci\u00f3n de confinamiento en la que nos encontramos inmersos, y la vigencia en este curso acad\u00e9mico de la <a href=\"https:\/\/www.feandalucia.ccoo.es\/docu\/p5sd16305.pdf\" target=\"_blank\" rel=\"noopener noreferrer\">Instrucci\u00f3n 13\/ 2019, de 27 de junio, de la Direcci\u00f3n General de Ordenaci\u00f3n y Evaluaci\u00f3n Educativa, por la que se establecen aspectos de organizaci\u00f3n y funcionamiento para los centros que imparten educaci\u00f3n secundaria obligatoria para el curso 2019\/2020<\/a>, la responsable del \u00e1rea TGC del EOEE ha elaborado un Cuestionario Autoaplicado para el alumnado TDAH del \u00faltimo curso de Educaci\u00f3n Primaria, como una herramienta que garantice una adecuada transici\u00f3n entre las etapas educativas que conforman la ense\u00f1anza b\u00e1sica, con el fin de avalar la continuidad y el \u00e9xito del proceso educativo de el\/la alumnado concreto\/a. <\/span><\/p>\n<p style=\"text-align: justify\">&nbsp; &nbsp; &nbsp;<span style=\"color: #000080\"> El alumno, s\u00f3lo debe poner el \u00abnombre de pila\u00bb, su colegio de procedencia y responder a 6 sencillas preguntas de respuesta m\u00faltiple. Sus respuestas, ayudar\u00e1n a sus&nbsp;nuevos profesores y profesoras a que le conozcan mejor y, as\u00ed, puedan ayudar en la nueva y m\u00e1s compleja etapa de la ESO.<\/span><\/p>\n<p>&nbsp; &nbsp; &nbsp; <span style=\"color: #000080\">Para acceder al cuestionario, pincha sobre el siguiente link o sobre la imagen:<\/span><\/p>\n<p style=\"text-align: center\"><img loading=\"lazy\" decoding=\"async\" class=\"alignnone wp-image-1237\" src=\"https:\/\/blogsaverroes.juntadeandalucia.es\/tdahytgcjaen\/files\/2020\/05\/IMAGEN-CAMBIO.jpg\" alt=\"\" width=\"304\" height=\"202\" srcset=\"https:\/\/blogsaverroes.juntadeandalucia.es\/tdahytgcjaen\/files\/2020\/05\/IMAGEN-CAMBIO.jpg 275w, https:\/\/blogsaverroes.juntadeandalucia.es\/tdahytgcjaen\/files\/2020\/05\/IMAGEN-CAMBIO-24x16.jpg 24w, https:\/\/blogsaverroes.juntadeandalucia.es\/tdahytgcjaen\/files\/2020\/05\/IMAGEN-CAMBIO-36x24.jpg 36w, https:\/\/blogsaverroes.juntadeandalucia.es\/tdahytgcjaen\/files\/2020\/05\/IMAGEN-CAMBIO-48x32.jpg 48w\" sizes=\"(max-width: 304px) 100vw, 304px\" \/><\/p>\n<p style=\"text-align: center\"><a href=\"https:\/\/forms.gle\/TJQ3LgT2LwJ2iVfS9\" target=\"_blank\" rel=\"noopener noreferrer\">https:\/\/forms.gle\/TJQ3LgT2LwJ2iVfS9<\/a><\/p>\n<p>&nbsp;<\/p>\n<p>__________________________________________________________________________________________________<\/p>\n<p>&nbsp;<\/p>\n<p>&nbsp;<\/td>\n<\/tr>\n<tr style=\"height: 606px\">\n<td style=\"height: 606px;width: 930px\">\n<h1>&nbsp;<\/h1>\n<h1 style=\"text-align: center\"><strong><span style=\"color: #333399\">INFORMACI\u00d3N ACTUALIZADA: SEAMOS RESPONSABLES<\/span><\/strong><\/h1>\n<h1 style=\"text-align: center\"><span style=\"color: #000080\"><strong>#YoMeQuedoEnCasa<\/strong><\/span><\/h1>\n<p style=\"text-align: center\">&nbsp;<\/p>\n<p style=\"text-align: center\"><img loading=\"lazy\" decoding=\"async\" class=\"alignnone wp-image-948\" src=\"https:\/\/blogsaverroes.juntadeandalucia.es\/tdahytgcjaen\/files\/2020\/03\/TELEFONO-ANDALUZ.jpg\" alt=\"\" width=\"597\" height=\"350\" srcset=\"https:\/\/blogsaverroes.juntadeandalucia.es\/tdahytgcjaen\/files\/2020\/03\/TELEFONO-ANDALUZ.jpg 293w, https:\/\/blogsaverroes.juntadeandalucia.es\/tdahytgcjaen\/files\/2020\/03\/TELEFONO-ANDALUZ-24x14.jpg 24w, https:\/\/blogsaverroes.juntadeandalucia.es\/tdahytgcjaen\/files\/2020\/03\/TELEFONO-ANDALUZ-36x21.jpg 36w, https:\/\/blogsaverroes.juntadeandalucia.es\/tdahytgcjaen\/files\/2020\/03\/TELEFONO-ANDALUZ-48x28.jpg 48w\" sizes=\"(max-width: 597px) 100vw, 597px\" \/><\/p>\n<h4 style=\"text-align: center\"><a href=\"https:\/\/blogsaverroes.juntadeandalucia.es\/tdahytgcjaen\/files\/2020\/03\/GUIA-CORONAVIRUS.pdf\" target=\"_blank\" rel=\"noopener noreferrer\"><strong><span style=\"color: #008000\">GU\u00cdA PARA LA ACTUACI\u00d3N EN EL \u00c1MBITO PROFESIONAL DE LA ADMINISTRACI\u00d3N DE LA ADMINISTRACI\u00d3N<\/span><\/strong><\/a><\/h4>\n<h4 style=\"text-align: center\"><strong><span style=\"color: #008000\">DE LA JUNTA DE ANDALUC\u00cdA EN RELACI\u00d3N AL CORONAVIRUS COVID-19<\/span><\/strong><\/h4>\n<p style=\"text-align: center\"><a href=\"https:\/\/blogsaverroes.juntadeandalucia.es\/tdahytgcjaen\/files\/2020\/03\/GUIA-CORONAVIRUS.pdf\">GUIA CORONAVIRUS<\/a><\/p>\n<\/td>\n<\/tr>\n<tr style=\"height: 166px\">\n<td style=\"height: 166px;width: 930px\">\n<h1 style=\"text-align: center\"><img decoding=\"async\" class=\"alignleft\" src=\"https:\/\/blogsaverroes.juntadeandalucia.es\/tdahytgcjaen\/files\/2019\/09\/consejeria-nueva.png\"><\/h1>\n<p>&nbsp;<\/p>\n<p style=\"text-align: justify\"><a href=\"https:\/\/juntadeandalucia.es\/eboja\/2020\/503\/BOJA20-503-00045-3038-01_00170469.pdf\" target=\"_blank\" rel=\"noopener noreferrer\"><span style=\"color: #339966\"><strong>ORDEN<\/strong> de 20 de febrero de 2020, por la que se desarrolla el procedimiento de <strong>ADMISI\u00d3N DEL ALUMNADO<\/strong> en los centros docentes p\u00fablicos y privados concertados para cursar las ense\u00f1anzas de segundo ciclo de educaci\u00f3n infantil, educaci\u00f3n primaria, educaci\u00f3n especial, educaci\u00f3n secundaria obligatoria y bachillerato.<\/span><\/a><\/p>\n<p>&nbsp;<\/td>\n<\/tr>\n<tr style=\"height: 552px\">\n<td style=\"height: 552px;width: 930px\">\n<h1 style=\"text-align: center\"><a href=\"https:\/\/blogsaverroes.juntadeandalucia.es\/tdahytgcjaen\/files\/2019\/12\/MARCHA.jpg\"><img loading=\"lazy\" decoding=\"async\" class=\"alignnone size-full wp-image-933\" src=\"https:\/\/blogsaverroes.juntadeandalucia.es\/tdahytgcjaen\/files\/2019\/12\/MARCHA.jpg\" alt=\"\" width=\"299\" height=\"168\" srcset=\"https:\/\/blogsaverroes.juntadeandalucia.es\/tdahytgcjaen\/files\/2019\/12\/MARCHA.jpg 299w, https:\/\/blogsaverroes.juntadeandalucia.es\/tdahytgcjaen\/files\/2019\/12\/MARCHA-24x13.jpg 24w, https:\/\/blogsaverroes.juntadeandalucia.es\/tdahytgcjaen\/files\/2019\/12\/MARCHA-36x20.jpg 36w, https:\/\/blogsaverroes.juntadeandalucia.es\/tdahytgcjaen\/files\/2019\/12\/MARCHA-48x27.jpg 48w\" sizes=\"(max-width: 299px) 100vw, 299px\" \/><\/a><\/h1>\n<h1 style=\"text-align: center\"><span style=\"color: #008080\"><strong>D\u00cdA INTERNACIONAL DE LAS PERSONAS CON DISCAPACIDAD 2019<\/strong><\/span><\/h1>\n<h1 style=\"text-align: center\"><em><span style=\"color: #008080\">Todos somos \u00fanicos, val\u00f3rate<\/span><\/em><\/h1>\n<p>&nbsp;<\/p>\n<p style=\"text-align: justify\"><span style=\"color: #008080\">El <strong>3 de diciembre<\/strong> es una fecha adoptada por el movimiento asociativo de las personas con discapacidad y de sus familiares, en el mundo entero, para reivindicar derechos, calidad de vida y condiciones de desarrollo social acordes con la dignidad de las personas con discapacidad.<\/span><\/p>\n<p style=\"text-align: justify\"><span style=\"color: #008080\">&nbsp; &nbsp; &nbsp; &nbsp; \u201cEste a\u00f1o, se ha querido incidir en la necesidad de visibilizar la discapacidad en los <strong>menores de edad<\/strong>, una de las prioridades de la Consejer\u00eda de Educaci\u00f3n y Deporte, y, por lo tanto, un pilar fundamental tambi\u00e9n de la Consejer\u00eda de Igualdad y Pol\u00edticas Sociales\u201d, tal y como ha manifestado nuestro Delegado Territorial de Educaci\u00f3n, Deporte, Igualdad, Pol\u00edticas Sociales y Conciliaci\u00f3n, Antonio Sutil.<\/span><\/p>\n<p>&nbsp;<\/p>\n<p style=\"text-align: center\">\u00abEduquemos y ense\u00f1emos a los ni\u00f1os y ni\u00f1as a interactuar con la diversidad<\/p>\n<p style=\"text-align: center\">para que el d\u00eda de ma\u00f1ana no sea necesario hablar de inclusi\u00f3n, sino de convivencia\u00bb.<\/p>\n<p style=\"text-align: justify\"><span style=\"color: #008080\">&nbsp; &nbsp; &nbsp; &nbsp; &nbsp;&nbsp;<\/span><\/p>\n<\/td>\n<\/tr>\n<tr style=\"height: 3016px\">\n<td style=\"height: 3016px;width: 930px\">\n<h1 style=\"text-align: center\"><span style=\"color: #008000\"><strong>&#8211;<\/strong><\/span>&nbsp;<span style=\"color: #008000\"><strong> CURSO 2018-2019&nbsp; &#8211;<\/strong><\/span><\/h1>\n<p style=\"text-align: center\"><a href=\"https:\/\/blogsaverroes.juntadeandalucia.es\/tdahytgcjaen\/files\/2019\/09\/REGRESO-A-CLASE.jpg\"><img loading=\"lazy\" decoding=\"async\" class=\"alignnone size-full wp-image-896\" src=\"https:\/\/blogsaverroes.juntadeandalucia.es\/tdahytgcjaen\/files\/2019\/09\/REGRESO-A-CLASE.jpg\" alt=\"\" width=\"254\" height=\"199\" srcset=\"https:\/\/blogsaverroes.juntadeandalucia.es\/tdahytgcjaen\/files\/2019\/09\/REGRESO-A-CLASE.jpg 254w, https:\/\/blogsaverroes.juntadeandalucia.es\/tdahytgcjaen\/files\/2019\/09\/REGRESO-A-CLASE-24x19.jpg 24w, https:\/\/blogsaverroes.juntadeandalucia.es\/tdahytgcjaen\/files\/2019\/09\/REGRESO-A-CLASE-36x28.jpg 36w, https:\/\/blogsaverroes.juntadeandalucia.es\/tdahytgcjaen\/files\/2019\/09\/REGRESO-A-CLASE-48x38.jpg 48w\" sizes=\"(max-width: 254px) 100vw, 254px\" \/><\/a><\/p>\n<p style=\"text-align: center\">-INICIEMOS UN NUEVO CURSO CON \u00c1NIMOS RENOVADOS-<\/p>\n<p style=\"text-align: center\">__________________________________________________________________________________________________<\/p>\n<h1><img loading=\"lazy\" decoding=\"async\" class=\"alignnone size-full wp-image-216\" src=\"https:\/\/blogsaverroes.juntadeandalucia.es\/tdahytgcjaen\/files\/2016\/09\/nuevo.png\" alt=\"\" width=\"264\" height=\"191\">&nbsp; &nbsp;&nbsp; &nbsp;&nbsp; &nbsp;&nbsp; &nbsp; <img loading=\"lazy\" decoding=\"async\" class=\"alignnone size-full wp-image-920\" src=\"https:\/\/blogsaverroes.juntadeandalucia.es\/tdahytgcjaen\/files\/2019\/09\/consejeria-nueva.png\" alt=\"\" width=\"337\" height=\"149\" srcset=\"https:\/\/blogsaverroes.juntadeandalucia.es\/tdahytgcjaen\/files\/2019\/09\/consejeria-nueva.png 337w, https:\/\/blogsaverroes.juntadeandalucia.es\/tdahytgcjaen\/files\/2019\/09\/consejeria-nueva-300x133.png 300w, https:\/\/blogsaverroes.juntadeandalucia.es\/tdahytgcjaen\/files\/2019\/09\/consejeria-nueva-24x11.png 24w, https:\/\/blogsaverroes.juntadeandalucia.es\/tdahytgcjaen\/files\/2019\/09\/consejeria-nueva-36x16.png 36w, https:\/\/blogsaverroes.juntadeandalucia.es\/tdahytgcjaen\/files\/2019\/09\/consejeria-nueva-48x21.png 48w\" sizes=\"(max-width: 337px) 100vw, 337px\" \/><\/h1>\n<p style=\"text-align: center\"><span style=\"color: #008000\"><strong>Circular de 13 de septiembre de 2019<\/strong>,de la D.G. de Atenci\u00f3n a la Diversidad, Participaci\u00f3n y Convivencia Escolar<\/span><a href=\"http:\/\/portals.ced.junta-andalucia.es\/educacion\/portals\/web\/escolarizacion-segura\/inicio\" target=\"_blank\" rel=\"noopener noreferrer\"><img loading=\"lazy\" decoding=\"async\" class=\"size-full wp-image-919 aligncenter\" src=\"https:\/\/blogsaverroes.juntadeandalucia.es\/tdahytgcjaen\/files\/2019\/09\/Presentaci\u00f3n-Escolarizaci\u00f3n-Segura-v7.jpg\" alt=\"\" width=\"688\" height=\"300\" srcset=\"https:\/\/blogsaverroes.juntadeandalucia.es\/tdahytgcjaen\/files\/2019\/09\/Presentaci\u00f3n-Escolarizaci\u00f3n-Segura-v7.jpg 688w, https:\/\/blogsaverroes.juntadeandalucia.es\/tdahytgcjaen\/files\/2019\/09\/Presentaci\u00f3n-Escolarizaci\u00f3n-Segura-v7-300x131.jpg 300w, https:\/\/blogsaverroes.juntadeandalucia.es\/tdahytgcjaen\/files\/2019\/09\/Presentaci\u00f3n-Escolarizaci\u00f3n-Segura-v7-24x10.jpg 24w, https:\/\/blogsaverroes.juntadeandalucia.es\/tdahytgcjaen\/files\/2019\/09\/Presentaci\u00f3n-Escolarizaci\u00f3n-Segura-v7-36x16.jpg 36w, https:\/\/blogsaverroes.juntadeandalucia.es\/tdahytgcjaen\/files\/2019\/09\/Presentaci\u00f3n-Escolarizaci\u00f3n-Segura-v7-48x21.jpg 48w\" sizes=\"(max-width: 688px) 100vw, 688px\" \/><\/a><\/p>\n<h1 style=\"text-align: center\"><span style=\"color: #008000\"><strong>-PORTAL DE ESCOLARIZACI\u00d3N SEGURA ALUMNADO CON ENFERMEDADES CR\u00d3NICAS-<\/strong><\/span><\/h1>\n<p style=\"text-align: justify\"><span style=\"color: #008000\">Tomando como referencia el Manual de Atenci\u00f3n al Alumnado con Necesidades Espec\u00edficas de Apoyo Educativo por padecer enfermedades raras y cr\u00f3nicas, editado por la Consejer\u00eda de Educaci\u00f3n (2010), \u201cse llama enfermedad cr\u00f3nica a aquella patolog\u00eda de larga duraci\u00f3n, cuya curaci\u00f3n no puede preverse claramente o no ocurrir\u00e1 nunca\u201d.<\/span><\/p>\n<p style=\"text-align: justify\">&nbsp; &nbsp; &nbsp; &nbsp; &nbsp;<span style=\"color: #008000\"> Por lo tanto, cuando tenemos en nuestros centros docentes alumnos y alumnas que padecen una enfermedad cr\u00f3nica, debemos ser conscientes de que esta enfermedad les acompa\u00f1ar\u00e1 durante toda la vida, y, por tanto, es el centro el que tiene que adaptarse a las caracter\u00edsticas y necesidades de este alumnado para facilitar la inclusi\u00f3n. Con este fin, nuestra Consejer\u00eda de Educaci\u00f3n y Deporte estrena un nuevo portal donde encontrar las<strong> caracter\u00edsticas<\/strong> de las enfermedades m\u00e1s prevalentes, <strong>orientaciones<\/strong> al profesorado y pautas claras y concretas de actuaci\u00f3n en el centro educativo si se produjese una situaci\u00f3n de <strong>emergencia<\/strong>.<\/span><\/p>\n<h1>&nbsp;<\/h1>\n<p style=\"text-align: center\">__________________________________________<\/p>\n<h1>&nbsp;<\/h1>\n<h1 style=\"text-align: center\"><span style=\"color: #000080\"><strong>-D\u00cdA MUNDIAL DE LA SALUD MENTAL 2019-<\/strong><\/span><\/h1>\n<p style=\"text-align: center\">&nbsp;<\/p>\n<p style=\"text-align: center\"><span style=\"color: #000080\">-Desde el \u00e1rea TGC del EOEE de Ja\u00e9n, nos sumamos al bonito lema elegido en Espa\u00f1a-<\/span><\/p>\n<p style=\"text-align: justify\">&nbsp;<\/p>\n<p style=\"text-align: justify\"><span style=\"color: #000080\">Como se publica todos los a\u00f1os en este blog, con el fin de concienciar y sensibilizar a los lectores de este entorno virtual, el d\u00eda <span style=\"color: #ff0000\"><strong>10 de octubre<\/strong><\/span> se celebra el <strong><span style=\"color: #ff0000\">D\u00eda Mundial de la Salud Mental<\/span><\/strong>. El presente a\u00f1o, la Jornada mundial se centrar\u00e1 en la PREVENCI\u00d3N DEL SUICIDIO.<\/span><\/p>\n<p style=\"text-align: justify\">&nbsp; &nbsp; &nbsp; &nbsp; &nbsp;<span style=\"color: #000080\"> Seg\u00fan los escalofriantes datos facilitados por la OMS (2019), \u00abcada 40 segundos se suicida una persona\u00bb. Cada suicidio una tragedia que afecta a una familia y que tiene consecuencias duraderas en las personas cercanas a las v\u00edctimas. <strong>El suicidio no respeta edades siendo, en la actualidad, la segunda causa de defunci\u00f3n entre los j\u00f3venes de 15 a 29 a\u00f1os. <\/strong>Pinchando sobre la imagen, se puede descargar, en castellano, el<\/span><span style=\"color: #000080\"><a href=\"https:\/\/www.who.int\/docs\/default-source\/mental-health\/suicide\/flyer-spanish.pdf?sfvrsn=c7b612ff_2\"> Folleto informativo.<\/a><\/span><\/p>\n<p style=\"text-align: center\"><a href=\"https:\/\/www.who.int\/docs\/default-source\/mental-health\/suicide\/flyer-spanish.pdf?sfvrsn=c7b612ff_2\" target=\"_blank\" rel=\"noopener noreferrer\"><img loading=\"lazy\" decoding=\"async\" class=\"alignnone size-full wp-image-912\" src=\"https:\/\/blogsaverroes.juntadeandalucia.es\/tdahytgcjaen\/files\/2019\/09\/Folleto-Dia-Salud-Mental-2019.jpg\" alt=\"\" width=\"275\" height=\"183\" srcset=\"https:\/\/blogsaverroes.juntadeandalucia.es\/tdahytgcjaen\/files\/2019\/09\/Folleto-Dia-Salud-Mental-2019.jpg 275w, https:\/\/blogsaverroes.juntadeandalucia.es\/tdahytgcjaen\/files\/2019\/09\/Folleto-Dia-Salud-Mental-2019-24x16.jpg 24w, https:\/\/blogsaverroes.juntadeandalucia.es\/tdahytgcjaen\/files\/2019\/09\/Folleto-Dia-Salud-Mental-2019-36x24.jpg 36w, https:\/\/blogsaverroes.juntadeandalucia.es\/tdahytgcjaen\/files\/2019\/09\/Folleto-Dia-Salud-Mental-2019-48x32.jpg 48w\" sizes=\"(max-width: 275px) 100vw, 275px\" \/><\/a><\/p>\n<p>&nbsp; &nbsp; &nbsp; &nbsp; &nbsp;<\/p>\n<p>&nbsp;<\/p>\n<p style=\"text-align: justify\"><span style=\"color: #000080\">&nbsp; &nbsp; &nbsp; &nbsp; &nbsp; En nuestro pa\u00eds, la \u00abConfederaci\u00f3n Salud Mental Espa\u00f1a\u00bb abandera una Campa\u00f1a bajo el lema<strong><span style=\"color: #339966\"> \u00abConect@ con la Vida\u00bb<\/span><\/strong>, en la que se refleja el gesto del abrazo como elemento clave que refleja la conexi\u00f3n con la vida. Se pretende <strong><span style=\"color: #339966\">VIRALIZAR el gesto del ABRAZO, s\u00edmbolo de VIDA<\/span><\/strong>. Cualquier persona que tenga relaci\u00f3n con la salud mental, puede participar haci\u00e9ndose una foto y:<\/span><\/p>\n<ul>\n<li style=\"text-align: justify\"><span style=\"color: #333399\">publicarla en sus redes con la etiqueta <strong>#ContectaConLaVida<\/strong>, o<\/span><\/li>\n<li><span style=\"color: #333399\">hacerla llegar a la Confederaci\u00f3n de Salud Mental Espa\u00f1a, al e-mail: <strong>comunicacion@consaludmental.org<\/strong><\/span><\/li>\n<\/ul>\n<p style=\"text-align: center\"><a href=\"https:\/\/www.consaludmental.org\/wp-content\/uploads\/2019\/08\/Programa-Jornada-DMSM-2019.pdf\" target=\"_blank\" rel=\"noopener noreferrer\"><img loading=\"lazy\" decoding=\"async\" class=\"alignnone size-full wp-image-910\" src=\"https:\/\/blogsaverroes.juntadeandalucia.es\/tdahytgcjaen\/files\/2019\/09\/dia-salud-mental_.png\" alt=\"\" width=\"275\" height=\"183\" srcset=\"https:\/\/blogsaverroes.juntadeandalucia.es\/tdahytgcjaen\/files\/2019\/09\/dia-salud-mental_.png 275w, https:\/\/blogsaverroes.juntadeandalucia.es\/tdahytgcjaen\/files\/2019\/09\/dia-salud-mental_-24x16.png 24w, https:\/\/blogsaverroes.juntadeandalucia.es\/tdahytgcjaen\/files\/2019\/09\/dia-salud-mental_-36x24.png 36w, https:\/\/blogsaverroes.juntadeandalucia.es\/tdahytgcjaen\/files\/2019\/09\/dia-salud-mental_-48x32.png 48w\" sizes=\"(max-width: 275px) 100vw, 275px\" \/><\/a><\/p>\n<p style=\"text-align: justify\">&nbsp; &nbsp; &nbsp; &nbsp; &nbsp; <span style=\"color: #000080\">Asimismo, como cada a\u00f1o, se celebrar\u00e1 una Jornada t\u00e9cnica, el d\u00eda <strong><span style=\"color: #339966\">23 de septiembre<\/span><\/strong>, con el fin de reivindicar la importancia de abordar el suicidio de forma trasversal, pues s\u00f3lo en Espa\u00f1a, m\u00e1s de 3600 personas se suicidan cada a\u00f1o, suponiendo el mayor problema de salud p\u00fablica de Europa. Para acceder al <strong><span style=\"color: #339966\">Programa<\/span><\/strong>, pinchar sobre la imagen superior o sobre el siguiente link:<\/span><\/p>\n<p style=\"text-align: center\"><a href=\"https:\/\/www.consaludmental.org\/wp-content\/uploads\/2019\/08\/Programa-Jornada-DMSM-2019.pdf\">https:\/\/www.consaludmental.org\/wp-content\/uploads\/2019\/08\/Programa-Jornada-DMSM-2019.pdf<\/a><\/p>\n<p style=\"text-align: justify\">&nbsp; &nbsp; &nbsp; &nbsp; &nbsp;<\/p>\n<p style=\"text-align: justify\"><span style=\"color: #000080\">&nbsp; &nbsp; &nbsp; &nbsp; &nbsp; Dentro del mismo, se encuentra el acceso directo al Formulario de Inscripci\u00f3n, o se puede acceder a trav\u00e9s del link: <\/span><a href=\"https:\/\/docs.google.com\/forms\/d\/e\/1FAIpQLSfcckKsxwo6oVzt9gQymtezLYBkV79PThyXYHvAeT-Zv4C6DA\/viewform\">https:\/\/docs.google.com\/forms\/d\/e\/1FAIpQLSfcckKsxwo6oVzt9gQymtezLYBkV79PThyXYHvAeT-Zv4C6DA\/viewform<\/a><\/p>\n<p style=\"text-align: center\">&nbsp;<\/p>\n<p>&nbsp;<\/p>\n<p>&nbsp;<\/p>\n<h1 style=\"text-align: center\"><span style=\"color: #000080\"><strong>-BECAS Y AYUDAS PARA ALUMNOS CON NECESIDAD ESPEC\u00cdFICA DE APOYO EDUCATIVO-<\/strong><\/span><\/h1>\n<h1>&nbsp;<\/h1>\n<h1 style=\"text-align: center\"><a href=\"http:\/\/www.educacionyfp.gob.es\/contenidos\/estudiantes\/educacion-infantil\/becas-ayudas-premios\/necesidad-especifica-apoyo-educativo.html\"><img loading=\"lazy\" decoding=\"async\" class=\"alignnone size-full wp-image-894\" src=\"https:\/\/blogsaverroes.juntadeandalucia.es\/tdahytgcjaen\/files\/2019\/09\/MEC.png\" alt=\"\" width=\"286\" height=\"176\" srcset=\"https:\/\/blogsaverroes.juntadeandalucia.es\/tdahytgcjaen\/files\/2019\/09\/MEC.png 286w, https:\/\/blogsaverroes.juntadeandalucia.es\/tdahytgcjaen\/files\/2019\/09\/MEC-24x15.png 24w, https:\/\/blogsaverroes.juntadeandalucia.es\/tdahytgcjaen\/files\/2019\/09\/MEC-36x22.png 36w, https:\/\/blogsaverroes.juntadeandalucia.es\/tdahytgcjaen\/files\/2019\/09\/MEC-48x30.png 48w\" sizes=\"(max-width: 286px) 100vw, 286px\" \/><\/a>&nbsp; &nbsp; &nbsp; &nbsp; &nbsp; &nbsp;<a href=\"http:\/\/www.educacionyfp.gob.es\/contenidos\/estudiantes\/educacion-infantil\/becas-ayudas-premios\/necesidad-especifica-apoyo-educativo.html\"><span style=\"color: #008000\"><strong>BECAS NEAE 2019-2020<\/strong><\/span><\/a><\/h1>\n<p>&nbsp;<\/p>\n<p style=\"text-align: justify\" align=\"LEFT\"><span style=\"color: #333399\">El 23 de julio de 2019, la Secretar\u00eda de Estado de Educaci\u00f3n y Formaci\u00f3n Profesional public\u00f3 la Resoluci\u00f3n por la que se convocan ayudas para alumnos con Necesidad Espec\u00edfica de Apoyo Educativo, para el curso acad\u00e9mico 2019-2020.<\/span><\/p>\n<p align=\"LEFT\"><span style=\"color: #008000\"><span style=\"color: #000080\">El plazo de presentaci\u00f3n de solicitudes est\u00e1<\/span><span style=\"color: #ff0000\">&nbsp;<strong>ABIERTO<\/strong>&nbsp;desde el&nbsp;<strong>28 de julio hasta el 26 de septiembre de 2019<\/strong><\/span><strong>.<\/strong><\/span><\/p>\n<p style=\"text-align: justify\"><span style=\"color: #000080\">Para saber m\u00e1s, aqu\u00ed dejamos el enlace para acceder a la&nbsp;&nbsp;informaci\u00f3n que ha publicado el Ministerio de Educaci\u00f3n y Formaci\u00f3n Profesional en su web: convocatoria, requisitos, solicitud, documentaci\u00f3n, tramitaci\u00f3n, y todo lo relativo a&nbsp;la obtenci\u00f3n de las becas para alumnado con&nbsp;NEAE:<\/span><\/p>\n<p style=\"text-align: center\"><a href=\"http:\/\/www.educacionyfp.gob.es\/contenidos\/estudiantes\/educacion-infantil\/becas-ayudas-premios\/necesidad-especifica-apoyo-educativo.html\"><span style=\"color: #000080\">http:\/\/www.educacionyfp.gob.es\/contenidos\/estudiantes\/educacion-infantil\/becas-ayudas-premios\/necesidad-especifica-apoyo-educativo.html<\/span><\/a><\/p>\n<p style=\"text-align: justify\">&nbsp;<\/p>\n<p style=\"text-align: justify\"><span style=\"color: #000080\">Para facilitar a los orientadores\/as de la provincia la cumplimentaci\u00f3n del informe espec\u00edfico, puede descargarse el modelo en formato .pdf autorellenable:<\/span><\/p>\n<p style=\"text-align: center\"><a href=\"https:\/\/blogsaverroes.juntadeandalucia.es\/tdahytgcjaen\/files\/2019\/09\/Informe_especifico_becas_NEE_2019_2020_RELLENABLE.pdf\">Informe_especifico_becas_NEE_2019_2020_RELLENABLE<\/a><\/p>\n<\/td>\n<\/tr>\n<tr style=\"height: 684px\">\n<td style=\"height: 684px;width: 930px\">\n<h1 style=\"text-align: center\"><img loading=\"lazy\" decoding=\"async\" class=\"alignnone size-full wp-image-867\" src=\"https:\/\/blogsaverroes.juntadeandalucia.es\/tdahytgcjaen\/files\/2016\/06\/CORAZ\u00d3N.jpg\" alt=\"\" width=\"547\" height=\"221\" srcset=\"https:\/\/blogsaverroes.juntadeandalucia.es\/tdahytgcjaen\/files\/2016\/06\/CORAZ\u00d3N.jpg 547w, https:\/\/blogsaverroes.juntadeandalucia.es\/tdahytgcjaen\/files\/2016\/06\/CORAZ\u00d3N-300x121.jpg 300w, https:\/\/blogsaverroes.juntadeandalucia.es\/tdahytgcjaen\/files\/2016\/06\/CORAZ\u00d3N-24x10.jpg 24w, https:\/\/blogsaverroes.juntadeandalucia.es\/tdahytgcjaen\/files\/2016\/06\/CORAZ\u00d3N-36x15.jpg 36w, https:\/\/blogsaverroes.juntadeandalucia.es\/tdahytgcjaen\/files\/2016\/06\/CORAZ\u00d3N-48x19.jpg 48w\" sizes=\"(max-width: 547px) 100vw, 547px\" \/><\/h1>\n<p style=\"text-align: justify\"><strong>&nbsp; &nbsp; &nbsp; &nbsp; &nbsp; &nbsp; &nbsp; &nbsp; &nbsp; &nbsp; &nbsp; &nbsp; &nbsp; &nbsp; &nbsp; &nbsp; &nbsp; &nbsp; &nbsp; &nbsp; &nbsp; &nbsp; &nbsp; &nbsp; &nbsp; &nbsp; &nbsp; &nbsp; &nbsp; &nbsp; &nbsp; &nbsp; &nbsp; &nbsp; &nbsp; &nbsp; &nbsp; &nbsp; <span style=\"color: #008000\">&nbsp; &nbsp;<\/span><\/strong><\/p>\n<p style=\"text-align: center\"><strong><span style=\"color: #008000\"> &nbsp; &nbsp;\u00a1DESPEDIMOS OTRO CURSO ACAD\u00c9MICO, SIN DARNOS CUENTA!<\/span><\/strong><\/p>\n<p><strong>&nbsp;<\/strong><\/p>\n<p style=\"text-align: justify\"><span style=\"color: #008000\">El \u00e1rea TGC del EOEE de Ja\u00e9n quiere agradecer a toda la red de orientaci\u00f3n el enfrentar su labor, entrega y, en ocasiones, coraje, ante las dificultades m\u00e1s diversas que, en ocasiones, se producen en el quehacer diario en los centros.<\/span><\/p>\n<p style=\"text-align: justify\"><span style=\"color: #008000\">&nbsp; &nbsp; Cerramos por vacaciones, con el privilegio y responsabilidad que supone colaborar en la educaci\u00f3n integral de los ni\u00f1os y ni\u00f1as con nee TDAH y TGC, intentando sacar lo mejor de cada uno de ellos.<\/span><\/p>\n<p style=\"text-align: center\"><strong><span style=\"color: #008000\">\u00a1Felices y merecidas vacaciones a todos y todas!<\/span><\/strong><\/p>\n<p><img loading=\"lazy\" decoding=\"async\" class=\"size-full wp-image-693 aligncenter\" src=\"https:\/\/blogsaverroes.juntadeandalucia.es\/tdahytgcjaen\/files\/2016\/06\/Frase.jpg\" alt=\"\" width=\"321\" height=\"162\" srcset=\"https:\/\/blogsaverroes.juntadeandalucia.es\/tdahytgcjaen\/files\/2016\/06\/Frase.jpg 321w, https:\/\/blogsaverroes.juntadeandalucia.es\/tdahytgcjaen\/files\/2016\/06\/Frase-300x151.jpg 300w, https:\/\/blogsaverroes.juntadeandalucia.es\/tdahytgcjaen\/files\/2016\/06\/Frase-24x12.jpg 24w, https:\/\/blogsaverroes.juntadeandalucia.es\/tdahytgcjaen\/files\/2016\/06\/Frase-36x18.jpg 36w, https:\/\/blogsaverroes.juntadeandalucia.es\/tdahytgcjaen\/files\/2016\/06\/Frase-48x24.jpg 48w\" sizes=\"(max-width: 321px) 100vw, 321px\" \/><\/p>\n<p>&nbsp;<\/td>\n<\/tr>\n<tr style=\"height: 507px\">\n<td style=\"height: 507px;width: 930px\">\n<h1 style=\"text-align: center\">&nbsp;<a href=\"https:\/\/blogsaverroes.juntadeandalucia.es\/tdahytgcjaen\/files\/2016\/09\/Foto-TGC-inventada_vff.jpg\"><img loading=\"lazy\" decoding=\"async\" class=\"alignnone wp-image-104\" src=\"https:\/\/blogsaverroes.juntadeandalucia.es\/tdahytgcjaen\/files\/2016\/09\/Foto-TGC-inventada_vff.jpg\" alt=\"\" width=\"231\" height=\"164\" srcset=\"https:\/\/blogsaverroes.juntadeandalucia.es\/tdahytgcjaen\/files\/2016\/09\/Foto-TGC-inventada_vff.jpg 1600w, https:\/\/blogsaverroes.juntadeandalucia.es\/tdahytgcjaen\/files\/2016\/09\/Foto-TGC-inventada_vff-300x212.jpg 300w, https:\/\/blogsaverroes.juntadeandalucia.es\/tdahytgcjaen\/files\/2016\/09\/Foto-TGC-inventada_vff-1024x724.jpg 1024w\" sizes=\"(max-width: 231px) 100vw, 231px\" \/><\/a>&nbsp; &nbsp; <a href=\"https:\/\/blogsaverroes.juntadeandalucia.es\/tdahytgcjaen\/files\/2016\/06\/tercer-trimestre-calendario.jpg\"><img loading=\"lazy\" decoding=\"async\" class=\"alignnone wp-image-837\" src=\"https:\/\/blogsaverroes.juntadeandalucia.es\/tdahytgcjaen\/files\/2016\/06\/tercer-trimestre-calendario.jpg\" alt=\"\" width=\"194\" height=\"149\" srcset=\"https:\/\/blogsaverroes.juntadeandalucia.es\/tdahytgcjaen\/files\/2016\/06\/tercer-trimestre-calendario.jpg 256w, https:\/\/blogsaverroes.juntadeandalucia.es\/tdahytgcjaen\/files\/2016\/06\/tercer-trimestre-calendario-24x18.jpg 24w, https:\/\/blogsaverroes.juntadeandalucia.es\/tdahytgcjaen\/files\/2016\/06\/tercer-trimestre-calendario-36x28.jpg 36w, https:\/\/blogsaverroes.juntadeandalucia.es\/tdahytgcjaen\/files\/2016\/06\/tercer-trimestre-calendario-48x37.jpg 48w\" sizes=\"(max-width: 194px) 100vw, 194px\" \/><\/a>&nbsp; &nbsp; &nbsp; &nbsp;<strong style=\"color: #008000\">\u00a1A POR EL TERCER TRIMESTRE!<\/strong><\/h1>\n<p>&nbsp;<\/p>\n<p style=\"text-align: justify\">Dadas las incidencias encontradas en el trimestre anterior, en esta entrada os dejamos un recordatorio del procedimiento&nbsp;que establece la legislaci\u00f3n&nbsp;al encontrar indicadores de nee que puedan asociarse a las categor\u00edas diagn\u00f3sticas TDAH o TGC (TND, TD, TCPNE); resumidamente, es el siguiente (Instrucciones de 20 de abril de 2012):<\/p>\n<div>\n<div style=\"text-align: justify\">1\u00ba. Plan individual de intervenci\u00f3n y seguimiento, aunando todas las medidas y recursos del PEC durante, al menos, 6 meses.<\/div>\n<div style=\"text-align: justify\">2\u00ba&nbsp; Si contin\u00faan los indicios, inicio de evaluaci\u00f3n psicopedag\u00f3gica; rellenar el <a href=\"https:\/\/blogsaverroes.juntadeandalucia.es\/tdahytgcjaen\/files\/2016\/09\/ANEXO-I.1.pdf\" target=\"_blank\" rel=\"noopener noreferrer\">ANEXO I<\/a> de las citadas Instrucciones de derivaci\u00f3n a salud, utilizando, en esta provincia, como \u00ab<a href=\"http:\/\/colaboraeducacion.juntadeandalucia.es\/educacion\/colabora\/documents\/10128\/18128499\/ANEXO_IB_INFORME_PETICI%C3%93N_EDUCACI%C3%93N.pdf\" target=\"_blank\" rel=\"noopener noreferrer\">adjunto remito<\/a>\u00bb el documento de Acuerdo de coordinaci\u00f3n entre las Delegaciones Territoriales de Educaci\u00f3n y Salud con los y las profesionales de atenci\u00f3n primaria.<\/div>\n<div>3\u00ba. Ante la respuesta positiva de los servicios sanitarios, informe de evaluaci\u00f3n psicopedag\u00f3gica (si no ha respondido salud, se revisa a la entrega de su respuesta si no es coincidente con la nee adscrita).<\/div>\n<div>4\u00ba. Remisi\u00f3n de confirmaci\u00f3n diagn\u00f3stica al \u00e1rea NEE del ETPOEP. Se facilita modelo en formato .<a href=\"https:\/\/blogsaverroes.juntadeandalucia.es\/orientajaen\/files\/2018\/08\/RDO_Datos-alumno-a_TGC-TDH.pdf\" target=\"_blank\" rel=\"noopener noreferrer\">pdf autorrelenable<\/a> para este fin.<\/div>\n<div>5\u00ba. Incorporaci\u00f3n del caso a la base de datos provincial de alumnos TDAH y TGC por parte del EOEE.<\/div>\n<\/div>\n<p>&nbsp;<\/td>\n<\/tr>\n<tr style=\"height: 433px\">\n<td style=\"height: 433px;width: 930px\">\n<h1 style=\"text-align: center\"><a href=\"https:\/\/blogsaverroes.juntadeandalucia.es\/tdahytgcjaen\/files\/2016\/06\/vuelta-al-cole-lapices.jpg\"><img loading=\"lazy\" decoding=\"async\" class=\"alignnone size-full wp-image-811\" src=\"https:\/\/blogsaverroes.juntadeandalucia.es\/tdahytgcjaen\/files\/2016\/06\/vuelta-al-cole-lapices.jpg\" alt=\"\" width=\"318\" height=\"159\" srcset=\"https:\/\/blogsaverroes.juntadeandalucia.es\/tdahytgcjaen\/files\/2016\/06\/vuelta-al-cole-lapices.jpg 318w, https:\/\/blogsaverroes.juntadeandalucia.es\/tdahytgcjaen\/files\/2016\/06\/vuelta-al-cole-lapices-300x150.jpg 300w, https:\/\/blogsaverroes.juntadeandalucia.es\/tdahytgcjaen\/files\/2016\/06\/vuelta-al-cole-lapices-24x12.jpg 24w, https:\/\/blogsaverroes.juntadeandalucia.es\/tdahytgcjaen\/files\/2016\/06\/vuelta-al-cole-lapices-36x18.jpg 36w, https:\/\/blogsaverroes.juntadeandalucia.es\/tdahytgcjaen\/files\/2016\/06\/vuelta-al-cole-lapices-48x24.jpg 48w\" sizes=\"(max-width: 318px) 100vw, 318px\" \/><\/a><\/h1>\n<h1 style=\"text-align: center\"><span style=\"color: #008000\"><strong>COMIENZA EL 2019<\/strong><\/span><\/h1>\n<p style=\"text-align: center\"><span style=\"color: #008000\">\u00a1A por el segundo trimestre!<\/span><\/p>\n<p style=\"text-align: justify\">Con este post, queremos desear a todos un inicio de trimestre repleto de satisfacciones y \u00e1nimo en la dif\u00edcil, en ocasiones, tarea orientadora.<\/p>\n<p style=\"text-align: justify\">&nbsp; &nbsp; &nbsp;Tambi\u00e9n, nos gustar\u00eda recordar que las medidas&nbsp;espec\u00edficas necesitadas por el alumnado neae contempladas en las Instrucciones de 8 de marzo de 2017, por las que se actualiza el protocolo de&nbsp;detecci\u00f3n, identificaci\u00f3n del alumnado neae y organizaci\u00f3n de la respuesta educativa en el sistema educativo andaluz, deb\u00edan haber sido finalizadas y bloquedas en el M\u00f3dulo de Gesti\u00f3n de la Orientaci\u00f3n en SENECA, en el trimestre anterior; para ello, en el apartado \u00abIntervenci\u00f3n\u00bb de este blog, facilitamos modelos de programas espec\u00edficos (PE), adaptaciones curriculares no significativas (ACNS) y adaptaci\u00f3n curricular de Bachillerato LOMCE, generales, recomendadas para el\/la escolares que padecen TDAH\/TGC.<\/p>\n<p>&nbsp;<\/td>\n<\/tr>\n<tr style=\"height: 372px\">\n<td style=\"height: 372px;width: 930px\">\n<h1 style=\"text-align: center\"><img loading=\"lazy\" decoding=\"async\" class=\"alignnone wp-image-808\" src=\"https:\/\/blogsaverroes.juntadeandalucia.es\/tdahytgcjaen\/files\/2016\/06\/BLOG.jpg\" alt=\"\" width=\"290\" height=\"140\" srcset=\"https:\/\/blogsaverroes.juntadeandalucia.es\/tdahytgcjaen\/files\/2016\/06\/BLOG.jpg 323w, https:\/\/blogsaverroes.juntadeandalucia.es\/tdahytgcjaen\/files\/2016\/06\/BLOG-300x145.jpg 300w, https:\/\/blogsaverroes.juntadeandalucia.es\/tdahytgcjaen\/files\/2016\/06\/BLOG-24x12.jpg 24w, https:\/\/blogsaverroes.juntadeandalucia.es\/tdahytgcjaen\/files\/2016\/06\/BLOG-36x17.jpg 36w, https:\/\/blogsaverroes.juntadeandalucia.es\/tdahytgcjaen\/files\/2016\/06\/BLOG-48x23.jpg 48w\" sizes=\"(max-width: 290px) 100vw, 290px\" \/><\/h1>\n<h1 style=\"text-align: center\"><span style=\"color: #008080\"><strong>D\u00cdA INTERNACIONAL DE LAS PERSONAS CON DISCAPACIDAD<\/strong><\/span><\/h1>\n<p style=\"text-align: justify\"><span style=\"color: #008080\">El <strong>3 de diciembre<\/strong> es una fecha adoptada por el movimiento asociativo de las personas con discapacidad y de sus familiares, en el mundo entero, para reivindicar derechos, calidad de vida y condiciones de desarrollo social acordes con la dignidad de las personas con discapacidad.<\/span><\/p>\n<p style=\"text-align: justify\"><span style=\"color: #008080\">&nbsp; &nbsp; &nbsp; &nbsp; En el seno del <strong>Consejo Provincial de Discapacidad de Ja\u00e9n<\/strong>, se acord\u00f3 difundir una encuesta acerca de un \u00abEstudio Social y Laboral de las Mujeres con Discapacidad \u00ab. Os detallo el enlace a la encuesta de forma directa; es muy sencilla y totalmente an\u00f3nima. Va dirigida en exclusividad a mujeres con discapacidad con edades comprendidas entre los 16 y los 65 a\u00f1os de edad.<\/span><\/p>\n<div style=\"text-align: center\"><a href=\"https:\/\/es.surveymonkey.com\/r\/CEMUDIS_macroencuesta\" target=\"_blank\" rel=\"noopener noreferrer\">https:\/\/es.surveymonkey.com\/r\/CEMUDIS_macroencuesta<\/a>&nbsp;<\/div>\n<div>&nbsp;<\/div>\n<\/td>\n<\/tr>\n<tr style=\"height: 655px\">\n<td style=\"height: 655px;width: 930px\">\n<h1 style=\"text-align: center\"><span style=\"color: #000080\"><strong>I CONGRESO JA\u00c9N EDUCA<\/strong><\/span><\/h1>\n<h4 style=\"text-align: center\"><span style=\"color: #000080\">La Importancia del Profesorado en la Calidad Educativa<\/span><\/h4>\n<p style=\"text-align: center\"><img loading=\"lazy\" decoding=\"async\" class=\"alignnone wp-image-802\" src=\"https:\/\/blogsaverroes.juntadeandalucia.es\/tdahytgcjaen\/files\/2016\/06\/cartelJEduca2018.jpg\" alt=\"\" width=\"224\" height=\"316\" srcset=\"https:\/\/blogsaverroes.juntadeandalucia.es\/tdahytgcjaen\/files\/2016\/06\/cartelJEduca2018.jpg 283w, https:\/\/blogsaverroes.juntadeandalucia.es\/tdahytgcjaen\/files\/2016\/06\/cartelJEduca2018-212x300.jpg 212w, https:\/\/blogsaverroes.juntadeandalucia.es\/tdahytgcjaen\/files\/2016\/06\/cartelJEduca2018-17x24.jpg 17w, https:\/\/blogsaverroes.juntadeandalucia.es\/tdahytgcjaen\/files\/2016\/06\/cartelJEduca2018-25x36.jpg 25w, https:\/\/blogsaverroes.juntadeandalucia.es\/tdahytgcjaen\/files\/2016\/06\/cartelJEduca2018-34x48.jpg 34w\" sizes=\"(max-width: 224px) 100vw, 224px\" \/><\/p>\n<p style=\"text-align: justify\"><span style=\"color: #000080\">Los d\u00edas 9 y 10 de noviembre, en IFEJA, se ha celebrado el I Congreso Ja\u00e9n Educa, una <strong>iniciativa pionera en nuestra provincia, que alienta sinergias para avanzar hacia la calidad y el \u00e9xito educativo se celebra hoy y ma\u00f1ana,&nbsp;<\/strong>con la asistencia de personal de la Delegaci\u00f3n de Educaci\u00f3n, equipos directivos, maestros y maestras, y profesorado de secundaria y formaci\u00f3n profesional.&nbsp; El Programa del mismo ha resultado ser de gran inter\u00e9s. Aqu\u00ed dejamos el Programa, resumen de la intervenci\u00f3n de la conferenciante D\u00aa. Anna Fores y colgaremos el Libro de Actas, en breve.<\/span><\/p>\n<p><span style=\"color: #000080\"><strong><a href=\"http:\/\/congresojeduca.blogspot.com\/p\/programa.html\" target=\"_blank\" rel=\"noopener noreferrer\">PROGRAMA<\/a>&nbsp;<\/strong><\/span><\/p>\n<p><a href=\"https:\/\/annafores.wordpress.com\/2018\/11\/11\/resumen-del-primer-dia-del-congreso-jaen-educa-gracias-a-lolaalcantara2\/\" target=\"_blank\" rel=\"noopener noreferrer\"><span style=\"color: #000080\"><strong>RESUMEN DE LA INTERVENCI\u00d3N DE D\u00aa. ANNA FOR\u00c9S<\/strong><\/span><\/a><\/p>\n<p><a href=\"https:\/\/twitter.com\/i\/status\/1061341317521915904\" target=\"_blank\" rel=\"noopener noreferrer\"><strong>VIDEO<\/strong>: Los docentes son los agentes del cambio y el alumnado del aprendizaje<\/a><\/p>\n<p><strong><span style=\"color: #000080\">ACTAS DEL CONGRESO<\/span><\/strong><\/td>\n<\/tr>\n<tr style=\"height: 1079px\">\n<td style=\"height: 1079px;width: 930px\">\n<h1 style=\"text-align: center\"><span style=\"color: #ff6600\"><strong>&nbsp; &nbsp;<\/strong><\/span><img loading=\"lazy\" decoding=\"async\" class=\"alignnone wp-image-762\" style=\"font-family: Arimo, sans-serif;font-size: 14px\" src=\"https:\/\/blogsaverroes.juntadeandalucia.es\/tdahytgcjaen\/files\/2016\/06\/lazo-naranja.jpg\" alt=\"\" width=\"66\" height=\"107\" srcset=\"https:\/\/blogsaverroes.juntadeandalucia.es\/tdahytgcjaen\/files\/2016\/06\/lazo-naranja.jpg 198w, https:\/\/blogsaverroes.juntadeandalucia.es\/tdahytgcjaen\/files\/2016\/06\/lazo-naranja-186x300.jpg 186w, https:\/\/blogsaverroes.juntadeandalucia.es\/tdahytgcjaen\/files\/2016\/06\/lazo-naranja-15x24.jpg 15w, https:\/\/blogsaverroes.juntadeandalucia.es\/tdahytgcjaen\/files\/2016\/06\/lazo-naranja-22x36.jpg 22w, https:\/\/blogsaverroes.juntadeandalucia.es\/tdahytgcjaen\/files\/2016\/06\/lazo-naranja-30x48.jpg 30w\" sizes=\"(max-width: 66px) 100vw, 66px\" \/><strong style=\"color: #ff6600\">&nbsp; &nbsp; &nbsp; &nbsp; -OCTUBRE: MES EUROPEO DE CONCIENCIACI\u00d3N SOBRE EL TDAH-<\/strong><\/h1>\n<p>&nbsp;<\/p>\n<p style=\"text-align: center\"><em><strong><span style=\"color: #ff6600\">Entre todos conseguiremos que los afectados por TDAH encajen en nuestra sociedad igual que t\u00fa, igual que el resto.<\/span><\/strong><\/em><\/p>\n<p style=\"text-align: center\"><strong><span style=\"color: #ff6600\">#encajamosigualquetu<\/span><\/strong><\/p>\n<p style=\"text-align: center\">&nbsp;<\/p>\n<p>&nbsp;<\/p>\n<p style=\"text-align: justify\">El presente a\u00f1o, se celebra una nueva edici\u00f3n de esta actividad, impulsada por ADHD Europe en 2008 como semana y, desde 2017, ampliada a todo el mes de octubre. Las asociaciones de <span style=\"color: #0000ff\">FEAADAH<\/span> (Federaci\u00f3n Espa\u00f1ola de Asociaciones de Ayuda al D\u00e9ficit de Atenci\u00f3n e Hiperactividad) celebran, con su propia programaci\u00f3n, el <span style=\"color: #0000ff\"><strong>Mes Europeo de Concienciaci\u00f3n sobre el TDAH<\/strong><\/span>, de forma coordinada con los restantes pa\u00edses miembros de dicha organizaci\u00f3n.<\/p>\n<p style=\"text-align: center\"><img loading=\"lazy\" decoding=\"async\" class=\"alignnone wp-image-761\" src=\"https:\/\/blogsaverroes.juntadeandalucia.es\/tdahytgcjaen\/files\/2016\/06\/Dia_TDAH_oct.18.jpg\" alt=\"\" width=\"248\" height=\"352\" srcset=\"https:\/\/blogsaverroes.juntadeandalucia.es\/tdahytgcjaen\/files\/2016\/06\/Dia_TDAH_oct.18.jpg 844w, https:\/\/blogsaverroes.juntadeandalucia.es\/tdahytgcjaen\/files\/2016\/06\/Dia_TDAH_oct.18-211x300.jpg 211w, https:\/\/blogsaverroes.juntadeandalucia.es\/tdahytgcjaen\/files\/2016\/06\/Dia_TDAH_oct.18-768x1092.jpg 768w, https:\/\/blogsaverroes.juntadeandalucia.es\/tdahytgcjaen\/files\/2016\/06\/Dia_TDAH_oct.18-720x1024.jpg 720w, https:\/\/blogsaverroes.juntadeandalucia.es\/tdahytgcjaen\/files\/2016\/06\/Dia_TDAH_oct.18-17x24.jpg 17w, https:\/\/blogsaverroes.juntadeandalucia.es\/tdahytgcjaen\/files\/2016\/06\/Dia_TDAH_oct.18-25x36.jpg 25w, https:\/\/blogsaverroes.juntadeandalucia.es\/tdahytgcjaen\/files\/2016\/06\/Dia_TDAH_oct.18-34x48.jpg 34w\" sizes=\"(max-width: 248px) 100vw, 248px\" \/><\/p>\n<p style=\"text-align: justify\">&nbsp; &nbsp; &nbsp; &nbsp; Con el lema <strong><span style=\"color: #ff6600\">\u201cTu ciudad se ilumina por la igualdad ante nuestros derechos\u201d\u200b<\/span><\/strong>; y las etiquetas: <span style=\"color: #0000ff\">#26OTDAH<\/span>, <span style=\"color: #0000ff\">#encajamosigualquetu<\/span>, <span style=\"color: #0000ff\"><strong>FEAADAH<\/strong><\/span> ha propuesto una actividad com\u00fan en Espa\u00f1a: \u201cLa iluminaci\u00f3n en color naranja de los edificios de referencia de todas las ciudades para hacer visible las reivindicaci\u00f3n de las personas con TDAH\u201d. Una propuesta por la <strong><span style=\"color: #ff6600\">VISIBILIZACI\u00d3N<\/span><\/strong> de todas las personas con TDAH, por una <strong><span style=\"color: #ff6600\">NORMALIZACI\u00d3N<\/span><\/strong> e <span style=\"color: #ff6600\"><strong>INTEGRACI\u00d3N SOCIAL<\/strong><\/span>. Una propuesta de UNI\u00d3N, de FUERZA, de un colectivo que representa el 5% de la poblaci\u00f3n espa\u00f1ola. Una propuesta para LOGRAR la igualdad de derechos.<\/p>\n<p>&nbsp;<\/p>\n<p>&nbsp;<\/p>\n<p style=\"text-align: center\"><span style=\"color: #ff6600\"><strong><em>-TU CIUDAD SE ILUMINA POR LA IGUALDAD ANTE NUESTROS DERECHOS-<\/em><\/strong><\/span><\/p>\n<p style=\"text-align: center\"><span style=\"color: #ff6600\"><strong>#26OTDAH<\/strong><\/span><\/p>\n<p style=\"text-align: center\"><span style=\"color: #ff6600\"><strong>26 de octubre, D\u00eda de TDAH en Espa\u00f1a<\/strong><\/span><\/p>\n<p><span style=\"color: #ff6600\"><strong>&nbsp;<\/strong><\/span><\/td>\n<\/tr>\n<tr style=\"height: 1271px\">\n<td style=\"height: 1271px;width: 930px\">\n<h1 style=\"text-align: center\"><span style=\"color: #008000\"><strong>-D\u00cdA MUNDIAL DE LA SALUD MENTAL 2018-<\/strong><\/span><\/h1>\n<p style=\"text-align: center\"><img loading=\"lazy\" decoding=\"async\" class=\"alignnone size-full wp-image-748\" src=\"https:\/\/blogsaverroes.juntadeandalucia.es\/tdahytgcjaen\/files\/2016\/06\/Dia-Mundial-SM_2018.jpg\" alt=\"\" width=\"740\" height=\"305\" srcset=\"https:\/\/blogsaverroes.juntadeandalucia.es\/tdahytgcjaen\/files\/2016\/06\/Dia-Mundial-SM_2018.jpg 740w, https:\/\/blogsaverroes.juntadeandalucia.es\/tdahytgcjaen\/files\/2016\/06\/Dia-Mundial-SM_2018-300x124.jpg 300w, https:\/\/blogsaverroes.juntadeandalucia.es\/tdahytgcjaen\/files\/2016\/06\/Dia-Mundial-SM_2018-24x10.jpg 24w, https:\/\/blogsaverroes.juntadeandalucia.es\/tdahytgcjaen\/files\/2016\/06\/Dia-Mundial-SM_2018-36x15.jpg 36w, https:\/\/blogsaverroes.juntadeandalucia.es\/tdahytgcjaen\/files\/2016\/06\/Dia-Mundial-SM_2018-48x20.jpg 48w\" sizes=\"(max-width: 740px) 100vw, 740px\" \/><\/p>\n<p style=\"text-align: center\"><span style=\"color: #008000\">-Desde el \u00e1rea TGC del EOEE de Ja\u00e9n, nos sumamos al bonito manifiesto-<\/span><\/p>\n<p>&nbsp;<\/p>\n<p style=\"text-align: justify\"><span style=\"color: #008000\">Como ya se public\u00f3 en el primer post del presente curso, el<\/span> <strong><span style=\"color: #ff0000\">10 de octubre<\/span><\/strong> <span style=\"color: #008000\">se celebra el<\/span><span style=\"color: #ff0000\"> <strong>D\u00eda Mundial de la Salud Mental 2018<\/strong><\/span><span style=\"color: #008000\">, y cuyo eslogan de este a\u00f1o, elegido por votaci\u00f3n popular por un 36,7% de los votos,&nbsp;busca apelar de manera directa a los<\/span> <span style=\"text-decoration: underline;color: #ff0000\"><strong>J\u00d3VENES<\/strong><\/span>&nbsp;<span style=\"color: #008000\">para concienciarlos de la importancia de la salud mental y una buena educaci\u00f3n en este \u00e1mbito. Y es que la educaci\u00f3n en valores, diversidad e inclusi\u00f3n se convierten en elementos fundamentales en un mundo que cambia m\u00e1s r\u00e1pido de lo que muchas veces podemos asimilar. Asimismo, tambi\u00e9n se pretende <strong>impedir los augurios de la Organizaci\u00f3n Mundial de la Salud que apuntan que, en el futuro, los problemas de salud mental ser\u00e1n la primera causa de discapacidad en el mundo.<\/strong><\/span><\/p>\n<p style=\"text-align: center\">&nbsp;<\/p>\n<p style=\"text-align: justify\">&nbsp; &nbsp; <span style=\"color: #008000\">&nbsp;Para conmemorar este d\u00eda,&nbsp;el pr\u00f3ximo<\/span> <strong><span style=\"color: #ff0000\">1 de octubre<\/span><\/strong>,<span style=\"color: #008000\"> la \u00abConfederaci\u00f3n Salud Mental Espa\u00f1a\u00bb celebrar\u00e1 en la Universidad Complutense&nbsp; de Madrid, una<\/span> <strong><span style=\"color: #ff0000\">JORNADA T\u00c9CNICA<\/span><\/strong> <span style=\"color: #008000\">que llevar\u00e1 como t\u00edtulo el propio eslogan de este a\u00f1o. Haz click en la imagen para descargar el <strong>PROGRAMA<\/strong>:<\/span><\/p>\n<p style=\"text-align: center\"><a href=\"https:\/\/consaludmental.org\/wp-content\/uploads\/2018\/09\/Programa-Jornada-DMSM-2018-WEB.pdf\"><img loading=\"lazy\" decoding=\"async\" class=\"alignnone size-full wp-image-753\" src=\"https:\/\/blogsaverroes.juntadeandalucia.es\/tdahytgcjaen\/files\/2016\/06\/Programa-dia-mundial-salud-mental-2018.jpg\" alt=\"\" width=\"267\" height=\"188\" srcset=\"https:\/\/blogsaverroes.juntadeandalucia.es\/tdahytgcjaen\/files\/2016\/06\/Programa-dia-mundial-salud-mental-2018.jpg 267w, https:\/\/blogsaverroes.juntadeandalucia.es\/tdahytgcjaen\/files\/2016\/06\/Programa-dia-mundial-salud-mental-2018-24x17.jpg 24w, https:\/\/blogsaverroes.juntadeandalucia.es\/tdahytgcjaen\/files\/2016\/06\/Programa-dia-mundial-salud-mental-2018-36x25.jpg 36w, https:\/\/blogsaverroes.juntadeandalucia.es\/tdahytgcjaen\/files\/2016\/06\/Programa-dia-mundial-salud-mental-2018-48x34.jpg 48w\" sizes=\"(max-width: 267px) 100vw, 267px\" \/><\/a><\/p>\n<p style=\"text-align: center\"><a href=\"https:\/\/blogsaverroes.juntadeandalucia.es\/tdahytgcjaen\/files\/2016\/06\/Programa-Jornada-DMSM-2018-WEB.pdf\">Programa-Jornada-DMSM-2018-WEB<\/a><\/p>\n<p style=\"text-align: justify\">&nbsp; &nbsp;<\/p>\n<p style=\"text-align: justify\">&nbsp; &nbsp; &nbsp;<span style=\"color: #008000\">Si dese\u00e1is asistir, la<\/span> <strong><span style=\"color: #ff0000\">ENTRADA<\/span><\/strong> <span style=\"color: #008000\">es<\/span> <span style=\"color: #ff0000\"><strong>GRATUITA<\/strong><\/span><span style=\"color: #008000\">, con inscripci\u00f3n previa a realizar a trav\u00e9s del formulario on-line disponible en el siguiente enlace:<\/span><\/p>\n<p style=\"text-align: center\"><a href=\"https:\/\/docs.google.com\/forms\/d\/e\/1FAIpQLSeueagRz2HiWz6-6f-FDXhxxXAi-aCm-V7LYAffZ8ORIr6mxQ\/viewform\" target=\"_blank\" rel=\"noopener noreferrer\">https:\/\/docs.google.com\/forms\/d\/e\/1FAIpQLSeueagRz2HiWz6-6f-FDXhxxXAi-aCm-V7LYAffZ8ORIr6mxQ\/viewform<\/a><\/p>\n<p style=\"text-align: justify\">&nbsp; &nbsp; &nbsp;<\/p>\n<p style=\"text-align: justify\">&nbsp; &nbsp; <span style=\"color: #008000\">&nbsp; Para los que estamos interesados y nos es imposible asistir de manera presencial, la Jornada puede <span style=\"color: #ff0000\"><strong>SEGUIRSE EN DIRECTO<\/strong><\/span>:&nbsp;<\/span><span style=\"color: #0000ff\"><span style=\"color: #008000\">&nbsp;<\/span> &nbsp; &nbsp;<\/span>&nbsp; &nbsp; &nbsp; &nbsp; &nbsp; &nbsp;<img loading=\"lazy\" decoding=\"async\" class=\"alignnone wp-image-754\" src=\"https:\/\/blogsaverroes.juntadeandalucia.es\/tdahytgcjaen\/files\/2016\/06\/facebook.png\" alt=\"\" width=\"130\" height=\"130\" srcset=\"https:\/\/blogsaverroes.juntadeandalucia.es\/tdahytgcjaen\/files\/2016\/06\/facebook.png 225w, https:\/\/blogsaverroes.juntadeandalucia.es\/tdahytgcjaen\/files\/2016\/06\/facebook-150x150.png 150w, https:\/\/blogsaverroes.juntadeandalucia.es\/tdahytgcjaen\/files\/2016\/06\/facebook-100x100.png 100w, https:\/\/blogsaverroes.juntadeandalucia.es\/tdahytgcjaen\/files\/2016\/06\/facebook-24x24.png 24w, https:\/\/blogsaverroes.juntadeandalucia.es\/tdahytgcjaen\/files\/2016\/06\/facebook-36x36.png 36w, https:\/\/blogsaverroes.juntadeandalucia.es\/tdahytgcjaen\/files\/2016\/06\/facebook-48x48.png 48w\" sizes=\"(max-width: 130px) 100vw, 130px\" \/>&nbsp; &nbsp; &nbsp; &nbsp; &nbsp; &nbsp; &nbsp;<img loading=\"lazy\" decoding=\"async\" class=\"alignnone wp-image-755\" src=\"https:\/\/blogsaverroes.juntadeandalucia.es\/tdahytgcjaen\/files\/2016\/06\/twitter.png\" alt=\"\" width=\"121\" height=\"121\" srcset=\"https:\/\/blogsaverroes.juntadeandalucia.es\/tdahytgcjaen\/files\/2016\/06\/twitter.png 225w, https:\/\/blogsaverroes.juntadeandalucia.es\/tdahytgcjaen\/files\/2016\/06\/twitter-150x150.png 150w, https:\/\/blogsaverroes.juntadeandalucia.es\/tdahytgcjaen\/files\/2016\/06\/twitter-100x100.png 100w, https:\/\/blogsaverroes.juntadeandalucia.es\/tdahytgcjaen\/files\/2016\/06\/twitter-24x24.png 24w, https:\/\/blogsaverroes.juntadeandalucia.es\/tdahytgcjaen\/files\/2016\/06\/twitter-36x36.png 36w, https:\/\/blogsaverroes.juntadeandalucia.es\/tdahytgcjaen\/files\/2016\/06\/twitter-48x48.png 48w\" sizes=\"(max-width: 121px) 100vw, 121px\" \/>&nbsp; &nbsp; &nbsp; &nbsp;&nbsp;<img loading=\"lazy\" decoding=\"async\" class=\"alignnone wp-image-756\" src=\"https:\/\/blogsaverroes.juntadeandalucia.es\/tdahytgcjaen\/files\/2016\/06\/youtube.png\" alt=\"\" width=\"137\" height=\"136\" srcset=\"https:\/\/blogsaverroes.juntadeandalucia.es\/tdahytgcjaen\/files\/2016\/06\/youtube.png 225w, https:\/\/blogsaverroes.juntadeandalucia.es\/tdahytgcjaen\/files\/2016\/06\/youtube-150x150.png 150w, https:\/\/blogsaverroes.juntadeandalucia.es\/tdahytgcjaen\/files\/2016\/06\/youtube-100x100.png 100w, https:\/\/blogsaverroes.juntadeandalucia.es\/tdahytgcjaen\/files\/2016\/06\/youtube-24x24.png 24w, https:\/\/blogsaverroes.juntadeandalucia.es\/tdahytgcjaen\/files\/2016\/06\/youtube-36x36.png 36w, https:\/\/blogsaverroes.juntadeandalucia.es\/tdahytgcjaen\/files\/2016\/06\/youtube-48x48.png 48w\" sizes=\"(max-width: 137px) 100vw, 137px\" \/>&nbsp; &nbsp;<span style=\"color: #0000ff\"><strong> &nbsp;#DiaMundialSaludMental<\/strong><\/span> o<strong><span style=\"color: #0000ff\"> #SaludMentalPositiva<\/span><\/strong><\/p>\n<p>&nbsp; &nbsp; &nbsp; &nbsp; &nbsp; &nbsp;&nbsp;<\/td>\n<\/tr>\n<tr style=\"height: 278px\">\n<td style=\"height: 278px;width: 930px\">\n<h1 style=\"text-align: center\"><span style=\"color: #008000\"><strong>NOVEDADES LEGISLATIVAS&nbsp;2018-2019<\/strong><\/span><\/h1>\n<ul>\n<li style=\"text-align: justify\"><span style=\"color: #008000\"><a href=\"http:\/\/portals.ced.junta-andalucia.es\/educacion\/portals\/abaco-portlet\/content\/e6eb7e20-d775-411d-ae5c-57c803389dd9\">INSTRUCCI\u00d3N 13\/2018, de 7 de septiembre, de la Direcci\u00f3n General Ordenaci\u00f3n Educativa, por la que se establece el procedimiento para la configuraci\u00f3n y el desarrollo de TALLERES DID\u00c1CTICOS para la resoluci\u00f3n de problemas matem\u00e1ticos y de lectura comprensiva en centros docentes de Andaluc\u00eda en los que se imparte educaci\u00f3n Primaria<\/a>.<\/span><\/li>\n<\/ul>\n<p>&nbsp;<\/p>\n<ul>\n<li style=\"text-align: justify\"><span style=\"color: #008000\"><a href=\"http:\/\/portals.ced.junta-andalucia.es\/educacion\/portals\/abaco-portlet\/content\/9528b24f-5e9a-45d9-b1ca-d1ad8633268f\">INSTRUCCIONES de 5 de septiembre de 2018, de la Direcci\u00f3n general de Participaci\u00f3n y Equidad, para el desarrollo de PROGRAMAS para la REDUCCI\u00d3N DEL ABANDONO TEMPRANO DEL SISTEMA EDUCATIVO: \u00abMOT\u00cdVATE\u00bb, \u00abQUEDARTE\u00bb Y \u00abEMOCI\u00d3NATE\u00bb, en el marco del programa \u00abPROEDUCAR\u00bb, en centros docentes p\u00fablicos dependientes de la Consejer\u00eda de Educaci\u00f3n de la Junta de Andaluc\u00eda<\/a>.<\/span><\/li>\n<\/ul>\n<p><span style=\"color: #008000\">&nbsp;<\/span><\/td>\n<\/tr>\n<tr style=\"height: 485px\">\n<td style=\"height: 485px;width: 930px\">\n<h1 style=\"text-align: center\"><span style=\"color: #000080\"><strong>BECAS Y AYUDAS PARA ALUMNOS CON NECESIDAD ESPEC\u00cdFICA DE APOYO EDUCATIVO<\/strong><\/span><\/h1>\n<h1>&nbsp;<\/h1>\n<h1 style=\"text-align: center\"><img loading=\"lazy\" decoding=\"async\" class=\"alignnone size-full wp-image-721\" src=\"https:\/\/blogsaverroes.juntadeandalucia.es\/tdahytgcjaen\/files\/2016\/06\/becas.png\" alt=\"\" width=\"326\" height=\"155\" srcset=\"https:\/\/blogsaverroes.juntadeandalucia.es\/tdahytgcjaen\/files\/2016\/06\/becas.png 326w, https:\/\/blogsaverroes.juntadeandalucia.es\/tdahytgcjaen\/files\/2016\/06\/becas-300x143.png 300w, https:\/\/blogsaverroes.juntadeandalucia.es\/tdahytgcjaen\/files\/2016\/06\/becas-24x11.png 24w, https:\/\/blogsaverroes.juntadeandalucia.es\/tdahytgcjaen\/files\/2016\/06\/becas-36x17.png 36w, https:\/\/blogsaverroes.juntadeandalucia.es\/tdahytgcjaen\/files\/2016\/06\/becas-48x23.png 48w\" sizes=\"(max-width: 326px) 100vw, 326px\" \/>&nbsp; &nbsp; &nbsp; &nbsp; &nbsp;&nbsp;&nbsp;<a href=\"https:\/\/blogsaverroes.juntadeandalucia.es\/tdahytgcjaen\/category\/recursos\/1-normativa\/1-1-normativa-tdah-y-tgc\/\"><span style=\"color: #008000\"><strong>BECAS NEAE 2018-2019<\/strong><\/span><\/a><\/h1>\n<p>&nbsp;<\/p>\n<p align=\"LEFT\"><span style=\"color: #000080\">El 6 de agosto, la Secretar\u00eda de Estado y Formaci\u00f3n Profesional public\u00f3 la Resoluci\u00f3n por la que se convocan ayudas para alumnos con con Necesidades Espec\u00edficas de Apoyo Educativo, para el curso acad\u00e9mico 2018-2019.<\/span><\/p>\n<p align=\"LEFT\"><span style=\"color: #008000\"><span style=\"color: #000080\">El plazo de presentaci\u00f3n de solicitudes est\u00e1<\/span><span style=\"color: #ff0000\">&nbsp;<strong>ABIERTO<\/strong>&nbsp;desde el&nbsp;<strong>15 de agosto hasta el 27 de septiembre de 2018<\/strong><\/span><strong>.<\/strong><\/span><\/p>\n<p style=\"text-align: justify\"><span style=\"color: #000080\">Para saber m\u00e1s, aqu\u00ed dejamos el enlace para acceder a la&nbsp;&nbsp;informaci\u00f3n que ha publicado el Ministerio de Educaci\u00f3n y Formaci\u00f3n Profesional en su web: convocatoria, requisitos, solicitud, documentaci\u00f3n, tramitaci\u00f3n, y todo lo relativo a&nbsp;la obtenci\u00f3n de las becas para alumnado con&nbsp;NEAE:<\/span><\/p>\n<p style=\"text-align: center\"><a href=\"https:\/\/www.mecd.gob.es\/mecd\/servicios-al-ciudadano-mecd\/catalogo\/general\/educacion\/050140\/ficha.html\" target=\"_blank\" rel=\"noopener noreferrer\">https:\/\/www.mecd.gob.es\/mecd\/servicios-al-ciudadano-mecd\/catalogo\/general\/educacion\/050140\/ficha.html<\/a><\/p>\n<p style=\"text-align: center\">&nbsp;<\/p>\n<\/td>\n<\/tr>\n<tr style=\"height: 454px\">\n<td style=\"height: 454px;width: 930px\">\n<h1><a href=\"https:\/\/blogsaverroes.juntadeandalucia.es\/tdahytgcjaen\/files\/2016\/06\/open-300x158.jpg\"><img loading=\"lazy\" decoding=\"async\" class=\"alignnone size-medium wp-image-590\" src=\"https:\/\/blogsaverroes.juntadeandalucia.es\/tdahytgcjaen\/files\/2016\/06\/open-300x158-300x158.jpg\" alt=\"\" width=\"300\" height=\"158\" srcset=\"https:\/\/blogsaverroes.juntadeandalucia.es\/tdahytgcjaen\/files\/2016\/06\/open-300x158.jpg 300w, https:\/\/blogsaverroes.juntadeandalucia.es\/tdahytgcjaen\/files\/2016\/06\/open-300x158-24x13.jpg 24w, https:\/\/blogsaverroes.juntadeandalucia.es\/tdahytgcjaen\/files\/2016\/06\/open-300x158-36x19.jpg 36w, https:\/\/blogsaverroes.juntadeandalucia.es\/tdahytgcjaen\/files\/2016\/06\/open-300x158-48x25.jpg 48w\" sizes=\"(max-width: 300px) 100vw, 300px\" \/><\/a>&nbsp; &nbsp; &nbsp; &nbsp; &nbsp; &nbsp;&nbsp;<span style=\"color: #008000\"><strong> CURSO 2018-2019<\/strong><\/span><\/h1>\n<p style=\"text-align: justify\">\u00a1Iniciamos un nuevo curso!<\/p>\n<p style=\"text-align: justify\">En este primer post, otro a\u00f1o m\u00e1s, os dejo el link al <span style=\"color: #008080\"><strong>D\u00eda Mundial de la Salud Mental 2018<\/strong><\/span>, que se celebra cada 10 de octubre, a propuesta de la WFMH (Federaci\u00f3n Mundial de la salud Mental), y cuyo eslogan de este a\u00f1o, elegido por votaci\u00f3n popular por un 36,7% de los votos,&nbsp;busca apelar de manera directa a los j\u00f3venes para concienciarlos de la importancia de la salud mental y una buena educaci\u00f3n en este \u00e1mbito. Y es que la educaci\u00f3n en valores, diversidad e inclusi\u00f3n se convierten en elementos fundamentales en un mundo que cambia m\u00e1s r\u00e1pido de lo que muchas veces podemos asimilar. Asimismo, tambi\u00e9n se pretende<span style=\"color: #008080\"> <strong>impedir los augurios de la Organizaci\u00f3n Mundial de la Salud que apuntan que, en el futuro, los problemas de salud mental ser\u00e1n la primera causa de discapacidad en el mundo<\/strong>:<\/span><\/p>\n<p style=\"text-align: center\"><span style=\"color: #0000ff\"><em><strong>\u00abEducaci\u00f3n inclusiva, salud mental positiva\u00bb<\/strong><\/em><\/span><\/p>\n<p style=\"text-align: center\">https:\/\/consaludmental.org\/general\/buscamos-lema-dia-mundial-salud-mental-37091\/<\/p>\n<h1>&nbsp;<\/h1>\n<\/td>\n<\/tr>\n<tr style=\"height: 594px\">\n<td style=\"height: 594px;width: 930px\"><span style=\"color: #008000\"><strong>&nbsp; &nbsp; &nbsp; &nbsp; &nbsp; &nbsp; &nbsp; &nbsp; &nbsp; &nbsp; &nbsp; &nbsp; &nbsp; &nbsp; &nbsp; &nbsp; &nbsp; &nbsp; &nbsp; &nbsp; &nbsp; &nbsp; &nbsp; &nbsp; &nbsp; &nbsp; &nbsp; &nbsp; &nbsp; &nbsp; &nbsp; &nbsp; &nbsp; &nbsp; &nbsp; &nbsp; &nbsp; &nbsp; &nbsp; &nbsp; &nbsp; &nbsp;\u00a1Despedimos otro curso acad\u00e9mico, sin darnos cuenta!<\/strong><\/span><\/p>\n<p><strong>&nbsp;<a href=\"https:\/\/blogsaverroes.juntadeandalucia.es\/tdahytgcjaen\/files\/2016\/06\/cerrado-por-vacaciones.jpg\"><img loading=\"lazy\" decoding=\"async\" class=\"alignnone size-full wp-image-704\" src=\"https:\/\/blogsaverroes.juntadeandalucia.es\/tdahytgcjaen\/files\/2016\/06\/cerrado-por-vacaciones.jpg\" alt=\"\" width=\"284\" height=\"177\" srcset=\"https:\/\/blogsaverroes.juntadeandalucia.es\/tdahytgcjaen\/files\/2016\/06\/cerrado-por-vacaciones.jpg 284w, https:\/\/blogsaverroes.juntadeandalucia.es\/tdahytgcjaen\/files\/2016\/06\/cerrado-por-vacaciones-24x15.jpg 24w, https:\/\/blogsaverroes.juntadeandalucia.es\/tdahytgcjaen\/files\/2016\/06\/cerrado-por-vacaciones-36x22.jpg 36w, https:\/\/blogsaverroes.juntadeandalucia.es\/tdahytgcjaen\/files\/2016\/06\/cerrado-por-vacaciones-48x30.jpg 48w\" sizes=\"(max-width: 284px) 100vw, 284px\" \/><\/a><\/strong><\/p>\n<p style=\"text-align: justify\"><span style=\"color: #008000\">El \u00e1rea TGC del EOEE de Ja\u00e9n quiere agradecer a toda la red de orientaci\u00f3n por enfrentar su labor, entrega y, en ocasiones, coraje, ante las dificultades m\u00e1s diversas que, en ocasiones, se producen en el quehacer diario en los centros.<\/span><\/p>\n<p style=\"text-align: justify\"><span style=\"color: #008000\">Cerramos por vacaciones, con el privilegio y responsabilidad que supone colaborar en la educaci\u00f3n integral de los ni\u00f1os y ni\u00f1as con nee TDAH y TGC, intentando sacar lo mejor de cada uno de ellos.<\/span><\/p>\n<p style=\"text-align: justify\"><span style=\"color: #008000\">\u00a1Felices y merecidas vacaciones a todos y todas!<\/span><\/p>\n<p style=\"text-align: center\"><a href=\"https:\/\/blogsaverroes.juntadeandalucia.es\/tdahytgcjaen\/files\/2016\/06\/Frase.jpg\"><img loading=\"lazy\" decoding=\"async\" class=\"alignnone size-full wp-image-693\" src=\"https:\/\/blogsaverroes.juntadeandalucia.es\/tdahytgcjaen\/files\/2016\/06\/Frase.jpg\" alt=\"\" width=\"321\" height=\"162\" srcset=\"https:\/\/blogsaverroes.juntadeandalucia.es\/tdahytgcjaen\/files\/2016\/06\/Frase.jpg 321w, https:\/\/blogsaverroes.juntadeandalucia.es\/tdahytgcjaen\/files\/2016\/06\/Frase-300x151.jpg 300w, https:\/\/blogsaverroes.juntadeandalucia.es\/tdahytgcjaen\/files\/2016\/06\/Frase-24x12.jpg 24w, https:\/\/blogsaverroes.juntadeandalucia.es\/tdahytgcjaen\/files\/2016\/06\/Frase-36x18.jpg 36w, https:\/\/blogsaverroes.juntadeandalucia.es\/tdahytgcjaen\/files\/2016\/06\/Frase-48x24.jpg 48w\" sizes=\"(max-width: 321px) 100vw, 321px\" \/><\/a><\/p>\n<p>&nbsp;<\/td>\n<\/tr>\n<tr style=\"height: 406px\">\n<td style=\"height: 406px;width: 930px\"><span style=\"color: #000080\"><strong>ACTUALIZACI\u00d3N DE LA GU\u00cdA PROVINCIAL PARA LA ACLARACI\u00d3N DE LAS CATEGOR\u00cdAS DIAGN\u00d3STICAS S\u00c9NECA v3.0<\/strong><\/span><\/p>\n<p style=\"text-align: center\">&nbsp;<\/p>\n<p style=\"text-align: justify\"><span style=\"color: #000080\">A lo largo del presente curso escolar, el ETPOEP y el EOE Especializado de Ja\u00e9n han actualizado los documentos recogidos en la Gu\u00eda S\u00e9neca 2.0, con la finalidad de adaptarlos a las nuevas especificaciones recogidas en el \u00faltimo Protocolo NEAE, regulado por las Instrucciones de 8 de marzo de 2017.<\/span><\/p>\n<p style=\"text-align: center\"><a href=\"https:\/\/blogsaverroes.juntadeandalucia.es\/tdahytgcjaen\/files\/2016\/06\/Guia-seneca-v2.0.jpg\"><img loading=\"lazy\" decoding=\"async\" class=\"alignnone size-full wp-image-708\" src=\"https:\/\/blogsaverroes.juntadeandalucia.es\/tdahytgcjaen\/files\/2016\/06\/Guia-seneca-v2.0.jpg\" alt=\"\" width=\"290\" height=\"174\" srcset=\"https:\/\/blogsaverroes.juntadeandalucia.es\/tdahytgcjaen\/files\/2016\/06\/Guia-seneca-v2.0.jpg 290w, https:\/\/blogsaverroes.juntadeandalucia.es\/tdahytgcjaen\/files\/2016\/06\/Guia-seneca-v2.0-24x14.jpg 24w, https:\/\/blogsaverroes.juntadeandalucia.es\/tdahytgcjaen\/files\/2016\/06\/Guia-seneca-v2.0-36x22.jpg 36w, https:\/\/blogsaverroes.juntadeandalucia.es\/tdahytgcjaen\/files\/2016\/06\/Guia-seneca-v2.0-48x29.jpg 48w\" sizes=\"(max-width: 290px) 100vw, 290px\" \/><\/a><\/p>\n<p><span style=\"color: #000080\">&nbsp;&nbsp;&nbsp;&nbsp;&nbsp;&nbsp;&nbsp;&nbsp;&nbsp;&nbsp;&nbsp; Estar\u00e1 disponible en un espacio web dedicado a ello, a\u00fan en obras, al inicio del a\u00f1o acad\u00e9mico 2018-2019.<\/span><\/p>\n<p>&nbsp;<\/td>\n<\/tr>\n<tr style=\"height: 787px\">\n<td style=\"height: 787px;width: 930px\">\n<h1 style=\"text-align: center\"><strong><a href=\"https:\/\/blogsaverroes.juntadeandalucia.es\/tdahytgcjaen\/files\/2016\/06\/Diapositiva1.jpg\"><img loading=\"lazy\" decoding=\"async\" class=\" wp-image-695 alignleft\" src=\"https:\/\/blogsaverroes.juntadeandalucia.es\/tdahytgcjaen\/files\/2016\/06\/Diapositiva1.jpg\" alt=\"\" width=\"244\" height=\"183\" srcset=\"https:\/\/blogsaverroes.juntadeandalucia.es\/tdahytgcjaen\/files\/2016\/06\/Diapositiva1.jpg 1058w, https:\/\/blogsaverroes.juntadeandalucia.es\/tdahytgcjaen\/files\/2016\/06\/Diapositiva1-300x225.jpg 300w, https:\/\/blogsaverroes.juntadeandalucia.es\/tdahytgcjaen\/files\/2016\/06\/Diapositiva1-768x576.jpg 768w, https:\/\/blogsaverroes.juntadeandalucia.es\/tdahytgcjaen\/files\/2016\/06\/Diapositiva1-1024x768.jpg 1024w, https:\/\/blogsaverroes.juntadeandalucia.es\/tdahytgcjaen\/files\/2016\/06\/Diapositiva1-24x18.jpg 24w, https:\/\/blogsaverroes.juntadeandalucia.es\/tdahytgcjaen\/files\/2016\/06\/Diapositiva1-36x27.jpg 36w, https:\/\/blogsaverroes.juntadeandalucia.es\/tdahytgcjaen\/files\/2016\/06\/Diapositiva1-48x36.jpg 48w\" sizes=\"(max-width: 244px) 100vw, 244px\" \/><\/a><\/strong><\/h1>\n<h1>&nbsp;<\/h1>\n<h1 style=\"text-align: center\"><strong>&nbsp;<span style=\"color: #008000\"><span style=\"color: #008000\">III JORNADAS PROVINCIALES DE COORDINACI\u00d3N SALUD-EDUCACI\u00d3N:<\/span><\/span><\/strong><\/h1>\n<h1 style=\"text-align: center\"><strong><span style=\"color: #008000\">TRABAJAMOS JUNTOS<\/span><\/strong><\/h1>\n<p style=\"text-align: center\"><span style=\"color: #ff6600\">-9 de marzo de 2018-<\/span><\/p>\n<h6 style=\"text-align: center\">&nbsp; &nbsp; &nbsp; &nbsp; &nbsp; &nbsp;&nbsp;<\/h6>\n<h5>&nbsp;<\/h5>\n<h5 class=\"Textbody\" style=\"text-align: justify\"><span lang=\"EN-US\" style=\"font-family: NewsGotT;color: #008000\">&nbsp; &nbsp; &nbsp; &nbsp; La presente actividad ha surdido del <u>continuado compromiso<\/u> de las Delegaciones Territoriales de Salud y Educaci\u00f3n de facilitar el trabajo coordinado entre los profesionales m\u00e9dicos-pediatras\/m\u00e9dicos de familia y los orientadores\/as escolares, para la mejora de la atenci\u00f3n a la poblaci\u00f3n infantil y juvenil de nuestra provincia.&nbsp;<\/span><span lang=\"EN-US\" style=\"font-family: NewsGotT;color: #008000\">Las primeras jornadas fueron celebradas en mayo de 2014, en la Delegaci\u00f3n de Salud; las segundas, en abril de 2016, en el CEP de Ja\u00e9n; y la presente actividad, constituir\u00eda la tercera jornada, fruto de la colaboraci\u00f3n entre ambas Delegaciones, en la que <strong>se afianzaron los cauces de comunicaci\u00f3n y coordinaci\u00f3n entre los servicios sanitarios y educativos para la mejora de la atenci\u00f3n de los\/as pacientes\/escolares, respectivamente, que padecen TDAH<\/strong>, y se avanz\u00f3 en la resoluci\u00f3n multidisciplinar de preguntas frecuentes.<\/span><\/h5>\n<p style=\"text-align: center\"><a href=\"https:\/\/blogsaverroes.juntadeandalucia.es\/tdahytgcjaen\/files\/2016\/06\/TDAH.png\"><img loading=\"lazy\" decoding=\"async\" class=\"alignnone wp-image-689\" src=\"https:\/\/blogsaverroes.juntadeandalucia.es\/tdahytgcjaen\/files\/2016\/06\/TDAH.png\" alt=\"\" width=\"223\" height=\"168\" srcset=\"https:\/\/blogsaverroes.juntadeandalucia.es\/tdahytgcjaen\/files\/2016\/06\/TDAH.png 259w, https:\/\/blogsaverroes.juntadeandalucia.es\/tdahytgcjaen\/files\/2016\/06\/TDAH-24x18.png 24w, https:\/\/blogsaverroes.juntadeandalucia.es\/tdahytgcjaen\/files\/2016\/06\/TDAH-36x27.png 36w, https:\/\/blogsaverroes.juntadeandalucia.es\/tdahytgcjaen\/files\/2016\/06\/TDAH-48x36.png 48w\" sizes=\"(max-width: 223px) 100vw, 223px\" \/><\/a><\/p>\n<p style=\"text-align: justify\">&nbsp; &nbsp; &nbsp;<span style=\"color: #008000\">Con este post, tambi\u00e9n, queremos <strong>agradecer la presencia de D\u00aa.&nbsp;Ana Mar\u00eda Gim\u00e9nez Ciruela<\/strong>, actual Jefa de Servicio de la Direcci\u00f3n General de Participaci\u00f3n&nbsp;y Equidad de la Consejer\u00eda de Educaci\u00f3n, y su constante disposici\u00f3n e implicaci\u00f3n en la ardua tarea de asesoramiento en la intervenci\u00f3n educativa de los alumnos y alumnas con nee derivadas de TDAH y TGC.<\/span><\/p>\n<p>&nbsp;<\/p>\n<p>Aqu\u00ed os dejamos dos presentaciones:<\/p>\n<p style=\"text-align: justify\"><em>&#8211; <span style=\"color: #008000\">Abordaje del TDAH desde el sistema sanitario<\/span>. <\/em>Pepe Murcia (m\u00e9dico-pediatra perteneciente al&nbsp;Grupo de Trabajo de&nbsp;TDAH de la APap Andaluc\u00eda).-<a href=\"https:\/\/blogsaverroes.juntadeandalucia.es\/tdahytgcjaen\/files\/2016\/06\/v.4-03_ProtocoloTDAHPepeMurcia_9MarzoDefinitivo.pdf\">v.4-03_ProtocoloTDAHPepeMurcia_9MarzoDefinitivo<\/a><\/p>\n<p>&#8211; <span style=\"color: #008000\"><em>Abordaje del TDAH desde el sistema educativo.&nbsp;<\/em><\/span>\u00c1rea TGC del EOE Especializado. (<a href=\"https:\/\/blogsaverroes.juntadeandalucia.es\/tdahytgcjaen\/files\/2016\/06\/blog_17-18_3\u00aaJornadas-E-SAS_8marzo.pdf\">blog_17-18_3\u00aaJornadas E-SAS_8marzo<\/a>)<\/td>\n<\/tr>\n<tr style=\"height: 414px\">\n<td style=\"height: 414px;width: 930px\">\n<h1><img loading=\"lazy\" decoding=\"async\" class=\"size-full wp-image-678 alignleft\" src=\"https:\/\/blogsaverroes.juntadeandalucia.es\/tdahytgcjaen\/files\/2016\/06\/D\u00eda-de-la-DIS.jpg\" alt=\"\" width=\"196\" height=\"257\" srcset=\"https:\/\/blogsaverroes.juntadeandalucia.es\/tdahytgcjaen\/files\/2016\/06\/D\u00eda-de-la-DIS.jpg 196w, https:\/\/blogsaverroes.juntadeandalucia.es\/tdahytgcjaen\/files\/2016\/06\/D\u00eda-de-la-DIS-18x24.jpg 18w, https:\/\/blogsaverroes.juntadeandalucia.es\/tdahytgcjaen\/files\/2016\/06\/D\u00eda-de-la-DIS-27x36.jpg 27w, https:\/\/blogsaverroes.juntadeandalucia.es\/tdahytgcjaen\/files\/2016\/06\/D\u00eda-de-la-DIS-37x48.jpg 37w\" sizes=\"(max-width: 196px) 100vw, 196px\" \/>&nbsp; &nbsp; &nbsp; &nbsp; &nbsp; &nbsp; &nbsp; &nbsp; &nbsp; &nbsp; &nbsp; &nbsp; &nbsp; &nbsp; &nbsp; &nbsp; &nbsp; &nbsp; &nbsp; &nbsp; &nbsp;&nbsp;<span style=\"color: #ff6600\">&nbsp; -3 de diciembre-<\/span><\/h1>\n<h1>&nbsp;<span style=\"color: #ff6600\"><strong>&nbsp; &nbsp; &nbsp; &nbsp; &nbsp; &nbsp; &nbsp;D\u00cdA INTERNACIONAL DE LAS PERSONAS CON&nbsp; &nbsp; &nbsp; &nbsp; &nbsp; &nbsp; &nbsp; &nbsp; &nbsp; &nbsp; &nbsp; &nbsp; &nbsp; &nbsp; &nbsp; &nbsp; &nbsp; &nbsp; &nbsp; &nbsp; &nbsp; &nbsp; &nbsp; &nbsp; &nbsp; &nbsp; &nbsp; &nbsp; &nbsp; DISCAPACIDAD 2017<\/strong><\/span><\/h1>\n<p>&nbsp;<\/p>\n<p style=\"text-align: justify\"><span style=\"color: #000080\">&nbsp; &nbsp; &nbsp;El<strong> 3 de diciembre<\/strong> es una fecha adoptada por el movimiento asociativo de las personas con &nbsp;discapacidad y de sus familiares en el mundo entero para reivindicar derechos, calidad de vida y condiciones de desarrollo social acordes con la dignidad de las personas con discapacidad.<\/span><\/p>\n<p><span style=\"color: #000080\">&nbsp; &nbsp; &nbsp; &nbsp;La capacidad de lucha, la evoluci\u00f3n del movimiento asociativo, han concienciado a las organizaciones sociales de las personas con discapacidad y de sus familiares acerca de la significaci\u00f3n de una fecha que m\u00e1s que celebraci\u00f3n es una acci\u00f3n propositiva, una actividad reivindicativa, de lucha por la inclusi\u00f3n, por la mejora de la calidad de vida de las personas con discapacidad y de sus familiares.<\/span><\/p>\n<p><span style=\"color: #000080\">&nbsp;En el siguiente link, se puede descargar el programa de todas las provincias andaluzas:<\/span><\/p>\n<p style=\"text-align: center\"><span style=\"color: #008000\"><a href=\"https:\/\/blogsaverroes.juntadeandalucia.es\/tdahytgcjaen\/files\/2016\/06\/Personas_Discapacidad_dia_internacional_Programa.pdf\">Personas_Discapacidad_dia_internacional_Programa<\/a><\/span><\/p>\n<p>&nbsp;<\/td>\n<\/tr>\n<\/tbody>\n<\/table>\n<table style=\"border-color: #376337;width: 878.441px\">\n<tbody>\n<tr>\n<td style=\"text-align: center;width: 857.441px\">\n<h1 style=\"text-align: center\"><span style=\"color: #008000\">CONVENIO DE COLABORACI\u00d3N ENTRE LA CONSEJER\u00cdA DE SALUD Y LA FEDERACI\u00d3N DE ASOCIACIONES DE AYUDA AL TRASTORNO HIPERCIN\u00c9TICO Y D\u00c9FICIT DE ATENCI\u00d3N (FAHYDA) PARA MEJORAR LA CALIDAD ASISTENCIAL DE LOS AFECTADOS CON TDAH<\/span><span style=\"color: #008000\"> Y<\/span><\/h1>\n<h1 style=\"text-align: center\"><a href=\"http:\/\/www.pediatrasandalucia.org\/Pdfs\/tdah.pdf\"><strong><span style=\"color: #008000\">PROTOCOLO DE ATENCI\u00d3N A MENORES CON TDAH EN EL SISTEMA SANITARIO P\u00daBLICO DE ANDALUC\u00cdA<\/span><\/strong><\/a><\/h1>\n<p>&nbsp;<\/p>\n<p style=\"text-align: justify\"><span style=\"color: #008000\">En Andaluc\u00eda, el 21 de diciembre de 2011, ya se suscribi\u00f3 un protocolo de colaboraci\u00f3n entre las Consejer\u00edas de Gobernaci\u00f3n y Justicia, Educaci\u00f3n, Salud e Igualdad y Bienestar Social, para el abordaje de actuaciones conjuntas con menores con problemas y\/o trastornos de conducta, reconociendo la necesidad de coordinaci\u00f3n de las cuatro Consejer\u00edas con la finalidad de ofrecer una respuesta conjunta y la puesta en marcha de acciones coordinadas.<\/span><\/p>\n<p style=\"text-align: justify\">&nbsp;&nbsp; &nbsp; &nbsp; &nbsp; <span style=\"color: #008000\">En el \u00e1mbito educativo, la Consejer\u00eda de Educaci\u00f3n concreta las Instrucciones de 20 de abril de 2012, de la Direcci\u00f3n General de Participaci\u00f3n e Innovaci\u00f3n Educativa, por las que se establece el protocolo de actuaci\u00f3n y coordinaci\u00f3n para la detecci\u00f3n e intervenci\u00f3n educativa con el alumnado con problemas\/trastornos de conducta y TDAH, con o sin hiperactividad (regula, entre otras cosas, los procedimientos para la derivaci\u00f3n de casos desde los centros educativos a los servicios de salud).<\/span><\/p>\n<p style=\"text-align: justify\">&nbsp; &nbsp; &nbsp; &nbsp; <span style=\"color: #008000\">&nbsp;En el&nbsp;\u00e1mbito sanitario, el 29 de abril de 2016, se ha suscrito un Convenio de colaboraci\u00f3n entre la Consejer\u00eda de Salud&nbsp;y la Federaci\u00f3n Andaluza FAHYDA, con el fin de impulsar un nuevo <strong>protocolo de atenci\u00f3n a menores&nbsp;con TDAH en el&nbsp;Sistema Sanitario P\u00fablico Andaluz.<\/strong><\/span><\/p>\n<p style=\"text-align: justify\">&nbsp; &nbsp; &nbsp; &nbsp; &nbsp;<\/p>\n<p style=\"text-align: justify\">&nbsp;<\/p>\n<\/td>\n<\/tr>\n<tr>\n<td style=\"text-align: center;width: 857.441px\">\n<h1 style=\"text-align: center\"><a href=\"https:\/\/blogsaverroes.juntadeandalucia.es\/tdahytgcjaen\/files\/2016\/06\/Confederaci\u00f3n-espa\u00f1a.jpg\"><img loading=\"lazy\" decoding=\"async\" class=\"alignnone size-full wp-image-653 alignleft\" src=\"https:\/\/blogsaverroes.juntadeandalucia.es\/tdahytgcjaen\/files\/2016\/06\/Confederaci\u00f3n-espa\u00f1a.jpg\" alt=\"\" width=\"380\" height=\"133\" srcset=\"https:\/\/blogsaverroes.juntadeandalucia.es\/tdahytgcjaen\/files\/2016\/06\/Confederaci\u00f3n-espa\u00f1a.jpg 380w, https:\/\/blogsaverroes.juntadeandalucia.es\/tdahytgcjaen\/files\/2016\/06\/Confederaci\u00f3n-espa\u00f1a-300x105.jpg 300w, https:\/\/blogsaverroes.juntadeandalucia.es\/tdahytgcjaen\/files\/2016\/06\/Confederaci\u00f3n-espa\u00f1a-24x8.jpg 24w, https:\/\/blogsaverroes.juntadeandalucia.es\/tdahytgcjaen\/files\/2016\/06\/Confederaci\u00f3n-espa\u00f1a-36x13.jpg 36w, https:\/\/blogsaverroes.juntadeandalucia.es\/tdahytgcjaen\/files\/2016\/06\/Confederaci\u00f3n-espa\u00f1a-48x17.jpg 48w\" sizes=\"(max-width: 380px) 100vw, 380px\" \/><\/a><\/h1>\n<h1 style=\"text-align: center\">&nbsp;<\/h1>\n<h3><span style=\"color: #ff6600\">-10 de octubre-<\/span><\/h3>\n<p>&nbsp;<\/p>\n<h1><span style=\"color: #ff6600\"><strong>MANIFIESTO DEL D\u00cdA DE MUNDIAL DE LA SALUD MENTAL 2017<\/strong><\/span><\/h1>\n<p>&nbsp;<\/p>\n<p style=\"text-align: justify\">&nbsp;<\/p>\n<p style=\"text-align: justify\"><span style=\"color: #008000\">\u201c\u2026como el ciclista al que, en plena carrera, se le revienta una rueda y no encuentra recambio. Camina junto a su bicicleta sin dejarla atr\u00e1s hasta que sale al encuentro alguien que, de buena gana, le ayuda a recomponer sus piezas y, entonces, vuelve a circular con normalidad. (\u2026) ansiamos cruzar esa meta que es el compromiso y la participaci\u00f3n.\u201d<\/span><\/p>\n<p style=\"text-align: justify\"><span style=\"color: #008000\">Desde el \u00e1rea TGC del EOEE, nos sumamos al bonito manifiesto de este a\u00f1o y seguiremos intentando ser una de esas personas que salen al encuentro para que los ni\u00f1os y ni\u00f1as TGC puedan circular y participar en la carrera de sus vidas.<\/span><\/p>\n<h1 style=\"text-align: center\"><span style=\"color: #008000\">\u00a1FELIZ D\u00cdA!<\/span><\/h1>\n<h1 style=\"text-align: center\">___________________________&nbsp; &nbsp; &nbsp;<\/h1>\n<h1 style=\"text-align: center\"><a href=\"http:\/\/III Congreso Andaluz de TDAH, siendo encargados de la organizaci\u00f3n en esta tercera edici\u00f3n, la asociaci\u00f3n Aire Libre (Asociaci\u00f3n de Familias con TDAH de Huelva). En esta ocasi\u00f3n el III Congreso Andaluz de TDAH estar\u00e1 centrado en el abordaje integral de la Intervenci\u00f3n Terap\u00e9utica. La necesidad de coordinar la intervenci\u00f3n m\u00e9dica, educativa y psicofamiliar.\"><span style=\"color: #0000ff\">LIBRO DE ACTAS<\/span><\/a>&nbsp;<\/h1>\n<h1 style=\"text-align: center\"><span style=\"color: #0000ff\"><strong>III CONGRESO ANDALUZ TDAH: P<\/strong><\/span><strong><span style=\"color: #0000ff\">or un desarrollo integral e integrador<\/span><\/strong><\/h1>\n<p><strong><span style=\"color: #0000ff\">-Huelva, 27 y 28 de octubre de 2017-<\/span><\/strong><\/p>\n<p><img loading=\"lazy\" decoding=\"async\" class=\"size-full wp-image-636 aligncenter\" src=\"https:\/\/blogsaverroes.juntadeandalucia.es\/tdahytgcjaen\/files\/2016\/06\/IICongreso-TDAH.jpg\" alt=\"\" width=\"364\" height=\"138\" srcset=\"https:\/\/blogsaverroes.juntadeandalucia.es\/tdahytgcjaen\/files\/2016\/06\/IICongreso-TDAH.jpg 364w, https:\/\/blogsaverroes.juntadeandalucia.es\/tdahytgcjaen\/files\/2016\/06\/IICongreso-TDAH-300x114.jpg 300w, https:\/\/blogsaverroes.juntadeandalucia.es\/tdahytgcjaen\/files\/2016\/06\/IICongreso-TDAH-24x9.jpg 24w, https:\/\/blogsaverroes.juntadeandalucia.es\/tdahytgcjaen\/files\/2016\/06\/IICongreso-TDAH-36x14.jpg 36w, https:\/\/blogsaverroes.juntadeandalucia.es\/tdahytgcjaen\/files\/2016\/06\/IICongreso-TDAH-48x18.jpg 48w\" sizes=\"(max-width: 364px) 100vw, 364px\" \/><\/p>\n<p><a href=\"http:\/\/www.congresoandaluztdah.com\/programa\/\">http:\/\/www.congresoandaluztdah.com\/programa\/<\/a><\/td>\n<\/tr>\n<tr>\n<td style=\"text-align: center;width: 857.441px\">\n<h1 style=\"text-align: center\"><span style=\"color: #000080\"><strong>BECAS Y AYUDAS PARA ALUMNOS CON NECESIDAD ESPEC\u00cdFICA DE APOYO EDUCATIVO<\/strong><\/span><\/h1>\n<h1 style=\"text-align: center\">&nbsp;<\/h1>\n<h1 style=\"text-align: center\"><img loading=\"lazy\" decoding=\"async\" class=\"alignnone size-medium wp-image-588\" src=\"https:\/\/blogsaverroes.juntadeandalucia.es\/tdahytgcjaen\/files\/2017\/09\/BECA-MECD-300x149.jpg\" alt=\"\" width=\"300\" height=\"149\" srcset=\"https:\/\/blogsaverroes.juntadeandalucia.es\/tdahytgcjaen\/files\/2017\/09\/BECA-MECD-300x149.jpg 300w, https:\/\/blogsaverroes.juntadeandalucia.es\/tdahytgcjaen\/files\/2017\/09\/BECA-MECD-24x12.jpg 24w, https:\/\/blogsaverroes.juntadeandalucia.es\/tdahytgcjaen\/files\/2017\/09\/BECA-MECD-36x18.jpg 36w, https:\/\/blogsaverroes.juntadeandalucia.es\/tdahytgcjaen\/files\/2017\/09\/BECA-MECD-48x24.jpg 48w, https:\/\/blogsaverroes.juntadeandalucia.es\/tdahytgcjaen\/files\/2017\/09\/BECA-MECD.jpg 318w\" sizes=\"(max-width: 300px) 100vw, 300px\" \/>&nbsp; <a href=\"https:\/\/www.mecd.gob.es\/servicios-al-ciudadano-mecd\/catalogo\/educacion\/estudiantes\/becas-ayudas\/para-estudiar\/infantil\/necesidad-especifica-apoyo-educativo.html\"><strong><span style=\"color: #003366\">BECAS NEAE 2017<\/span><\/strong><\/a><\/h1>\n<p>&nbsp;<\/p>\n<p align=\"LEFT\">Convocatoria de ayudas para el&nbsp;alumnado con Necesidades Espec\u00edficas de Apoyo Educativo para el curso acad\u00e9mico 2017-2018.<\/p>\n<p align=\"LEFT\">El plazo de presentaci\u00f3n de solicitudes est\u00e1&nbsp;<span style=\"color: #008000\"><strong>ABIERTO<\/strong><\/span>&nbsp;desde el&nbsp;<strong>13 de agosto hasta el 28 de septiembre de 2017<\/strong><strong>.<\/strong><\/p>\n<p style=\"text-align: center\">&nbsp;<\/p>\n<p style=\"text-align: center\">Para saber m\u00e1s, aqu\u00ed dejamos el enlace para acceder a la&nbsp;&nbsp;informaci\u00f3n que ha publicado el Ministerio de Educaci\u00f3n, Cultura y Deporte en su web: convocatoria, requisitos, solicitud, documentaci\u00f3n, tramitaci\u00f3n, y todo lo relativo a&nbsp;la obtenci\u00f3n de las becas para alumnado con&nbsp;NEAE:&nbsp;<\/p>\n<p style=\"text-align: center\"><a href=\"https:\/\/www.mecd.gob.es\/servicios-al-ciudadano-mecd\/catalogo\/educacion\/estudiantes\/becas-ayudas\/para-estudiar\/infantil\/necesidad-especifica-apoyo-educativo.html\">https:\/\/www.mecd.gob.es\/servicios-al-ciudadano-mecd\/catalogo\/educacion\/estudiantes\/becas-ayudas\/para-estudiar\/infantil\/necesidad-especifica-apoyo-educativo.html<\/a><\/p>\n<\/td>\n<\/tr>\n<tr>\n<td style=\"text-align: center;width: 857.441px\">\n<h1 style=\"text-align: left\"><a href=\"https:\/\/blogsaverroes.juntadeandalucia.es\/tdahytgcjaen\/files\/2016\/06\/open-300x158.jpg\"><img loading=\"lazy\" decoding=\"async\" class=\"alignnone size-medium wp-image-590\" src=\"https:\/\/blogsaverroes.juntadeandalucia.es\/tdahytgcjaen\/files\/2016\/06\/open-300x158-300x158.jpg\" alt=\"\" width=\"300\" height=\"158\" srcset=\"https:\/\/blogsaverroes.juntadeandalucia.es\/tdahytgcjaen\/files\/2016\/06\/open-300x158.jpg 300w, https:\/\/blogsaverroes.juntadeandalucia.es\/tdahytgcjaen\/files\/2016\/06\/open-300x158-24x13.jpg 24w, https:\/\/blogsaverroes.juntadeandalucia.es\/tdahytgcjaen\/files\/2016\/06\/open-300x158-36x19.jpg 36w, https:\/\/blogsaverroes.juntadeandalucia.es\/tdahytgcjaen\/files\/2016\/06\/open-300x158-48x25.jpg 48w\" sizes=\"(max-width: 300px) 100vw, 300px\" \/><\/a><strong><span style=\"color: #993300\">&nbsp; &nbsp; &nbsp; &nbsp; &nbsp; CURSO 2017-2018<\/span><\/strong><\/h1>\n<h2 style=\"text-align: center\">&nbsp;<\/h2>\n<h2 style=\"text-align: center\"><span style=\"color: #008000\"><strong>\u00a1BIENVENID@S A UN NUEVO CURSO ESCOLAR!<\/strong><\/span><\/h2>\n<h2 style=\"text-align: justify\">&nbsp;<\/h2>\n<p><em>Todo inicio representa nuevos retos y sue\u00f1os por cumplir<\/em><em>.<\/em><br \/>\n<em>El \u00e1rea TGC desea con este post, que, tanto el inicio, como el desarrollo del a\u00f1o acad\u00e9mico, est\u00e9 lleno&nbsp;<\/em><em>de \u00e9xitos y experiencias&nbsp;felices.<\/em><\/p>\n<p><a href=\"https:\/\/blogsaverroes.juntadeandalucia.es\/tdahytgcjaen\/files\/2016\/06\/frases-de-Nelson-Mandela-300x290.jpg\"><img loading=\"lazy\" decoding=\"async\" class=\"alignnone size-medium wp-image-594\" src=\"https:\/\/blogsaverroes.juntadeandalucia.es\/tdahytgcjaen\/files\/2016\/06\/frases-de-Nelson-Mandela-300x290-300x290.jpg\" alt=\"\" width=\"300\" height=\"290\" srcset=\"https:\/\/blogsaverroes.juntadeandalucia.es\/tdahytgcjaen\/files\/2016\/06\/frases-de-Nelson-Mandela-300x290.jpg 300w, https:\/\/blogsaverroes.juntadeandalucia.es\/tdahytgcjaen\/files\/2016\/06\/frases-de-Nelson-Mandela-300x290-24x24.jpg 24w, https:\/\/blogsaverroes.juntadeandalucia.es\/tdahytgcjaen\/files\/2016\/06\/frases-de-Nelson-Mandela-300x290-36x36.jpg 36w, https:\/\/blogsaverroes.juntadeandalucia.es\/tdahytgcjaen\/files\/2016\/06\/frases-de-Nelson-Mandela-300x290-48x46.jpg 48w\" sizes=\"(max-width: 300px) 100vw, 300px\" \/><\/a><\/p>\n<p>&nbsp;<\/p>\n<p><span style=\"color: #008000\"><strong>Para&nbsp;todo el alumnado con TDAH: <\/strong><\/span><\/p>\n<p><em>Cree en ti mismo y en lo que eres (un ser maravilloso con muchas cualidades y fortalezas), &nbsp;<\/em><em>por lo tanto,<\/em><\/p>\n<p><em>eres m\u00e1s grande y fuerte que cualquier obst\u00e1culo que se presente.<\/em><\/td>\n<\/tr>\n<tr>\n<td style=\"text-align: justify;width: 857.441px\">\n<h2 style=\"text-align: center\"><strong><span style=\"color: #000080\"><img loading=\"lazy\" decoding=\"async\" class=\"size-full wp-image-422 alignright\" src=\"http:\/\/blogsaverroes.juntadeandalucia.es\/tdahytgcjaen\/files\/2016\/06\/sinapsis-neurona.jpg\" alt=\"sinapsis neurona\" width=\"276\" height=\"183\"><\/span><\/strong><\/h2>\n<h2 style=\"text-align: center\"><img loading=\"lazy\" decoding=\"async\" class=\"wp-image-484 alignleft\" src=\"http:\/\/blogsaverroes.juntadeandalucia.es\/tdahytgcjaen\/files\/2017\/03\/nuevo-gif-300x217.gif\" alt=\"\" width=\"196\" height=\"142\" srcset=\"https:\/\/blogsaverroes.juntadeandalucia.es\/tdahytgcjaen\/files\/2017\/03\/nuevo-gif-300x217.gif 300w, https:\/\/blogsaverroes.juntadeandalucia.es\/tdahytgcjaen\/files\/2017\/03\/nuevo-gif-24x17.gif 24w, https:\/\/blogsaverroes.juntadeandalucia.es\/tdahytgcjaen\/files\/2017\/03\/nuevo-gif-36x26.gif 36w, https:\/\/blogsaverroes.juntadeandalucia.es\/tdahytgcjaen\/files\/2017\/03\/nuevo-gif-48x35.gif 48w\" sizes=\"(max-width: 196px) 100vw, 196px\" \/><\/h2>\n<h2 style=\"text-align: center\"><strong><span style=\"color: #000080\">&nbsp;<\/span><\/strong><\/h2>\n<h3 style=\"text-align: center\"><span style=\"color: #008000\"><a style=\"color: #008000\" href=\"http:\/\/www.juntadeandalucia.es\/educacion\/portals\/abaco-portlet\/content\/fa188460-6105-46b1-a5d0-7ee9b19526df\" target=\"_blank\" rel=\"noopener noreferrer\"><strong>ACTUALIZACI\u00d3N\/MODIFICACI\u00d3N DEL PROTOCOLO NEAE ANDALUZ<\/strong><\/a><\/span><\/h3>\n<p style=\"text-align: center\"><strong>-Instrucciones de 8 de marzo de 2017-<\/strong><\/p>\n<h2 style=\"text-align: center\"><strong><span style=\"color: #000080\">&nbsp; &nbsp; &nbsp; &nbsp; &nbsp; &nbsp; &nbsp; &nbsp; &nbsp; &nbsp; &nbsp; &nbsp; &nbsp; &nbsp;<\/span><\/strong><\/h2>\n<p style=\"text-align: left\">&nbsp;<\/p>\n<h3 style=\"text-align: justify\"><span style=\"color: #008000\"><strong>NOTA:<\/strong> <\/span><\/h3>\n<p style=\"text-align: justify\">Para la detecci\u00f3n e intervenci\u00f3n con el alumnado TGC y\/o TDAH, siguen en vigor, tanto el<strong>&nbsp;<span style=\"color: #008000\">PROTOCOLO ANDALUZ TGC\/ TDAH &nbsp;(<a href=\"http:\/\/www.elpuentetdah.com\/descargas\/PROTOCOLO_ANDALUZ_TDAH.pdf\" target=\"_blank\" rel=\"noopener noreferrer\">Instrucciones de 20 de abril de 2012<\/a>)<\/span><\/strong><span style=\"color: #000000\">, como las<\/span><strong><span style=\"color: #008000\">&nbsp;ACLARACIONES emitidas por la Delegaci\u00f3n Territorial de Educaci\u00f3n de Ja\u00e9n. <\/span><\/strong>Para acceder a los documentos de intercambio de informaci\u00f3n&nbsp;vigentes, PINCHAR AQU\u00cd:<\/p>\n<ul>\n<li><a href=\"https:\/\/blogsaverroes.juntadeandalucia.es\/tdahytgcjaen\/files\/2016\/09\/ANEXO-I.1.pdf\"><strong>ANEXO I. Contenido del Informe de Derivaci\u00f3n a los Servicios de Salud<\/strong><\/a><\/li>\n<li><a href=\"http:\/\/colaboraeducacion.juntadeandalucia.es\/educacion\/colabora\/documents\/10128\/18128499\/ANEXO_IB_INFORME_PETICI%C3%93N_EDUCACI%C3%93N.pdf\" target=\"_blank\" rel=\"noopener noreferrer\">Documento de coordinaci\u00f3n entre&nbsp;profesionales de la orientaci\u00f3n y m\u00e9dicos-pediatras<\/a><\/li>\n<li><a href=\"https:\/\/blogsaverroes.juntadeandalucia.es\/tdahytgcjaen\/files\/2016\/09\/Remisi%C3%B3n-a-ETPOEP.pdf\" target=\"_blank\" rel=\"noopener noreferrer\">Remisi\u00f3n al \u00e1rea de <em>NEE del ETPOEP<\/em>&nbsp;de los documentos que la legislaci\u00f3n establece<\/a><\/li>\n<\/ul>\n<\/td>\n<\/tr>\n<tr>\n<td style=\"width: 857.441px\">\n<h2 style=\"text-align: left\"><strong><span style=\"color: #000080\">SOLICITUD DE COLABORACI\u00d3N CON INVESTIGACI\u00d3N TDAH DE LA DRA. ANA MIRANDA CASAS<\/span><\/strong><\/h2>\n<p>&nbsp;<\/p>\n<h5 class=\"western\" align=\"LEFT\"><a href=\"https:\/\/docs.google.com\/forms\/d\/e\/1FAIpQLSdn6ebB4jvojrxFE-LhkaGjmDkrqplxzPuD-uDUiXbX-wER1w\/viewform?c=0&amp;w=1\" target=\"_blank\" rel=\"noopener noreferrer\"><span style=\"color: #5c8526\"><span style=\"font-family: NewsGotT\"><span style=\"font-size: large\"><span style=\"color: #000080\"><span style=\"font-family: NewsGotT\"><img loading=\"lazy\" decoding=\"async\" class=\" size-full wp-image-380 alignright\" src=\"http:\/\/blogsaverroes.juntadeandalucia.es\/tdahytgcjaen\/files\/2016\/06\/Ponencia-Ana-Miranda_ja\u00e9n.jpg\" alt=\"Ponencia Ana Miranda_ja\u00e9n\" width=\"259\" height=\"194\"><\/span><\/span><\/span><\/span><\/span><\/a><\/h5>\n<h5 class=\"western\" align=\"LEFT\"><span style=\"color: #5c8526\"><span style=\"font-family: NewsGotT\"><span style=\"font-size: large\"><span style=\"color: #000080\"><span style=\"font-family: NewsGotT\">Estimados compa\u00f1eros\/as Orientadores\/as de Departamentos de Orientaci\u00f3n:<\/span><\/span><\/span><\/span><\/span><\/h5>\n<p>&nbsp;<\/p>\n<p><span style=\"color: #000080\"><span style=\"font-family: NewsGotT\"><span style=\"font-size: large\">La Dra. Ana Miranda, Catedr\u00e1tica en Psicolog\u00eda de la Universidad de Valencia, autora de m\u00faltiples investigaciones y libros de TDAH, invitada como conferenciante en Jornadas provinciales de Ja\u00e9n, nos ha solicitado colaboraci\u00f3n en su pr\u00f3xima investigaci\u00f3n.<\/span><\/span><\/span><\/p>\n<p>&nbsp;<\/p>\n<p align=\"JUSTIFY\"><span style=\"color: #000080\"><span style=\"font-family: NewsGotT\"><span style=\"font-size: large\">Se trata de que alumnos y alumnas de <strong>1\u00ba y\/o 2\u00ba de Bachillerato, respondan a un breve y sencillo Cuestionario<\/strong> elaborado ad hoc; no se tarda m\u00e1s de 1 minuto. Pinchar&nbsp;sobre la imagen:<\/span><\/span><\/span><\/p>\n<p style=\"text-align: center\" align=\"JUSTIFY\">&nbsp;<strong><span style=\"color: #000080\"><span style=\"font-family: NewsGotT\"><span style=\"font-size: large\">\u00a1\u00a1Muchas gracias por vuestra participaci\u00f3n!!<\/span><\/span><\/span><\/strong><\/p>\n<\/td>\n<\/tr>\n<tr>\n<td style=\"width: 857.441px\">\n<h2 style=\"text-align: center\"><img loading=\"lazy\" decoding=\"async\" class=\" size-full wp-image-16 alignleft\" src=\"http:\/\/blogsaverroes.juntadeandalucia.es\/tdahytgcjaen\/files\/2016\/01\/Ni\u00f1o-en-manos.jpg\" alt=\"Ni\u00f1o en manos\" width=\"259\" height=\"194\"><\/h2>\n<h2 style=\"text-align: center\">&nbsp;<\/h2>\n<h2 style=\"text-align: center\">&nbsp;<\/h2>\n<h2 style=\"text-align: center\">&nbsp;<\/h2>\n<h2 style=\"text-align: center\">&nbsp;<\/h2>\n<h2 style=\"text-align: center\">&nbsp;<\/h2>\n<h2 style=\"text-align: center\"><strong>Bienvenid@s al blog del <span style=\"color: #135e13\">EOE Especializado TGC<\/span> de <\/strong><strong>la D. T. de Educaci\u00f3n en Ja\u00e9n<\/strong><\/h2>\n<p align=\"JUSTIFY\"><span style=\"color: #355e00\"><span style=\"font-family: Arimo, sans-serif\"><span style=\"font-size: large\">&nbsp; &nbsp; &nbsp; &nbsp; &nbsp; &nbsp; &nbsp; &nbsp; &nbsp; &nbsp; &nbsp; &nbsp; &nbsp; &nbsp; &nbsp; &nbsp; &nbsp; &nbsp; &nbsp; &nbsp; &nbsp; &nbsp; &nbsp;<\/span><\/span><\/span><\/p>\n<p align=\"JUSTIFY\"><span style=\"color: #355e00\"><span style=\"font-family: Arimo, sans-serif\"><span style=\"font-size: large\">Tras el \u00abapag\u00f3n\u00bb sufrido en el entorno averroes del blog del \u00e1rea de TGC del EOE Especializado de Ja\u00e9n, y tras un largo periodo gestacional, con este post, hoy nace&nbsp;este, a\u00fan peque\u00f1o, <em>hermanito<\/em>: un nuevo ciberespacio dedicado al&nbsp;TDAH o TGC.<\/span><\/span><\/span><\/p>\n<p align=\"JUSTIFY\"><span style=\"color: #355e00\"><span style=\"font-family: Arimo, sans-serif\"><span style=\"font-size: large\">Damos la bienvenida todos los interesados e interesadas en este blog, al que intentaremos alimentar, cuidar y mimar para su adecuado crecimiento con el cari\u00f1o y empe\u00f1o que la tem\u00e1tica merece. Esperamos sea de utilidad.<\/span><\/span><\/span><\/p>\n<p align=\"JUSTIFY\"><span style=\"color: #355e00\"><span style=\"font-family: Arimo, sans-serif\"><span style=\"font-size: large\">\u00a1\u00a1\u00a1\u00a1\u00a1POR FIN!!!!:<\/span><\/span><\/span><\/p>\n<p align=\"JUSTIFY\"><img loading=\"lazy\" decoding=\"async\" class=\" wp-image-15 aligncenter\" src=\"http:\/\/blogsaverroes.juntadeandalucia.es\/tdahytgcjaen\/files\/2016\/01\/open-300x158.jpg\" alt=\"open\" width=\"201\" height=\"105\" srcset=\"https:\/\/blogsaverroes.juntadeandalucia.es\/tdahytgcjaen\/files\/2016\/01\/open-300x158.jpg 300w, https:\/\/blogsaverroes.juntadeandalucia.es\/tdahytgcjaen\/files\/2016\/01\/open.jpg 309w\" sizes=\"(max-width: 201px) 100vw, 201px\" \/><\/p>\n<\/td>\n<\/tr>\n<tr>\n<td style=\"width: 857.441px\">\n<p align=\"JUSTIFY\"><img decoding=\"async\" class=\" aligncenter\" src=\"http:\/\/blogsaverroes.juntadeandalucia.es\/tdahytgcjaen\/files\/2016\/06\/Libro-TGC.jpg\" alt=\"Libro TGC\"><\/p>\n<h2 style=\"text-align: center\">&nbsp;<\/h2>\n<p align=\"JUSTIFY\"><span style=\"color: #000080\"><span style=\"font-family: Arial, sans-serif\"><span style=\"font-size: large\">El&nbsp;<\/span><\/span><\/span><strong><span style=\"color: #000080\"><span style=\"font-family: Arial, sans-serif\"><span style=\"font-size: large\"><b>TDAH<\/b><\/span><\/span><\/span><\/strong><span style=\"color: #000080\"><span style=\"font-family: Arial, sans-serif\"><span style=\"font-size: large\">&nbsp;es un trastorno de origen neurobiol\u00f3gico, caracterizado por tres s\u00edntomas b\u00e1sicos: d\u00e9ficit de atenci\u00f3n, impulsividad e hiperactividad, que no tienen por qu\u00e9 coexistir; los alumnos y alumnas con TDAH constituyen un grupo muy amplio, diverso y heterog\u00e9neo. Dada su prevalencia, incluso en la normativa educativa andaluza (Protocolo andaluz TDAH, Protocolo NEAE, etc.), aparece como un grupo diferenciado. S\u00f3lo decir, que tener TDAH&nbsp;<\/span><\/span><\/span><span style=\"color: #000080\"><span style=\"font-family: Arial, sans-serif\"><span style=\"font-size: large\"><i>no consiste en carecer de conocimientos ni de inteligencia, sino en carecer de las capacidades para organizarlos<\/i><\/span><\/span><\/span><span style=\"color: #000080\"><span style=\"font-family: Arial, sans-serif\"><span style=\"font-size: large\">.<\/span><\/span><\/span><\/p>\n<p align=\"JUSTIFY\"><span style=\"color: #000080\"><span style=\"font-family: Arial, sans-serif\"><span style=\"font-size: large\">Por otro lado, los&nbsp;<\/span><\/span><\/span><strong><span style=\"color: #000080\"><span style=\"font-family: Arial, sans-serif\"><span style=\"font-size: large\"><b>TGC<\/b><\/span><\/span><\/span><\/strong><span style=\"color: #000080\"><span style=\"font-family: Arial, sans-serif\"><span style=\"font-size: large\">&nbsp;abarcan graves patolog\u00edas cl\u00ednicas, recogidas en el M\u00f3dulo de Gesti\u00f3n de la Orientaci\u00f3n en S\u00e9neca en 3 categor\u00edas bien diferencias por un grupo de s\u00edntomas identificables en la pr\u00e1ctica cl\u00ednica, que se acompa\u00f1an de malestar e interferencia en las actividades de la persona: trastorno disocial, TND y Trastorno del Comportamiento perturbador no especificado.<\/span><\/span><\/span><\/p>\n<p align=\"JUSTIFY\"><span style=\"color: #000080\"><span style=\"font-family: Arial, sans-serif\"><span style=\"font-size: large\">Desde el sistema educativo y los servicios sanitarios, entendemos el diagn\u00f3stico y la intervenci\u00f3n en TDAH y TGC desde un&nbsp;<\/span><\/span><\/span><strong><span style=\"color: #000080\"><span style=\"font-family: Arial, sans-serif\"><span style=\"font-size: large\"><b>ENFOQUE COLABORATIVO<\/b><\/span><\/span><\/span><\/strong><span style=\"color: #000080\"><span style=\"font-family: Arial, sans-serif\"><span style=\"font-size: large\">, por lo que no hay que olvidar la necesaria coordinaci\u00f3n entre los profesionales de ambos sistemas, con el fin de ofrecer una adecuada atenci\u00f3n a esta poblaci\u00f3n (son de obligado cumplimiento proceder seg\u00fan las Instrucciones de 20 de abril de 2012 de la Consejer\u00eda de Educaci\u00f3n -s\u00f3lo derivables a partir de Primaria-, facilitando la informaci\u00f3n recogida en el&nbsp;<\/span><\/span><\/span><strong><span style=\"color: #000080\"><span style=\"font-family: Arial, sans-serif\"><span style=\"font-size: large\"><b>Anexo I<\/b><\/span><\/span><\/span><\/strong><span style=\"color: #000080\"><span style=\"font-family: Arial, sans-serif\"><span style=\"font-size: large\">), adem\u00e1s, de los documentos de intercambio de informaci\u00f3n entre las Delegaciones de Educaci\u00f3n y Salud de Ja\u00e9n, fruto de los Acuerdos firmados en abril de 2012.<\/span><\/span><\/span><\/p>\n<\/td>\n<\/tr>\n<tr>\n<td style=\"width: 857.441px\">\n<table style=\"border-color: #225221;background-color: #fcfcfc\">\n<tbody>\n<tr>\n<td colspan=\"2\">\n<h6 style=\"text-align: center\"><span style=\"color: #008000\"><strong>&#8211;&nbsp;<span style=\"font-family: Arial, sans-serif\"><span style=\"font-size: large\"><b>ACLARACIONES ACNEE TDAH y TGC- v2.0-<\/b><\/span><\/span><\/strong><\/span><\/h6>\n<\/td>\n<\/tr>\n<tr>\n<td style=\"text-align: center\"><strong><span style=\"color: #000080\"><span style=\"font-family: Arial, sans-serif\"><span style=\"font-size: large\"><b>TDAH<\/b><\/span><\/span><\/span><\/strong><\/td>\n<td style=\"width: 400px;text-align: center\"><strong><span style=\"color: #000080\"><span style=\"font-family: Arial, sans-serif\"><span style=\"font-size: large\"><b>TGC<\/b><\/span><\/span><\/span><\/strong><\/td>\n<\/tr>\n<tr>\n<td><strong><span style=\"color: #000080\"><span style=\"font-family: Arial, sans-serif\"><span style=\"font-size: large\"><b><a href=\"https:\/\/docs.google.com\/file\/d\/0B0XqTL_bGmc6bjRsRjhOeDdHQTQ\/edit\" target=\"_blank\" rel=\"noopener noreferrer\">Definici\u00f3n<\/a>&nbsp; <\/b><\/span><\/span><\/span><\/strong><\/td>\n<td style=\"width: 400px\"><strong><span style=\"color: #000080\"><span style=\"font-family: Arial, sans-serif\"><span style=\"font-size: large\"><b><a href=\"https:\/\/docs.google.com\/file\/d\/0B0XqTL_bGmc6QmNLTHVyQk5Fc1E\/edit\" target=\"_blank\" rel=\"noopener noreferrer\">Definici\u00f3n<\/a><\/b><\/span><\/span><\/span><\/strong><\/td>\n<\/tr>\n<tr>\n<td><strong><span style=\"color: #000080\"><span style=\"font-family: Arial, sans-serif\"><span style=\"font-size: large\"><b><a href=\"https:\/\/docs.google.com\/file\/d\/0B0XqTL_bGmc6WFVweE9UN0xYT0U\/edit\" target=\"_blank\" rel=\"noopener noreferrer\">Grupos y Caracter\u00edsticas<\/a>&nbsp;<\/b><\/span><\/span><\/span><\/strong><\/td>\n<td style=\"width: 100px\"><strong><span style=\"color: #000080\"><span style=\"font-family: Arial, sans-serif\"><span style=\"font-size: large\"><b><a href=\"https:\/\/docs.google.com\/file\/d\/0B0XqTL_bGmc6czE4TU01RncxVGc\/edit\" target=\"_blank\" rel=\"noopener noreferrer\">Grupos y Caracter\u00edsticas<\/a><\/b><\/span><\/span><\/span><\/strong><\/td>\n<\/tr>\n<tr>\n<td style=\"width: 400px\">\n<h1><strong><span style=\"color: #000080\"><span style=\"font-family: Arial, sans-serif\"><span style=\"font-size: large\"><b><a href=\"https:\/\/docs.google.com\/file\/d\/0B0XqTL_bGmc6LWhUQWY2MVhhX2s\/edit\" target=\"_blank\" rel=\"noopener noreferrer\">Pruebas recomendadas<\/a>&nbsp; <\/b><\/span><\/span><\/span><\/strong><\/h1>\n<\/td>\n<td style=\"width: 100px\">\n<h1><strong><span style=\"color: #000080\"><span style=\"font-family: Arial, sans-serif\"><span style=\"font-size: large\"><b><a href=\"https:\/\/docs.google.com\/file\/d\/0B0XqTL_bGmc6NGd3SEVhWW1jZ2c\/edit\" target=\"_blank\" rel=\"noopener noreferrer\">Pruebas recomendadas<\/a>&nbsp; <\/b><\/span><\/span><\/span><\/strong><\/h1>\n<\/td>\n<\/tr>\n<tr>\n<td>\n<h6><strong><span style=\"color: #000080\"><span style=\"font-family: Arial, sans-serif\"><span style=\"font-size: large\"><b><a href=\"https:\/\/drive.google.com\/file\/d\/0B0XqTL_bGmc6cXhydXF5eHFmUlU\/edit\" target=\"_blank\" rel=\"noopener noreferrer\">Necesidades educativas frecuentes<\/a><\/b><\/span><\/span><\/span><\/strong><\/h6>\n<\/td>\n<td style=\"width: 100px\">\n<h6><strong><span style=\"color: #000080\"><span style=\"font-family: Arial, sans-serif\"><span style=\"font-size: large\"><b><a href=\"https:\/\/drive.google.com\/file\/d\/0B0XqTL_bGmc6NFc5Vnk3V0FFa2c\/edit\">Necesidades educativas&nbsp;frecuentes<\/a><\/b><\/span><\/span><\/span><\/strong><\/h6>\n<\/td>\n<\/tr>\n<\/tbody>\n<\/table>\n<p style=\"text-align: center\"><strong><span style=\"color: #000080\"><span style=\"font-family: Arial, sans-serif\"><span style=\"font-size: large\"><b>TDAH Y TGC: <a href=\"https:\/\/docs.google.com\/file\/d\/0B0XqTL_bGmc6UnR2Uno4MmNzU1E\/edit\" target=\"_blank\" rel=\"noopener noreferrer\">Preguntas frecuentes<\/a>&nbsp; &nbsp;&nbsp;<\/b><\/span><\/span><\/span><\/strong><\/p>\n<\/td>\n<\/tr>\n<tr>\n<td style=\"width: 857.441px\">\n<p style=\"text-align: center\" align=\"JUSTIFY\"><span style=\"color: #ff9966\"><span style=\"font-family: Arial, sans-serif\"><span style=\"font-size: large\"><b>\u00a1MUCHAS GRACIAS!<\/b><\/span><\/span><\/span><\/p>\n<p style=\"text-align: center\">&nbsp;<img loading=\"lazy\" decoding=\"async\" class=\"alignnone size-medium wp-image-81\" src=\"http:\/\/blogsaverroes.juntadeandalucia.es\/tdahytgcjaen\/files\/2016\/06\/13-julio.jpg\" alt=\"13 julio\" width=\"144\" height=\"228\"><\/p>\n<p align=\"JUSTIFY\"><span style=\"color: #ff9966\"><span style=\"font-family: Arial, sans-serif\"><span style=\"font-size: large\">Desde el EOE Especializado de Ja\u00e9n, queremos agradecer a todos los profesionales de la orientaci\u00f3n y a los profesionales sanitarios que han contribuido, con su firma de apoyo dirigida a la OMS para la declaraci\u00f3n de un <strong>D\u00eda Mundial de Sensibilizaci\u00f3n sobre el TDAH<\/strong>, para su consecuci\u00f3n y sensibilizar en la necesidad de defender los derechos de nuestros escolares\/pacientes, respectivamente, y de dar a conocer las dram\u00e1ticas consecuencias de un trastorno que, si no se diagnostica y no se trata adecuadamente, puede tener efectos devastadores en las vidas de las personas afectadas.<\/span><\/span><\/span><\/p>\n<\/td>\n<\/tr>\n<tr>\n<td style=\"width: 857.441px\">\n<p style=\"text-align: center\" align=\"JUSTIFY\"><span style=\"text-decoration: underline\"><span style=\"color: #000080;text-decoration: underline\"><span style=\"font-family: NewsGotT\"><span style=\"font-size: medium\"><b><span style=\"font-family: Arial, sans-serif\">10 de octubre: D\u00cdA MUNDIAL DE LA SALUD MENTAL<\/span><\/b><\/span><\/span><\/span><\/span><\/p>\n<p align=\"JUSTIFY\"><span style=\"color: #000080\"><span style=\"font-family: Arial, sans-serif\"><span style=\"font-size: large\">Este d\u00eda, designado por la Organizaci\u00f3n Mundial de la Salud, tiene como prop\u00f3sito crear un mayor conocimiento sobre la salud mental que concierne a todos y cada uno, y al mismo tiempo combatir el estigma y los falsos conceptos que rodean los temas de salud mental.<\/span><\/span><\/span><\/p>\n<p align=\"JUSTIFY\"><img loading=\"lazy\" decoding=\"async\" class=\"alignnone size-full wp-image-224\" src=\"http:\/\/blogsaverroes.juntadeandalucia.es\/tdahytgcjaen\/files\/2016\/10\/Confederaci\u00f3n-salud-mental-espa\u00f1a.png\" alt=\"Confederaci\u00f3n salud mental espa\u00f1a\" width=\"282\" height=\"90\">&nbsp; <span style=\"color: #000080\"><span style=\"font-family: Arial, sans-serif\"><span style=\"font-size: large\">Con motivo del <a href=\"https:\/\/consaludmental.org\/tag\/dia-mundial-de-la-salud-mental\/\"><u>D\u00eda Mundial de la Salud Mental<\/u><\/a>, la Confederaci\u00f3n Salud Mental Espa\u00f1a&nbsp;celebrar\u00e1 una Jornada conmemorativa y de proclamaci\u00f3n bajo el <strong>lema <\/strong><em><strong>\u201cSoy como t\u00fa aunque a\u00fan no lo sepas\u201d<\/strong>, <\/em>el pr\u00f3ximo 10 de octubre, en el&nbsp;<\/span><\/span><\/span><span style=\"color: #000080\"><span style=\"font-family: Arial, sans-serif\"><span style=\"font-size: large\">Ateneo de Madrid, donde personas afectadas por un problema de salud mental, familiares y profesionales del sector compartir\u00e1n sus experiencias sobre grupos de iguales, participaci\u00f3n y empoderamiento.<\/span><\/span><\/span><\/p>\n<p align=\"JUSTIFY\"><a href=\"https:\/\/consaludmental.org\/wp-content\/uploads\/2016\/08\/Programa-Jornada-DMSM16-v.22.09.16.pdf\" target=\"_blank\" rel=\"noopener noreferrer\"><img loading=\"lazy\" decoding=\"async\" class=\"alignnone size-medium wp-image-222\" src=\"http:\/\/blogsaverroes.juntadeandalucia.es\/tdahytgcjaen\/files\/2016\/10\/DIA_SALUD-MENTAL-ESPA\u00d1A-193x300.jpg\" alt=\"DIA_SALUD-MENTAL-ESPA\u00d1A\" width=\"193\" height=\"300\"><\/a>&nbsp; &nbsp; &nbsp; &nbsp; &nbsp;<span style=\"color: #7da647\"><span style=\"font-family: Arial, sans-serif\"><span style=\"font-size: large\"><b><a href=\"https:\/\/consaludmental.org\/wp-content\/uploads\/2016\/08\/Programa-Jornada-DMSM16-v.22.09.16.pdf\" target=\"_blank\" rel=\"noopener noreferrer\">Jornada \u201cSoy como t\u00fa aunque a\u00fan no lo sepas\u201d<\/a><\/b><\/span><\/span><\/span><\/p>\n<p align=\"JUSTIFY\"><strong><span style=\"color: #000080\"><span style=\"font-family: Arial, sans-serif\"><span style=\"font-size: large\">Inscripci\u00f3n y programa de la jornada #SoyComoT\u00fa<\/span><\/span><\/span><\/strong><\/p>\n<p align=\"JUSTIFY\"><span style=\"color: #000080\"><span style=\"font-family: Arial, sans-serif\"><span style=\"font-size: large\">La entrada es gratuita con inscripci\u00f3n previa, que puede realizarse a trav\u00e9s de este&nbsp;<\/span><\/span><\/span><strong><span style=\"color: #000080\"><span style=\"font-family: Arial, sans-serif\"><span style=\"font-size: large\"><u><a href=\"https:\/\/goo.gl\/forms\/0ptCtcpOeFn4YIts2\" target=\"_blank\" rel=\"noopener noreferrer\">formulario de inscripci\u00f3n online<\/a>&nbsp;<\/u><\/span><\/span><\/span><\/strong><span style=\"color: #000080\"><span style=\"font-family: Arial, sans-serif\"><span style=\"font-size: large\">hasta completar aforo.<\/span><\/span><\/span><\/p>\n<p align=\"JUSTIFY\"><span style=\"color: #000080\"><span style=\"font-family: Arial, sans-serif\"><span style=\"font-size: large\">Consulta aqu\u00ed el&nbsp;<\/span><\/span><\/span><a href=\"https:\/\/consaludmental.org\/wp-content\/uploads\/2016\/08\/Programa-Jornada-DMSM16-v.22.09.16.pdf\" target=\"_blank\" rel=\"noopener noreferrer\"><span style=\"color: #000080\"><span style=\"font-family: Arial, sans-serif\"><span style=\"font-size: large\"><u>programa de la Jornada del D\u00eda Mundial de la Salud Mental 2016<\/u><\/span><\/span><\/span><\/a><strong><span style=\"color: #000080\"><span style=\"font-family: Arial, sans-serif\"><span style=\"font-size: large\">&nbsp;<\/span><\/span><\/span><\/strong><span style=\"color: #000080\"><span style=\"font-family: Arial, sans-serif\"><span style=\"font-size: large\">y &nbsp;<\/span><\/span><\/span><strong><a href=\"https:\/\/www.google.es\/maps\/place\/Ateneo+de+Madrid\/@40.4151094,-3.700397,17z\/data=!3m1!4b1!4m5!3m4!1s0xd42288185b8895b:0x87b652363eb61dd5!8m2!3d40.4151094!4d-3.6982083\" target=\"_blank\" rel=\"noopener noreferrer\"><span style=\"color: #000080\"><span style=\"font-family: Arial, sans-serif\"><span style=\"font-size: large\"><u>c\u00f3mo llegar al Ateneo de Madrid<\/u><\/span><\/span><\/span><\/a><\/strong><span style=\"color: #000080\"><span style=\"font-family: Arial, sans-serif\"><span style=\"font-size: large\">.<\/span><\/span><\/span><\/p>\n<\/td>\n<\/tr>\n<\/tbody>\n<\/table>\n<p>&nbsp;<\/p>\n<p style=\"text-align: center\">&nbsp;<\/p>\n","protected":false},"excerpt":{"rendered":"<p>27O: D\u00cdA NACIONAL DEL TDAH 2025&nbsp; -UN TRASTORNO CR\u00d3NICO SIN ATENCI\u00d3N SANITARIA- &nbsp; &nbsp; &nbsp; &nbsp; &nbsp; &nbsp; &nbsp; &nbsp; &nbsp; &nbsp; &nbsp; &nbsp; &nbsp;&hellip;<\/p>\n","protected":false},"author":1160,"featured_media":0,"parent":0,"menu_order":0,"comment_status":"closed","ping_status":"closed","template":"","meta":{"ngg_post_thumbnail":0,"footnotes":""},"aioseo_notices":[],"_links":{"self":[{"href":"https:\/\/blogsaverroes.juntadeandalucia.es\/tdahytgcjaen\/wp-json\/wp\/v2\/pages\/96"}],"collection":[{"href":"https:\/\/blogsaverroes.juntadeandalucia.es\/tdahytgcjaen\/wp-json\/wp\/v2\/pages"}],"about":[{"href":"https:\/\/blogsaverroes.juntadeandalucia.es\/tdahytgcjaen\/wp-json\/wp\/v2\/types\/page"}],"author":[{"embeddable":true,"href":"https:\/\/blogsaverroes.juntadeandalucia.es\/tdahytgcjaen\/wp-json\/wp\/v2\/users\/1160"}],"replies":[{"embeddable":true,"href":"https:\/\/blogsaverroes.juntadeandalucia.es\/tdahytgcjaen\/wp-json\/wp\/v2\/comments?post=96"}],"version-history":[{"count":341,"href":"https:\/\/blogsaverroes.juntadeandalucia.es\/tdahytgcjaen\/wp-json\/wp\/v2\/pages\/96\/revisions"}],"predecessor-version":[{"id":1691,"href":"https:\/\/blogsaverroes.juntadeandalucia.es\/tdahytgcjaen\/wp-json\/wp\/v2\/pages\/96\/revisions\/1691"}],"wp:attachment":[{"href":"https:\/\/blogsaverroes.juntadeandalucia.es\/tdahytgcjaen\/wp-json\/wp\/v2\/media?parent=96"}],"curies":[{"name":"wp","href":"https:\/\/api.w.org\/{rel}","templated":true}]}}