{"id":10946,"date":"2025-03-24T12:53:09","date_gmt":"2025-03-24T12:53:09","guid":{"rendered":"https:\/\/blogsaverroes.juntadeandalucia.es\/tomasapinilla\/?page_id=10946"},"modified":"2025-03-24T17:19:33","modified_gmt":"2025-03-24T17:19:33","slug":"contactar-con-el-centro","status":"publish","type":"page","link":"https:\/\/blogsaverroes.juntadeandalucia.es\/tomasapinilla\/contactar-con-el-centro\/","title":{"rendered":"CONTACTAR CON EL CENTRO"},"content":{"rendered":"<div><strong>COLEGIO P\u00daBLICO DE EDUCACI\u00d3N INFANTIL Y PRIMARIA TOMASA PINILLA <\/strong><\/div>\n<div>&nbsp;<\/div>\n<div><strong>C\u00f3digo de centro<\/strong>: 11002493<\/div>\n<div>&nbsp;<\/div>\n<div>\n<div><strong>Tel\u00e9fono de Direcci\u00f3n<\/strong>: 856811962<\/div>\n<div>&nbsp;<\/div>\n<div><strong>Tel\u00e9fono de Secretar\u00eda<\/strong>: 856811963<\/div>\n<div>&nbsp;<\/div>\n<div><strong>Correo<\/strong> <strong>electr\u00f3nico<\/strong>: 11002493@g.educaand.es<\/div>\n<\/div>\n<div>&nbsp;<\/div>\n<div class=\"mb-1\"><strong>Direcci\u00f3n<\/strong>: Plaza Artesan\u00eda, S\/N Guadalcac\u00edn (C\u00e1diz) C.P.: 11591<\/div>\n<p>&nbsp;<\/p>\n<p>Si desea contactar con nosotros, rellene el siguiente cuestionario. Intentaremos contestarle a la mayor brevedad posible.&nbsp;<\/p>\n\n<div class=\"wpcf7 no-js\" id=\"wpcf7-f10947-o1\" lang=\"es-ES\" dir=\"ltr\">\n<div class=\"screen-reader-response\"><p role=\"status\" aria-live=\"polite\" aria-atomic=\"true\"><\/p> <ul><\/ul><\/div>\n<form action=\"\/tomasapinilla\/wp-json\/wp\/v2\/pages\/10946#wpcf7-f10947-o1\" method=\"post\" class=\"wpcf7-form init\" aria-label=\"Formulario de contacto\" novalidate=\"novalidate\" data-status=\"init\">\n<div style=\"display: none;\">\n<input type=\"hidden\" name=\"_wpcf7\" value=\"10947\" \/>\n<input type=\"hidden\" name=\"_wpcf7_version\" value=\"5.9.8\" \/>\n<input type=\"hidden\" name=\"_wpcf7_locale\" value=\"es_ES\" \/>\n<input type=\"hidden\" name=\"_wpcf7_unit_tag\" value=\"wpcf7-f10947-o1\" \/>\n<input type=\"hidden\" name=\"_wpcf7_container_post\" value=\"0\" \/>\n<input type=\"hidden\" name=\"_wpcf7_posted_data_hash\" value=\"\" \/>\n<\/div>\n<p><label> Tu nombre<br \/>\n<span class=\"wpcf7-form-control-wrap\" data-name=\"your-name\"><input size=\"40\" maxlength=\"400\" class=\"wpcf7-form-control wpcf7-text wpcf7-validates-as-required\" autocomplete=\"name\" aria-required=\"true\" aria-invalid=\"false\" value=\"\" type=\"text\" name=\"your-name\" \/><\/span> <\/label>\n<\/p>\n<p><label> Tu correo electr\u00f3nico<br \/>\n<span class=\"wpcf7-form-control-wrap\" data-name=\"your-email\"><input size=\"40\" maxlength=\"400\" class=\"wpcf7-form-control wpcf7-email wpcf7-validates-as-required wpcf7-text wpcf7-validates-as-email\" autocomplete=\"email\" aria-required=\"true\" aria-invalid=\"false\" value=\"\" type=\"email\" name=\"your-email\" \/><\/span> <\/label>\n<\/p>\n<p><label> Asunto<br \/>\n<span class=\"wpcf7-form-control-wrap\" data-name=\"your-subject\"><input size=\"40\" maxlength=\"400\" class=\"wpcf7-form-control wpcf7-text wpcf7-validates-as-required\" aria-required=\"true\" aria-invalid=\"false\" value=\"\" type=\"text\" name=\"your-subject\" \/><\/span> <\/label>\n<\/p>\n<p><label> Tu mensaje (opcional)<br \/>\n<span class=\"wpcf7-form-control-wrap\" data-name=\"your-message\"><textarea cols=\"40\" rows=\"10\" maxlength=\"2000\" class=\"wpcf7-form-control wpcf7-textarea\" aria-invalid=\"false\" name=\"your-message\"><\/textarea><\/span> <\/label>\n<\/p>\n<p><input class=\"wpcf7-form-control wpcf7-submit has-spinner\" type=\"submit\" value=\"Enviar\" \/>\n<\/p><div class=\"wpcf7-response-output\" aria-hidden=\"true\"><\/div>\n<\/form>\n<\/div>\n\n","protected":false},"excerpt":{"rendered":"<p>COLEGIO P\u00daBLICO DE EDUCACI\u00d3N INFANTIL Y PRIMARIA TOMASA PINILLA &nbsp; C\u00f3digo de centro: 11002493 &nbsp; Tel\u00e9fono de Direcci\u00f3n: 856811962 &nbsp; Tel\u00e9fono de Secretar\u00eda: 856811963 &nbsp; Correo electr\u00f3nico: 11002493@g.educaand.es &nbsp; Direcci\u00f3n:&#46;&#46;&#46;<\/p>\n","protected":false},"author":20221,"featured_media":0,"parent":0,"menu_order":0,"comment_status":"closed","ping_status":"closed","template":"","meta":{"_exactmetrics_skip_tracking":false,"_exactmetrics_sitenote_active":false,"_exactmetrics_sitenote_note":"","_exactmetrics_sitenote_category":0,"ngg_post_thumbnail":0,"footnotes":"","_mc_calendar":[]},"aioseo_notices":[],"post_mailing_queue_ids":[],"_links":{"self":[{"href":"https:\/\/blogsaverroes.juntadeandalucia.es\/tomasapinilla\/wp-json\/wp\/v2\/pages\/10946"}],"collection":[{"href":"https:\/\/blogsaverroes.juntadeandalucia.es\/tomasapinilla\/wp-json\/wp\/v2\/pages"}],"about":[{"href":"https:\/\/blogsaverroes.juntadeandalucia.es\/tomasapinilla\/wp-json\/wp\/v2\/types\/page"}],"author":[{"embeddable":true,"href":"https:\/\/blogsaverroes.juntadeandalucia.es\/tomasapinilla\/wp-json\/wp\/v2\/users\/20221"}],"replies":[{"embeddable":true,"href":"https:\/\/blogsaverroes.juntadeandalucia.es\/tomasapinilla\/wp-json\/wp\/v2\/comments?post=10946"}],"version-history":[{"count":4,"href":"https:\/\/blogsaverroes.juntadeandalucia.es\/tomasapinilla\/wp-json\/wp\/v2\/pages\/10946\/revisions"}],"predecessor-version":[{"id":10951,"href":"https:\/\/blogsaverroes.juntadeandalucia.es\/tomasapinilla\/wp-json\/wp\/v2\/pages\/10946\/revisions\/10951"}],"wp:attachment":[{"href":"https:\/\/blogsaverroes.juntadeandalucia.es\/tomasapinilla\/wp-json\/wp\/v2\/media?parent=10946"}],"curies":[{"name":"wp","href":"https:\/\/api.w.org\/{rel}","templated":true}]}}