{"id":7606,"date":"2023-09-20T18:07:29","date_gmt":"2023-09-20T18:07:29","guid":{"rendered":"https:\/\/blogsaverroes.juntadeandalucia.es\/tomasapinilla\/?page_id=7606"},"modified":"2025-03-15T15:35:58","modified_gmt":"2025-03-15T15:35:58","slug":"aula-del-futuro","status":"publish","type":"page","link":"https:\/\/blogsaverroes.juntadeandalucia.es\/tomasapinilla\/espacios-pedagogicos\/aula-del-futuro\/","title":{"rendered":"Aula del Futuro"},"content":{"rendered":"<p>El CEIP Tomasa Pinilla&nbsp;se caracteriza por un <strong>Plan de Centro vanguardista<\/strong> que parte de <strong>metodolog\u00edas activas<\/strong> con el alumnado como protagonista.&nbsp;Las metodolog\u00edas que desarrollamos y nuestra l\u00ednea de trabajo no es compatible con una ense\u00f1anza tradicional y con espacios de trabajo r\u00edgidos y est\u00e1ticos. &nbsp;<\/p>\n<p>Nuestra&nbsp;<strong>Aula del Futuro <\/strong>es un espacio flexible que propicia la mejora de los procesos de aprendizaje de nuestro alumnado&nbsp;y donde las <strong>tecnolog\u00edas digitales<\/strong> tienen un papel clave.&nbsp;<\/p>\n<p>Este aula cuenta con distintos espacios:&nbsp;<\/p>\n<ul>\n<li>mesas m\u00f3viles para el trabajo en grupos<\/li>\n<li>puffs y mesa auxiliar para el trabajo individual o en peque\u00f1o grupo<\/li>\n<li>mesa alta para el trabajo de pie&nbsp;<\/li>\n<li>zona de grabaci\u00f3n con una pared verde para grabaciones con croma<\/li>\n<li>panel digital m\u00f3vil<\/li>\n<li>port\u00e1tiles<\/li>\n<li>material manipulativo: legos, robots, juegos de rob\u00f3tica, etc.<\/li>\n<\/ul>\n<p><iframe loading=\"lazy\" title=\"Te presento mi cole: AULA DEL FUTURO (6\u00ba) CEIP TOMASA PINILLA 2024\/25\" width=\"500\" height=\"281\" src=\"https:\/\/www.youtube.com\/embed\/RinMU_6dgqg?feature=oembed&#038;wmode=opaque\" frameborder=\"0\" allow=\"accelerometer; autoplay; clipboard-write; encrypted-media; gyroscope; picture-in-picture; web-share\" referrerpolicy=\"strict-origin-when-cross-origin\" allowfullscreen><\/iframe><\/p>\n<p style=\"text-align: justify\">El <strong>Aula del Futuro<\/strong> es un proyecto coordinado por el Instituto Nacional de Tecnolog\u00edas Educativas y de Formaci\u00f3n del Profesorado (INTEF) en colaboraci\u00f3n con las comunidades aut\u00f3nomas. Este proyecto propone explotar las posibilidades pedag\u00f3gicas de flexibilizar los espacios de aprendizaje en combinaci\u00f3n con las tecnolog\u00edas, para mejorar los procesos de ense\u00f1anza y aprendizaje a trav\u00e9s de las metodolog\u00edas activas. Puedes saber m\u00e1s&nbsp;sobre este proyecto&nbsp;<a href=\"https:\/\/auladelfuturo.intef.es\/que-es-el-aula-del-futuro\/\">aqu\u00ed.<\/a><\/p>\n<p style=\"text-align: justify\"><a href=\"https:\/\/blogsaverroes.juntadeandalucia.es\/tomasapinilla\/files\/2023\/09\/aula_v_b_600.png\"><img loading=\"lazy\" decoding=\"async\" class=\"aligncenter  wp-image-7694\" src=\"https:\/\/blogsaverroes.juntadeandalucia.es\/tomasapinilla\/files\/2023\/09\/aula_v_b_600.png\" alt=\"\" width=\"408\" height=\"163\" srcset=\"https:\/\/blogsaverroes.juntadeandalucia.es\/tomasapinilla\/files\/2023\/09\/aula_v_b_600.png 600w, https:\/\/blogsaverroes.juntadeandalucia.es\/tomasapinilla\/files\/2023\/09\/aula_v_b_600-300x120.png 300w\" sizes=\"(max-width: 408px) 100vw, 408px\" \/><\/a><a href=\"https:\/\/blogsaverroes.juntadeandalucia.es\/tomasapinilla\/files\/2023\/09\/aula_01.png\"><img loading=\"lazy\" decoding=\"async\" class=\"aligncenter size-full wp-image-7693\" src=\"https:\/\/blogsaverroes.juntadeandalucia.es\/tomasapinilla\/files\/2023\/09\/aula_01.png\" alt=\"\" width=\"1024\" height=\"484\" srcset=\"https:\/\/blogsaverroes.juntadeandalucia.es\/tomasapinilla\/files\/2023\/09\/aula_01.png 1024w, https:\/\/blogsaverroes.juntadeandalucia.es\/tomasapinilla\/files\/2023\/09\/aula_01-300x142.png 300w, https:\/\/blogsaverroes.juntadeandalucia.es\/tomasapinilla\/files\/2023\/09\/aula_01-768x363.png 768w, https:\/\/blogsaverroes.juntadeandalucia.es\/tomasapinilla\/files\/2023\/09\/aula_01-520x245.png 520w, https:\/\/blogsaverroes.juntadeandalucia.es\/tomasapinilla\/files\/2023\/09\/aula_01-720x340.png 720w\" sizes=\"(max-width: 1024px) 100vw, 1024px\" \/><\/a><\/p>\n","protected":false},"excerpt":{"rendered":"<p>El CEIP Tomasa Pinilla&nbsp;se caracteriza por un Plan de Centro vanguardista que parte de metodolog\u00edas activas con el alumnado como protagonista.&nbsp;Las metodolog\u00edas que desarrollamos y nuestra l\u00ednea de trabajo no&#46;&#46;&#46;<\/p>\n","protected":false},"author":6145,"featured_media":0,"parent":7533,"menu_order":0,"comment_status":"closed","ping_status":"closed","template":"page-templates\/child-menu.php","meta":{"_exactmetrics_skip_tracking":false,"_exactmetrics_sitenote_active":false,"_exactmetrics_sitenote_note":"","_exactmetrics_sitenote_category":0,"ngg_post_thumbnail":0,"footnotes":"","_mc_calendar":[]},"aioseo_notices":[],"post_mailing_queue_ids":[],"_links":{"self":[{"href":"https:\/\/blogsaverroes.juntadeandalucia.es\/tomasapinilla\/wp-json\/wp\/v2\/pages\/7606"}],"collection":[{"href":"https:\/\/blogsaverroes.juntadeandalucia.es\/tomasapinilla\/wp-json\/wp\/v2\/pages"}],"about":[{"href":"https:\/\/blogsaverroes.juntadeandalucia.es\/tomasapinilla\/wp-json\/wp\/v2\/types\/page"}],"author":[{"embeddable":true,"href":"https:\/\/blogsaverroes.juntadeandalucia.es\/tomasapinilla\/wp-json\/wp\/v2\/users\/6145"}],"replies":[{"embeddable":true,"href":"https:\/\/blogsaverroes.juntadeandalucia.es\/tomasapinilla\/wp-json\/wp\/v2\/comments?post=7606"}],"version-history":[{"count":5,"href":"https:\/\/blogsaverroes.juntadeandalucia.es\/tomasapinilla\/wp-json\/wp\/v2\/pages\/7606\/revisions"}],"predecessor-version":[{"id":10829,"href":"https:\/\/blogsaverroes.juntadeandalucia.es\/tomasapinilla\/wp-json\/wp\/v2\/pages\/7606\/revisions\/10829"}],"up":[{"embeddable":true,"href":"https:\/\/blogsaverroes.juntadeandalucia.es\/tomasapinilla\/wp-json\/wp\/v2\/pages\/7533"}],"wp:attachment":[{"href":"https:\/\/blogsaverroes.juntadeandalucia.es\/tomasapinilla\/wp-json\/wp\/v2\/media?parent=7606"}],"curies":[{"name":"wp","href":"https:\/\/api.w.org\/{rel}","templated":true}]}}