{"id":504,"date":"2021-10-29T07:44:18","date_gmt":"2021-10-29T07:44:18","guid":{"rendered":"https:\/\/blogsaverroes.juntadeandalucia.es\/unitedcolors\/?page_id=504"},"modified":"2023-04-17T08:20:04","modified_gmt":"2023-04-17T08:20:04","slug":"press","status":"publish","type":"page","link":"https:\/\/blogsaverroes.juntadeandalucia.es\/unitedcolors\/press\/","title":{"rendered":"Press"},"content":{"rendered":"<p>&nbsp;<\/p>\n<p><a href=\"https:\/\/blogsaverroes.juntadeandalucia.es\/unitedcolors\/files\/2021\/10\/nota-prensa-radio-salobre\u00f1a-presenta-proyecto-en-ayuntamiento.png\"><span style=\"color: #ff0000\"><strong>PRESS &#8211; 01<\/strong><\/span><\/a><\/p>\n<p><a href=\"https:\/\/blogsaverroes.juntadeandalucia.es\/unitedcolors\/files\/2021\/10\/nota-prensa-radio-salobre\u00f1a-presenta-proyecto-en-ayuntamiento.png\"><br \/>\n<img loading=\"lazy\" decoding=\"async\" class=\"aligncenter size-full wp-image-513\" src=\"https:\/\/blogsaverroes.juntadeandalucia.es\/unitedcolors\/files\/2021\/10\/nota-prensa-radio-salobre\u00f1a-presenta-proyecto-en-ayuntamiento.png\" alt=\"\" width=\"407\" height=\"842\" srcset=\"https:\/\/blogsaverroes.juntadeandalucia.es\/unitedcolors\/files\/2021\/10\/nota-prensa-radio-salobre\u00f1a-presenta-proyecto-en-ayuntamiento.png 407w, https:\/\/blogsaverroes.juntadeandalucia.es\/unitedcolors\/files\/2021\/10\/nota-prensa-radio-salobre\u00f1a-presenta-proyecto-en-ayuntamiento-145x300.png 145w\" sizes=\"(max-width: 407px) 100vw, 407px\" \/><\/a><\/p>\n<hr>\n<p><span style=\"color: #ff0000\"><strong>PRESS &#8211; 02<\/strong><\/span><\/p>\n<p><a href=\"https:\/\/blogsaverroes.juntadeandalucia.es\/unitedcolors\/files\/2021\/10\/NOTA-PRENSA-ERAMUS-PLUS-RADIO-SALOBRE\u00d1A.png\"><img loading=\"lazy\" decoding=\"async\" class=\"aligncenter size-full wp-image-510\" src=\"https:\/\/blogsaverroes.juntadeandalucia.es\/unitedcolors\/files\/2021\/10\/NOTA-PRENSA-ERAMUS-PLUS-RADIO-SALOBRE\u00d1A.png\" alt=\"\" width=\"639\" height=\"613\" srcset=\"https:\/\/blogsaverroes.juntadeandalucia.es\/unitedcolors\/files\/2021\/10\/NOTA-PRENSA-ERAMUS-PLUS-RADIO-SALOBRE\u00d1A.png 639w, https:\/\/blogsaverroes.juntadeandalucia.es\/unitedcolors\/files\/2021\/10\/NOTA-PRENSA-ERAMUS-PLUS-RADIO-SALOBRE\u00d1A-300x288.png 300w\" sizes=\"(max-width: 639px) 100vw, 639px\" \/><\/a><\/p>\n<p>&nbsp;<\/p>\n<hr>\n<p><span style=\"color: #ff0000\"><strong>PRESS &#8211; 03<\/strong><\/span><\/p>\n<p><a href=\"https:\/\/blogsaverroes.juntadeandalucia.es\/unitedcolors\/files\/2021\/10\/nota-prensa-almu\u00f1ecar-comunica-primera-reuni\u00f3n.png\"><img loading=\"lazy\" decoding=\"async\" class=\"aligncenter size-full wp-image-515\" src=\"https:\/\/blogsaverroes.juntadeandalucia.es\/unitedcolors\/files\/2021\/10\/nota-prensa-almu\u00f1ecar-comunica-primera-reuni\u00f3n.png\" alt=\"\" width=\"560\" height=\"925\" srcset=\"https:\/\/blogsaverroes.juntadeandalucia.es\/unitedcolors\/files\/2021\/10\/nota-prensa-almu\u00f1ecar-comunica-primera-reuni\u00f3n.png 560w, https:\/\/blogsaverroes.juntadeandalucia.es\/unitedcolors\/files\/2021\/10\/nota-prensa-almu\u00f1ecar-comunica-primera-reuni\u00f3n-182x300.png 182w\" sizes=\"(max-width: 560px) 100vw, 560px\" \/><\/a><\/p>\n<hr>\n<p><strong><span style=\"color: #ff0000\">PRESS &#8211; 04<\/span><\/strong><\/p>\n<p><a href=\"https:\/\/blogsaverroes.juntadeandalucia.es\/unitedcolors\/files\/2021\/10\/NOTA-PRENSA-ERAMUS-PLUS.png\"><img loading=\"lazy\" decoding=\"async\" class=\"aligncenter size-large wp-image-511\" src=\"https:\/\/blogsaverroes.juntadeandalucia.es\/unitedcolors\/files\/2021\/10\/NOTA-PRENSA-ERAMUS-PLUS.png\" alt=\"\" width=\"429\" height=\"692\" srcset=\"https:\/\/blogsaverroes.juntadeandalucia.es\/unitedcolors\/files\/2021\/10\/NOTA-PRENSA-ERAMUS-PLUS.png 429w, https:\/\/blogsaverroes.juntadeandalucia.es\/unitedcolors\/files\/2021\/10\/NOTA-PRENSA-ERAMUS-PLUS-186x300.png 186w\" sizes=\"(max-width: 429px) 100vw, 429px\" \/><\/a><\/p>\n<p>&nbsp;<\/p>\n<p>&nbsp;<\/p>\n<hr>\n<p><strong><span style=\"color: #ff0000\">PRESS &#8211; 05<\/span><\/strong><\/p>\n<p><a href=\"https:\/\/blogsaverroes.juntadeandalucia.es\/unitedcolors\/files\/2022\/02\/nota-prensa-docentes-asisten-encuentro-sint-maarten.png\"><img loading=\"lazy\" decoding=\"async\" class=\"aligncenter size-full wp-image-538\" src=\"https:\/\/blogsaverroes.juntadeandalucia.es\/unitedcolors\/files\/2022\/02\/nota-prensa-docentes-asisten-encuentro-sint-maarten.png\" alt=\"\" width=\"582\" height=\"878\" srcset=\"https:\/\/blogsaverroes.juntadeandalucia.es\/unitedcolors\/files\/2022\/02\/nota-prensa-docentes-asisten-encuentro-sint-maarten.png 582w, https:\/\/blogsaverroes.juntadeandalucia.es\/unitedcolors\/files\/2022\/02\/nota-prensa-docentes-asisten-encuentro-sint-maarten-199x300.png 199w\" sizes=\"(max-width: 582px) 100vw, 582px\" \/><\/a><\/p>\n<hr>\n<p><strong><span style=\"color: #ff0000\">PRESS &#8211; 06<\/span><\/strong><\/p>\n<blockquote class=\"wp-embedded-content\" data-secret=\"qrxFYFHjdh\"><p><a href=\"https:\/\/www.radiosalobrena.com\/docentes-del-ies-nazari-asisten-a-un-encuentro-de-formacion-del-profesorado-en-la-isla-caribena-de-sint-maarten\/\">Docentes del IES Nazar\u00ed asisten a un encuentro de formaci\u00f3n del profesorado en la isla caribe\u00f1a de Sint Maarten<\/a><\/p><\/blockquote>\n<p><iframe class=\"wp-embedded-content\" sandbox=\"allow-scripts\" security=\"restricted\" style=\"position: absolute; clip: rect(1px, 1px, 1px, 1px);\" title=\"\u00abDocentes del IES Nazar\u00ed asisten a un encuentro de formaci\u00f3n del profesorado en la isla caribe\u00f1a de Sint Maarten\u00bb \u2014 Radio Salobre\u00f1a | Tu radio municipal en internet\" src=\"https:\/\/www.radiosalobrena.com\/docentes-del-ies-nazari-asisten-a-un-encuentro-de-formacion-del-profesorado-en-la-isla-caribena-de-sint-maarten\/embed\/#?secret=FtYGOPc732#?secret=qrxFYFHjdh\" data-secret=\"qrxFYFHjdh\" width=\"600\" height=\"338\" frameborder=\"0\" marginwidth=\"0\" marginheight=\"0\" scrolling=\"no\"><\/iframe><\/p>\n<p>&nbsp;<\/p>\n<hr>\n<p><strong><span style=\"color: #ff0000\">PRESS &#8211; 07<\/span><\/strong><\/p>\n<p><a href=\"https:\/\/blogsaverroes.juntadeandalucia.es\/unitedcolors\/files\/2022\/04\/nota-de-prensa-taller-lego.png\"><br \/>\n<img loading=\"lazy\" decoding=\"async\" class=\"aligncenter size-full wp-image-561\" src=\"https:\/\/blogsaverroes.juntadeandalucia.es\/unitedcolors\/files\/2022\/04\/nota-de-prensa-taller-lego.png\" alt=\"\" width=\"594\" height=\"898\" srcset=\"https:\/\/blogsaverroes.juntadeandalucia.es\/unitedcolors\/files\/2022\/04\/nota-de-prensa-taller-lego.png 594w, https:\/\/blogsaverroes.juntadeandalucia.es\/unitedcolors\/files\/2022\/04\/nota-de-prensa-taller-lego-198x300.png 198w\" sizes=\"(max-width: 594px) 100vw, 594px\" \/><\/a><\/p>\n<hr>\n<p>&nbsp;<\/p>\n<p>&nbsp;<\/p>\n<p><span style=\"color: #ff0000\"><strong>PRESS &#8211; 08<\/strong><\/span><\/p>\n<blockquote class=\"wp-embedded-content\" data-secret=\"YVmHHrES46\"><p><a href=\"https:\/\/www.radiosalobrena.com\/alumnos-del-ies-nazari-participan-en-un-taller-de-lego-para-desarrollar-sus-habilidades-emprendedoras\/\">Alumnos del IES Nazar\u00ed participan en un Taller de Lego para desarrollar sus habilidades emprendedoras<\/a><\/p><\/blockquote>\n<p><iframe class=\"wp-embedded-content\" sandbox=\"allow-scripts\" security=\"restricted\" style=\"position: absolute; clip: rect(1px, 1px, 1px, 1px);\" title=\"\u00abAlumnos del IES Nazar\u00ed participan en un Taller de Lego para desarrollar sus habilidades emprendedoras\u00bb \u2014 Radio Salobre\u00f1a | Tu radio municipal en internet\" src=\"https:\/\/www.radiosalobrena.com\/alumnos-del-ies-nazari-participan-en-un-taller-de-lego-para-desarrollar-sus-habilidades-emprendedoras\/embed\/#?secret=tACVD3xEji#?secret=YVmHHrES46\" data-secret=\"YVmHHrES46\" width=\"600\" height=\"338\" frameborder=\"0\" marginwidth=\"0\" marginheight=\"0\" scrolling=\"no\"><\/iframe><\/p>\n<hr>\n<p><strong><span style=\"color: #ff0000\">PRESS &#8211; 09<\/span><\/strong><\/p>\n<p><span style=\"color: #000000\"><strong>Entrevista a Rosa S\u00e1nchez P\u00e9rez sobre los&nbsp; cinco Talleres Lego Serious Play impartidos en el I.E.S. Nazar\u00ed el d\u00eda 7 de abril de 2022.<\/strong><\/span><\/p>\n<!--[if lt IE 9]><script>document.createElement('audio');<\/script><![endif]-->\n<audio class=\"wp-audio-shortcode\" id=\"audio-504-1\" preload=\"none\" style=\"width: 100%;\" controls=\"controls\"><source type=\"audio\/mpeg\" src=\"https:\/\/blogsaverroes.juntadeandalucia.es\/unitedcolors\/files\/2022\/04\/AUD-20220407-WA0009.mp3?_=1\" \/><a href=\"https:\/\/blogsaverroes.juntadeandalucia.es\/unitedcolors\/files\/2022\/04\/AUD-20220407-WA0009.mp3\">https:\/\/blogsaverroes.juntadeandalucia.es\/unitedcolors\/files\/2022\/04\/AUD-20220407-WA0009.mp3<\/a><\/audio>\n<hr>\n<p><strong><span style=\"color: #ff0000\">PRESS &#8211; 10<\/span><\/strong><\/p>\n<p><span style=\"color: #000000\"><strong>Entrevista a Rosa S\u00e1nchez P\u00e9rez sobre los&nbsp; cinco Talleres Lego Serious Play impartidos en el I.E.S. Nazar\u00ed el d\u00eda 7 de abril de 2022.<\/strong><\/span><\/p>\n<audio class=\"wp-audio-shortcode\" id=\"audio-504-2\" preload=\"none\" style=\"width: 100%;\" controls=\"controls\"><source type=\"audio\/mpeg\" src=\"https:\/\/blogsaverroes.juntadeandalucia.es\/unitedcolors\/files\/2023\/04\/Entrevista-erasmus-7-abril-2022.mp3?_=2\" \/><a href=\"https:\/\/blogsaverroes.juntadeandalucia.es\/unitedcolors\/files\/2023\/04\/Entrevista-erasmus-7-abril-2022.mp3\">https:\/\/blogsaverroes.juntadeandalucia.es\/unitedcolors\/files\/2023\/04\/Entrevista-erasmus-7-abril-2022.mp3<\/a><\/audio>\n<hr>\n<p><strong><span style=\"color: #ff0000\">PRESS &#8211; 11<\/span><\/strong><\/p>\n<p>Entrevista Erasmus+ a Rosa S\u00e1nchez P\u00e9rez sobre la Movilidad a Londres y pr\u00f3xima agenda. 30 mayo 2022<\/p>\n<audio class=\"wp-audio-shortcode\" id=\"audio-504-3\" preload=\"none\" style=\"width: 100%;\" controls=\"controls\"><source type=\"audio\/mpeg\" src=\"https:\/\/blogsaverroes.juntadeandalucia.es\/unitedcolors\/files\/2023\/04\/Entrevista-Erasmus-30-mayo-2022.mp3?_=3\" \/><a href=\"https:\/\/blogsaverroes.juntadeandalucia.es\/unitedcolors\/files\/2023\/04\/Entrevista-Erasmus-30-mayo-2022.mp3\">https:\/\/blogsaverroes.juntadeandalucia.es\/unitedcolors\/files\/2023\/04\/Entrevista-Erasmus-30-mayo-2022.mp3<\/a><\/audio>\n<hr>\n<p><strong><span style=\"color: #ff0000\">PRESS &#8211; 12<\/span><\/strong><\/p>\n<p>Entrevista Erasmus+ a Alejandro Molina L\u00f3pez sobre la Movilidad a Estonia. 20 enero 2023<\/p>\n<audio class=\"wp-audio-shortcode\" id=\"audio-504-4\" preload=\"none\" style=\"width: 100%;\" controls=\"controls\"><source type=\"audio\/mpeg\" src=\"https:\/\/blogsaverroes.juntadeandalucia.es\/unitedcolors\/files\/2023\/04\/Entrevista-erasmus-20-enero-2023.mp3?_=4\" \/><a href=\"https:\/\/blogsaverroes.juntadeandalucia.es\/unitedcolors\/files\/2023\/04\/Entrevista-erasmus-20-enero-2023.mp3\">https:\/\/blogsaverroes.juntadeandalucia.es\/unitedcolors\/files\/2023\/04\/Entrevista-erasmus-20-enero-2023.mp3<\/a><\/audio>\n<hr>\n<p><strong><span style=\"color: #ff0000\">PRESS &#8211; 13<\/span><\/strong><\/p>\n<p>Entrevista Erasmus+ a Rosa S\u00e1nchez P\u00e9rez sobre las II Jornadas de Emprendimiento y la I Feria Nazar\u00ed Emprende. 22 febrero 2023<\/p>\n<audio class=\"wp-audio-shortcode\" id=\"audio-504-5\" preload=\"none\" style=\"width: 100%;\" controls=\"controls\"><source type=\"audio\/mpeg\" src=\"https:\/\/blogsaverroes.juntadeandalucia.es\/unitedcolors\/files\/2023\/04\/Entrevista-erasmus-7-abril-2022.mp3?_=5\" \/><a href=\"https:\/\/blogsaverroes.juntadeandalucia.es\/unitedcolors\/files\/2023\/04\/Entrevista-erasmus-7-abril-2022.mp3\">https:\/\/blogsaverroes.juntadeandalucia.es\/unitedcolors\/files\/2023\/04\/Entrevista-erasmus-7-abril-2022.mp3<\/a><\/audio>\n<hr>\n<p>&nbsp;<\/p>\n","protected":false},"excerpt":{"rendered":"<p>&nbsp; PRESS &#8211; 01 PRESS &#8211; 02 &nbsp; PRESS &#8211; 03 PRESS &#8211; 04 &nbsp; &nbsp; PRESS &#8211; 05 PRESS &#8211; 06 Docentes del IES&hellip;<\/p>\n","protected":false},"author":3523,"featured_media":0,"parent":0,"menu_order":0,"comment_status":"closed","ping_status":"closed","template":"","meta":{"ngg_post_thumbnail":0,"footnotes":""},"aioseo_notices":[],"_links":{"self":[{"href":"https:\/\/blogsaverroes.juntadeandalucia.es\/unitedcolors\/wp-json\/wp\/v2\/pages\/504"}],"collection":[{"href":"https:\/\/blogsaverroes.juntadeandalucia.es\/unitedcolors\/wp-json\/wp\/v2\/pages"}],"about":[{"href":"https:\/\/blogsaverroes.juntadeandalucia.es\/unitedcolors\/wp-json\/wp\/v2\/types\/page"}],"author":[{"embeddable":true,"href":"https:\/\/blogsaverroes.juntadeandalucia.es\/unitedcolors\/wp-json\/wp\/v2\/users\/3523"}],"replies":[{"embeddable":true,"href":"https:\/\/blogsaverroes.juntadeandalucia.es\/unitedcolors\/wp-json\/wp\/v2\/comments?post=504"}],"version-history":[{"count":20,"href":"https:\/\/blogsaverroes.juntadeandalucia.es\/unitedcolors\/wp-json\/wp\/v2\/pages\/504\/revisions"}],"predecessor-version":[{"id":655,"href":"https:\/\/blogsaverroes.juntadeandalucia.es\/unitedcolors\/wp-json\/wp\/v2\/pages\/504\/revisions\/655"}],"wp:attachment":[{"href":"https:\/\/blogsaverroes.juntadeandalucia.es\/unitedcolors\/wp-json\/wp\/v2\/media?parent=504"}],"curies":[{"name":"wp","href":"https:\/\/api.w.org\/{rel}","templated":true}]}}