{"id":6691,"date":"2025-10-27T10:22:33","date_gmt":"2025-10-27T09:22:33","guid":{"rendered":"https:\/\/blogsaverroes.juntadeandalucia.es\/valderrubio\/?page_id=6691"},"modified":"2026-04-30T10:55:05","modified_gmt":"2026-04-30T08:55:05","slug":"planes-y-programas","status":"publish","type":"page","link":"https:\/\/blogsaverroes.juntadeandalucia.es\/valderrubio\/planes-y-programas\/","title":{"rendered":"Planes y programas"},"content":{"rendered":"<h1><span style=\"font-size: 30pt\">PLANES Y PROGRAMAS 2025\/2026<\/span><\/h1>\n<h1><strong>Programas de participaci\u00f3n de oficio.<\/strong><\/h1>\n<p>&nbsp;<\/p>\n<table style=\"height: 162px;width: 100%;border-collapse: collapse;background-color: #ffffff\">\n<tbody>\n<tr style=\"height: 162px\">\n<td style=\"width: 20%;height: 162px\"><img loading=\"lazy\" decoding=\"async\" class=\"aligncenter\" src=\"https:\/\/eaprendizaje.ced.junta-andalucia.es\/wp-content\/uploads\/2025\/09\/Logo-Bibliotecas-Escolares.png\" width=\"91\" height=\"91\"><\/p>\n<p style=\"text-align: center\"><a href=\"https:\/\/www.juntadeandalucia.es\/educacion\/eaprendizaje\/programa-bibliotecas-escolares\/\">Bibliotecas escolares.<\/a><\/p>\n<\/td>\n<td style=\"width: 20%;height: 162px\">\n<p style=\"text-align: center\"><img loading=\"lazy\" decoding=\"async\" class=\"aligncenter\" style=\"font-family: inherit;font-size: inherit\" src=\"https:\/\/img.freepik.com\/vector-premium\/concepto-logotipo-salud-mental-bienestar-emocionallogotipo-redondo-agua-persona-sentada-blanco_891930-76.jpg\" alt=\"Concepto de logotipo de salud mental y bienestar ...\" width=\"98\" height=\"98\"><\/p>\n<p style=\"text-align: center\"><a href=\"https:\/\/www.juntadeandalucia.es\/educacion\/portales\/web\/planes-y-programas\/programas-desarrollo-educativo\/bienestar-emocional\/desarrollo\">Bienestar emocional<\/a><\/p>\n<\/td>\n<td style=\"width: 20%;height: 162px\">\n<p style=\"text-align: center\"><img loading=\"lazy\" decoding=\"async\" class=\"aligncenter\" style=\"font-family: inherit;font-size: inherit\" src=\"https:\/\/blogsaverroes.juntadeandalucia.es\/ceipelmanantial\/files\/2020\/03\/Plan-de-apertura-300x220.jpg\" width=\"119\" height=\"87\"><\/p>\n<p style=\"text-align: center\"><strong>Plan de apertura de centros docentes<\/strong>.<\/p>\n<p style=\"text-align: center\">Es un programa que busca la conciliaci\u00f3n familiar y laboral ofreciendo servicios de aula matinal, comedor y actividades extraescolares.<\/p>\n<\/td>\n<td style=\"width: 20%;height: 162px\"><img loading=\"lazy\" decoding=\"async\" class=\"aligncenter\" src=\"https:\/\/www.iesgrancapitan.org\/wp-content\/uploads\/sites\/2\/2022\/02\/Logo_Igualdad_Genero-300x240.png\" alt=\"Plan estrat\u00e9gico de Igualdad de G\u00e9nero en Educaci\u00f3n \u2013 Centro ...\" width=\"109\" height=\"87\"><\/p>\n<p style=\"text-align: center\"><a href=\"https:\/\/www.juntadeandalucia.es\/educacion\/portals\/web\/igualdad\/plan-igualdad\">Plan de igualdad de g\u00e9nero en educaci\u00f3n de Andaluc\u00eda<\/a><\/p>\n<\/td>\n<td style=\"width: 20%;height: 162px\">\n<p style=\"text-align: center\"><img loading=\"lazy\" decoding=\"async\" class=\"\" src=\"https:\/\/www.juntadeandalucia.es\/educacion\/eaprendizaje\/wp-content\/uploads\/2021\/09\/logo-TED.png\" width=\"70\" height=\"70\"><img loading=\"lazy\" decoding=\"async\" class=\"\" src=\"https:\/\/espanadigital.gob.es\/sites\/espanadigital\/files\/2024-04\/2023-11-escuela40-kit-300x90.jpg\" alt=\"Logo C\u00f3digo Escuela 4.0\" width=\"206\" height=\"62\"><\/p>\n<p style=\"text-align: center\">TDE (Plan de Actuaci\u00f3n Digital &#8211; <a href=\"https:\/\/espanadigital.gob.es\/lineas-de-actuacion\/programa-codigo-escuela-40\">C\u00f3digo Escuela 4.0<\/a>)<\/p>\n<\/td>\n<\/tr>\n<\/tbody>\n<\/table>\n<h1><strong>Convocatoria general<\/strong><\/h1>\n<table style=\"width: 100%;border-collapse: collapse;background-color: #ffffff\">\n<tbody>\n<tr>\n<td style=\"width: 25%\">Practicum &#8211; Grado Maestro<\/td>\n<td style=\"width: 25%\">&nbsp;<\/td>\n<td style=\"width: 50%\">&nbsp;<\/td>\n<\/tr>\n<\/tbody>\n<\/table>\n<h1>&nbsp;<\/h1>\n<h1><strong>Convocatoria espec\u00edfica<\/strong><\/h1>\n<p>&nbsp;<\/p>\n<table style=\"height: 22px;width: 100%;border-collapse: collapse;border-color: #ffffff\">\n<tbody>\n<tr style=\"height: 22px\">\n<td style=\"width: 19.9945%;height: 22px\"><img loading=\"lazy\" decoding=\"async\" class=\"wp-image-6696 aligncenter\" src=\"https:\/\/blogsaverroes.juntadeandalucia.es\/valderrubio\/files\/2025\/10\/Captura-de-pantalla-de-2025-10-27-11-22-41.png\" alt=\"\" width=\"102\" height=\"102\" srcset=\"https:\/\/blogsaverroes.juntadeandalucia.es\/valderrubio\/files\/2025\/10\/Captura-de-pantalla-de-2025-10-27-11-22-41.png 261w, https:\/\/blogsaverroes.juntadeandalucia.es\/valderrubio\/files\/2025\/10\/Captura-de-pantalla-de-2025-10-27-11-22-41-150x150.png 150w, https:\/\/blogsaverroes.juntadeandalucia.es\/valderrubio\/files\/2025\/10\/Captura-de-pantalla-de-2025-10-27-11-22-41-80x80.png 80w\" sizes=\"(max-width: 102px) 100vw, 102px\" \/><\/p>\n<p style=\"text-align: center\"><a href=\"https:\/\/www.juntadeandalucia.es\/educacion\/portales\/web\/planes-y-programas\/programas-desarrollo-educativo\/comunidades-de-aprendizaje\/presentacion\">Comunidades de aprendizaje<\/a><\/p>\n<\/td>\n<td style=\"width: 21.1762%;height: 22px\">\n<p style=\"text-align: center\"><a href=\"https:\/\/www.juntadeandalucia.es\/educacion\/portales\/web\/planes-y-programas\/programas-desarrollo-educativo\/mas-deporte\/presentacion\"><img loading=\"lazy\" decoding=\"async\" class=\"aligncenter\" src=\"https:\/\/carriles.es\/wp-content\/uploads\/2024\/11\/POGRAMA-300x300.png\" alt=\"Programa M\u00e1s Deporte \u2013 CARRILES Animaci\u00f3n y Aventura\" width=\"127\" height=\"127\"><\/a><a href=\"https:\/\/www.juntadeandalucia.es\/educacion\/portales\/web\/planes-y-programas\/programas-desarrollo-educativo\/mas-deporte\/presentacion\">M<\/a><a href=\"https:\/\/www.juntadeandalucia.es\/educacion\/portales\/web\/planes-y-programas\/programas-desarrollo-educativo\/mas-deporte\/presentacion\">\u00e1s deporte<\/a><\/p>\n<\/td>\n<td style=\"width: 20.3282%;height: 22px\"><img loading=\"lazy\" decoding=\"async\" class=\"aligncenter\" style=\"text-align: center\" src=\"https:\/\/www.juntadeandalucia.es\/educacion\/portales\/documents\/722046\/1158780\/logo-proa.png\/f7916b0b-e959-af6d-bcad-fd3a2fe0b0e9?t=1739449069744\" width=\"169\" height=\"51\"><\/p>\n<p style=\"text-align: center\"><a href=\"https:\/\/www.juntadeandalucia.es\/educacion\/portales\/web\/planes-y-programas\/programas-desarrollo-educativo\/proa\/presentacion\">PROA<\/a>.<\/p>\n<\/td>\n<td style=\"width: 20.2169%;height: 22px\"><img loading=\"lazy\" decoding=\"async\" class=\"aligncenter\" src=\"https:\/\/encrypted-tbn0.gstatic.com\/images?q=tbn:ANd9GcRk5fLws7gS1VGX0QlU3fWbro1ln9aySvCo6Q&amp;s\" alt=\"Red Andaluza de Aprendizaje-Servicio\" width=\"134\" height=\"134\"><\/p>\n<p style=\"text-align: center\"><a href=\"https:\/\/www.juntadeandalucia.es\/educacion\/portales\/web\/planes-y-programas\/programas-desarrollo-educativo\/aprendizaje-servicio\/presentacion\">Proyecto Aprendizaje &#8211; Servicio<\/a><\/p>\n<\/td>\n<\/tr>\n<\/tbody>\n<\/table>\n<p><img loading=\"lazy\" decoding=\"async\" class=\"alignnone  wp-image-6700\" src=\"https:\/\/blogsaverroes.juntadeandalucia.es\/valderrubio\/files\/2026\/04\/Cartel-FSE-Prioridad-3-724x1024.png\" alt=\"\" width=\"202\" height=\"286\" srcset=\"https:\/\/blogsaverroes.juntadeandalucia.es\/valderrubio\/files\/2026\/04\/Cartel-FSE-Prioridad-3-724x1024.png 724w, https:\/\/blogsaverroes.juntadeandalucia.es\/valderrubio\/files\/2026\/04\/Cartel-FSE-Prioridad-3-212x300.png 212w, https:\/\/blogsaverroes.juntadeandalucia.es\/valderrubio\/files\/2026\/04\/Cartel-FSE-Prioridad-3-768x1086.png 768w, https:\/\/blogsaverroes.juntadeandalucia.es\/valderrubio\/files\/2026\/04\/Cartel-FSE-Prioridad-3-1086x1536.png 1086w, https:\/\/blogsaverroes.juntadeandalucia.es\/valderrubio\/files\/2026\/04\/Cartel-FSE-Prioridad-3-1448x2048.png 1448w, https:\/\/blogsaverroes.juntadeandalucia.es\/valderrubio\/files\/2026\/04\/Cartel-FSE-Prioridad-3.png 1587w\" sizes=\"(max-width: 202px) 100vw, 202px\" \/>&nbsp; &nbsp; &nbsp; &nbsp; &nbsp; &nbsp; &nbsp;&nbsp; <img loading=\"lazy\" decoding=\"async\" class=\"alignnone  wp-image-6702\" src=\"https:\/\/blogsaverroes.juntadeandalucia.es\/valderrubio\/files\/2026\/04\/Anexo_II_Cartel_Prioridad-7-724x1024.png\" alt=\"\" width=\"200\" height=\"283\" srcset=\"https:\/\/blogsaverroes.juntadeandalucia.es\/valderrubio\/files\/2026\/04\/Anexo_II_Cartel_Prioridad-7-724x1024.png 724w, https:\/\/blogsaverroes.juntadeandalucia.es\/valderrubio\/files\/2026\/04\/Anexo_II_Cartel_Prioridad-7-212x300.png 212w, https:\/\/blogsaverroes.juntadeandalucia.es\/valderrubio\/files\/2026\/04\/Anexo_II_Cartel_Prioridad-7-768x1086.png 768w, https:\/\/blogsaverroes.juntadeandalucia.es\/valderrubio\/files\/2026\/04\/Anexo_II_Cartel_Prioridad-7-1086x1536.png 1086w, https:\/\/blogsaverroes.juntadeandalucia.es\/valderrubio\/files\/2026\/04\/Anexo_II_Cartel_Prioridad-7-1448x2048.png 1448w, https:\/\/blogsaverroes.juntadeandalucia.es\/valderrubio\/files\/2026\/04\/Anexo_II_Cartel_Prioridad-7.png 1587w\" sizes=\"(max-width: 200px) 100vw, 200px\" \/><\/p>\n<p>El programa PROA y los Servicios de Apoyo Educativo (PTIS) est\u00e1n financiado por las siguientes instituciones:<\/p>\n<p><strong><img decoding=\"async\" src=\"https:\/\/www.juntadeandalucia.es\/educacion\/portales\/documents\/722046\/1158780\/Encabez_logos+FSE%2B+21-27_actualizadoFeb25-2.png\/1f8ad7a0-c13a-3b02-0152-3b5ecafd11e6?t=1743683718571&amp;download=true\" alt=\"Responsive Image\"><\/strong><\/p>\n<p>&nbsp;<\/p>\n<h1>Programas internacionales<\/h1>\n<table style=\"width: 100%;border-collapse: collapse;background-color: #ffffff\">\n<tbody>\n<tr>\n<td style=\"width: 25%\"><img loading=\"lazy\" decoding=\"async\" class=\"aligncenter\" src=\"https:\/\/www.juntadeandalucia.es\/educacion\/portals\/ishare-servlet\/content\/76e9d634-feb5-4d62-b53a-ee5f4637c1b7\" alt=\"Proyectos Erasmus+ - Consejer\u00eda de Desarrollo Educativo y Formaci\u00f3n Profesional\" width=\"231\" height=\"66\"><\/p>\n<p style=\"text-align: center\"><a href=\"https:\/\/www.juntadeandalucia.es\/educacion\/portales\/web\/programas-educativos-internacionales\/programas-educativos-europeos\/erasmus\">Erasmus +<\/a><\/p>\n<\/td>\n<td style=\"width: 25%\">&nbsp;<\/td>\n<td style=\"width: 50%\">&nbsp;<\/td>\n<\/tr>\n<\/tbody>\n<\/table>\n<p>&nbsp;<\/p>\n","protected":false},"excerpt":{"rendered":"<p>PLANES Y PROGRAMAS 2025\/2026 Programas de participaci\u00f3n de oficio. &nbsp; Bibliotecas escolares. Bienestar emocional Plan de apertura de centros docentes. Es un programa que busca la conciliaci\u00f3n familiar y laboral ofreciendo servicios de aula&#46;&#46;&#46;<\/p>\n","protected":false},"author":19102,"featured_media":0,"parent":0,"menu_order":0,"comment_status":"closed","ping_status":"closed","template":"","meta":{"_exactmetrics_skip_tracking":false,"_exactmetrics_sitenote_active":false,"_exactmetrics_sitenote_note":"","_exactmetrics_sitenote_category":0,"ngg_post_thumbnail":0,"footnotes":""},"aioseo_notices":[],"_links":{"self":[{"href":"https:\/\/blogsaverroes.juntadeandalucia.es\/valderrubio\/wp-json\/wp\/v2\/pages\/6691"}],"collection":[{"href":"https:\/\/blogsaverroes.juntadeandalucia.es\/valderrubio\/wp-json\/wp\/v2\/pages"}],"about":[{"href":"https:\/\/blogsaverroes.juntadeandalucia.es\/valderrubio\/wp-json\/wp\/v2\/types\/page"}],"author":[{"embeddable":true,"href":"https:\/\/blogsaverroes.juntadeandalucia.es\/valderrubio\/wp-json\/wp\/v2\/users\/19102"}],"replies":[{"embeddable":true,"href":"https:\/\/blogsaverroes.juntadeandalucia.es\/valderrubio\/wp-json\/wp\/v2\/comments?post=6691"}],"version-history":[{"count":4,"href":"https:\/\/blogsaverroes.juntadeandalucia.es\/valderrubio\/wp-json\/wp\/v2\/pages\/6691\/revisions"}],"predecessor-version":[{"id":6703,"href":"https:\/\/blogsaverroes.juntadeandalucia.es\/valderrubio\/wp-json\/wp\/v2\/pages\/6691\/revisions\/6703"}],"wp:attachment":[{"href":"https:\/\/blogsaverroes.juntadeandalucia.es\/valderrubio\/wp-json\/wp\/v2\/media?parent=6691"}],"curies":[{"name":"wp","href":"https:\/\/api.w.org\/{rel}","templated":true}]}}