{"id":332,"date":"2024-06-14T19:33:20","date_gmt":"2024-06-14T17:33:20","guid":{"rendered":"https:\/\/blogsaverroes.juntadeandalucia.es\/vegacima\/?page_id=332"},"modified":"2024-06-19T13:13:15","modified_gmt":"2024-06-19T11:13:15","slug":"concrecion-para-el-curso-2023-24","status":"publish","type":"page","link":"https:\/\/blogsaverroes.juntadeandalucia.es\/vegacima\/programa-cima\/concrecion-para-el-curso-2023-24\/","title":{"rendered":"Concreci\u00f3n para el curso 2023\/24"},"content":{"rendered":"<p><img loading=\"lazy\" decoding=\"async\" class=\"alignleft wp-image-344\" src=\"https:\/\/blogsaverroes.juntadeandalucia.es\/vegacima\/files\/2024\/06\/cima-bandera-278x300.jpg\" alt=\"Programa CIMA\" width=\"150\" height=\"162\" srcset=\"https:\/\/blogsaverroes.juntadeandalucia.es\/vegacima\/files\/2024\/06\/cima-bandera-278x300.jpg 278w, https:\/\/blogsaverroes.juntadeandalucia.es\/vegacima\/files\/2024\/06\/cima-bandera-950x1024.jpg 950w, https:\/\/blogsaverroes.juntadeandalucia.es\/vegacima\/files\/2024\/06\/cima-bandera-768x828.jpg 768w, https:\/\/blogsaverroes.juntadeandalucia.es\/vegacima\/files\/2024\/06\/cima-bandera-700x754.jpg 700w, https:\/\/blogsaverroes.juntadeandalucia.es\/vegacima\/files\/2024\/06\/cima-bandera.jpg 1302w\" sizes=\"(max-width: 150px) 100vw, 150px\" \/>En esta p\u00e1gina se explica la organizaci\u00f3n del <strong><span style=\"color: #008000\">Programa para la Innovaci\u00f3n y la Mejora de los Aprendizajes<\/span><\/strong> (<strong><span style=\"color: #008000\">Programa CIMA<\/span><\/strong>), en su concreci\u00f3n para el <strong>curso 2023\/24<\/strong> en el Instituto de Educaci\u00f3n Secundaria Vega de Atarfe.<\/p>\n<p>Recomendamos, si no se ha hecho previamente, leer la p\u00e1gina <a href=\"https:\/\/blogsaverroes.juntadeandalucia.es\/vegacima\/programa-cima\/que-es\/\">Programa CIMA &gt; \u00bfQu\u00e9 es?<\/a> de este espacio Web, donde se explican qu\u00e9 son cada uno de los apartados de los que consta el <strong><span style=\"color: #008000\">Programa CIMA<\/span><\/strong>.<\/p>\n<p>&nbsp;<\/p>\n<h2>Convocatoria y Resoluci\u00f3n<\/h2>\n<p>El <strong><span style=\"color: #008000\">Programa CIMA<\/span><\/strong> se <strong>convocada <\/strong>para este curso mediante la <a href=\"https:\/\/blogsaverroes.juntadeandalucia.es\/vegacima\/programa-cima\/que-es\/231103_resolucion_cimaf\/\">Resoluci\u00f3n de 3 de noviembre, de la Direcci\u00f3n General de Tecnolog\u00edas Avanzadas y Transformaci\u00f3n Educativa, sobre los programas para la innovaci\u00f3n y mejora del aprendizaje, Programa CIMA, y su convocatoria para el curso acad\u00e9mico 2023\/24<\/a>.<\/p>\n<p>Nuestro centro present\u00f3 la <strong>solicitud<\/strong> en los plazos establecidos, y la misma fue <strong>admitida<\/strong> mediante la <a href=\"https:\/\/blogsaverroes.juntadeandalucia.es\/vegacima\/files\/2024\/06\/resolucion-admitida-23-24.pdf\">Resoluci\u00f3n de 3 de diciembre de 2023, de la Direcci\u00f3n General de Tecnolog\u00edas Avanzadas y Transformaci\u00f3n Educativa, por la que se aprueban las listas definitivas de centros seleccionados en la convocatoria del Programa para la Innovaci\u00f3n y Mejora del Aprendizaje, Programa CIMA, as\u00ed como la relaci\u00f3n de centors excluidos correspondientes al curso 2023\/24<\/a>.<\/p>\n<h2>Equipo CIMA<\/h2>\n<p>El <strong><span style=\"color: #008000\">Equipo CIMA<\/span><\/strong>&nbsp;est\u00e1 formado por los siguientes <strong>agentes del cambio<\/strong> para la transformaci\u00f3n:<\/p>\n<p>Persona <strong>coordinadora<\/strong> del Programa CIMA: <em>Pedro Alberto Ortega<\/em><\/p>\n<p>Personas <strong>responsables de los \u00e1mbitos de conocimiento<\/strong>:<\/p>\n<ul>\n<li>Aldea, Educaci\u00f3n ambiental para la sostenibilidad: <em>Jes\u00fas Mart\u00ednez Ruiz<\/em>.<\/li>\n<li>Promoci\u00f3n de H\u00e1bitos de Vida Saludable: <em>Laura Cuesta Encinas<\/em>.<\/li>\n<li>PLC, comunicaci\u00f3n y alfabetizaci\u00f3n medi\u00e1tica e informacional: <em>Mercedes P\u00e9rez Pat\u00f3n<\/em>.<\/li>\n<li>Arte y Cultura: <em>Eva Mar\u00eda Romero Mu\u00f1oz<\/em>.<\/li>\n<li>STEAM: <em>Francisco Manuel Hidalgo Alonso<\/em>.<\/li>\n<\/ul>\n<p><strong>Alumnado<\/strong> colaborador: <em>Todo el alumnado del centro<\/em> est\u00e1 implicado en alguna de las l\u00edneas de actuaci\u00f3n a desarrollar. Se cita, por ejemplo, las eco patrullas de reciclaje, que van rotando en grupos durante el curso, entre otros ejemplos.<\/p>\n<p>Departamento de <strong>Orientaci\u00f3n<\/strong><\/p>\n<p>Departamento de <strong>Formaci\u00f3n, Evaluaci\u00f3n e Innovaci\u00f3n Educativa<\/strong><\/p>\n<p>Personas responsables de la coordinaci\u00f3n de <strong>otros proyectos, planes y programas<\/strong> que se desarrollan en el centro:<\/p>\n<ul>\n<li>Proyecto PIIISA, M\u00e1s Equidad, Igualdad, Convivencia, Feria de la Ciencia, etc.<\/li>\n<\/ul>\n<p><strong>Enfermer\u00eda referente<\/strong>.<\/p>\n<p>Otros <strong>agentes sociales<\/strong>.<\/p>\n<ul>\n<li>Ayuntamiento de Atarfe<\/li>\n<li>Centro de la Juventud<\/li>\n<li>Asociaci\u00f3n Cultural \u00abCora de Ilb ira\u00bb<\/li>\n<li>Fundaci\u00f3n Sierra Elvira<\/li>\n<li>Departamento de Arqueolog\u00eda de la Universidad de Granada<\/li>\n<\/ul>\n<h2>Centros de inter\u00e9s, \u00c1mbitos de conocimiento y L\u00edneas de Actuaci\u00f3n seleccionados<\/h2>\n<p>Para este curso se desarrollan las siguientes <strong>l\u00edneas de actuaci\u00f3n<\/strong>, agrupadas por sus <strong>\u00e1mbitos de conocimiento<\/strong> y<strong> centros de inter\u00e9s<\/strong>:<\/p>\n<p><img loading=\"lazy\" decoding=\"async\" class=\"alignleft wp-image-104\" src=\"https:\/\/blogsaverroes.juntadeandalucia.es\/vegacima\/files\/2024\/06\/cubo-verde.png\" alt=\"\" width=\"30\" height=\"26\"><strong>Centro de inter\u00e9s<\/strong>:<br \/>\n<strong><span style=\"color: #41b492\">Para la transformaci\u00f3n hacia entornos m\u00e1s sostenibles y saludables<\/span><\/strong><\/p>\n<div class=\"responsive-two-columns\">\n<div style=\"border: 1px solid #41b492;background-color: #e7f4ef\">\n<p><strong>\u00c1mbito de conocimiento<\/strong>: <strong><span style=\"color: #41b492\">Aldea, Educaci\u00f3n ambiental para la sostenibilidad<\/span><\/strong><\/p>\n<p><strong>L\u00edneas de actuaci\u00f3n<\/strong>:<\/p>\n<ul>\n<li>Educaci\u00f3n para la circularidad<\/li>\n<li>Huertos escolares<\/li>\n<\/ul>\n<\/div>\n<div style=\"border: 1px solid #41b492;background-color: #e7f4ef\">\n<p><strong>\u00c1mbito de conocimiento<\/strong>: <strong><span style=\"color: #41b492\">Promoci\u00f3n de H\u00e1bitos de Vida Saludable<\/span><\/strong><\/p>\n<p><strong>L\u00edneas de actuaci\u00f3n<\/strong>:<\/p>\n<ul>\n<li>Inteligencia emocional<\/li>\n<li>Alimentaci\u00f3n saludable<\/li>\n<li>Educaci\u00f3n afectivo-sexual<\/li>\n<li>Higiene digital<\/li>\n<li>Ocio saludable. Prevenci\u00f3n del consumo de sustancias adictivas<\/li>\n<\/ul>\n<\/div>\n<\/div>\n<p>&nbsp;<\/p>\n<p><img loading=\"lazy\" decoding=\"async\" class=\"alignleft wp-image-107\" src=\"https:\/\/blogsaverroes.juntadeandalucia.es\/vegacima\/files\/2024\/06\/cubo-rosa.png\" alt=\"\" width=\"30\" height=\"26\"><strong>Centro de inter\u00e9s<\/strong>:<br \/>\n<strong><span style=\"color: #e83b6d\">Para la transformaci\u00f3n desde la cultura y la alfabetizaci\u00f3n medi\u00e1tica<\/span><\/strong><\/p>\n<div class=\"responsive-two-columns\">\n<div style=\"border: 1px solid #e83b6d;background-color: #fce6f0\">\n<p><strong>\u00c1mbito de conocimiento<\/strong>: <strong><span style=\"color: #e83b6d\">PLC, comunicaci\u00f3n y alfabetizaci\u00f3n medi\u00e1tica e informacional<\/span><\/strong><\/p>\n<p><strong>L\u00ednea de actuaci\u00f3n<\/strong>:<\/p>\n<ul>\n<li>Alfabetizaci\u00f3n medi\u00e1tica<\/li>\n<\/ul>\n<\/div>\n<div style=\"border: 1px solid #e83b6d;background-color: #fce6f0\">\n<p><strong>\u00c1mbito de conocimiento<\/strong>: <strong><span style=\"color: #e83b6d\">Arte y cultura<\/span><\/strong><\/p>\n<p><strong>L\u00ednea de actuaci\u00f3n<\/strong>:<\/p>\n<ul>\n<li>Patrimonio material, inmaterial y natural<\/li>\n<\/ul>\n<\/div>\n<\/div>\n<p>&nbsp;<\/p>\n<p><img loading=\"lazy\" decoding=\"async\" class=\"alignleft wp-image-106\" src=\"https:\/\/blogsaverroes.juntadeandalucia.es\/vegacima\/files\/2024\/06\/cubo-azul.png\" alt=\"\" width=\"30\" height=\"26\">Centro de inter\u00e9s:<br \/>\n<strong><span style=\"color: #2055a2\">Para la transformaci\u00f3n digital educativa<\/span><\/strong><\/p>\n<div class=\"responsive-two-columns\">\n<div style=\"border: 1px solid #2055a2;background-color: #dfe8f4\">\n<p><strong>\u00c1mbito de conocimiento<\/strong>: <strong><span style=\"color: #2055a2\">STEAM<\/span><\/strong><\/p>\n<p><strong>L\u00ednea de actuaci\u00f3n<\/strong>:<\/p>\n<ul>\n<li>Rob\u00f3tica<\/li>\n<\/ul>\n<\/div>\n<div>&nbsp;<\/div>\n<\/div>\n<h2>Actuaciones complementarias<\/h2>\n<p>Durante el curso se han desarrollado las siguientes <strong>actuaciones complementarias<\/strong> del Programa CIMA:<\/p>\n<p><strong><span style=\"color: #41b492\">Aldea, educaci\u00f3n ambiental para la sostenibilidad<\/span><\/strong><\/p>\n<ul>\n<li><a href=\"https:\/\/blogsaverroes.juntadeandalucia.es\/vegacima\/2024\/05\/08\/talleres-para-la-celebracion-del-dia-del-reciclaje\/\">Talleres Recapacicla<\/a><\/li>\n<\/ul>\n<p><strong><span style=\"color: #41b492\">Promoci\u00f3n de h\u00e1bitos de vida saludable<\/span><\/strong><\/p>\n<ul>\n<li>Asesor\u00eda Forma Joven<\/li>\n<\/ul>\n<p><strong><span style=\"color: #e83b6d\">PLC, comunicaci\u00f3n y alfabetizaci\u00f3n medi\u00e1tica e informacional<\/span><\/strong><\/p>\n<ul>\n<li><a href=\"https:\/\/blogsaverroes.juntadeandalucia.es\/vegacima\/2024\/04\/15\/talleres-de-alfabetizacion-mediatica-desenreda\/\">Desenreda<\/a><\/li>\n<\/ul>\n<p><strong><span style=\"color: #e83b6d\">Arte y cultura<\/span><\/strong><\/p>\n<ul>\n<li><a href=\"https:\/\/blogsaverroes.juntadeandalucia.es\/vegacima\/2024\/06\/06\/conciertos-didacticos-flamenco-en-el-aula\/\">Conciertos did\u00e1cticos del flamenco<\/a><\/li>\n<\/ul>\n<p><strong><span style=\"color: #e83b6d\">STEAM<\/span><\/strong><\/p>\n<ul>\n<li>La \u00abhora del c\u00f3digo\u00bb<\/li>\n<li>Retotech<\/li>\n<\/ul>\n<h2>Plan de actuaci\u00f3n<\/h2>\n<p>Pendiente de publicaci\u00f3n.<\/p>\n<p>&nbsp;<\/p>\n<h2>Calendario<\/h2>\n<p>El calendario de gesti\u00f3n del Programa CIMA para el curso 2023\/24 es el siguiente:<\/p>\n<ul>\n<li>del <strong>6 al 27 de noviembre<\/strong>: Presentaci\u00f3n de <strong><span style=\"color: #008000\">solicitudes<\/span><\/strong>, indicando la coordinaci\u00f3n, profesorado participante, responsables de c\u00e1da \u00e1mbito, y las l\u00edneas de actuaci\u00f3n (al menos tres).<\/li>\n<li>del <strong>16 de diciembre al 31 de enero<\/strong>: Grabaci\u00f3n del <strong><span style=\"color: #008000\">Plan de Actuaci\u00f3n<\/span><\/strong> CIMA en S\u00e9neca.<\/li>\n<li>mes de <span style=\"color: #000000\"><strong>mayo<\/strong><\/span>: Consulta de la <strong><span style=\"color: #008000\">valoraci\u00f3n<\/span> <\/strong>en S\u00e9neca.<\/li>\n<li>del<strong> 15 de mayo al 30 de junio<\/strong>: Grabaci\u00f3n en S\u00e9neca del formulario de <strong><span style=\"color: #008000\">Evaluaci\u00f3n<\/span> <\/strong>final.<\/li>\n<li>del <strong>1 de julio al 31 de agosto<\/strong>: <em>Certificaci\u00f3n<\/em> de la participaci\u00f3n.<\/li>\n<\/ul>\n","protected":false},"excerpt":{"rendered":"<p>En esta p\u00e1gina se explica la organizaci\u00f3n del Programa para la Innovaci\u00f3n y la Mejora de los Aprendizajes (Programa CIMA), en su concreci\u00f3n para el curso 2023\/24 en el Instituto de Educaci\u00f3n Secundaria Vega de Atarfe. Recomendamos, si no se ha hecho previamente, leer la p\u00e1gina Programa CIMA &gt; \u00bfQu\u00e9 es? de este espacio Web, &hellip; <\/p>\n<p><a class=\"more-link btn\" href=\"https:\/\/blogsaverroes.juntadeandalucia.es\/vegacima\/programa-cima\/concrecion-para-el-curso-2023-24\/\">Seguir leyendo<\/a><\/p>\n","protected":false},"author":1119,"featured_media":0,"parent":97,"menu_order":0,"comment_status":"closed","ping_status":"closed","template":"","meta":{"ngg_post_thumbnail":0,"footnotes":"","_mc_calendar":[]},"aioseo_notices":[],"_links":{"self":[{"href":"https:\/\/blogsaverroes.juntadeandalucia.es\/vegacima\/wp-json\/wp\/v2\/pages\/332"}],"collection":[{"href":"https:\/\/blogsaverroes.juntadeandalucia.es\/vegacima\/wp-json\/wp\/v2\/pages"}],"about":[{"href":"https:\/\/blogsaverroes.juntadeandalucia.es\/vegacima\/wp-json\/wp\/v2\/types\/page"}],"author":[{"embeddable":true,"href":"https:\/\/blogsaverroes.juntadeandalucia.es\/vegacima\/wp-json\/wp\/v2\/users\/1119"}],"replies":[{"embeddable":true,"href":"https:\/\/blogsaverroes.juntadeandalucia.es\/vegacima\/wp-json\/wp\/v2\/comments?post=332"}],"version-history":[{"count":13,"href":"https:\/\/blogsaverroes.juntadeandalucia.es\/vegacima\/wp-json\/wp\/v2\/pages\/332\/revisions"}],"predecessor-version":[{"id":472,"href":"https:\/\/blogsaverroes.juntadeandalucia.es\/vegacima\/wp-json\/wp\/v2\/pages\/332\/revisions\/472"}],"up":[{"embeddable":true,"href":"https:\/\/blogsaverroes.juntadeandalucia.es\/vegacima\/wp-json\/wp\/v2\/pages\/97"}],"wp:attachment":[{"href":"https:\/\/blogsaverroes.juntadeandalucia.es\/vegacima\/wp-json\/wp\/v2\/media?parent=332"}],"curies":[{"name":"wp","href":"https:\/\/api.w.org\/{rel}","templated":true}]}}