{"id":97,"date":"2024-06-09T20:11:44","date_gmt":"2024-06-09T18:11:44","guid":{"rendered":"https:\/\/blogsaverroes.juntadeandalucia.es\/vegacima\/?page_id=97"},"modified":"2024-06-16T10:29:35","modified_gmt":"2024-06-16T08:29:35","slug":"programa-cima","status":"publish","type":"page","link":"https:\/\/blogsaverroes.juntadeandalucia.es\/vegacima\/","title":{"rendered":"Programa CIMA"},"content":{"rendered":"<p>Bienvenido al portal del <strong>Programa para la Innovaci\u00f3n y la Mejora del Aprendizaje<\/strong> (<strong><span style=\"color: #008000\">Programa CIMA<\/span><\/strong>) del <a href=\"https:\/\/blogsaverroes.juntadeandalucia.es\/iesvegadeatarfe\/\">IES Vega de Atarfe<\/a>.<\/p>\n<div class=\"responsive-two-columns\">\n<div>\n<p style=\"text-align: center\"><a class=\"a-button\" href=\"https:\/\/blogsaverroes.juntadeandalucia.es\/vegacima\/que-es\/\">Qu\u00e9 es<\/a><\/p>\n<\/div>\n<p style=\"text-align: center\"><a class=\"a-button\" href=\"https:\/\/blogsaverroes.juntadeandalucia.es\/vegacima\/programa-cima\/concrecion-para-el-curso-2023-24\/\">Concreci\u00f3n para el curso 2023\/24<\/a><\/p>\n<\/div>\n<p>A continuaci\u00f3n puedes explorar los <strong>\u00e1mbitos de conocimientos<\/strong> que desarrollamos en nuestro centro, agrupados por los <strong>centros de inter\u00e9s<\/strong> del programa:<\/p>\n<div class=\"responsive-three-columns\">\n<div style=\"border: 1px solid #41b492;background-color: #e7f4ef;text-align: center;border-radius: 1em\">\n<p><img loading=\"lazy\" decoding=\"async\" class=\"wp-image-104 aligncenter\" style=\"background: none;border: none\" src=\"https:\/\/blogsaverroes.juntadeandalucia.es\/vegacima\/files\/2024\/06\/cubo-verde.png\" alt=\"\" width=\"50\" height=\"50\"><\/p>\n<p style=\"color: #41b492;font-size: 11pt;line-height: 1em\"><strong>Para la transformaci\u00f3n hacia entornos m\u00e1s sostenibles y saludables<\/strong><\/p>\n<p><a href=\"https:\/\/blogsaverroes.juntadeandalucia.es\/vegacima\/aldea-educacion-ambiental-para-la-sostenibilidad\/\">Aldea, Educaci\u00f3n ambiental para la sostenibilidad<br \/>\n<\/a><br \/>\n<a href=\"https:\/\/blogsaverroes.juntadeandalucia.es\/vegacima\/promocion-de-habitos-de-vida-saludable\/\">Promoci\u00f3n de h\u00e1bitos de vida saludable<br \/>\n<\/a><\/p>\n<\/div>\n<div style=\"border: 1px solid #e83b6d;background-color: #fce6f0;text-align: center;border-radius: 1em\">\n<p><img decoding=\"async\" class=\"wp-image-107 aligncenter\" src=\"https:\/\/blogsaverroes.juntadeandalucia.es\/vegacima\/files\/2024\/06\/cubo-rosa.png\" alt=\"\" width=\"50\" height=\"&quot;50\"><\/p>\n<p style=\"color: #e83b6d;font-size: 11pt;line-height: 1em\"><strong>Para la transformaci\u00f3n desde la cultura y la alfabetizaci\u00f3n medi\u00e1tica<\/strong><\/p>\n<p><a href=\"https:\/\/blogsaverroes.juntadeandalucia.es\/vegacima\/plc-comunicacion-y-alfabetizacion-mediatica-e-informacional\/\">PLC, Comunicaci\u00f3n y alfabetizaci\u00f3n medi\u00e1tica e informacional<br \/>\n<\/a><br \/>\n<a href=\"https:\/\/blogsaverroes.juntadeandalucia.es\/vegacima\/arte-y-cultura\/\">Arte y cultura<br \/>\n<\/a><\/p>\n<\/div>\n<div style=\"border: 1px solid #2055a2;background-color: #dfe8f4;text-align: center;border-radius: 1em\">\n<p><img loading=\"lazy\" decoding=\"async\" class=\"wp-image-106 aligncenter\" src=\"https:\/\/blogsaverroes.juntadeandalucia.es\/vegacima\/files\/2024\/06\/cubo-azul.png\" alt=\"\" width=\"50\" height=\"50\"><\/p>\n<p style=\"color: #2055a2;font-size: 11pt;line-height: 1em\"><strong>Para la transformaci\u00f3n digital educativa<\/strong><\/p>\n<p><a href=\"https:\/\/blogsaverroes.juntadeandalucia.es\/vegacima\/steam\/\">STEAM<br \/>\n<\/a><\/p>\n<\/div>\n<\/div>\n<p>&nbsp;<\/p>\n<div class=\"responsive-two-columns\">\n<div>\n<h2>\u00daltimas actividades&#8230;<\/h2>\n<\/div>\n<div>\n<p style=\"text-align: right;margin-top: .5em\"><a class=\"a-button\" href=\"https:\/\/blogsaverroes.juntadeandalucia.es\/vegacima\/secciones\/actividades\/\">Ver todas las actividades<\/a><\/p>\n<\/div>\n<\/div>\n<div class=\"pt-cv-wrapper\"><div class=\"pt-cv-view pt-cv-grid pt-cv-colsys\" id=\"pt-cv-view-059cb65kca\"><div data-id=\"pt-cv-page-1\" class=\"pt-cv-page\" data-cvc=\"4\"><div class=\"col-md-3 col-sm-3 col-xs-6 pt-cv-content-item pt-cv-1-col\" ><div class='pt-cv-ifield'><a href=\"https:\/\/blogsaverroes.juntadeandalucia.es\/vegacima\/2024\/06\/06\/conciertos-didacticos-flamenco-en-el-aula\/\" class=\"_self pt-cv-href-thumbnail pt-cv-thumb-default\" target=\"_self\" ><img loading=\"lazy\" decoding=\"async\" width=\"150\" height=\"150\" src=\"https:\/\/blogsaverroes.juntadeandalucia.es\/vegacima\/files\/2024\/06\/nggallery_import\/flamenco-aula-2024-16-150x150.jpg\" class=\"pt-cv-thumbnail\" alt=\"\" srcset=\"https:\/\/blogsaverroes.juntadeandalucia.es\/vegacima\/files\/2024\/06\/nggallery_import\/flamenco-aula-2024-16-150x150.jpg 150w, https:\/\/blogsaverroes.juntadeandalucia.es\/vegacima\/files\/2024\/06\/nggallery_import\/flamenco-aula-2024-16-432x432.jpg 432w, https:\/\/blogsaverroes.juntadeandalucia.es\/vegacima\/files\/2024\/06\/nggallery_import\/flamenco-aula-2024-16-268x268.jpg 268w\" sizes=\"(max-width: 150px) 100vw, 150px\" \/><\/a>\n<p class=\"pt-cv-title\"><a href=\"https:\/\/blogsaverroes.juntadeandalucia.es\/vegacima\/2024\/06\/06\/conciertos-didacticos-flamenco-en-el-aula\/\" class=\"_self\" target=\"_self\" >Conciertos did\u00e1cticos Flamenco en el aula<\/a><\/p><\/div><\/div>\n<div class=\"col-md-3 col-sm-3 col-xs-6 pt-cv-content-item pt-cv-1-col\" ><div class='pt-cv-ifield'><a href=\"https:\/\/blogsaverroes.juntadeandalucia.es\/vegacima\/2024\/05\/08\/talleres-para-la-celebracion-del-dia-del-reciclaje\/\" class=\"_self pt-cv-href-thumbnail pt-cv-thumb-default\" target=\"_self\" ><img loading=\"lazy\" decoding=\"async\" width=\"150\" height=\"150\" src=\"https:\/\/blogsaverroes.juntadeandalucia.es\/vegacima\/files\/2024\/06\/nggallery_import\/3ccacbaea5761330cd3ad6584a3b455ca19db534-150x150.jpg\" class=\"pt-cv-thumbnail\" alt=\"\" srcset=\"https:\/\/blogsaverroes.juntadeandalucia.es\/vegacima\/files\/2024\/06\/nggallery_import\/3ccacbaea5761330cd3ad6584a3b455ca19db534-150x150.jpg 150w, https:\/\/blogsaverroes.juntadeandalucia.es\/vegacima\/files\/2024\/06\/nggallery_import\/3ccacbaea5761330cd3ad6584a3b455ca19db534-432x432.jpg 432w, https:\/\/blogsaverroes.juntadeandalucia.es\/vegacima\/files\/2024\/06\/nggallery_import\/3ccacbaea5761330cd3ad6584a3b455ca19db534-268x268.jpg 268w\" sizes=\"(max-width: 150px) 100vw, 150px\" \/><\/a>\n<p class=\"pt-cv-title\"><a href=\"https:\/\/blogsaverroes.juntadeandalucia.es\/vegacima\/2024\/05\/08\/talleres-para-la-celebracion-del-dia-del-reciclaje\/\" class=\"_self\" target=\"_self\" >Talleres para la celebraci\u00f3n del D\u00eda del Reciclaje<\/a><\/p><\/div><\/div>\n<div class=\"col-md-3 col-sm-3 col-xs-6 pt-cv-content-item pt-cv-1-col\" ><div class='pt-cv-ifield'><a href=\"https:\/\/blogsaverroes.juntadeandalucia.es\/vegacima\/2024\/04\/15\/talleres-de-alfabetizacion-mediatica-desenreda\/\" class=\"_self pt-cv-href-thumbnail pt-cv-thumb-default\" target=\"_self\" ><img loading=\"lazy\" decoding=\"async\" width=\"150\" height=\"150\" src=\"https:\/\/blogsaverroes.juntadeandalucia.es\/vegacima\/files\/2024\/06\/nggallery_import\/Desenreda2-150x150.jpeg\" class=\"pt-cv-thumbnail\" alt=\"\" srcset=\"https:\/\/blogsaverroes.juntadeandalucia.es\/vegacima\/files\/2024\/06\/nggallery_import\/Desenreda2-150x150.jpeg 150w, https:\/\/blogsaverroes.juntadeandalucia.es\/vegacima\/files\/2024\/06\/nggallery_import\/Desenreda2-432x432.jpeg 432w, https:\/\/blogsaverroes.juntadeandalucia.es\/vegacima\/files\/2024\/06\/nggallery_import\/Desenreda2-268x268.jpeg 268w\" sizes=\"(max-width: 150px) 100vw, 150px\" \/><\/a>\n<p class=\"pt-cv-title\"><a href=\"https:\/\/blogsaverroes.juntadeandalucia.es\/vegacima\/2024\/04\/15\/talleres-de-alfabetizacion-mediatica-desenreda\/\" class=\"_self\" target=\"_self\" >Talleres de alfabetizaci\u00f3n medi\u00e1tica DESENREDA<\/a><\/p><\/div><\/div>\n<div class=\"col-md-3 col-sm-3 col-xs-6 pt-cv-content-item pt-cv-1-col\" ><div class='pt-cv-ifield'><a href=\"https:\/\/blogsaverroes.juntadeandalucia.es\/vegacima\/2024\/04\/02\/participamos-en-el-concurso-consumopolis-19\/\" class=\"_self pt-cv-href-thumbnail pt-cv-thumb-default\" target=\"_self\" ><img loading=\"lazy\" decoding=\"async\" width=\"150\" height=\"150\" src=\"https:\/\/blogsaverroes.juntadeandalucia.es\/vegacima\/files\/2024\/06\/nggallery_import\/Picture4-150x150.png\" class=\"pt-cv-thumbnail\" alt=\"\" \/><\/a>\n<p class=\"pt-cv-title\"><a href=\"https:\/\/blogsaverroes.juntadeandalucia.es\/vegacima\/2024\/04\/02\/participamos-en-el-concurso-consumopolis-19\/\" class=\"_self\" target=\"_self\" >Participamos en el Concurso Consum\u00f3polis 19<\/a><\/p><\/div><\/div>\n<div class=\"col-md-3 col-sm-3 col-xs-6 pt-cv-content-item pt-cv-1-col\" ><div class='pt-cv-ifield'><a href=\"https:\/\/blogsaverroes.juntadeandalucia.es\/vegacima\/2024\/03\/22\/traduccion-de-la-carteleria-de-seleccion-de-residuos-en-frances\/\" class=\"_self pt-cv-href-thumbnail pt-cv-thumb-default\" target=\"_self\" ><img loading=\"lazy\" decoding=\"async\" width=\"150\" height=\"150\" src=\"https:\/\/blogsaverroes.juntadeandalucia.es\/vegacima\/files\/2024\/06\/nggallery_import\/Gema-1-150x150.png\" class=\"pt-cv-thumbnail\" alt=\"\" srcset=\"https:\/\/blogsaverroes.juntadeandalucia.es\/vegacima\/files\/2024\/06\/nggallery_import\/Gema-1-150x150.png 150w, https:\/\/blogsaverroes.juntadeandalucia.es\/vegacima\/files\/2024\/06\/nggallery_import\/Gema-1-432x432.png 432w, https:\/\/blogsaverroes.juntadeandalucia.es\/vegacima\/files\/2024\/06\/nggallery_import\/Gema-1-268x268.png 268w\" sizes=\"(max-width: 150px) 100vw, 150px\" \/><\/a>\n<p class=\"pt-cv-title\"><a href=\"https:\/\/blogsaverroes.juntadeandalucia.es\/vegacima\/2024\/03\/22\/traduccion-de-la-carteleria-de-seleccion-de-residuos-en-frances\/\" class=\"_self\" target=\"_self\" >Traducci\u00f3n de la carteler\u00eda de selecci\u00f3n de residuos en franc\u00e9s<\/a><\/p><\/div><\/div>\n<div class=\"col-md-3 col-sm-3 col-xs-6 pt-cv-content-item pt-cv-1-col\" ><div class='pt-cv-ifield'><a href=\"https:\/\/blogsaverroes.juntadeandalucia.es\/vegacima\/2024\/01\/29\/visita-a-la-catedral-de-granada\/\" class=\"_self pt-cv-href-thumbnail pt-cv-thumb-default\" target=\"_self\" ><img loading=\"lazy\" decoding=\"async\" width=\"150\" height=\"150\" src=\"https:\/\/blogsaverroes.juntadeandalucia.es\/vegacima\/files\/2024\/06\/240129-Catedral-150x150.jpg\" class=\"pt-cv-thumbnail\" alt=\"Alumnado y profesorado en la escalinata de la plaza de las Pasiegas\" srcset=\"https:\/\/blogsaverroes.juntadeandalucia.es\/vegacima\/files\/2024\/06\/240129-Catedral-150x150.jpg 150w, https:\/\/blogsaverroes.juntadeandalucia.es\/vegacima\/files\/2024\/06\/240129-Catedral-432x432.jpg 432w, https:\/\/blogsaverroes.juntadeandalucia.es\/vegacima\/files\/2024\/06\/240129-Catedral-268x268.jpg 268w\" sizes=\"(max-width: 150px) 100vw, 150px\" \/><\/a>\n<p class=\"pt-cv-title\"><a href=\"https:\/\/blogsaverroes.juntadeandalucia.es\/vegacima\/2024\/01\/29\/visita-a-la-catedral-de-granada\/\" class=\"_self\" target=\"_self\" >Visita a la Catedral de Granada<\/a><\/p><\/div><\/div>\n<div class=\"col-md-3 col-sm-3 col-xs-6 pt-cv-content-item pt-cv-1-col\" ><div class='pt-cv-ifield'><a href=\"https:\/\/blogsaverroes.juntadeandalucia.es\/vegacima\/2023\/06\/05\/erase-una-vez-recapacicla\/\" class=\"_self pt-cv-href-thumbnail pt-cv-thumb-default\" target=\"_self\" ><img loading=\"lazy\" decoding=\"async\" width=\"150\" height=\"150\" src=\"https:\/\/blogsaverroes.juntadeandalucia.es\/vegacima\/files\/2023\/06\/cuento-recapacicla-1-150x150.png\" class=\"pt-cv-thumbnail\" alt=\"\" srcset=\"https:\/\/blogsaverroes.juntadeandalucia.es\/vegacima\/files\/2023\/06\/cuento-recapacicla-1-150x150.png 150w, https:\/\/blogsaverroes.juntadeandalucia.es\/vegacima\/files\/2023\/06\/cuento-recapacicla-1.png 250w\" sizes=\"(max-width: 150px) 100vw, 150px\" \/><\/a>\n<p class=\"pt-cv-title\"><a href=\"https:\/\/blogsaverroes.juntadeandalucia.es\/vegacima\/2023\/06\/05\/erase-una-vez-recapacicla\/\" class=\"_self\" target=\"_self\" >\u00c9rase una vez&#8230; \u00a1Recapacicla!<\/a><\/p><\/div><\/div>\n<div class=\"col-md-3 col-sm-3 col-xs-6 pt-cv-content-item pt-cv-1-col\" ><div class='pt-cv-ifield'><a href=\"https:\/\/blogsaverroes.juntadeandalucia.es\/vegacima\/2023\/06\/05\/infografias-sobre-la-historia-y-caracteristicas-de-la-vega-de-granada\/\" class=\"_self pt-cv-href-thumbnail pt-cv-thumb-default\" target=\"_self\" ><img loading=\"lazy\" decoding=\"async\" width=\"150\" height=\"150\" src=\"https:\/\/blogsaverroes.juntadeandalucia.es\/vegacima\/files\/2024\/06\/nggallery_import\/Berenjena-150x150.png\" class=\"pt-cv-thumbnail\" alt=\"\" srcset=\"https:\/\/blogsaverroes.juntadeandalucia.es\/vegacima\/files\/2024\/06\/nggallery_import\/Berenjena-150x150.png 150w, https:\/\/blogsaverroes.juntadeandalucia.es\/vegacima\/files\/2024\/06\/nggallery_import\/Berenjena-432x432.png 432w, https:\/\/blogsaverroes.juntadeandalucia.es\/vegacima\/files\/2024\/06\/nggallery_import\/Berenjena-268x268.png 268w\" sizes=\"(max-width: 150px) 100vw, 150px\" \/><\/a>\n<p class=\"pt-cv-title\"><a href=\"https:\/\/blogsaverroes.juntadeandalucia.es\/vegacima\/2023\/06\/05\/infografias-sobre-la-historia-y-caracteristicas-de-la-vega-de-granada\/\" class=\"_self\" target=\"_self\" >Infograf\u00edas sobre la historia y caracter\u00edsticas de la Vega de Granada<\/a><\/p><\/div><\/div><\/div><\/div><\/div>\n","protected":false},"excerpt":{"rendered":"<p>Bienvenido al portal del Programa para la Innovaci\u00f3n y la Mejora del Aprendizaje (Programa CIMA) del IES Vega de Atarfe. Qu\u00e9 es Concreci\u00f3n para el curso 2023\/24 A continuaci\u00f3n puedes explorar los \u00e1mbitos de conocimientos que desarrollamos en nuestro centro, agrupados por los centros de inter\u00e9s del programa: Para la transformaci\u00f3n hacia entornos m\u00e1s sostenibles &hellip; <\/p>\n<p><a class=\"more-link btn\" href=\"https:\/\/blogsaverroes.juntadeandalucia.es\/vegacima\/\">Seguir leyendo<\/a><\/p>\n","protected":false},"author":1119,"featured_media":0,"parent":0,"menu_order":0,"comment_status":"closed","ping_status":"closed","template":"","meta":{"ngg_post_thumbnail":0,"footnotes":"","_mc_calendar":[]},"aioseo_notices":[],"_links":{"self":[{"href":"https:\/\/blogsaverroes.juntadeandalucia.es\/vegacima\/wp-json\/wp\/v2\/pages\/97"}],"collection":[{"href":"https:\/\/blogsaverroes.juntadeandalucia.es\/vegacima\/wp-json\/wp\/v2\/pages"}],"about":[{"href":"https:\/\/blogsaverroes.juntadeandalucia.es\/vegacima\/wp-json\/wp\/v2\/types\/page"}],"author":[{"embeddable":true,"href":"https:\/\/blogsaverroes.juntadeandalucia.es\/vegacima\/wp-json\/wp\/v2\/users\/1119"}],"replies":[{"embeddable":true,"href":"https:\/\/blogsaverroes.juntadeandalucia.es\/vegacima\/wp-json\/wp\/v2\/comments?post=97"}],"version-history":[{"count":29,"href":"https:\/\/blogsaverroes.juntadeandalucia.es\/vegacima\/wp-json\/wp\/v2\/pages\/97\/revisions"}],"predecessor-version":[{"id":417,"href":"https:\/\/blogsaverroes.juntadeandalucia.es\/vegacima\/wp-json\/wp\/v2\/pages\/97\/revisions\/417"}],"wp:attachment":[{"href":"https:\/\/blogsaverroes.juntadeandalucia.es\/vegacima\/wp-json\/wp\/v2\/media?parent=97"}],"curies":[{"name":"wp","href":"https:\/\/api.w.org\/{rel}","templated":true}]}}