{"id":2,"date":"2022-11-08T11:56:43","date_gmt":"2022-11-08T11:56:43","guid":{"rendered":"https:\/\/blogsaverroes.juntadeandalucia.es\/vegadptoadministrativo\/?page_id=2"},"modified":"2025-11-12T10:02:07","modified_gmt":"2025-11-12T10:02:07","slug":"pagina-ejemplo","status":"publish","type":"page","link":"https:\/\/blogsaverroes.juntadeandalucia.es\/vegadptoadministrativo\/","title":{"rendered":"Departamento de Administrativo"},"content":{"rendered":"<p><span style=\"font-size: 24pt\">Responsable: Cristina G\u00f3mez S\u00e1nchez<\/span><\/p>\n<p><span style=\"color: #ff6600;font-size: 24pt\">Componentes:<\/span><\/p>\n<ul>\n<li><span style=\"font-size: 14pt\">D. Alberto Bujald\u00f3n Daza<\/span><\/li>\n<li><span style=\"font-size: 14pt\">D\u00f1a. M\u00aa Carmen Dorador&nbsp; \u00c1lvarez<\/span><\/li>\n<li><span style=\"font-size: 14pt\"><span style=\"color: #d10808\">D\u00f1a. Cristina G\u00f3mez<\/span>&nbsp; <span style=\"color: #ff0000\">S\u00e1nchez <\/span>(Jefa de Departamento)<\/span><\/li>\n<li><span style=\"font-size: 14pt\">D. Jos\u00e9 Malpica G\u00f3mez<\/span><\/li>\n<li><span style=\"font-size: 14pt\">D\u00f1a. Alejandra Nogueras Br\u00edas<\/span><\/li>\n<li><span style=\"font-size: 14pt\">D. F\u00e9lix Portillo Palma<\/span><\/li>\n<li><span style=\"font-size: 14pt\">D. Antonio Jes\u00fas Guti\u00e9rrez Rubi\u00f1o<\/span><\/li>\n<li><span style=\"font-size: 14pt\">D. Miguel \u00c1ngel Podadera Pastor<\/span><\/li>\n<li><span style=\"font-size: 14pt\">D. Jos\u00e9 Antonio Santana Moreno<\/span><\/li>\n<li><span style=\"font-size: 14pt\">D\u00f1a. Mar\u00eda G. Torres&nbsp; Antelo (Econom\u00eda)<\/span><\/li>\n<li><span style=\"font-size: 14pt\">D\u00f1a. Antonia Trujillo Ram\u00edrez<\/span><\/li>\n<\/ul>\n<p>&nbsp;<\/p>\n<p><span style=\"color: #ff6600;font-size: 24pt\">Materiales y libros de texto:<\/span><\/p>\n<p><span style=\"font-size: 14pt\">Estamos trabajando en ello&#8230;<\/span><\/p>\n","protected":false},"excerpt":{"rendered":"<p>Responsable: Cristina G\u00f3mez S\u00e1nchez Componentes: D. Alberto Bujald\u00f3n Daza D\u00f1a. M\u00aa Carmen Dorador&nbsp; \u00c1lvarez D\u00f1a. Cristina G\u00f3mez&nbsp; S\u00e1nchez (Jefa de Departamento) D. Jos\u00e9 Malpica G\u00f3mez D\u00f1a. Alejandra Nogueras Br\u00edas D. F\u00e9lix Portillo Palma D. Antonio Jes\u00fas Guti\u00e9rrez Rubi\u00f1o D. Miguel \u00c1ngel Podadera Pastor D. Jos\u00e9 Antonio Santana Moreno D\u00f1a. Mar\u00eda G. Torres&nbsp; Antelo (Econom\u00eda) D\u00f1a. &hellip; <\/p>\n<p><a class=\"more-link btn\" href=\"https:\/\/blogsaverroes.juntadeandalucia.es\/vegadptoadministrativo\/\">Seguir leyendo<\/a><\/p>\n","protected":false},"author":7647,"featured_media":0,"parent":0,"menu_order":0,"comment_status":"closed","ping_status":"open","template":"","meta":{"ngg_post_thumbnail":0,"footnotes":""},"aioseo_notices":[],"_links":{"self":[{"href":"https:\/\/blogsaverroes.juntadeandalucia.es\/vegadptoadministrativo\/wp-json\/wp\/v2\/pages\/2"}],"collection":[{"href":"https:\/\/blogsaverroes.juntadeandalucia.es\/vegadptoadministrativo\/wp-json\/wp\/v2\/pages"}],"about":[{"href":"https:\/\/blogsaverroes.juntadeandalucia.es\/vegadptoadministrativo\/wp-json\/wp\/v2\/types\/page"}],"author":[{"embeddable":true,"href":"https:\/\/blogsaverroes.juntadeandalucia.es\/vegadptoadministrativo\/wp-json\/wp\/v2\/users\/7647"}],"replies":[{"embeddable":true,"href":"https:\/\/blogsaverroes.juntadeandalucia.es\/vegadptoadministrativo\/wp-json\/wp\/v2\/comments?post=2"}],"version-history":[{"count":16,"href":"https:\/\/blogsaverroes.juntadeandalucia.es\/vegadptoadministrativo\/wp-json\/wp\/v2\/pages\/2\/revisions"}],"predecessor-version":[{"id":94,"href":"https:\/\/blogsaverroes.juntadeandalucia.es\/vegadptoadministrativo\/wp-json\/wp\/v2\/pages\/2\/revisions\/94"}],"wp:attachment":[{"href":"https:\/\/blogsaverroes.juntadeandalucia.es\/vegadptoadministrativo\/wp-json\/wp\/v2\/media?parent=2"}],"curies":[{"name":"wp","href":"https:\/\/api.w.org\/{rel}","templated":true}]}}