{"id":1425,"date":"2025-08-31T20:26:54","date_gmt":"2025-08-31T18:26:54","guid":{"rendered":"https:\/\/blogsaverroes.juntadeandalucia.es\/vegaerasmusplus\/?page_id=1425"},"modified":"2025-11-22T09:31:39","modified_gmt":"2025-11-22T08:31:39","slug":"eye-to-a-greener-future","status":"publish","type":"page","link":"https:\/\/blogsaverroes.juntadeandalucia.es\/vegaerasmusplus\/","title":{"rendered":"EYE to a Greener Future 24\/26"},"content":{"rendered":"<p>&nbsp;<\/p>\n<table style=\"border-collapse: collapse;width: 100%;height: 468px\">\n<tbody>\n<tr style=\"height: 468px\">\n<td style=\"width: 50%;height: 468px\"><img loading=\"lazy\" decoding=\"async\" class=\"aligncenter wp-image-1354 size-large\" src=\"https:\/\/blogsaverroes.juntadeandalucia.es\/vegaerasmusplus\/files\/2025\/06\/43faec1b-4fa1-4b77-985a-e41763c83eb8-1024x394.jpeg\" alt=\"\" width=\"944\" height=\"363\" srcset=\"https:\/\/blogsaverroes.juntadeandalucia.es\/vegaerasmusplus\/files\/2025\/06\/43faec1b-4fa1-4b77-985a-e41763c83eb8-1024x394.jpeg 1024w, https:\/\/blogsaverroes.juntadeandalucia.es\/vegaerasmusplus\/files\/2025\/06\/43faec1b-4fa1-4b77-985a-e41763c83eb8-300x116.jpeg 300w, https:\/\/blogsaverroes.juntadeandalucia.es\/vegaerasmusplus\/files\/2025\/06\/43faec1b-4fa1-4b77-985a-e41763c83eb8-768x296.jpeg 768w, https:\/\/blogsaverroes.juntadeandalucia.es\/vegaerasmusplus\/files\/2025\/06\/43faec1b-4fa1-4b77-985a-e41763c83eb8-1536x591.jpeg 1536w, https:\/\/blogsaverroes.juntadeandalucia.es\/vegaerasmusplus\/files\/2025\/06\/43faec1b-4fa1-4b77-985a-e41763c83eb8-750x289.jpeg 750w, https:\/\/blogsaverroes.juntadeandalucia.es\/vegaerasmusplus\/files\/2025\/06\/43faec1b-4fa1-4b77-985a-e41763c83eb8.jpeg 1600w\" sizes=\"(max-width: 944px) 100vw, 944px\" \/><\/p>\n<p><strong><span style=\"color: #339966\">Coordinado por:<\/span><\/strong><\/p>\n<p>Rosario Rodr\u00edguez<\/p>\n<p>M\u00aa Jos\u00e9 Ruiz de Valdivia<\/p>\n<p><span style=\"color: #339966\"><strong>Participantes:<\/strong><\/span> 3\u00ba y 4\u00ba ESO<\/p>\n<p><span style=\"color: #333333\"><span style=\"color: #339966\"><strong>Docentes:<\/strong><\/span><\/span><\/p>\n<p><span style=\"color: #333333\">David Casado (Tecnolog\u00eda)<\/span><\/p>\n<p><span style=\"color: #333333\">Isabel G\u00f3ngora (Franc\u00e9s)<\/span><\/p>\n<p><span style=\"color: #333333\">Cristina G\u00f3mez (Administrativo)<\/span><\/p>\n<p><span style=\"color: #333333\">M\u00aa Jos\u00e9 Ruiz de Valdivia (Franc\u00e9s)<\/span><\/p>\n<p><span style=\"color: #333333\">Jes\u00fas Mart\u00ednez (Biolog\u00eda)<\/span><\/p>\n<p>Rosario Rodr\u00edguez Utrilla (Ingl\u00e9s)<\/td>\n<td style=\"width: 50%;height: 468px\"><span style=\"color: #0000ff;font-size: 14pt\"><strong>Proyecto Erasmus+ KA210-SCH y eTwinning<\/strong><\/span><\/p>\n<p><strong><span style=\"color: #339966\">Pa\u00edses y centros: <\/span><\/strong><\/p>\n<p>1st Epal Drama de Drama (Grecia)<\/p>\n<p>C\u00e1mara de Comercio de Drama (Grecia)<\/p>\n<p>\u015eehit Emre Karaaslan Mesleki ve Teknik Anadolu Lisesi de Bursa (Turqu\u00eda)<\/p>\n<ul>\n<li>Objectivo: educar y fortalecer a j\u00f3venes emprendedores hacia pr\u00e1cticas de&nbsp; negocios medioambientalmente sostenibles .<\/li>\n<li>Key Focus Areas: Econom\u00eda circular, green jobs, integraci\u00f3n en el mercado labora y habilidades de emprendimiento<\/li>\n<\/ul>\n<p>&nbsp;<\/p>\n<p><a href=\"https:\/\/school-education.ec.europa.eu\/en\/etwinning\/projects\/eye2greenfuture\/twinspace?prefLang=es\" target=\"_blank\" rel=\"noopener\"><span style=\"font-size: 14pt\">Enlace al TwinSpace<\/span><\/a><\/td>\n<\/tr>\n<\/tbody>\n<\/table>\n<table style=\"border-collapse: collapse;width: 100%\">\n<tbody>\n<tr>\n<td style=\"width: 22.9333%\"><span style=\"font-size: 18pt;color: #339966\"><strong>\u00bfEn qu\u00e9 consiste?<\/strong><\/span><\/td>\n<td style=\"width: 77.0667%\"><a href=\"https:\/\/blogsaverroes.juntadeandalucia.es\/vegaerasmusplus\/files\/2025\/11\/Resumen-FAM-Empowering-Young-Entrepreneurs-Towards-A-Greener-Future-24-25.pdf\" target=\"_blank\" rel=\"noopener\"><img loading=\"lazy\" decoding=\"async\" class=\"alignleft wp-image-1518 size-large\" src=\"https:\/\/blogsaverroes.juntadeandalucia.es\/vegaerasmusplus\/files\/2025\/11\/Esquema-web-784x1024.jpg\" alt=\"\" width=\"784\" height=\"1024\" srcset=\"https:\/\/blogsaverroes.juntadeandalucia.es\/vegaerasmusplus\/files\/2025\/11\/Esquema-web-784x1024.jpg 784w, https:\/\/blogsaverroes.juntadeandalucia.es\/vegaerasmusplus\/files\/2025\/11\/Esquema-web-230x300.jpg 230w, https:\/\/blogsaverroes.juntadeandalucia.es\/vegaerasmusplus\/files\/2025\/11\/Esquema-web-768x1004.jpg 768w, https:\/\/blogsaverroes.juntadeandalucia.es\/vegaerasmusplus\/files\/2025\/11\/Esquema-web.jpg 922w\" sizes=\"(max-width: 784px) 100vw, 784px\" \/><\/a><\/td>\n<\/tr>\n<\/tbody>\n<\/table>\n<table style=\"width: 100%;border-collapse: collapse;background-color: #8dde7c\">\n<tbody>\n<tr>\n<td style=\"width: 50%\"><span style=\"font-size: 14pt\"><strong><span style=\"color: #ffffff\">Movilidad virtual Espa\u00f1a<\/span><\/strong><\/span><\/td>\n<td style=\"width: 50%\"><span style=\"font-size: 14pt\"><strong><span style=\"color: #ffffff\">23 y 24 septiembre 2025<\/span><\/strong><\/span><\/td>\n<\/tr>\n<tr>\n<td style=\"width: 50%\"><img loading=\"lazy\" decoding=\"async\" class=\"alignnone size-full wp-image-1526\" src=\"https:\/\/blogsaverroes.juntadeandalucia.es\/vegaerasmusplus\/files\/2025\/11\/EYE-1.png\" alt=\"\" width=\"1748\" height=\"1240\" srcset=\"https:\/\/blogsaverroes.juntadeandalucia.es\/vegaerasmusplus\/files\/2025\/11\/EYE-1.png 1748w, https:\/\/blogsaverroes.juntadeandalucia.es\/vegaerasmusplus\/files\/2025\/11\/EYE-1-300x213.png 300w, https:\/\/blogsaverroes.juntadeandalucia.es\/vegaerasmusplus\/files\/2025\/11\/EYE-1-1024x726.png 1024w, https:\/\/blogsaverroes.juntadeandalucia.es\/vegaerasmusplus\/files\/2025\/11\/EYE-1-768x545.png 768w, https:\/\/blogsaverroes.juntadeandalucia.es\/vegaerasmusplus\/files\/2025\/11\/EYE-1-1536x1090.png 1536w, https:\/\/blogsaverroes.juntadeandalucia.es\/vegaerasmusplus\/files\/2025\/11\/EYE-1-944x670.png 944w\" sizes=\"(max-width: 1748px) 100vw, 1748px\" \/><\/p>\n<p><img loading=\"lazy\" decoding=\"async\" class=\"alignnone size-full wp-image-1498\" src=\"https:\/\/blogsaverroes.juntadeandalucia.es\/vegaerasmusplus\/files\/2025\/10\/VM-Program.jpg\" alt=\"\" width=\"1767\" height=\"1237\" srcset=\"https:\/\/blogsaverroes.juntadeandalucia.es\/vegaerasmusplus\/files\/2025\/10\/VM-Program.jpg 1767w, https:\/\/blogsaverroes.juntadeandalucia.es\/vegaerasmusplus\/files\/2025\/10\/VM-Program-300x210.jpg 300w, https:\/\/blogsaverroes.juntadeandalucia.es\/vegaerasmusplus\/files\/2025\/10\/VM-Program-1024x717.jpg 1024w, https:\/\/blogsaverroes.juntadeandalucia.es\/vegaerasmusplus\/files\/2025\/10\/VM-Program-768x538.jpg 768w, https:\/\/blogsaverroes.juntadeandalucia.es\/vegaerasmusplus\/files\/2025\/10\/VM-Program-1536x1075.jpg 1536w, https:\/\/blogsaverroes.juntadeandalucia.es\/vegaerasmusplus\/files\/2025\/10\/VM-Program-944x661.jpg 944w\" sizes=\"(max-width: 1767px) 100vw, 1767px\" \/><\/p>\n<p><a href=\"https:\/\/school-education.ec.europa.eu\/en\/etwinning\/projects\/eye2greenfuture\/twinspace\/pages\/atarfe-spain-virtual-mobility\" target=\"_blank\" rel=\"noopener\"><span style=\"font-size: 14pt\"><strong>Path to the EU labour rights TwinSpace<\/strong><\/span><\/a><\/td>\n<td style=\"width: 50%\">En esta movilidad hemos trabajado el tema de los derechos laborales en la UE.<\/p>\n<p>Las sesiones de trabajo han sido:<\/p>\n<p>Derechos laborales en la UE<\/p>\n<p>Periodos de pr\u00e1cticas en la UE<\/p>\n<p>Requisitos laborales en la UE<\/p>\n<p>Herramientas en la UE para j\u00f3venes<\/p>\n<p>El CV Europass y las entrevistas de trabajo<\/p>\n<p>OSH-Seguridad en el trabajo<\/td>\n<\/tr>\n<\/tbody>\n<\/table>\n<table style=\"width: 100%;border-collapse: collapse;border-color: #333030;background-color: #ccdaeb\">\n<tbody>\n<tr>\n<td style=\"width: 50%\"><span style=\"font-size: 14pt;color: #800000\"><strong>Movilidad Espa\u00f1a<\/strong><\/span><\/td>\n<td style=\"width: 50%\"><span style=\"font-size: 14pt;color: #800000\"><strong>24 y 28 noviembre 2025<\/strong><\/span><\/td>\n<\/tr>\n<tr>\n<td style=\"width: 50%\"><a href=\"https:\/\/school-education.ec.europa.eu\/en\/etwinning\/projects\/eye2greenfuture\/twinspace\/pages\/atarfe-spain\"><span style=\"font-size: 14pt\"><strong>Linking schools and the labour market TwinSpace<\/strong><\/span><\/a><\/p>\n<p><img loading=\"lazy\" decoding=\"async\" class=\"alignnone size-full wp-image-1523\" src=\"https:\/\/blogsaverroes.juntadeandalucia.es\/vegaerasmusplus\/files\/2025\/11\/EYE.png\" alt=\"\" width=\"1748\" height=\"1240\" srcset=\"https:\/\/blogsaverroes.juntadeandalucia.es\/vegaerasmusplus\/files\/2025\/11\/EYE.png 1748w, https:\/\/blogsaverroes.juntadeandalucia.es\/vegaerasmusplus\/files\/2025\/11\/EYE-300x213.png 300w, https:\/\/blogsaverroes.juntadeandalucia.es\/vegaerasmusplus\/files\/2025\/11\/EYE-1024x726.png 1024w, https:\/\/blogsaverroes.juntadeandalucia.es\/vegaerasmusplus\/files\/2025\/11\/EYE-768x545.png 768w, https:\/\/blogsaverroes.juntadeandalucia.es\/vegaerasmusplus\/files\/2025\/11\/EYE-1536x1090.png 1536w, https:\/\/blogsaverroes.juntadeandalucia.es\/vegaerasmusplus\/files\/2025\/11\/EYE-944x670.png 944w\" sizes=\"(max-width: 1748px) 100vw, 1748px\" \/><\/td>\n<td style=\"width: 50%\">En esta movilidad vamos tendremos:<\/p>\n<p>Bienvenida, conocer el IES Vega de Atarfe, la localidad y convivencia con las familias<\/p>\n<p>Compartir la cultura. La Alhambra y su organizaci\u00f3n econ\u00f3mica, social y sostenible.<\/p>\n<p>Empredimiento y modelos de negocio. Visita a la cooperativa de aceite de Benal\u00faa de las Villas y la Granja Escuela El Castillo, de P\u00ed\u00f1ar.<\/p>\n<p>Comercio y negocios locales. Actividades por la C\u00e1mara de Comercio de Drama; visita a la C\u00e1mara de Comercio de Granada y visita al Albaic\u00edn y Granada.<\/p>\n<p>Conectar los centros educativos con el mercado laborar. Taller de la C\u00e1mara de Comercio de Drama sobre herramientas de b\u00fasqueda de empleo de la UE y entrevistas de trabajo de \u00e9xito.<\/p>\n<p>Ceremonia de despedida&nbsp;<\/td>\n<\/tr>\n<\/tbody>\n<\/table>\n","protected":false},"excerpt":{"rendered":"<p>&nbsp; Coordinado por: Rosario Rodr\u00edguez M\u00aa Jos\u00e9 Ruiz de Valdivia Participantes: 3\u00ba y 4\u00ba ESO Docentes: David Casado (Tecnolog\u00eda) Isabel G\u00f3ngora (Franc\u00e9s) Cristina G\u00f3mez (Administrativo) M\u00aa Jos\u00e9 Ruiz de Valdivia (Franc\u00e9s) Jes\u00fas Mart\u00ednez (Biolog\u00eda) Rosario Rodr\u00edguez Utrilla (Ingl\u00e9s) Proyecto Erasmus+ KA210-SCH y eTwinning Pa\u00edses y centros: 1st Epal Drama de Drama (Grecia) C\u00e1mara de Comercio &hellip; <\/p>\n<p><a class=\"more-link btn\" href=\"https:\/\/blogsaverroes.juntadeandalucia.es\/vegaerasmusplus\/\">Seguir leyendo<\/a><\/p>\n","protected":false},"author":8182,"featured_media":0,"parent":0,"menu_order":0,"comment_status":"closed","ping_status":"closed","template":"","meta":{"ngg_post_thumbnail":0,"footnotes":""},"aioseo_notices":[],"_links":{"self":[{"href":"https:\/\/blogsaverroes.juntadeandalucia.es\/vegaerasmusplus\/wp-json\/wp\/v2\/pages\/1425"}],"collection":[{"href":"https:\/\/blogsaverroes.juntadeandalucia.es\/vegaerasmusplus\/wp-json\/wp\/v2\/pages"}],"about":[{"href":"https:\/\/blogsaverroes.juntadeandalucia.es\/vegaerasmusplus\/wp-json\/wp\/v2\/types\/page"}],"author":[{"embeddable":true,"href":"https:\/\/blogsaverroes.juntadeandalucia.es\/vegaerasmusplus\/wp-json\/wp\/v2\/users\/8182"}],"replies":[{"embeddable":true,"href":"https:\/\/blogsaverroes.juntadeandalucia.es\/vegaerasmusplus\/wp-json\/wp\/v2\/comments?post=1425"}],"version-history":[{"count":19,"href":"https:\/\/blogsaverroes.juntadeandalucia.es\/vegaerasmusplus\/wp-json\/wp\/v2\/pages\/1425\/revisions"}],"predecessor-version":[{"id":1531,"href":"https:\/\/blogsaverroes.juntadeandalucia.es\/vegaerasmusplus\/wp-json\/wp\/v2\/pages\/1425\/revisions\/1531"}],"wp:attachment":[{"href":"https:\/\/blogsaverroes.juntadeandalucia.es\/vegaerasmusplus\/wp-json\/wp\/v2\/media?parent=1425"}],"curies":[{"name":"wp","href":"https:\/\/api.w.org\/{rel}","templated":true}]}}