{"id":31,"date":"2021-02-06T07:31:23","date_gmt":"2021-02-06T06:31:23","guid":{"rendered":"https:\/\/blogsaverroes.juntadeandalucia.es\/vegatic\/?page_id=31"},"modified":"2024-06-07T22:14:23","modified_gmt":"2024-06-07T20:14:23","slug":"menores-y-movil","status":"publish","type":"page","link":"https:\/\/blogsaverroes.juntadeandalucia.es\/vegatic\/menores-y-movil\/","title":{"rendered":"Menores y M\u00f3vil"},"content":{"rendered":"<p><img loading=\"lazy\" decoding=\"async\" class=\"aligncenter wp-image-2203 size-full\" src=\"https:\/\/blogsaverroes.juntadeandalucia.es\/iesvegadeatarfe\/files\/2020\/05\/Recusos-TIC-Mi-primer-M\u00f3vil.png\" alt=\"\" width=\"1286\" height=\"707\"><\/p>\n<p>&nbsp;<\/p>\n<p><span style=\"font-size: 30pt;color: #ff6600\">Enlaces de inter\u00e9s:<\/span><\/p>\n<p><span style=\"color: #ff9900;font-size: 14pt\"><a style=\"color: #ff9900\" href=\"https:\/\/www.is4k.es\/blog\/cual-es-la-edad-ideal-para-comprarles-su-primer-movil\" target=\"_blank\" rel=\"noopener noreferrer\">Edad ideal seg\u00fan IS4K<\/a><\/span><\/p>\n<p><a href=\"https:\/\/www.is4k.es\/sites\/default\/files\/contenidos\/herramientas\/pacto_familiar_movil.pdf\" target=\"_blank\" rel=\"noopener noreferrer\"><span style=\"font-size: 14pt;color: #ff9900\">Ejemplo de &#8216;Contrato <\/span><span style=\"font-size: 14pt\"><span style=\"color: #ff9900\">familiar para el buen uso del m\u00f3vil\u2019 promovido por el INCIBE a trav\u00e9s del IS4K<\/span>&nbsp;<\/span><\/a><\/p>\n<p><span style=\"color: #ff9900;font-size: 14pt\"><a style=\"color: #ff9900\" href=\"https:\/\/www.is4k.es\/de-utilidad\/recursos\/pactos-familiares-para-el-buen-uso-de-dispositivos\" target=\"_blank\" rel=\"noopener noreferrer\">Otros pactos o contratos familiares de inter\u00e9s<\/a><\/span><\/p>\n<p><span style=\"color: #ff9900;font-size: 14pt\"><a style=\"color: #ff9900\" href=\"https:\/\/www.youtube.com\/watch?v=fssk5tdWOl4&amp;feature=youtu.be\" target=\"_blank\" rel=\"noopener noreferrer\">Poniendo a punto su primer m\u00f3vil<\/a><\/span><\/p>\n<p><span style=\"color: #ff9900;font-size: 14pt\"><a style=\"color: #ff9900\" href=\"https:\/\/www.is4k.es\/blog\/menores-telefonos-de-segunda-mano-y-configuraciones-seguras\" target=\"_blank\" rel=\"noopener noreferrer\">Tel\u00e9fonos de segunda mano<\/a><\/span><\/p>\n<p><span style=\"font-size: 14pt\">Tel\u00e9fono de consulta: <span style=\"font-size: 18pt;color: #ff9900\">900 116 117<\/span><\/span><\/p>\n<p><a href=\"https:\/\/www.aepd.es\/es\/documento\/la-guia-que-no-viene-con-el-movil.pdf\" target=\"_blank\" rel=\"noopener noreferrer\"><img loading=\"lazy\" decoding=\"async\" class=\"aligncenter wp-image-1382\" src=\"https:\/\/blogsaverroes.juntadeandalucia.es\/vegatic\/files\/2023\/03\/M\u00e1s-que-un-m\u00f3vil.png\" alt=\"\" width=\"600\" height=\"300\"><\/a><\/p>\n","protected":false},"excerpt":{"rendered":"<p>&nbsp; Enlaces de inter\u00e9s: Edad ideal seg\u00fan IS4K Ejemplo de &#8216;Contrato familiar para el buen uso del m\u00f3vil\u2019 promovido por el INCIBE a trav\u00e9s del IS4K&nbsp; Otros pactos o contratos familiares de inter\u00e9s Poniendo a punto su primer m\u00f3vil Tel\u00e9fonos de segunda mano Tel\u00e9fono de consulta: 900 116 117<\/p>\n","protected":false},"author":7646,"featured_media":0,"parent":0,"menu_order":0,"comment_status":"closed","ping_status":"closed","template":"","meta":{"ngg_post_thumbnail":0,"footnotes":""},"aioseo_notices":[],"_links":{"self":[{"href":"https:\/\/blogsaverroes.juntadeandalucia.es\/vegatic\/wp-json\/wp\/v2\/pages\/31"}],"collection":[{"href":"https:\/\/blogsaverroes.juntadeandalucia.es\/vegatic\/wp-json\/wp\/v2\/pages"}],"about":[{"href":"https:\/\/blogsaverroes.juntadeandalucia.es\/vegatic\/wp-json\/wp\/v2\/types\/page"}],"author":[{"embeddable":true,"href":"https:\/\/blogsaverroes.juntadeandalucia.es\/vegatic\/wp-json\/wp\/v2\/users\/7646"}],"replies":[{"embeddable":true,"href":"https:\/\/blogsaverroes.juntadeandalucia.es\/vegatic\/wp-json\/wp\/v2\/comments?post=31"}],"version-history":[{"count":5,"href":"https:\/\/blogsaverroes.juntadeandalucia.es\/vegatic\/wp-json\/wp\/v2\/pages\/31\/revisions"}],"predecessor-version":[{"id":1213,"href":"https:\/\/blogsaverroes.juntadeandalucia.es\/vegatic\/wp-json\/wp\/v2\/pages\/31\/revisions\/1213"}],"wp:attachment":[{"href":"https:\/\/blogsaverroes.juntadeandalucia.es\/vegatic\/wp-json\/wp\/v2\/media?parent=31"}],"curies":[{"name":"wp","href":"https:\/\/api.w.org\/{rel}","templated":true}]}}