{"id":1274,"date":"2022-11-08T09:03:45","date_gmt":"2022-11-08T09:03:45","guid":{"rendered":"https:\/\/blogsaverroes.juntadeandalucia.es\/virgen-de-gracia\/?page_id=1274"},"modified":"2025-03-21T12:48:49","modified_gmt":"2025-03-21T12:48:49","slug":"contacto","status":"publish","type":"page","link":"https:\/\/blogsaverroes.juntadeandalucia.es\/virgen-de-gracia\/contacto\/","title":{"rendered":"CONTACTO"},"content":{"rendered":"<p><span style=\"font-size: 18pt;color: #000080\"><img loading=\"lazy\" decoding=\"async\" class=\"size-full wp-image-1356 aligncenter\" src=\"https:\/\/blogsaverroes.juntadeandalucia.es\/virgen-de-gracia\/files\/2025\/03\/movil.jpeg\" alt=\"\" width=\"223\" height=\"226\" srcset=\"https:\/\/blogsaverroes.juntadeandalucia.es\/virgen-de-gracia\/files\/2025\/03\/movil.jpeg 223w, https:\/\/blogsaverroes.juntadeandalucia.es\/virgen-de-gracia\/files\/2025\/03\/movil-80x80.jpeg 80w\" sizes=\"(max-width: 223px) 100vw, 223px\" \/><\/span><\/p>\n<p style=\"text-align: center\"><span style=\"font-size: 18pt;color: #000080\">Para contactar con nosotros puede hacerlo siguiendo las siguientes v\u00edas:<\/span><\/p>\n<p style=\"text-align: center\"><span style=\"font-size: 18pt;color: #000080\">Tel\u00e9fono: 959149577<\/span><\/p>\n<p style=\"text-align: center\"><span style=\"font-size: 18pt;color: #000080\">M\u00f3vil: *34 600 14 10 75<\/span><\/p>\n<p style=\"text-align: center\"><span style=\"font-size: 18pt;color: #000080\">Email: 21000085.edu.@juntadeandalucia.es<\/span><\/p>\n","protected":false},"excerpt":{"rendered":"<p>Para contactar con nosotros puede hacerlo siguiendo las siguientes v\u00edas: Tel\u00e9fono: 959149577 M\u00f3vil: *34 600 14 10 75 Email: 21000085.edu.@juntadeandalucia.es<\/p>\n","protected":false},"author":12922,"featured_media":0,"parent":0,"menu_order":0,"comment_status":"closed","ping_status":"closed","template":"","meta":{"ngg_post_thumbnail":0,"footnotes":"","_mc_calendar":[]},"aioseo_notices":[],"_links":{"self":[{"href":"https:\/\/blogsaverroes.juntadeandalucia.es\/virgen-de-gracia\/wp-json\/wp\/v2\/pages\/1274"}],"collection":[{"href":"https:\/\/blogsaverroes.juntadeandalucia.es\/virgen-de-gracia\/wp-json\/wp\/v2\/pages"}],"about":[{"href":"https:\/\/blogsaverroes.juntadeandalucia.es\/virgen-de-gracia\/wp-json\/wp\/v2\/types\/page"}],"author":[{"embeddable":true,"href":"https:\/\/blogsaverroes.juntadeandalucia.es\/virgen-de-gracia\/wp-json\/wp\/v2\/users\/12922"}],"replies":[{"embeddable":true,"href":"https:\/\/blogsaverroes.juntadeandalucia.es\/virgen-de-gracia\/wp-json\/wp\/v2\/comments?post=1274"}],"version-history":[{"count":3,"href":"https:\/\/blogsaverroes.juntadeandalucia.es\/virgen-de-gracia\/wp-json\/wp\/v2\/pages\/1274\/revisions"}],"predecessor-version":[{"id":1357,"href":"https:\/\/blogsaverroes.juntadeandalucia.es\/virgen-de-gracia\/wp-json\/wp\/v2\/pages\/1274\/revisions\/1357"}],"wp:attachment":[{"href":"https:\/\/blogsaverroes.juntadeandalucia.es\/virgen-de-gracia\/wp-json\/wp\/v2\/media?parent=1274"}],"curies":[{"name":"wp","href":"https:\/\/api.w.org\/{rel}","templated":true}]}}