{"id":45,"date":"2019-07-16T16:42:44","date_gmt":"2019-07-16T14:42:44","guid":{"rendered":"https:\/\/blogsaverroes.juntadeandalucia.es\/webiesreyalabez\/?page_id=45"},"modified":"2021-04-16T13:39:45","modified_gmt":"2021-04-16T11:39:45","slug":"proyecto-educativo","status":"publish","type":"page","link":"https:\/\/blogsaverroes.juntadeandalucia.es\/webiesreyalabez\/proyecto-educativo\/","title":{"rendered":"Proyecto educativo"},"content":{"rendered":"<p><span style=\"font-size: 12pt\"><a href=\"http:\/\/www.juntadeandalucia.es\/averroes\/centros-tic\/04700090\/moodle\/file.php\/1\/PEC_201617\/a_objetivos.pdf\"><b><span style=\"color: #000000\">a) Objetivos propios para la mejora del rendimiento escolar y la continuidad del alumnado en el sistema educativo.<\/span><\/b><\/a><\/span><\/p>\n<p><span style=\"color: #000000\"><strong><span style=\"font-size: 12pt\"><a style=\"color: #000000\" href=\"http:\/\/www.juntadeandalucia.es\/averroes\/centros-tic\/04700090\/moodle\/file.php\/1\/PEC_201617\/b_L_neas_generales_de_actuaci_n_pedag_gica.pdf\">b) L\u00edneas generales de actuaci\u00f3n pedag\u00f3gica.<\/a><\/span><\/strong><\/span><\/p>\n<h5><span style=\"color: #ff0000\"><a style=\"color: #ff0000\" href=\"https:\/\/blogsaverroes.juntadeandalucia.es\/webiesreyalabez\/files\/2020\/09\/c-Coordinaci\u00f3n-y-concreci\u00f3n-de-los-contenidos-curriculares-as\u00ed-como-el-tratamiento-transversal-en-las-materias-o-m\u00f3dulos-de-la.pdf\"><span style=\"font-size: 12pt\"><span class=\"nolink\">c) Coordinaci\u00f3n y concreci\u00f3n de los contenidos curriculares, as\u00ed como el tratamiento transversal en las materias o m\u00f3dulos de la educaci\u00f3n en valores y otras ense\u00f1anzas, integrando la igualdad de g\u00e9nero como un objetivo primordial.<\/span><\/span><\/a><\/span><\/h5>\n<h5><span style=\"color: #ff0000\"><a style=\"color: #ff0000\" href=\"https:\/\/blogsaverroes.juntadeandalucia.es\/webiesreyalabez\/files\/2020\/09\/d-Los-criterios-pedag\u00f3gicos-para-la-determinaci\u00f3n-de-los-\u00f3rganos-de-coordinaci\u00f3n-docente-del-centro-y-del-horario-de-dedicaci\u00f3n.pdf\"><span style=\"font-size: 12pt\">d) Los criterios pedag\u00f3gicos para la determinaci\u00f3n de los \u00f3rganos de coordinaci\u00f3n docente del centro y del horario de dedicaci\u00f3n de las personas responsables de las mismos para la realizaci\u00f3n de sus funciones, de conformidad con el n\u00famero total de horas que, a tales efectos, se establezca por Orden de la persona titular de la Consejer\u00eda competente en materia de educaci\u00f3n.<\/span><\/a><\/span><\/h5>\n<h5><a href=\"https:\/\/blogsaverroes.juntadeandalucia.es\/webiesreyalabez\/files\/2020\/10\/e-Los-procedimientos-y-criterios-de-evaluaci\u00f3n-promoci\u00f3n-del-alumnado-y-titulaci\u00f3n-del-alumnado.-1.pdf\">e) Los procedimientos y criterios de evaluaci\u00f3n, promoci\u00f3n del alumnado y titulaci\u00f3n del alumnado.<\/a><\/h5>\n<h5><a href=\"https:\/\/blogsaverroes.juntadeandalucia.es\/webiesreyalabez\/files\/2020\/10\/f-La-forma-de-atenci\u00f3n-a-la-diversidad-del-alumnado1.-1.pdf\"><span style=\"color: #ff0000\"><span style=\"font-size: 12pt\"><span class=\"nolink\">f) La forma de atenci\u00f3n a la diversid<\/span><\/span><span style=\"font-size: 12pt\"><span class=\"nolink\">ad del alumn<\/span><\/span><\/span><span style=\"color: #ff0000\"><span style=\"font-size: 12pt\"><span class=\"nolink\">ado.<\/span><\/span><\/span><\/a><\/h5>\n<h5><span style=\"color: #ff0000\"><a style=\"color: #ff0000\" href=\"https:\/\/blogsaverroes.juntadeandalucia.es\/webiesreyalabez\/files\/2020\/09\/g-La-organizaci\u00f3n-de-las-actividades-de-recuperaci\u00f3n-para-el-alumnado-con-materias-pendientes-de-evaluaci\u00f3n-positiva.pdf\"><span style=\"font-size: 12pt\">g) La organizaci\u00f3n de las actividades de recuperaci\u00f3n p<\/span><span style=\"font-size: 12pt\">ara el alumnado con materias pendientes de evaluaci\u00f3n positiva.<\/span><\/a><\/span><\/h5>\n<h5><a href=\"https:\/\/blogsaverroes.juntadeandalucia.es\/webiesreyalabez\/files\/2020\/10\/Programaci\u00f3nDepartamentoOrientaci\u00f3n2021-1.pdf\"><span style=\"font-size: 12pt;color: #000000\">h) El plan de orientaci\u00f3n y acci\u00f3n tutorial.<\/span><\/a><\/h5>\n<h5><span style=\"font-size: 12pt;color: #000000\"><a style=\"color: #000000\" href=\"http:\/\/www.juntadeandalucia.es\/averroes\/centros-tic\/04700090\/moodle\/file.php\/1\/i_compromiso_convivencia.pdf\" target=\"_blank\" rel=\"noopener noreferrer\">i) El procedimiento para suscribir compromisos educativos y de convivencia con las familias, de acuerdo con lo que se establezca por Orden de la persona titular de la Consejer\u00eda competente en materia de educaci\u00f3n.<\/a><\/span><\/h5>\n<h5><span style=\"font-size: 12pt;color: #000000\"><a style=\"color: #000000\" href=\"http:\/\/www.juntadeandalucia.es\/averroes\/centros-tic\/04700090\/moodle\/file.php\/1\/PEC_201718\/Plan_de_Convivencia_17_18.pdf\">j) El plan de convivencia.<\/a><\/span><\/h5>\n<h5><a href=\"https:\/\/blogsaverroes.juntadeandalucia.es\/webiesreyalabez\/files\/2020\/09\/k-plan-de-formacion.pdf\"><span style=\"color: #ff0000\"><span style=\"font-size: 12pt\">k) El plan de formaci\u00f3n del profesorado.<\/span><\/span><\/a><\/h5>\n<h5><span style=\"color: #ff0000\"><a style=\"color: #ff0000\" href=\"https:\/\/blogsaverroes.juntadeandalucia.es\/webiesreyalabez\/files\/2020\/09\/l-Los-criterios-para-organizar-y-distribuir-el-tiempo-escolar-as\u00ed-como-los-objetivos-y-programas-de-intervenci\u00f3n-en-el-tiempo-extraescolar.pdf\"><span style=\"font-size: 12pt\"><span class=\"nolink\">l) Los criterios para organizar y distribuir el tiempo escolar, as\u00ed como los objetivos y programas de intervenci\u00f3n en el tiempo extraescolar.<\/span><\/span><\/a><\/span><\/h5>\n<h5><span style=\"font-size: 12pt;color: #000000\"><a href=\"https:\/\/blogsaverroes.juntadeandalucia.es\/webiesreyalabez\/files\/2020\/10\/mLos-criterios-para-la-elaboraci\u00f3n-de-los-horarios-teniendo-en-cuenta-las-caracter\u00edsticas-espec\u00edficas-de-cada-m\u00f3dulo.pdf\">m)Los criterios para la elaboraci\u00f3n de los horarios, teniendo en cuenta las caracter\u00edsticas espec\u00edficas de cada m\u00f3dulo<\/a><\/span><\/h5>\n<h5><span style=\"color: #ff0000\"><a style=\"color: #ff0000\" href=\"https:\/\/blogsaverroes.juntadeandalucia.es\/webiesreyalabez\/files\/2020\/09\/n-Los-procedimientos-de-evaluaci\u00f3n-interna.pdf\"><span style=\"font-size: 12pt\"><span class=\"nolink\">n) Los procedimientos de evaluaci\u00f3n interna.<\/span><\/span><\/a><\/span><\/h5>\n<h5><a href=\"https:\/\/blogsaverroes.juntadeandalucia.es\/webiesreyalabez\/files\/2020\/09\/\u00f1-Los-criterios-para-establecer-los-agrupamientos-del-alumnado-y-la-asignaci\u00f3n-de-las-tutor\u00edas-de-acuerdo-con-las-l\u00edneas-gen.pdf\"><span style=\"color: #ff0000\"><span style=\"font-size: 12pt\">\u00f1) Los criterios para establecer los agrupamientos del alumnado y la asignaci\u00f3n de las tutor\u00edas, de acuerdo con las l\u00edneas generales de actuaci\u00f3n pedag\u00f3gica del centro y orientados a favorecer el \u00e9xito escolar del alumnado.<\/span><\/span><\/a><\/h5>\n<h5><a href=\"https:\/\/blogsaverroes.juntadeandalucia.es\/webiesreyalabez\/files\/2020\/10\/o-Los-criterios-para-determinar-la-oferta-de-materias-optativas-y-en-su-caso-el-proyecto-integrado.pdf\"><span style=\"font-size: 12pt;color: #000000\"><span class=\"nolink\">o) Los criterios para determinar la oferta de materias optativas y, en su caso, el proyecto integrado.<\/span><\/span><\/a><\/h5>\n<h5><span style=\"font-size: 12pt;color: #000000\"><a href=\"https:\/\/blogsaverroes.juntadeandalucia.es\/webiesreyalabez\/files\/2020\/10\/pformaci\u00f3n-profesional-inicial-los-criterios-para-la-organizaci\u00f3n-curricular-y-la-programaci\u00f3n-de-los.pdf\">p)formaci\u00f3n profesional inicial, los criterios para la organizaci\u00f3n curricular y la programaci\u00f3n de los<\/a><\/span><\/h5>\n<h5><span style=\"color: #ff0000\"><a style=\"color: #ff0000\" href=\"https:\/\/blogsaverroes.juntadeandalucia.es\/webiesreyalabez\/files\/2020\/09\/q-Los-criterios-generales-para-la-elaboraci\u00f3n-de-las-programaciones-did\u00e1cticas-de-las-ense\u00f1anzas.pdf\"><span style=\"font-size: 12pt\"><span class=\"nolink\">q) Los criterios generales para la elaboraci\u00f3n de las programaciones did\u00e1cticas de las ense\u00f1anzas.<\/span><\/span><\/a><\/span><\/h5>\n<h5><span style=\"color: #ff0000\"><a style=\"color: #ff0000\" href=\"https:\/\/blogsaverroes.juntadeandalucia.es\/webiesreyalabez\/files\/2020\/09\/r-Los-planes-estrat\u00e9gicos-que-en-su-caso-se-desarrollen-en-el-instituto.pdf\"><span style=\"font-size: 12pt\">r) Los planes estrat\u00e9gicos que, en su caso, se desarrollen en el instituto.<\/span><\/a><\/span><\/h5>\n<p><a href=\"https:\/\/blogsaverroes.juntadeandalucia.es\/webiesreyalabez\/files\/2021\/04\/PROTOCOLO-actuaci\u00f3n-covid-version-4-sin-telefono.pdf\">PROTOCOLO actuaci\u00f3n covid version 4 <\/a><\/p>\n<p><a href=\"https:\/\/blogsaverroes.juntadeandalucia.es\/webiesreyalabez\/files\/2020\/10\/PLANDEACTUACI\u00d3NDIGITAL_Ies_Rey_Alabez_20_21_Version_Mejorada_14_OCtubre-1.pdf\">PLAN DE ACTUACI\u00d3N DIGITAL<\/a><\/p>\n","protected":false},"excerpt":{"rendered":"<p>a) Objetivos propios para la mejora del rendimiento escolar y la continuidad del alumnado en el sistema educativo. b) L\u00edneas generales de actuaci\u00f3n pedag\u00f3gica. c) Coordinaci\u00f3n y concreci\u00f3n de los contenidos curriculares, as\u00ed como&#46;&#46;&#46;<\/p>\n","protected":false},"author":7589,"featured_media":0,"parent":0,"menu_order":0,"comment_status":"closed","ping_status":"closed","template":"page-templates\/child-menu.php","meta":{"ngg_post_thumbnail":0,"footnotes":""},"aioseo_notices":[],"_links":{"self":[{"href":"https:\/\/blogsaverroes.juntadeandalucia.es\/webiesreyalabez\/wp-json\/wp\/v2\/pages\/45"}],"collection":[{"href":"https:\/\/blogsaverroes.juntadeandalucia.es\/webiesreyalabez\/wp-json\/wp\/v2\/pages"}],"about":[{"href":"https:\/\/blogsaverroes.juntadeandalucia.es\/webiesreyalabez\/wp-json\/wp\/v2\/types\/page"}],"author":[{"embeddable":true,"href":"https:\/\/blogsaverroes.juntadeandalucia.es\/webiesreyalabez\/wp-json\/wp\/v2\/users\/7589"}],"replies":[{"embeddable":true,"href":"https:\/\/blogsaverroes.juntadeandalucia.es\/webiesreyalabez\/wp-json\/wp\/v2\/comments?post=45"}],"version-history":[{"count":34,"href":"https:\/\/blogsaverroes.juntadeandalucia.es\/webiesreyalabez\/wp-json\/wp\/v2\/pages\/45\/revisions"}],"predecessor-version":[{"id":1451,"href":"https:\/\/blogsaverroes.juntadeandalucia.es\/webiesreyalabez\/wp-json\/wp\/v2\/pages\/45\/revisions\/1451"}],"wp:attachment":[{"href":"https:\/\/blogsaverroes.juntadeandalucia.es\/webiesreyalabez\/wp-json\/wp\/v2\/media?parent=45"}],"curies":[{"name":"wp","href":"https:\/\/api.w.org\/{rel}","templated":true}]}}