{"id":961,"date":"2020-06-24T06:55:13","date_gmt":"2020-06-24T04:55:13","guid":{"rendered":"https:\/\/blogsaverroes.juntadeandalucia.es\/webiesreyalabez\/?page_id=961"},"modified":"2020-06-24T06:55:13","modified_gmt":"2020-06-24T04:55:13","slug":"matriculacion-20-21","status":"publish","type":"page","link":"https:\/\/blogsaverroes.juntadeandalucia.es\/webiesreyalabez\/matriculacion-20-21\/","title":{"rendered":"Matriculaci\u00f3n 20-21"},"content":{"rendered":"<p style=\"text-align: left\">El pr\u00f3ximo curso escolar (2020-2021) en el IES Rey Alabez se podr\u00e1n cursar estudios de ESO (ense\u00f1anza secundaria obligatoria) y el ciclo de Formaci\u00f3n profesional de Grado Medio \u00abCocina y Gastronom\u00eda\u00bb.<\/p>\n<p style=\"text-align: left\">Para poder matricularse en estas ense\u00f1anzas es importante tener en cuenta:<\/p>\n<table style=\"width: 667px;border-color: #000000\" border=\"4\">\n<tbody>\n<tr>\n<td style=\"width: 205px\"><span style=\"font-size: 24pt\"><strong>ESO<\/strong><\/span><\/td>\n<td style=\"width: 466px\">\n<ul>\n<li style=\"text-align: left\"><strong>Del 1 al 10 de Julio<\/strong>: <span style=\"color: #000000\">Matriculaci\u00f3n de todo el alumnado (Cuidado, hay que consultar el calendario que se ha creado, ES<\/span> <span style=\"color: #ff0000\"><strong>MUY IMPORTANTE<\/strong><\/span> <span style=\"color: #000000\">LEER LOS DETALLES DE C\u00d3MO HACER LA MATR\u00cdCULA:<\/span> <span style=\"font-size: 18pt\"><strong><span style=\"color: #ff0000\"><a href=\"https:\/\/blogsaverroes.juntadeandalucia.es\/webiesreyalabez\/matriculacion-eso-2020-21\/\">AQU\u00cd<\/a><span style=\"color: #000000\">)<\/span><\/span><\/strong><\/span><\/li>\n<li style=\"text-align: left\"><strong>Para los niveles de 1\u00ba, 2\u00ba y 3\u00ba se har\u00e1 preferentemente de forma telem\u00e1tica (LOS DETALLES = <span style=\"font-size: 18pt\"><span style=\"color: #ff0000\"><a href=\"https:\/\/blogsaverroes.juntadeandalucia.es\/webiesreyalabez\/matriculacion-eso-2020-21\/\">AQU\u00cd<\/a><span style=\"color: #000000\">)<\/span><\/span><\/span><\/strong><\/li>\n<\/ul>\n<\/td>\n<\/tr>\n<tr>\n<td style=\"width: 205px\">\n<p style=\"text-align: center\"><span style=\"font-size: 14pt\"><strong>CICLO DE FP de grado Medio<\/strong><\/span><\/p>\n<p style=\"text-align: center\"><span style=\"font-size: 24pt\"><strong>\u00abCocina y&nbsp; Gastronom\u00eda\u00bb<\/strong><\/span><\/p>\n<\/td>\n<td style=\"width: 466px\">\n<ul>\n<li style=\"text-align: left\"><strong>Del 15 al 30 de Junio<\/strong>: admisi\u00f3n del nuevo alumnado al Primer curso.<\/li>\n<li style=\"text-align: left\"><strong>Del 25 al 30 de Junio<\/strong>: matriculaci\u00f3n del alumnado repetidor y de los que promocionan de 1\u00ba curso al 2\u00ba.<\/li>\n<li style=\"text-align: left\"><strong><span style=\"color: #000000\">LOS DETALLES DEL PROCESO<\/span><\/strong>: <span style=\"font-size: 18pt\"><span style=\"color: #ff0000\">AQU\u00cd<\/span>.<\/span><\/li>\n<\/ul>\n<\/td>\n<\/tr>\n<\/tbody>\n<\/table>\n","protected":false},"excerpt":{"rendered":"<p>El pr\u00f3ximo curso escolar (2020-2021) en el IES Rey Alabez se podr\u00e1n cursar estudios de ESO (ense\u00f1anza secundaria obligatoria) y el ciclo de Formaci\u00f3n profesional de Grado Medio \u00abCocina y Gastronom\u00eda\u00bb. Para poder matricularse&#46;&#46;&#46;<\/p>\n","protected":false},"author":7589,"featured_media":0,"parent":0,"menu_order":0,"comment_status":"closed","ping_status":"closed","template":"","meta":{"ngg_post_thumbnail":0,"footnotes":""},"aioseo_notices":[],"_links":{"self":[{"href":"https:\/\/blogsaverroes.juntadeandalucia.es\/webiesreyalabez\/wp-json\/wp\/v2\/pages\/961"}],"collection":[{"href":"https:\/\/blogsaverroes.juntadeandalucia.es\/webiesreyalabez\/wp-json\/wp\/v2\/pages"}],"about":[{"href":"https:\/\/blogsaverroes.juntadeandalucia.es\/webiesreyalabez\/wp-json\/wp\/v2\/types\/page"}],"author":[{"embeddable":true,"href":"https:\/\/blogsaverroes.juntadeandalucia.es\/webiesreyalabez\/wp-json\/wp\/v2\/users\/7589"}],"replies":[{"embeddable":true,"href":"https:\/\/blogsaverroes.juntadeandalucia.es\/webiesreyalabez\/wp-json\/wp\/v2\/comments?post=961"}],"version-history":[{"count":6,"href":"https:\/\/blogsaverroes.juntadeandalucia.es\/webiesreyalabez\/wp-json\/wp\/v2\/pages\/961\/revisions"}],"predecessor-version":[{"id":970,"href":"https:\/\/blogsaverroes.juntadeandalucia.es\/webiesreyalabez\/wp-json\/wp\/v2\/pages\/961\/revisions\/970"}],"wp:attachment":[{"href":"https:\/\/blogsaverroes.juntadeandalucia.es\/webiesreyalabez\/wp-json\/wp\/v2\/media?parent=961"}],"curies":[{"name":"wp","href":"https:\/\/api.w.org\/{rel}","templated":true}]}}